{"id":1905,"date":"2022-12-22T09:40:04","date_gmt":"2022-12-22T07:40:04","guid":{"rendered":"http:\/\/www.inmocochescarhire.com\/autonvuokraus-benalmadena\/"},"modified":"2023-03-13T10:07:33","modified_gmt":"2023-03-13T08:07:33","slug":"autonvuokraus-benalmadena","status":"publish","type":"page","link":"https:\/\/www.inmocochescarhire.com\/fi\/autonvuokraus-benalmadena\/","title":{"rendered":"Autonvuokraus Benalmadena"},"content":{"rendered":"<section class=\"l-section wpb_row us_custom_8c5fe020 slider-home height_medium width_full\"><div class=\"l-section-h i-cf\"><div class=\"g-cols vc_row via_flex valign_top type_default stacking_default\"><div class=\"vc_col-sm-12 wpb_column vc_column_container\"><div class=\"vc_column-inner us_custom_503f27e6\"><div class=\"wpb_wrapper\"><div class=\"w-grid us_carousel slider-inicio type_carousel layout_399 preload_style_spinner\" id=\"us_grid_1\"><style>.layout_399 .w-grid-item-h{}.layout_399 .usg_post_image_1{height:calc( 100vh - 134px )!important;border-radius:90px!important}@media (min-width:1025px) and (max-width:1280px){.layout_399 .usg_post_image_1{height:680px!important;border-radius:90px!important}}@media (min-width:601px) and (max-width:1024px){.layout_399 .usg_post_image_1{height:780px!important;border-radius:0!important}}@media (max-width:600px){.layout_399 .usg_post_image_1{height:780px!important;border-radius:0!important}}<\/style><div class=\"w-grid-list owl-carousel valign_stretch dotstyle_circle navstyle_circle arrows-ver-pos_middle arrows-hor-pos_on_sides_outside arrows-disabled_hide owl-responsive-2000\" style=\"--transition-duration:350ms;\">\t<article class=\"w-grid-item post-1823 attachment type-attachment status-inherit hentry\" data-id=\"1823\">\r\n\t\t<div class=\"w-grid-item-h\">\r\n\t\t\t\t\t\t<div class=\"w-post-elm post_image usg_post_image_1 has_height stretched\"><img loading=\"lazy\" decoding=\"async\" width=\"1920\" height=\"1280\" src=\"https:\/\/www.inmocochescarhire.com\/wp-content\/uploads\/2023\/02\/1.jpg\" class=\"attachment-full size-full\" alt=\"\" srcset=\"https:\/\/www.inmocochescarhire.com\/wp-content\/uploads\/2023\/02\/1.jpg 1920w, https:\/\/www.inmocochescarhire.com\/wp-content\/uploads\/2023\/02\/1-300x200.jpg 300w, https:\/\/www.inmocochescarhire.com\/wp-content\/uploads\/2023\/02\/1-1024x683.jpg 1024w\" sizes=\"auto, (max-width: 1920px) 100vw, 1920px\" \/><\/div>\t\t<\/div>\r\n\t\t\t<\/article>\r\n\t<article class=\"w-grid-item post-1826 attachment type-attachment status-inherit hentry\" data-id=\"1826\">\r\n\t\t<div class=\"w-grid-item-h\">\r\n\t\t\t\t\t\t<div class=\"w-post-elm post_image usg_post_image_1 has_height stretched\"><img loading=\"lazy\" decoding=\"async\" width=\"1920\" height=\"1280\" src=\"https:\/\/www.inmocochescarhire.com\/wp-content\/uploads\/2023\/02\/ninas-coche.jpg\" class=\"attachment-full size-full\" alt=\"alquiler de coches en fuengirola\" srcset=\"https:\/\/www.inmocochescarhire.com\/wp-content\/uploads\/2023\/02\/ninas-coche.jpg 1920w, https:\/\/www.inmocochescarhire.com\/wp-content\/uploads\/2023\/02\/ninas-coche-300x200.jpg 300w, https:\/\/www.inmocochescarhire.com\/wp-content\/uploads\/2023\/02\/ninas-coche-1024x683.jpg 1024w\" sizes=\"auto, (max-width: 1920px) 100vw, 1920px\" \/><\/div>\t\t<\/div>\r\n\t\t\t<\/article>\r\n\t<article class=\"w-grid-item post-1832 attachment type-attachment status-inherit hentry\" data-id=\"1832\">\r\n\t\t<div class=\"w-grid-item-h\">\r\n\t\t\t\t\t\t<div class=\"w-post-elm post_image usg_post_image_1 has_height stretched\"><img loading=\"lazy\" decoding=\"async\" width=\"1920\" height=\"1920\" src=\"https:\/\/www.inmocochescarhire.com\/wp-content\/uploads\/2023\/02\/foto-sola-mar2.jpg\" class=\"attachment-full size-full\" alt=\"alquiler de coches en fuengirola\" srcset=\"https:\/\/www.inmocochescarhire.com\/wp-content\/uploads\/2023\/02\/foto-sola-mar2.jpg 1920w, https:\/\/www.inmocochescarhire.com\/wp-content\/uploads\/2023\/02\/foto-sola-mar2-300x300.jpg 300w, https:\/\/www.inmocochescarhire.com\/wp-content\/uploads\/2023\/02\/foto-sola-mar2-1024x1024.jpg 1024w, https:\/\/www.inmocochescarhire.com\/wp-content\/uploads\/2023\/02\/foto-sola-mar2-150x150.jpg 150w\" sizes=\"auto, (max-width: 1920px) 100vw, 1920px\" \/><\/div>\t\t<\/div>\r\n\t\t\t<\/article>\r\n<\/div><div class=\"w-grid-carousel-json hidden\" onclick='return {&quot;carousel_settings&quot;:{&quot;aria_labels&quot;:{&quot;prev&quot;:&quot;Edellinen&quot;,&quot;next&quot;:&quot;Seuraava&quot;},&quot;autoplayContinual&quot;:false,&quot;autoplayContinualCss&quot;:false,&quot;autoplayHoverPause&quot;:false,&quot;autoplayTimeout&quot;:13000,&quot;autoWidth&quot;:false,&quot;smartSpeed&quot;:350,&quot;margin&quot;:0,&quot;mouseDrag&quot;:true,&quot;rtl&quot;:false,&quot;slideBy&quot;:&quot;1&quot;,&quot;touchDrag&quot;:true,&quot;slideTransition&quot;:&quot;&quot;,&quot;animateIn&quot;:&quot;fadeIn&quot;,&quot;animateOut&quot;:&quot;fadeOut&quot;,&quot;responsive&quot;:{&quot;0&quot;:{&quot;autoHeight&quot;:false,&quot;autoplay&quot;:true,&quot;autoplayContinualCss&quot;:false,&quot;autoWidth&quot;:false,&quot;center&quot;:false,&quot;dots&quot;:false,&quot;items&quot;:1,&quot;loop&quot;:true,&quot;nav&quot;:false,&quot;stagePadding&quot;:0,&quot;slideBy&quot;:&quot;1&quot;,&quot;touchDrag&quot;:true,&quot;mouseDrag&quot;:true},&quot;601&quot;:{&quot;autoHeight&quot;:false,&quot;autoplay&quot;:true,&quot;autoplayContinualCss&quot;:false,&quot;autoWidth&quot;:false,&quot;center&quot;:false,&quot;dots&quot;:false,&quot;items&quot;:1,&quot;loop&quot;:true,&quot;nav&quot;:false,&quot;stagePadding&quot;:0,&quot;slideBy&quot;:&quot;1&quot;,&quot;touchDrag&quot;:true,&quot;mouseDrag&quot;:true},&quot;1025&quot;:{&quot;autoHeight&quot;:false,&quot;autoplay&quot;:true,&quot;autoplayContinualCss&quot;:false,&quot;autoWidth&quot;:false,&quot;center&quot;:false,&quot;dots&quot;:false,&quot;items&quot;:1,&quot;loop&quot;:true,&quot;nav&quot;:false,&quot;stagePadding&quot;:0,&quot;slideBy&quot;:&quot;1&quot;,&quot;touchDrag&quot;:true,&quot;mouseDrag&quot;:true},&quot;1281&quot;:{&quot;items&quot;:1,&quot;autoplay&quot;:true,&quot;autoplayContinualCss&quot;:false,&quot;center&quot;:false,&quot;dots&quot;:false,&quot;nav&quot;:false,&quot;autoHeight&quot;:false,&quot;autoWidth&quot;:false,&quot;loop&quot;:true,&quot;stagePadding&quot;:0}}}}'><\/div><\/div><div class=\"g-cols wpb_row us_custom_e8d7aafd slider-content us_animate_this via_flex valign_middle type_default stacking_default\" id=\"slider\"><div class=\"vc_col-sm-6 wpb_column vc_column_container\"><div class=\"vc_column-inner\"><div class=\"wpb_wrapper\"><p class=\"w-text us_custom_c3199bc9 has_text_color\"><span class=\"w-text-h\"><span class=\"w-text-value\">Tarvitsemasi liikkuvuus<\/span><\/span><\/p><div class=\"w-separator size_small\"><\/div><h1 class=\"w-text us_custom_5830f5c2 has_text_color\"><span class=\"w-text-h\"><span class=\"w-text-value\">Autonvuokraus Benalm\u00e1dena<\/span><\/span><\/h1><\/div><\/div><\/div><div class=\"vc_col-sm-6 wpb_column vc_column_container\"><div class=\"vc_column-inner us_custom_633f15df\"><div class=\"wpb_wrapper\"><div class=\"w-vwrapper align_center valign_middle us_custom_b13a2e5e box-encuentra-vehiculo\" style=\"--vwrapper-gap:0px\"><p class=\"w-text\"><span class=\"w-text-h\"><span class=\"w-text-value\">L\u00f6yd\u00e4 ihanteellinen ajoneuvosi<\/span><\/span><\/p><div class=\"w-separator size_small\"><\/div><div class=\"w-html box-slider-iframe\"><iframe src=\"https:\/\/booking.inmocochescarhire.com\/?search=1&idioma=se&cookie=1\" style=\"width:100%;height:425px\" scrolling=\"no\" frameborder=\"0\"><\/iframe><\/div><\/div><\/div><\/div><\/div><\/div><\/div><\/div><\/div><\/div><\/div><\/section><section class=\"l-section wpb_row height_medium\"><div class=\"l-section-h i-cf\"><div class=\"g-cols vc_row via_flex valign_top type_default stacking_default\"><div class=\"vc_col-sm-3 wpb_column vc_column_container\"><div class=\"vc_column-inner\"><div class=\"wpb_wrapper\"><div class=\"w-vwrapper align_none valign_top us_custom_a29e774b box-inicio has_text_color\" style=\"--vwrapper-gap:0px\"><div class=\"w-image box-service-icon align_none\"><div class=\"w-image-h\"><img decoding=\"async\" width=\"64\" height=\"64\" src=\"https:\/\/www.inmocochescarhire.com\/wp-content\/uploads\/2022\/12\/garantia-24h.png\" class=\"attachment-full size-full\" alt=\"car hire fuengirola\" loading=\"lazy\" \/><\/div><\/div><div class=\"w-separator size_small\"><\/div><h3 class=\"w-text us_custom_47e68cdb has_text_color\"><span class=\"w-text-h\"><span class=\"w-text-value\">Henkil\u00f6kohtainen huomio<\/span><\/span><\/h3><div class=\"w-separator size_custom\" style=\"height:5px\"><\/div><div class=\"wpb_text_column us_custom_bdb99802 has_text_color\"><div class=\"wpb_wrapper\"><p>Yrityksess\u00e4mme tarjoamme poikkeuksellista palvelua, joka on mukautettu tarpeisiisi.<\/p>\n<\/div><\/div><\/div><\/div><\/div><\/div><div class=\"vc_col-sm-3 wpb_column vc_column_container\"><div class=\"vc_column-inner\"><div class=\"wpb_wrapper\"><div class=\"w-vwrapper align_none valign_top us_custom_a29e774b box-inicio has_text_color\" style=\"--vwrapper-gap:0px\"><div class=\"w-image box-service-icon align_none\"><div class=\"w-image-h\"><img decoding=\"async\" width=\"49\" height=\"55\" src=\"https:\/\/www.inmocochescarhire.com\/wp-content\/uploads\/2022\/12\/atencion-personalizada.png\" class=\"attachment-full size-full\" alt=\"car hire fuengirola\" loading=\"lazy\" \/><\/div><\/div><div class=\"w-separator size_small\"><\/div><h3 class=\"w-text us_custom_47e68cdb has_text_color\"><span class=\"w-text-h\"><span class=\"w-text-value\">Ei jonotusta<\/span><\/span><\/h3><div class=\"w-separator size_custom\" style=\"height:5px\"><\/div><div class=\"wpb_text_column us_custom_bdb99802 has_text_color\"><div class=\"wpb_wrapper\"><p>Ei en\u00e4\u00e4 jonottamista autonvuokraukseen. Saat ajoneuvosi avaimet heti, ja voit alkaa nauttia matkastasi.<\/p>\n<\/div><\/div><\/div><\/div><\/div><\/div><div class=\"vc_col-sm-3 wpb_column vc_column_container\"><div class=\"vc_column-inner\"><div class=\"wpb_wrapper\"><div class=\"w-vwrapper align_none valign_top us_custom_a29e774b box-inicio has_text_color\" style=\"--vwrapper-gap:0px\"><div class=\"w-image box-service-icon align_none\"><div class=\"w-image-h\"><img decoding=\"async\" width=\"46\" height=\"56\" src=\"https:\/\/www.inmocochescarhire.com\/wp-content\/uploads\/2022\/12\/pago-flexible.png\" class=\"attachment-full size-full\" alt=\"car hire fuengirola\" loading=\"lazy\" \/><\/div><\/div><div class=\"w-separator size_small\"><\/div><h3 class=\"w-text us_custom_47e68cdb has_text_color\"><span class=\"w-text-h\"><span class=\"w-text-value\">Suljetut hinnat<\/span><\/span><\/h3><div class=\"w-separator size_custom\" style=\"height:5px\"><\/div><div class=\"wpb_text_column us_custom_bdb99802 has_text_color\"><div class=\"wpb_wrapper\"><p>Hintamme ovat t\u00e4ysin kiinte\u00e4t ja ilman ylim\u00e4\u00e4r\u00e4isi\u00e4 tai piilokustannuksia. Vuokraa luottavaisin mielin ja nauti laadukkaasta palvelusta ilman huolia.<\/p>\n<\/div><\/div><\/div><\/div><\/div><\/div><div class=\"vc_col-sm-3 wpb_column vc_column_container\"><div class=\"vc_column-inner\"><div class=\"wpb_wrapper\"><div class=\"w-vwrapper align_none valign_top us_custom_a29e774b box-inicio has_text_color\" style=\"--vwrapper-gap:0px\"><div class=\"w-image box-service-icon align_none\"><div class=\"w-image-h\"><img decoding=\"async\" width=\"64\" height=\"45\" src=\"https:\/\/www.inmocochescarhire.com\/wp-content\/uploads\/2022\/12\/financiacion.png\" class=\"attachment-full size-full\" alt=\"car hire fuengirola\" loading=\"lazy\" \/><\/div><\/div><div class=\"w-separator size_small\"><\/div><h3 class=\"w-text us_custom_47e68cdb has_text_color\"><span class=\"w-text-h\"><span class=\"w-text-value\">24 tunnin apu<\/span><\/span><\/h3><div class=\"w-separator size_custom\" style=\"height:5px\"><\/div><div class=\"wpb_text_column us_custom_bdb99802 has_text_color\"><div class=\"wpb_wrapper\"><p>Tarjoamme sinulle tienvarsiapua 24 tuntia vuorokaudessa.<\/p>\n<\/div><\/div><\/div><\/div><\/div><\/div><\/div><\/div><\/section><section class=\"l-section wpb_row height_auto\"><div class=\"l-section-h i-cf\"><div class=\"g-cols vc_row via_flex valign_top type_default stacking_default\"><div class=\"vc_col-sm-12 wpb_column vc_column_container\"><div class=\"vc_column-inner\"><div class=\"wpb_wrapper\"><h2 class=\"w-text us_custom_7de47b5a\"><span class=\"w-text-h\"><span class=\"w-text-value\">Ihanteellinen auto Benalm\u00e1denassa<\/span><\/span><\/h2><div class=\"wpb_text_column us_custom_c821fe70\"><div class=\"wpb_wrapper\"><p style=\"text-align: center;\">Voit valita autokalustostamme tarpeisiisi parhaiten sopivan ajoneuvon ja ottaa matkastasi kaiken irti.<\/p>\n<\/div><\/div><div class=\"w-separator size_medium\"><\/div><div class=\"w-grid us_carousel us_custom_6745946f has_text_color type_carousel layout_605 overflow_hidden preload_style_spinner items_4\" id=\"us_grid_2\" style=\"--items:4;--gap:15px;\"><style>.layout_605 .w-grid-item-h{background:var(--color-content-bg);color:var(--color-content-text);border-radius:0.3rem;box-shadow:0 0.03rem 0.06rem rgba(0,0,0,0.1),0 0.1rem 0.3rem rgba(0,0,0,0.1);transition-duration:0.3s}.no-touch .layout_605 .w-grid-item-h:hover{box-shadow:0 0.1rem 0.2rem rgba(0,0,0,0.1),0 0.33rem 1rem rgba(0,0,0,0.15);z-index:4}.layout_605 .usg_post_image_1{margin-bottom:0.5rem!important}.layout_605 .usg_post_title_1{font-size:1rem!important}.layout_605 .usg_hwrapper_1{margin-top:15px!important}.layout_605 .usg_btn_1{font-size:14px!important}.layout_605 .usg_btn_2{font-size:14px!important}.layout_605 .usg_vwrapper_1{padding:20px!important}<\/style><div class=\"w-grid-list owl-carousel valign_stretch dotstyle_circle navstyle_4 arrows-ver-pos_middle arrows-hor-pos_on_sides_outside arrows-disabled_hide owl-responsive-2000 with_arrows\" style=\"--transition-duration:350ms;--arrows-size:14px;--arrows-hor-offset:calc(0px + 15px);--arrows-gap:10px;\">\t<article class=\"w-grid-item post-2987 us_portfolio type-us_portfolio status-publish has-post-thumbnail hentry us_portfolio_category-outlet-fi us_portfolio_tag-a-fi\" data-id=\"2987\">\r\n\t\t<div class=\"w-grid-item-h\">\r\n\t\t\t\t\t\t<div class=\"w-post-elm post_image usg_post_image_1 cuadricula-coches-img stretched\"><a href=\"https:\/\/www.inmocochescarhire.com\/fi\/coches\/outlet-ryhma-tai-vastaava\/\" aria-label=\"OUTLET-RYHM\u00c4 TAI SAMANKALTAINEN\"><img loading=\"lazy\" decoding=\"async\" width=\"500\" height=\"272\" src=\"https:\/\/www.inmocochescarhire.com\/wp-content\/uploads\/2023\/01\/A.jpg\" class=\"attachment-full size-full wp-post-image\" alt=\"\" srcset=\"https:\/\/www.inmocochescarhire.com\/wp-content\/uploads\/2023\/01\/A.jpg 500w, https:\/\/www.inmocochescarhire.com\/wp-content\/uploads\/2023\/01\/A-300x163.jpg 300w\" sizes=\"auto, (max-width: 500px) 100vw, 500px\" \/><\/a><\/div><div class=\"w-vwrapper usg_vwrapper_1 align_none valign_top\" style=\"--vwrapper-gap:0px\"><h2 class=\"w-post-elm post_title usg_post_title_1 entry-title color_link_inherit\"><a href=\"https:\/\/www.inmocochescarhire.com\/fi\/coches\/outlet-ryhma-tai-vastaava\/\">OUTLET-RYHM\u00c4 <span>TAI SAMANKALTAINEN<\/span><\/a><\/h2><div class=\"w-hwrapper usg_hwrapper_1 align_none valign_top\" style=\"--hwrapper-gap:10px\"><a class=\"w-btn us-btn-style_1 usg_btn_1\" href=\"http:\/\/booking.inmocochescarhire.com\"><span class=\"w-btn-label\">Reservar<\/span><\/a><a class=\"w-btn us-btn-style_3 usg_btn_2\" href=\"https:\/\/www.inmocochescarhire.com\/fi\/coches\/outlet-ryhma-tai-vastaava\/\"><span class=\"w-btn-label\">Ver m\u00e1s<\/span><\/a><\/div><\/div>\t\t<\/div>\r\n\t\t\t<\/article>\r\n\t<article class=\"w-grid-item post-2924 us_portfolio type-us_portfolio status-publish has-post-thumbnail hentry us_portfolio_category-kia-fi us_portfolio_tag-b-fi\" data-id=\"2924\">\r\n\t\t<div class=\"w-grid-item-h\">\r\n\t\t\t\t\t\t<div class=\"w-post-elm post_image usg_post_image_1 cuadricula-coches-img stretched\"><a href=\"https:\/\/www.inmocochescarhire.com\/fi\/coches\/kia-picanto-tai-samankaltainen\/\" aria-label=\"KIA PICANTO TAI SAMANKALTAINEN \"><img loading=\"lazy\" decoding=\"async\" width=\"500\" height=\"272\" src=\"https:\/\/www.inmocochescarhire.com\/wp-content\/uploads\/2023\/01\/B.jpg\" class=\"attachment-full size-full wp-post-image\" alt=\"\" srcset=\"https:\/\/www.inmocochescarhire.com\/wp-content\/uploads\/2023\/01\/B.jpg 500w, https:\/\/www.inmocochescarhire.com\/wp-content\/uploads\/2023\/01\/B-300x163.jpg 300w\" sizes=\"auto, (max-width: 500px) 100vw, 500px\" \/><\/a><\/div><div class=\"w-vwrapper usg_vwrapper_1 align_none valign_top\" style=\"--vwrapper-gap:0px\"><h2 class=\"w-post-elm post_title usg_post_title_1 entry-title color_link_inherit\"><a href=\"https:\/\/www.inmocochescarhire.com\/fi\/coches\/kia-picanto-tai-samankaltainen\/\">KIA PICANTO <span>TAI SAMANKALTAINEN <\/span><\/a><\/h2><div class=\"w-hwrapper usg_hwrapper_1 align_none valign_top\" style=\"--hwrapper-gap:10px\"><a class=\"w-btn us-btn-style_1 usg_btn_1\" href=\"http:\/\/booking.inmocochescarhire.com\"><span class=\"w-btn-label\">Reservar<\/span><\/a><a class=\"w-btn us-btn-style_3 usg_btn_2\" href=\"https:\/\/www.inmocochescarhire.com\/fi\/coches\/kia-picanto-tai-samankaltainen\/\"><span class=\"w-btn-label\">Ver m\u00e1s<\/span><\/a><\/div><\/div>\t\t<\/div>\r\n\t\t\t<\/article>\r\n\t<article class=\"w-grid-item post-2956 us_portfolio type-us_portfolio status-publish has-post-thumbnail hentry us_portfolio_category-volkswagen-fi us_portfolio_tag-c-fi\" data-id=\"2956\">\r\n\t\t<div class=\"w-grid-item-h\">\r\n\t\t\t\t\t\t<div class=\"w-post-elm post_image usg_post_image_1 cuadricula-coches-img stretched\"><a href=\"https:\/\/www.inmocochescarhire.com\/fi\/coches\/volkswagen-polo-tai-samankaltainen\/\" aria-label=\"VOLKSWAGEN POLO TAI SAMANKALTAINEN\"><img loading=\"lazy\" decoding=\"async\" width=\"500\" height=\"272\" src=\"https:\/\/www.inmocochescarhire.com\/wp-content\/uploads\/2023\/01\/unnamed-file.C.jpg\" class=\"attachment-full size-full wp-post-image\" alt=\"\" srcset=\"https:\/\/www.inmocochescarhire.com\/wp-content\/uploads\/2023\/01\/unnamed-file.C.jpg 500w, https:\/\/www.inmocochescarhire.com\/wp-content\/uploads\/2023\/01\/unnamed-file.C-300x163.jpg 300w\" sizes=\"auto, (max-width: 500px) 100vw, 500px\" \/><\/a><\/div><div class=\"w-vwrapper usg_vwrapper_1 align_none valign_top\" style=\"--vwrapper-gap:0px\"><h2 class=\"w-post-elm post_title usg_post_title_1 entry-title color_link_inherit\"><a href=\"https:\/\/www.inmocochescarhire.com\/fi\/coches\/volkswagen-polo-tai-samankaltainen\/\">VOLKSWAGEN POLO <span>TAI SAMANKALTAINEN<\/span><\/a><\/h2><div class=\"w-hwrapper usg_hwrapper_1 align_none valign_top\" style=\"--hwrapper-gap:10px\"><a class=\"w-btn us-btn-style_1 usg_btn_1\" href=\"http:\/\/booking.inmocochescarhire.com\"><span class=\"w-btn-label\">Reservar<\/span><\/a><a class=\"w-btn us-btn-style_3 usg_btn_2\" href=\"https:\/\/www.inmocochescarhire.com\/fi\/coches\/volkswagen-polo-tai-samankaltainen\/\"><span class=\"w-btn-label\">Ver m\u00e1s<\/span><\/a><\/div><\/div>\t\t<\/div>\r\n\t\t\t<\/article>\r\n\t<article class=\"w-grid-item post-2910 us_portfolio type-us_portfolio status-publish has-post-thumbnail hentry us_portfolio_category-ford-fi us_portfolio_tag-c1-fi\" data-id=\"2910\">\r\n\t\t<div class=\"w-grid-item-h\">\r\n\t\t\t\t\t\t<div class=\"w-post-elm post_image usg_post_image_1 cuadricula-coches-img stretched\"><a href=\"https:\/\/www.inmocochescarhire.com\/fi\/coches\/ford-focus-sw-or-similar\/\" aria-label=\"FORD FOCUS SW TAI SAMANKALTAINEN \"><img loading=\"lazy\" decoding=\"async\" width=\"500\" height=\"272\" src=\"https:\/\/www.inmocochescarhire.com\/wp-content\/uploads\/2023\/01\/C1.jpg\" class=\"attachment-full size-full wp-post-image\" alt=\"\" srcset=\"https:\/\/www.inmocochescarhire.com\/wp-content\/uploads\/2023\/01\/C1.jpg 500w, https:\/\/www.inmocochescarhire.com\/wp-content\/uploads\/2023\/01\/C1-300x163.jpg 300w\" sizes=\"auto, (max-width: 500px) 100vw, 500px\" \/><\/a><\/div><div class=\"w-vwrapper usg_vwrapper_1 align_none valign_top\" style=\"--vwrapper-gap:0px\"><h2 class=\"w-post-elm post_title usg_post_title_1 entry-title color_link_inherit\"><a href=\"https:\/\/www.inmocochescarhire.com\/fi\/coches\/ford-focus-sw-or-similar\/\">FORD FOCUS SW <span>TAI SAMANKALTAINEN <\/span><\/a><\/h2><div class=\"w-hwrapper usg_hwrapper_1 align_none valign_top\" style=\"--hwrapper-gap:10px\"><a class=\"w-btn us-btn-style_1 usg_btn_1\" href=\"http:\/\/booking.inmocochescarhire.com\"><span class=\"w-btn-label\">Reservar<\/span><\/a><a class=\"w-btn us-btn-style_3 usg_btn_2\" href=\"https:\/\/www.inmocochescarhire.com\/fi\/coches\/ford-focus-sw-or-similar\/\"><span class=\"w-btn-label\">Ver m\u00e1s<\/span><\/a><\/div><\/div>\t\t<\/div>\r\n\t\t\t<\/article>\r\n\t<article class=\"w-grid-item post-2961 us_portfolio type-us_portfolio status-publish has-post-thumbnail hentry us_portfolio_category-volkswagen-fi us_portfolio_tag-d-fi\" data-id=\"2961\">\r\n\t\t<div class=\"w-grid-item-h\">\r\n\t\t\t\t\t\t<div class=\"w-post-elm post_image usg_post_image_1 cuadricula-coches-img stretched\"><a href=\"https:\/\/www.inmocochescarhire.com\/fi\/coches\/polo-or-similar-tai-samankaltainen\/\" aria-label=\"POLO OR SIMILAR TAI SAMANKALTAINEN \"><img loading=\"lazy\" decoding=\"async\" width=\"500\" height=\"272\" src=\"https:\/\/www.inmocochescarhire.com\/wp-content\/uploads\/2023\/01\/D.jpg\" class=\"attachment-full size-full wp-post-image\" alt=\"\" srcset=\"https:\/\/www.inmocochescarhire.com\/wp-content\/uploads\/2023\/01\/D.jpg 500w, https:\/\/www.inmocochescarhire.com\/wp-content\/uploads\/2023\/01\/D-300x163.jpg 300w\" sizes=\"auto, (max-width: 500px) 100vw, 500px\" \/><\/a><\/div><div class=\"w-vwrapper usg_vwrapper_1 align_none valign_top\" style=\"--vwrapper-gap:0px\"><h2 class=\"w-post-elm post_title usg_post_title_1 entry-title color_link_inherit\"><a href=\"https:\/\/www.inmocochescarhire.com\/fi\/coches\/polo-or-similar-tai-samankaltainen\/\">POLO OR SIMILAR <span>TAI SAMANKALTAINEN <\/span><\/a><\/h2><div class=\"w-hwrapper usg_hwrapper_1 align_none valign_top\" style=\"--hwrapper-gap:10px\"><a class=\"w-btn us-btn-style_1 usg_btn_1\" href=\"http:\/\/booking.inmocochescarhire.com\"><span class=\"w-btn-label\">Reservar<\/span><\/a><a class=\"w-btn us-btn-style_3 usg_btn_2\" href=\"https:\/\/www.inmocochescarhire.com\/fi\/coches\/polo-or-similar-tai-samankaltainen\/\"><span class=\"w-btn-label\">Ver m\u00e1s<\/span><\/a><\/div><\/div>\t\t<\/div>\r\n\t\t\t<\/article>\r\n\t<article class=\"w-grid-item post-2919 us_portfolio type-us_portfolio status-publish has-post-thumbnail hentry us_portfolio_category-ford-fi us_portfolio_tag-d1-fi\" data-id=\"2919\">\r\n\t\t<div class=\"w-grid-item-h\">\r\n\t\t\t\t\t\t<div class=\"w-post-elm post_image usg_post_image_1 cuadricula-coches-img stretched\"><a href=\"https:\/\/www.inmocochescarhire.com\/fi\/coches\/focus-tai-samankaltainen\/\" aria-label=\"FOCUS TAI SAMANKALTAINEN \"><img loading=\"lazy\" decoding=\"async\" width=\"500\" height=\"272\" src=\"https:\/\/www.inmocochescarhire.com\/wp-content\/uploads\/2023\/01\/D1.jpg\" class=\"attachment-full size-full wp-post-image\" alt=\"\" srcset=\"https:\/\/www.inmocochescarhire.com\/wp-content\/uploads\/2023\/01\/D1.jpg 500w, https:\/\/www.inmocochescarhire.com\/wp-content\/uploads\/2023\/01\/D1-300x163.jpg 300w\" sizes=\"auto, (max-width: 500px) 100vw, 500px\" \/><\/a><\/div><div class=\"w-vwrapper usg_vwrapper_1 align_none valign_top\" style=\"--vwrapper-gap:0px\"><h2 class=\"w-post-elm post_title usg_post_title_1 entry-title color_link_inherit\"><a href=\"https:\/\/www.inmocochescarhire.com\/fi\/coches\/focus-tai-samankaltainen\/\">FOCUS <span>TAI SAMANKALTAINEN <\/span><\/a><\/h2><div class=\"w-hwrapper usg_hwrapper_1 align_none valign_top\" style=\"--hwrapper-gap:10px\"><a class=\"w-btn us-btn-style_1 usg_btn_1\" href=\"http:\/\/booking.inmocochescarhire.com\"><span class=\"w-btn-label\">Reservar<\/span><\/a><a class=\"w-btn us-btn-style_3 usg_btn_2\" href=\"https:\/\/www.inmocochescarhire.com\/fi\/coches\/focus-tai-samankaltainen\/\"><span class=\"w-btn-label\">Ver m\u00e1s<\/span><\/a><\/div><\/div>\t\t<\/div>\r\n\t\t\t<\/article>\r\n\t<article class=\"w-grid-item post-2977 us_portfolio type-us_portfolio status-publish has-post-thumbnail hentry us_portfolio_category-peugeot-fi us_portfolio_tag-d2-fi\" data-id=\"2977\">\r\n\t\t<div class=\"w-grid-item-h\">\r\n\t\t\t\t\t\t<div class=\"w-post-elm post_image usg_post_image_1 cuadricula-coches-img stretched\"><a href=\"https:\/\/www.inmocochescarhire.com\/fi\/coches\/ford-mondeo-sw-tai-samankaltainen\/\" aria-label=\"FORD MONDEO SW TAI SAMANKALTAINEN \"><img loading=\"lazy\" decoding=\"async\" width=\"500\" height=\"272\" src=\"https:\/\/www.inmocochescarhire.com\/wp-content\/uploads\/2023\/01\/D2.jpg\" class=\"attachment-full size-full wp-post-image\" alt=\"\" srcset=\"https:\/\/www.inmocochescarhire.com\/wp-content\/uploads\/2023\/01\/D2.jpg 500w, https:\/\/www.inmocochescarhire.com\/wp-content\/uploads\/2023\/01\/D2-300x163.jpg 300w\" sizes=\"auto, (max-width: 500px) 100vw, 500px\" \/><\/a><\/div><div class=\"w-vwrapper usg_vwrapper_1 align_none valign_top\" style=\"--vwrapper-gap:0px\"><h2 class=\"w-post-elm post_title usg_post_title_1 entry-title color_link_inherit\"><a href=\"https:\/\/www.inmocochescarhire.com\/fi\/coches\/ford-mondeo-sw-tai-samankaltainen\/\">FORD MONDEO SW <span>TAI SAMANKALTAINEN <\/span><\/a><\/h2><div class=\"w-hwrapper usg_hwrapper_1 align_none valign_top\" style=\"--hwrapper-gap:10px\"><a class=\"w-btn us-btn-style_1 usg_btn_1\" href=\"http:\/\/booking.inmocochescarhire.com\"><span class=\"w-btn-label\">Reservar<\/span><\/a><a class=\"w-btn us-btn-style_3 usg_btn_2\" href=\"https:\/\/www.inmocochescarhire.com\/fi\/coches\/ford-mondeo-sw-tai-samankaltainen\/\"><span class=\"w-btn-label\">Ver m\u00e1s<\/span><\/a><\/div><\/div>\t\t<\/div>\r\n\t\t\t<\/article>\r\n\t<article class=\"w-grid-item post-2984 us_portfolio type-us_portfolio status-publish has-post-thumbnail hentry us_portfolio_category-ford-fi us_portfolio_tag-f-fi\" data-id=\"2984\">\r\n\t\t<div class=\"w-grid-item-h\">\r\n\t\t\t\t\t\t<div class=\"w-post-elm post_image usg_post_image_1 cuadricula-coches-img stretched\"><a href=\"https:\/\/www.inmocochescarhire.com\/fi\/coches\/ford-focus-sw-tai-samankaltainen\/\" aria-label=\"FORD FOCUS SW TAI SAMANKALTAINEN \"><img loading=\"lazy\" decoding=\"async\" width=\"500\" height=\"272\" src=\"https:\/\/www.inmocochescarhire.com\/wp-content\/uploads\/2023\/01\/F.jpg\" class=\"attachment-full size-full wp-post-image\" alt=\"\" srcset=\"https:\/\/www.inmocochescarhire.com\/wp-content\/uploads\/2023\/01\/F.jpg 500w, https:\/\/www.inmocochescarhire.com\/wp-content\/uploads\/2023\/01\/F-300x163.jpg 300w\" sizes=\"auto, (max-width: 500px) 100vw, 500px\" \/><\/a><\/div><div class=\"w-vwrapper usg_vwrapper_1 align_none valign_top\" style=\"--vwrapper-gap:0px\"><h2 class=\"w-post-elm post_title usg_post_title_1 entry-title color_link_inherit\"><a href=\"https:\/\/www.inmocochescarhire.com\/fi\/coches\/ford-focus-sw-tai-samankaltainen\/\">FORD FOCUS SW <span>TAI SAMANKALTAINEN <\/span><\/a><\/h2><div class=\"w-hwrapper usg_hwrapper_1 align_none valign_top\" style=\"--hwrapper-gap:10px\"><a class=\"w-btn us-btn-style_1 usg_btn_1\" href=\"http:\/\/booking.inmocochescarhire.com\"><span class=\"w-btn-label\">Reservar<\/span><\/a><a class=\"w-btn us-btn-style_3 usg_btn_2\" href=\"https:\/\/www.inmocochescarhire.com\/fi\/coches\/ford-focus-sw-tai-samankaltainen\/\"><span class=\"w-btn-label\">Ver m\u00e1s<\/span><\/a><\/div><\/div>\t\t<\/div>\r\n\t\t\t<\/article>\r\n\t<article class=\"w-grid-item post-2900 us_portfolio type-us_portfolio status-publish has-post-thumbnail hentry us_portfolio_category-ford-fi us_portfolio_tag-g-fi\" data-id=\"2900\">\r\n\t\t<div class=\"w-grid-item-h\">\r\n\t\t\t\t\t\t<div class=\"w-post-elm post_image usg_post_image_1 cuadricula-coches-img stretched\"><a href=\"https:\/\/www.inmocochescarhire.com\/fi\/coches\/ford-kuga-tai-samankaltainen\/\" aria-label=\"FORD KUGA TAI SAMANKALTAINEN \"><img loading=\"lazy\" decoding=\"async\" width=\"500\" height=\"272\" src=\"https:\/\/www.inmocochescarhire.com\/wp-content\/uploads\/2023\/01\/G.jpg\" class=\"attachment-full size-full wp-post-image\" alt=\"\" srcset=\"https:\/\/www.inmocochescarhire.com\/wp-content\/uploads\/2023\/01\/G.jpg 500w, https:\/\/www.inmocochescarhire.com\/wp-content\/uploads\/2023\/01\/G-300x163.jpg 300w\" sizes=\"auto, (max-width: 500px) 100vw, 500px\" \/><\/a><\/div><div class=\"w-vwrapper usg_vwrapper_1 align_none valign_top\" style=\"--vwrapper-gap:0px\"><h2 class=\"w-post-elm post_title usg_post_title_1 entry-title color_link_inherit\"><a href=\"https:\/\/www.inmocochescarhire.com\/fi\/coches\/ford-kuga-tai-samankaltainen\/\">FORD KUGA <span>TAI SAMANKALTAINEN <\/span><\/a><\/h2><div class=\"w-hwrapper usg_hwrapper_1 align_none valign_top\" style=\"--hwrapper-gap:10px\"><a class=\"w-btn us-btn-style_1 usg_btn_1\" href=\"http:\/\/booking.inmocochescarhire.com\"><span class=\"w-btn-label\">Reservar<\/span><\/a><a class=\"w-btn us-btn-style_3 usg_btn_2\" href=\"https:\/\/www.inmocochescarhire.com\/fi\/coches\/ford-kuga-tai-samankaltainen\/\"><span class=\"w-btn-label\">Ver m\u00e1s<\/span><\/a><\/div><\/div>\t\t<\/div>\r\n\t\t\t<\/article>\r\n\t<article class=\"w-grid-item post-2943 us_portfolio type-us_portfolio status-publish has-post-thumbnail hentry us_portfolio_category-peugeot-fi us_portfolio_tag-h-fi\" data-id=\"2943\">\r\n\t\t<div class=\"w-grid-item-h\">\r\n\t\t\t\t\t\t<div class=\"w-post-elm post_image usg_post_image_1 cuadricula-coches-img stretched\"><a href=\"https:\/\/www.inmocochescarhire.com\/fi\/coches\/peugeot-308-cabrio-tai-samankaltainen\/\" aria-label=\"PEUGEOT 308 CABRIO TAI SAMANKALTAINEN \"><img loading=\"lazy\" decoding=\"async\" width=\"1013\" height=\"675\" src=\"https:\/\/www.inmocochescarhire.com\/wp-content\/uploads\/2023\/01\/unnamed-file.H.jpg\" class=\"attachment-full size-full wp-post-image\" alt=\"\" srcset=\"https:\/\/www.inmocochescarhire.com\/wp-content\/uploads\/2023\/01\/unnamed-file.H.jpg 1013w, https:\/\/www.inmocochescarhire.com\/wp-content\/uploads\/2023\/01\/unnamed-file.H-300x200.jpg 300w\" sizes=\"auto, (max-width: 1013px) 100vw, 1013px\" \/><\/a><\/div><div class=\"w-vwrapper usg_vwrapper_1 align_none valign_top\" style=\"--vwrapper-gap:0px\"><h2 class=\"w-post-elm post_title usg_post_title_1 entry-title color_link_inherit\"><a href=\"https:\/\/www.inmocochescarhire.com\/fi\/coches\/peugeot-308-cabrio-tai-samankaltainen\/\">PEUGEOT 308 CABRIO <span>TAI SAMANKALTAINEN <\/span><\/a><\/h2><div class=\"w-hwrapper usg_hwrapper_1 align_none valign_top\" style=\"--hwrapper-gap:10px\"><a class=\"w-btn us-btn-style_1 usg_btn_1\" href=\"http:\/\/booking.inmocochescarhire.com\"><span class=\"w-btn-label\">Reservar<\/span><\/a><a class=\"w-btn us-btn-style_3 usg_btn_2\" href=\"https:\/\/www.inmocochescarhire.com\/fi\/coches\/peugeot-308-cabrio-tai-samankaltainen\/\"><span class=\"w-btn-label\">Ver m\u00e1s<\/span><\/a><\/div><\/div>\t\t<\/div>\r\n\t\t\t<\/article>\r\n\t<article class=\"w-grid-item post-2929 us_portfolio type-us_portfolio status-publish has-post-thumbnail hentry us_portfolio_category-bmw-fi us_portfolio_tag-h1-fi\" data-id=\"2929\">\r\n\t\t<div class=\"w-grid-item-h\">\r\n\t\t\t\t\t\t<div class=\"w-post-elm post_image usg_post_image_1 cuadricula-coches-img stretched\"><a href=\"https:\/\/www.inmocochescarhire.com\/fi\/coches\/bmw-z4-tai-samankaltainen\/\" aria-label=\"BMW Z4 TAI SAMANKALTAINEN \"><img loading=\"lazy\" decoding=\"async\" width=\"500\" height=\"272\" src=\"https:\/\/www.inmocochescarhire.com\/wp-content\/uploads\/2023\/01\/H1.jpg\" class=\"attachment-full size-full wp-post-image\" alt=\"\" srcset=\"https:\/\/www.inmocochescarhire.com\/wp-content\/uploads\/2023\/01\/H1.jpg 500w, https:\/\/www.inmocochescarhire.com\/wp-content\/uploads\/2023\/01\/H1-300x163.jpg 300w\" sizes=\"auto, (max-width: 500px) 100vw, 500px\" \/><\/a><\/div><div class=\"w-vwrapper usg_vwrapper_1 align_none valign_top\" style=\"--vwrapper-gap:0px\"><h2 class=\"w-post-elm post_title usg_post_title_1 entry-title color_link_inherit\"><a href=\"https:\/\/www.inmocochescarhire.com\/fi\/coches\/bmw-z4-tai-samankaltainen\/\">BMW Z4 <span>TAI SAMANKALTAINEN <\/span><\/a><\/h2><div class=\"w-hwrapper usg_hwrapper_1 align_none valign_top\" style=\"--hwrapper-gap:10px\"><a class=\"w-btn us-btn-style_1 usg_btn_1\" href=\"http:\/\/booking.inmocochescarhire.com\"><span class=\"w-btn-label\">Reservar<\/span><\/a><a class=\"w-btn us-btn-style_3 usg_btn_2\" href=\"https:\/\/www.inmocochescarhire.com\/fi\/coches\/bmw-z4-tai-samankaltainen\/\"><span class=\"w-btn-label\">Ver m\u00e1s<\/span><\/a><\/div><\/div>\t\t<\/div>\r\n\t\t\t<\/article>\r\n\t<article class=\"w-grid-item post-2968 us_portfolio type-us_portfolio status-publish has-post-thumbnail hentry us_portfolio_category-bmw-fi us_portfolio_tag-h2-fi\" data-id=\"2968\">\r\n\t\t<div class=\"w-grid-item-h\">\r\n\t\t\t\t\t\t<div class=\"w-post-elm post_image usg_post_image_1 cuadricula-coches-img stretched\"><a href=\"https:\/\/www.inmocochescarhire.com\/fi\/coches\/bmw-4-series-cabrio-tai-samankaltainen\/\" aria-label=\"BMW 4 SERIES CABRIO TAI SAMANKALTAINEN \"><img loading=\"lazy\" decoding=\"async\" width=\"500\" height=\"272\" src=\"https:\/\/www.inmocochescarhire.com\/wp-content\/uploads\/2023\/01\/H2.jpg\" class=\"attachment-full size-full wp-post-image\" alt=\"\" srcset=\"https:\/\/www.inmocochescarhire.com\/wp-content\/uploads\/2023\/01\/H2.jpg 500w, https:\/\/www.inmocochescarhire.com\/wp-content\/uploads\/2023\/01\/H2-300x163.jpg 300w\" sizes=\"auto, (max-width: 500px) 100vw, 500px\" \/><\/a><\/div><div class=\"w-vwrapper usg_vwrapper_1 align_none valign_top\" style=\"--vwrapper-gap:0px\"><h2 class=\"w-post-elm post_title usg_post_title_1 entry-title color_link_inherit\"><a href=\"https:\/\/www.inmocochescarhire.com\/fi\/coches\/bmw-4-series-cabrio-tai-samankaltainen\/\">BMW 4 SERIES CABRIO <span>TAI SAMANKALTAINEN <\/span><\/a><\/h2><div class=\"w-hwrapper usg_hwrapper_1 align_none valign_top\" style=\"--hwrapper-gap:10px\"><a class=\"w-btn us-btn-style_1 usg_btn_1\" href=\"http:\/\/booking.inmocochescarhire.com\"><span class=\"w-btn-label\">Reservar<\/span><\/a><a class=\"w-btn us-btn-style_3 usg_btn_2\" href=\"https:\/\/www.inmocochescarhire.com\/fi\/coches\/bmw-4-series-cabrio-tai-samankaltainen\/\"><span class=\"w-btn-label\">Ver m\u00e1s<\/span><\/a><\/div><\/div>\t\t<\/div>\r\n\t\t\t<\/article>\r\n\t<article class=\"w-grid-item post-2867 us_portfolio type-us_portfolio status-publish has-post-thumbnail hentry us_portfolio_category-ford-fi us_portfolio_tag-i1-fi\" data-id=\"2867\">\r\n\t\t<div class=\"w-grid-item-h\">\r\n\t\t\t\t\t\t<div class=\"w-post-elm post_image usg_post_image_1 cuadricula-coches-img stretched\"><a href=\"https:\/\/www.inmocochescarhire.com\/fi\/coches\/ford-smax-7-seater-eller-liknande\/\" aria-label=\"FORD SMAX 7 SEATER TAI SAMANKALTAINEN\"><img loading=\"lazy\" decoding=\"async\" width=\"500\" height=\"272\" src=\"https:\/\/www.inmocochescarhire.com\/wp-content\/uploads\/2023\/01\/I1.jpg\" class=\"attachment-full size-full wp-post-image\" alt=\"\" srcset=\"https:\/\/www.inmocochescarhire.com\/wp-content\/uploads\/2023\/01\/I1.jpg 500w, https:\/\/www.inmocochescarhire.com\/wp-content\/uploads\/2023\/01\/I1-300x163.jpg 300w\" sizes=\"auto, (max-width: 500px) 100vw, 500px\" \/><\/a><\/div><div class=\"w-vwrapper usg_vwrapper_1 align_none valign_top\" style=\"--vwrapper-gap:0px\"><h2 class=\"w-post-elm post_title usg_post_title_1 entry-title color_link_inherit\"><a href=\"https:\/\/www.inmocochescarhire.com\/fi\/coches\/ford-smax-7-seater-eller-liknande\/\">FORD SMAX 7 SEATER <span>TAI SAMANKALTAINEN<\/span><\/a><\/h2><div class=\"w-hwrapper usg_hwrapper_1 align_none valign_top\" style=\"--hwrapper-gap:10px\"><a class=\"w-btn us-btn-style_1 usg_btn_1\" href=\"http:\/\/booking.inmocochescarhire.com\"><span class=\"w-btn-label\">Reservar<\/span><\/a><a class=\"w-btn us-btn-style_3 usg_btn_2\" href=\"https:\/\/www.inmocochescarhire.com\/fi\/coches\/ford-smax-7-seater-eller-liknande\/\"><span class=\"w-btn-label\">Ver m\u00e1s<\/span><\/a><\/div><\/div>\t\t<\/div>\r\n\t\t\t<\/article>\r\n\t<article class=\"w-grid-item post-2992 us_portfolio type-us_portfolio status-publish has-post-thumbnail hentry us_portfolio_category-ford-fi us_portfolio_tag-l-fi\" data-id=\"2992\">\r\n\t\t<div class=\"w-grid-item-h\">\r\n\t\t\t\t\t\t<div class=\"w-post-elm post_image usg_post_image_1 cuadricula-coches-img stretched\"><a href=\"https:\/\/www.inmocochescarhire.com\/fi\/coches\/ford-s-max-7-seater-tai-vastaava\/\" aria-label=\"FORD S-MAX 7 SEATER TAI VASTAAVA \"><img loading=\"lazy\" decoding=\"async\" width=\"500\" height=\"272\" src=\"https:\/\/www.inmocochescarhire.com\/wp-content\/uploads\/2023\/01\/I1.jpg\" class=\"attachment-full size-full wp-post-image\" alt=\"\" srcset=\"https:\/\/www.inmocochescarhire.com\/wp-content\/uploads\/2023\/01\/I1.jpg 500w, https:\/\/www.inmocochescarhire.com\/wp-content\/uploads\/2023\/01\/I1-300x163.jpg 300w\" sizes=\"auto, (max-width: 500px) 100vw, 500px\" \/><\/a><\/div><div class=\"w-vwrapper usg_vwrapper_1 align_none valign_top\" style=\"--vwrapper-gap:0px\"><h2 class=\"w-post-elm post_title usg_post_title_1 entry-title color_link_inherit\"><a href=\"https:\/\/www.inmocochescarhire.com\/fi\/coches\/ford-s-max-7-seater-tai-vastaava\/\">FORD S-MAX 7 SEATER <span>TAI VASTAAVA <\/span><\/a><\/h2><div class=\"w-hwrapper usg_hwrapper_1 align_none valign_top\" style=\"--hwrapper-gap:10px\"><a class=\"w-btn us-btn-style_1 usg_btn_1\" href=\"http:\/\/booking.inmocochescarhire.com\"><span class=\"w-btn-label\">Reservar<\/span><\/a><a class=\"w-btn us-btn-style_3 usg_btn_2\" href=\"https:\/\/www.inmocochescarhire.com\/fi\/coches\/ford-s-max-7-seater-tai-vastaava\/\"><span class=\"w-btn-label\">Ver m\u00e1s<\/span><\/a><\/div><\/div>\t\t<\/div>\r\n\t\t\t<\/article>\r\n\t<article class=\"w-grid-item post-2935 us_portfolio type-us_portfolio status-publish has-post-thumbnail hentry us_portfolio_category-mercedes-fi us_portfolio_tag-j-fi\" data-id=\"2935\">\r\n\t\t<div class=\"w-grid-item-h\">\r\n\t\t\t\t\t\t<div class=\"w-post-elm post_image usg_post_image_1 cuadricula-coches-img stretched\"><a href=\"https:\/\/www.inmocochescarhire.com\/fi\/coches\/mercedes-vito-9-paikkainen-tai-vastaava-2\/\" aria-label=\"MERCEDES VITO 9-PAIKKAINEN TAI SAMANKALTAINEN\"><img loading=\"lazy\" decoding=\"async\" width=\"500\" height=\"272\" src=\"https:\/\/www.inmocochescarhire.com\/wp-content\/uploads\/2023\/01\/J.jpg\" class=\"attachment-full size-full wp-post-image\" alt=\"\" srcset=\"https:\/\/www.inmocochescarhire.com\/wp-content\/uploads\/2023\/01\/J.jpg 500w, https:\/\/www.inmocochescarhire.com\/wp-content\/uploads\/2023\/01\/J-300x163.jpg 300w\" sizes=\"auto, (max-width: 500px) 100vw, 500px\" \/><\/a><\/div><div class=\"w-vwrapper usg_vwrapper_1 align_none valign_top\" style=\"--vwrapper-gap:0px\"><h2 class=\"w-post-elm post_title usg_post_title_1 entry-title color_link_inherit\"><a href=\"https:\/\/www.inmocochescarhire.com\/fi\/coches\/mercedes-vito-9-paikkainen-tai-vastaava-2\/\">MERCEDES VITO 9-PAIKKAINEN <span>TAI SAMANKALTAINEN<\/span><\/a><\/h2><div class=\"w-hwrapper usg_hwrapper_1 align_none valign_top\" style=\"--hwrapper-gap:10px\"><a class=\"w-btn us-btn-style_1 usg_btn_1\" href=\"http:\/\/booking.inmocochescarhire.com\"><span class=\"w-btn-label\">Reservar<\/span><\/a><a class=\"w-btn us-btn-style_3 usg_btn_2\" href=\"https:\/\/www.inmocochescarhire.com\/fi\/coches\/mercedes-vito-9-paikkainen-tai-vastaava-2\/\"><span class=\"w-btn-label\">Ver m\u00e1s<\/span><\/a><\/div><\/div>\t\t<\/div>\r\n\t\t\t<\/article>\r\n\t<article class=\"w-grid-item post-2877 us_portfolio type-us_portfolio status-publish has-post-thumbnail hentry us_portfolio_category-mercedes-fi us_portfolio_tag-j1-fi\" data-id=\"2877\">\r\n\t\t<div class=\"w-grid-item-h\">\r\n\t\t\t\t\t\t<div class=\"w-post-elm post_image usg_post_image_1 cuadricula-coches-img stretched\"><a href=\"https:\/\/www.inmocochescarhire.com\/fi\/coches\/mercedes-vito-9-paikkainen-tai-vastaava\/\" aria-label=\"MERCEDES VITO 9-PAIKKAINEN TAI SAMANKALTAINEN\"><img loading=\"lazy\" decoding=\"async\" width=\"500\" height=\"272\" src=\"https:\/\/www.inmocochescarhire.com\/wp-content\/uploads\/2023\/01\/J1.jpg\" class=\"attachment-full size-full wp-post-image\" alt=\"\" srcset=\"https:\/\/www.inmocochescarhire.com\/wp-content\/uploads\/2023\/01\/J1.jpg 500w, https:\/\/www.inmocochescarhire.com\/wp-content\/uploads\/2023\/01\/J1-300x163.jpg 300w\" sizes=\"auto, (max-width: 500px) 100vw, 500px\" \/><\/a><\/div><div class=\"w-vwrapper usg_vwrapper_1 align_none valign_top\" style=\"--vwrapper-gap:0px\"><h2 class=\"w-post-elm post_title usg_post_title_1 entry-title color_link_inherit\"><a href=\"https:\/\/www.inmocochescarhire.com\/fi\/coches\/mercedes-vito-9-paikkainen-tai-vastaava\/\">MERCEDES VITO 9-PAIKKAINEN <span>TAI SAMANKALTAINEN<\/span><\/a><\/h2><div class=\"w-hwrapper usg_hwrapper_1 align_none valign_top\" style=\"--hwrapper-gap:10px\"><a class=\"w-btn us-btn-style_1 usg_btn_1\" href=\"http:\/\/booking.inmocochescarhire.com\"><span class=\"w-btn-label\">Reservar<\/span><\/a><a class=\"w-btn us-btn-style_3 usg_btn_2\" href=\"https:\/\/www.inmocochescarhire.com\/fi\/coches\/mercedes-vito-9-paikkainen-tai-vastaava\/\"><span class=\"w-btn-label\">Ver m\u00e1s<\/span><\/a><\/div><\/div>\t\t<\/div>\r\n\t\t\t<\/article>\r\n\t<article class=\"w-grid-item post-2972 us_portfolio type-us_portfolio status-publish has-post-thumbnail hentry us_portfolio_category-audi-fi us_portfolio_tag-k-fi\" data-id=\"2972\">\r\n\t\t<div class=\"w-grid-item-h\">\r\n\t\t\t\t\t\t<div class=\"w-post-elm post_image usg_post_image_1 cuadricula-coches-img stretched\"><a href=\"https:\/\/www.inmocochescarhire.com\/fi\/coches\/audi-a5-tai-samankaltainen\/\" aria-label=\"AUDI A5 TAI SAMANKALTAINEN \"><img loading=\"lazy\" decoding=\"async\" width=\"500\" height=\"272\" src=\"https:\/\/www.inmocochescarhire.com\/wp-content\/uploads\/2023\/01\/K.jpg\" class=\"attachment-full size-full wp-post-image\" alt=\"\" srcset=\"https:\/\/www.inmocochescarhire.com\/wp-content\/uploads\/2023\/01\/K.jpg 500w, https:\/\/www.inmocochescarhire.com\/wp-content\/uploads\/2023\/01\/K-300x163.jpg 300w\" sizes=\"auto, (max-width: 500px) 100vw, 500px\" \/><\/a><\/div><div class=\"w-vwrapper usg_vwrapper_1 align_none valign_top\" style=\"--vwrapper-gap:0px\"><h2 class=\"w-post-elm post_title usg_post_title_1 entry-title color_link_inherit\"><a href=\"https:\/\/www.inmocochescarhire.com\/fi\/coches\/audi-a5-tai-samankaltainen\/\">AUDI A5 <span>TAI SAMANKALTAINEN <\/span><\/a><\/h2><div class=\"w-hwrapper usg_hwrapper_1 align_none valign_top\" style=\"--hwrapper-gap:10px\"><a class=\"w-btn us-btn-style_1 usg_btn_1\" href=\"http:\/\/booking.inmocochescarhire.com\"><span class=\"w-btn-label\">Reservar<\/span><\/a><a class=\"w-btn us-btn-style_3 usg_btn_2\" href=\"https:\/\/www.inmocochescarhire.com\/fi\/coches\/audi-a5-tai-samankaltainen\/\"><span class=\"w-btn-label\">Ver m\u00e1s<\/span><\/a><\/div><\/div>\t\t<\/div>\r\n\t\t\t<\/article>\r\n\t<article class=\"w-grid-item post-2854 us_portfolio type-us_portfolio status-publish has-post-thumbnail hentry us_portfolio_category-bmw-fi us_portfolio_tag-l-fi\" data-id=\"2854\">\r\n\t\t<div class=\"w-grid-item-h\">\r\n\t\t\t\t\t\t<div class=\"w-post-elm post_image usg_post_image_1 cuadricula-coches-img stretched\"><a href=\"https:\/\/www.inmocochescarhire.com\/fi\/coches\/bmw-x5-tai-samankaltainen\/\" aria-label=\"BMW X5 TAI SAMANKALTAINEN \"><img loading=\"lazy\" decoding=\"async\" width=\"500\" height=\"272\" src=\"https:\/\/www.inmocochescarhire.com\/wp-content\/uploads\/2023\/01\/L.jpg\" class=\"attachment-full size-full wp-post-image\" alt=\"\" srcset=\"https:\/\/www.inmocochescarhire.com\/wp-content\/uploads\/2023\/01\/L.jpg 500w, https:\/\/www.inmocochescarhire.com\/wp-content\/uploads\/2023\/01\/L-300x163.jpg 300w\" sizes=\"auto, (max-width: 500px) 100vw, 500px\" \/><\/a><\/div><div class=\"w-vwrapper usg_vwrapper_1 align_none valign_top\" style=\"--vwrapper-gap:0px\"><h2 class=\"w-post-elm post_title usg_post_title_1 entry-title color_link_inherit\"><a href=\"https:\/\/www.inmocochescarhire.com\/fi\/coches\/bmw-x5-tai-samankaltainen\/\">BMW X5 <span>TAI SAMANKALTAINEN <\/span><\/a><\/h2><div class=\"w-hwrapper usg_hwrapper_1 align_none valign_top\" style=\"--hwrapper-gap:10px\"><a class=\"w-btn us-btn-style_1 usg_btn_1\" href=\"http:\/\/booking.inmocochescarhire.com\"><span class=\"w-btn-label\">Reservar<\/span><\/a><a class=\"w-btn us-btn-style_3 usg_btn_2\" href=\"https:\/\/www.inmocochescarhire.com\/fi\/coches\/bmw-x5-tai-samankaltainen\/\"><span class=\"w-btn-label\">Ver m\u00e1s<\/span><\/a><\/div><\/div>\t\t<\/div>\r\n\t\t\t<\/article>\r\n\t<article class=\"w-grid-item post-2981 us_portfolio type-us_portfolio status-publish has-post-thumbnail hentry us_portfolio_tag-m-fi\" data-id=\"2981\">\r\n\t\t<div class=\"w-grid-item-h\">\r\n\t\t\t\t\t\t<div class=\"w-post-elm post_image usg_post_image_1 cuadricula-coches-img stretched\"><a href=\"https:\/\/www.inmocochescarhire.com\/fi\/coches\/125cc-motorcycle-tai-samankaltainen\/\" aria-label=\"125CC MOTORCYCLE TAI SAMANKALTAINEN \"><img loading=\"lazy\" decoding=\"async\" width=\"1280\" height=\"960\" src=\"https:\/\/www.inmocochescarhire.com\/wp-content\/uploads\/2023\/01\/M.jpg\" class=\"attachment-full size-full wp-post-image\" alt=\"\" srcset=\"https:\/\/www.inmocochescarhire.com\/wp-content\/uploads\/2023\/01\/M.jpg 1280w, https:\/\/www.inmocochescarhire.com\/wp-content\/uploads\/2023\/01\/M-300x225.jpg 300w, https:\/\/www.inmocochescarhire.com\/wp-content\/uploads\/2023\/01\/M-1024x768.jpg 1024w\" sizes=\"auto, (max-width: 1280px) 100vw, 1280px\" \/><\/a><\/div><div class=\"w-vwrapper usg_vwrapper_1 align_none valign_top\" style=\"--vwrapper-gap:0px\"><h2 class=\"w-post-elm post_title usg_post_title_1 entry-title color_link_inherit\"><a href=\"https:\/\/www.inmocochescarhire.com\/fi\/coches\/125cc-motorcycle-tai-samankaltainen\/\">125CC MOTORCYCLE <span>TAI SAMANKALTAINEN <\/span><\/a><\/h2><div class=\"w-hwrapper usg_hwrapper_1 align_none valign_top\" style=\"--hwrapper-gap:10px\"><a class=\"w-btn us-btn-style_1 usg_btn_1\" href=\"http:\/\/booking.inmocochescarhire.com\"><span class=\"w-btn-label\">Reservar<\/span><\/a><a class=\"w-btn us-btn-style_3 usg_btn_2\" href=\"https:\/\/www.inmocochescarhire.com\/fi\/coches\/125cc-motorcycle-tai-samankaltainen\/\"><span class=\"w-btn-label\">Ver m\u00e1s<\/span><\/a><\/div><\/div>\t\t<\/div>\r\n\t\t\t<\/article>\r\n\t<article class=\"w-grid-item post-2893 us_portfolio type-us_portfolio status-publish has-post-thumbnail hentry us_portfolio_category-mini-fi us_portfolio_tag-n-fi\" data-id=\"2893\">\r\n\t\t<div class=\"w-grid-item-h\">\r\n\t\t\t\t\t\t<div class=\"w-post-elm post_image usg_post_image_1 cuadricula-coches-img stretched\"><a href=\"https:\/\/www.inmocochescarhire.com\/fi\/coches\/2893\/\" aria-label=\"MINI COOPER TAI SAMANLAINEN \"><img loading=\"lazy\" decoding=\"async\" width=\"500\" height=\"272\" src=\"https:\/\/www.inmocochescarhire.com\/wp-content\/uploads\/2023\/01\/N.jpg\" class=\"attachment-full size-full wp-post-image\" alt=\"\" srcset=\"https:\/\/www.inmocochescarhire.com\/wp-content\/uploads\/2023\/01\/N.jpg 500w, https:\/\/www.inmocochescarhire.com\/wp-content\/uploads\/2023\/01\/N-300x163.jpg 300w\" sizes=\"auto, (max-width: 500px) 100vw, 500px\" \/><\/a><\/div><div class=\"w-vwrapper usg_vwrapper_1 align_none valign_top\" style=\"--vwrapper-gap:0px\"><h2 class=\"w-post-elm post_title usg_post_title_1 entry-title color_link_inherit\"><a href=\"https:\/\/www.inmocochescarhire.com\/fi\/coches\/2893\/\">MINI COOPER <span>TAI SAMANLAINEN <\/span><\/a><\/h2><div class=\"w-hwrapper usg_hwrapper_1 align_none valign_top\" style=\"--hwrapper-gap:10px\"><a class=\"w-btn us-btn-style_1 usg_btn_1\" href=\"http:\/\/booking.inmocochescarhire.com\"><span class=\"w-btn-label\">Reservar<\/span><\/a><a class=\"w-btn us-btn-style_3 usg_btn_2\" href=\"https:\/\/www.inmocochescarhire.com\/fi\/coches\/2893\/\"><span class=\"w-btn-label\">Ver m\u00e1s<\/span><\/a><\/div><\/div>\t\t<\/div>\r\n\t\t\t<\/article>\r\n<\/div><div class=\"w-grid-carousel-json hidden\" onclick='return {&quot;carousel_settings&quot;:{&quot;aria_labels&quot;:{&quot;prev&quot;:&quot;Edellinen&quot;,&quot;next&quot;:&quot;Seuraava&quot;},&quot;autoplayContinual&quot;:false,&quot;autoplayContinualCss&quot;:false,&quot;autoplayHoverPause&quot;:false,&quot;autoplayTimeout&quot;:13000,&quot;autoWidth&quot;:false,&quot;smartSpeed&quot;:350,&quot;margin&quot;:0,&quot;mouseDrag&quot;:true,&quot;rtl&quot;:false,&quot;slideBy&quot;:&quot;1&quot;,&quot;touchDrag&quot;:true,&quot;slideTransition&quot;:&quot;&quot;,&quot;responsive&quot;:{&quot;0&quot;:{&quot;autoHeight&quot;:false,&quot;autoplay&quot;:true,&quot;autoplayContinualCss&quot;:false,&quot;autoWidth&quot;:false,&quot;center&quot;:false,&quot;dots&quot;:false,&quot;items&quot;:1,&quot;loop&quot;:true,&quot;nav&quot;:false,&quot;stagePadding&quot;:0,&quot;slideBy&quot;:&quot;1&quot;,&quot;touchDrag&quot;:true,&quot;mouseDrag&quot;:true},&quot;601&quot;:{&quot;autoHeight&quot;:false,&quot;autoplay&quot;:true,&quot;autoplayContinualCss&quot;:false,&quot;autoWidth&quot;:false,&quot;center&quot;:false,&quot;dots&quot;:false,&quot;items&quot;:2,&quot;loop&quot;:true,&quot;nav&quot;:true,&quot;stagePadding&quot;:0,&quot;slideBy&quot;:&quot;1&quot;,&quot;touchDrag&quot;:true,&quot;mouseDrag&quot;:true},&quot;1025&quot;:{&quot;autoHeight&quot;:false,&quot;autoplay&quot;:true,&quot;autoplayContinualCss&quot;:false,&quot;autoWidth&quot;:false,&quot;center&quot;:false,&quot;dots&quot;:false,&quot;items&quot;:3,&quot;loop&quot;:true,&quot;nav&quot;:true,&quot;stagePadding&quot;:0,&quot;slideBy&quot;:&quot;1&quot;,&quot;touchDrag&quot;:true,&quot;mouseDrag&quot;:true},&quot;1281&quot;:{&quot;items&quot;:4,&quot;autoplay&quot;:true,&quot;autoplayContinualCss&quot;:false,&quot;center&quot;:false,&quot;dots&quot;:false,&quot;nav&quot;:true,&quot;autoHeight&quot;:false,&quot;autoWidth&quot;:false,&quot;loop&quot;:true,&quot;stagePadding&quot;:0}}}}'><\/div><\/div><\/div><\/div><\/div><\/div><\/div><\/section><section class=\"l-section wpb_row height_medium\"><div class=\"l-section-h i-cf\"><div class=\"g-cols vc_row via_flex valign_top type_default stacking_default\"><div class=\"vc_col-sm-12 wpb_column vc_column_container\"><div class=\"vc_column-inner\"><div class=\"wpb_wrapper\"><h2 class=\"w-text us_custom_7de47b5a\"><span class=\"w-text-h\"><span class=\"w-text-value\">Asiakkaamme luottavat Inmocochesiin<\/span><\/span><\/h2><div class=\"wpb_text_column\"><div class=\"wpb_wrapper\"><pre class=\"ti-widget\" style=\"display: none\"><template id=\"trustindex-google-widget-html\"><div class=\" ti-widget  ti-goog ti-review-text-mode-readmore ti-text-align-left\" data-no-translation=\"true\" data-time-locale=\"%d %s ago|today|day|days|week|weeks|month|months|year|years\" data-plugin-version=\"13.2.9\" data-layout-id=\"5\" data-layout-category=\"slider\" data-set-id=\"light-background\" data-pid=\"\" data-language=\"en\" data-close-locale=\"Close\" data-review-target-width=\"275\" data-css-version=\"2\" data-reply-by-locale=\"Owner's reply\" data-only-rating-locale=\"This user only left a rating.\" data-pager-autoplay-timeout=\"6\"> <div class=\"ti-widget-container ti-col-4\"> <div class=\"ti-footer ti-footer-grid source-Google\"> <div class=\"ti-fade-container\"> <div class=\"ti-rating-text\"> <strong class=\"ti-rating ti-rating-large\"> EXCELLENT <\/strong> <\/div> <span class=\"ti-stars star-lg\"><trustindex-image class=\"ti-star\" data-imgurl=\"https:\/\/cdn.trustindex.io\/assets\/platform\/Google\/star\/f.svg\" alt=\"Google star 1\" width=\"17\" height=\"17\" loading=\"lazy\"><\/trustindex-image><trustindex-image class=\"ti-star\" data-imgurl=\"https:\/\/cdn.trustindex.io\/assets\/platform\/Google\/star\/f.svg\" alt=\"Google star 2\" width=\"17\" height=\"17\" loading=\"lazy\"><\/trustindex-image><trustindex-image class=\"ti-star\" data-imgurl=\"https:\/\/cdn.trustindex.io\/assets\/platform\/Google\/star\/f.svg\" alt=\"Google star 3\" width=\"17\" height=\"17\" loading=\"lazy\"><\/trustindex-image><trustindex-image class=\"ti-star\" data-imgurl=\"https:\/\/cdn.trustindex.io\/assets\/platform\/Google\/star\/f.svg\" alt=\"Google star 4\" width=\"17\" height=\"17\" loading=\"lazy\"><\/trustindex-image><trustindex-image class=\"ti-star\" data-imgurl=\"https:\/\/cdn.trustindex.io\/assets\/platform\/Google\/star\/f.svg\" alt=\"Google star 5\" width=\"17\" height=\"17\" loading=\"lazy\"><\/trustindex-image><\/span> <div class=\"ti-rating-text\"> <span class=\"nowrap\">Based on <strong>172 reviews<\/strong><\/span> <\/div> <div class=\"ti-large-logo\"> <div class=\"ti-v-center\"> <trustindex-image class=\"ti-logo-fb\" data-imgurl=\"https:\/\/cdn.trustindex.io\/assets\/platform\/Google\/logo.svg\" width=\"150\" height=\"25\" loading=\"lazy\" alt=\"Google\"><\/trustindex-image> <\/div> <\/div> <\/div> <\/div> <div class=\"ti-reviews-container\"> <div class=\"ti-controls\"> <div class=\"ti-next\" aria-label=\"Next review\" role=\"button\" tabindex=\"0\"><\/div> <div class=\"ti-prev\" aria-label=\"Previous review\" role=\"button\" tabindex=\"0\"><\/div> <\/div> <div class=\"ti-reviews-container-wrapper\">  <div data-empty=\"0\" data-time=\"1769644800\" class=\"ti-review-item source-Google ti-image-layout-thumbnail\" data-id=\"cfcd208495d565ef66e7dff9f98764da\"> <div class=\"ti-inner\"> <div class=\"ti-review-header\"> <div class=\"ti-platform-icon ti-with-tooltip\"> <span class=\"ti-tooltip\">Posted on <\/span> <trustindex-image data-imgurl=\"https:\/\/cdn.trustindex.io\/assets\/platform\/Google\/icon.svg\" alt=\"\" width=\"20\" height=\"20\" loading=\"lazy\"><\/trustindex-image> <\/div> <div class=\"ti-profile-img\"> <trustindex-image data-imgurl=\"https:\/\/lh3.googleusercontent.com\/a-\/ALV-UjVdc1x4_3gCG_PWqEapuxxyoaG813w-I9J6l5GkXcWxxb5GMd8d=w40-h40-c-rp-mo-br100\" alt=\"Alicia \u00c1ngel Alarc\u00f3n profile picture\" loading=\"lazy\"><\/trustindex-image> <\/div> <div class=\"ti-profile-details\"> <div class=\"ti-name\"> Alicia \u00c1ngel Alarc\u00f3n <\/div> <div class=\"ti-date\"><\/div> <\/div> <\/div> <span class=\"ti-stars\"><trustindex-image class=\"ti-star\" data-imgurl=\"https:\/\/cdn.trustindex.io\/assets\/platform\/Google\/star\/f.svg\" alt=\"Google star 1\" width=\"17\" height=\"17\" loading=\"lazy\"><\/trustindex-image><trustindex-image class=\"ti-star\" data-imgurl=\"https:\/\/cdn.trustindex.io\/assets\/platform\/Google\/star\/f.svg\" alt=\"Google star 2\" width=\"17\" height=\"17\" loading=\"lazy\"><\/trustindex-image><trustindex-image class=\"ti-star\" data-imgurl=\"https:\/\/cdn.trustindex.io\/assets\/platform\/Google\/star\/f.svg\" alt=\"Google star 3\" width=\"17\" height=\"17\" loading=\"lazy\"><\/trustindex-image><trustindex-image class=\"ti-star\" data-imgurl=\"https:\/\/cdn.trustindex.io\/assets\/platform\/Google\/star\/f.svg\" alt=\"Google star 4\" width=\"17\" height=\"17\" loading=\"lazy\"><\/trustindex-image><trustindex-image class=\"ti-star\" data-imgurl=\"https:\/\/cdn.trustindex.io\/assets\/platform\/Google\/star\/f.svg\" alt=\"Google star 5\" width=\"17\" height=\"17\" loading=\"lazy\"><\/trustindex-image><span class=\"ti-verified-review ti-verified-platform\"><span class=\"ti-verified-tooltip\">Trustindex verifies that the original source of the review is Google.<\/span><\/span><\/span> <div class=\"ti-review-text-container ti-review-content\"><!-- R-CONTENT -->Excelente servicio, \u00c1lvaro fue muy servicial, atento y encantador. Muchas gracias por todo, si nos vuelve a hacer falta alquilar un veh\u00edculo volveremos sin ninguna duda.<!-- R-CONTENT --><\/div> <span class=\"ti-read-more\" data-container=\".ti-review-content\" data-collapse-text=\"Hide\" data-open-text=\"Read more\"><\/span> <\/div> <\/div>  <div data-empty=\"0\" data-time=\"1759104000\" class=\"ti-review-item source-Google ti-image-layout-thumbnail\" data-id=\"cfcd208495d565ef66e7dff9f98764da\"> <div class=\"ti-inner\"> <div class=\"ti-review-header\"> <div class=\"ti-platform-icon ti-with-tooltip\"> <span class=\"ti-tooltip\">Posted on <\/span> <trustindex-image data-imgurl=\"https:\/\/cdn.trustindex.io\/assets\/platform\/Google\/icon.svg\" alt=\"\" width=\"20\" height=\"20\" loading=\"lazy\"><\/trustindex-image> <\/div> <div class=\"ti-profile-img\"> <trustindex-image data-imgurl=\"https:\/\/lh3.googleusercontent.com\/a-\/ALV-UjUTClI2O87iVQLrNxGOsSN4ck-EszbeT73JZ3ZJMUNXk1f3KKKH=w40-h40-c-rp-mo-ba3-br100\" alt=\"Barbara Barenfeld profile picture\" loading=\"lazy\"><\/trustindex-image> <\/div> <div class=\"ti-profile-details\"> <div class=\"ti-name\"> Barbara Barenfeld <\/div> <div class=\"ti-date\"><\/div> <\/div> <\/div> <span class=\"ti-stars\"><trustindex-image class=\"ti-star\" data-imgurl=\"https:\/\/cdn.trustindex.io\/assets\/platform\/Google\/star\/f.svg\" alt=\"Google star 1\" width=\"17\" height=\"17\" loading=\"lazy\"><\/trustindex-image><trustindex-image class=\"ti-star\" data-imgurl=\"https:\/\/cdn.trustindex.io\/assets\/platform\/Google\/star\/f.svg\" alt=\"Google star 2\" width=\"17\" height=\"17\" loading=\"lazy\"><\/trustindex-image><trustindex-image class=\"ti-star\" data-imgurl=\"https:\/\/cdn.trustindex.io\/assets\/platform\/Google\/star\/f.svg\" alt=\"Google star 3\" width=\"17\" height=\"17\" loading=\"lazy\"><\/trustindex-image><trustindex-image class=\"ti-star\" data-imgurl=\"https:\/\/cdn.trustindex.io\/assets\/platform\/Google\/star\/f.svg\" alt=\"Google star 4\" width=\"17\" height=\"17\" loading=\"lazy\"><\/trustindex-image><trustindex-image class=\"ti-star\" data-imgurl=\"https:\/\/cdn.trustindex.io\/assets\/platform\/Google\/star\/f.svg\" alt=\"Google star 5\" width=\"17\" height=\"17\" loading=\"lazy\"><\/trustindex-image><span class=\"ti-verified-review ti-verified-platform\"><span class=\"ti-verified-tooltip\">Trustindex verifies that the original source of the review is Google.<\/span><\/span><\/span> <div class=\"ti-review-text-container ti-review-content\"><!-- R-CONTENT -->Muy recomendable, alquile un auto para recorrer la costa del sol , me sent\u00ed totalmente acompa\u00f1ada y asistida ante cada consulta. La tarifa, s\u00faper accesible . Gracias Alvaro por tu amabilidad y asistencia . Sin dudas volver\u00eda a rentar aqu\u00ed.<!-- R-CONTENT --><\/div> <span class=\"ti-read-more\" data-container=\".ti-review-content\" data-collapse-text=\"Hide\" data-open-text=\"Read more\"><\/span> <\/div> <\/div>  <div data-empty=\"0\" data-time=\"1752451200\" class=\"ti-review-item source-Google ti-image-layout-thumbnail\" data-id=\"cfcd208495d565ef66e7dff9f98764da\"> <div class=\"ti-inner\"> <div class=\"ti-review-header\"> <div class=\"ti-platform-icon ti-with-tooltip\"> <span class=\"ti-tooltip\">Posted on <\/span> <trustindex-image data-imgurl=\"https:\/\/cdn.trustindex.io\/assets\/platform\/Google\/icon.svg\" alt=\"\" width=\"20\" height=\"20\" loading=\"lazy\"><\/trustindex-image> <\/div> <div class=\"ti-profile-img\"> <trustindex-image data-imgurl=\"https:\/\/lh3.googleusercontent.com\/a-\/ALV-UjWk68XufVz8EF8kEzGLyARYaKamv3OBQ97cGP5GSCfuopwiJ7l-=w40-h40-c-rp-mo-ba3-br100\" alt=\"pablo77pp1 profile picture\" loading=\"lazy\"><\/trustindex-image> <\/div> <div class=\"ti-profile-details\"> <div class=\"ti-name\"> pablo77pp1 <\/div> <div class=\"ti-date\"><\/div> <\/div> <\/div> <span class=\"ti-stars\"><trustindex-image class=\"ti-star\" data-imgurl=\"https:\/\/cdn.trustindex.io\/assets\/platform\/Google\/star\/f.svg\" alt=\"Google star 1\" width=\"17\" height=\"17\" loading=\"lazy\"><\/trustindex-image><trustindex-image class=\"ti-star\" data-imgurl=\"https:\/\/cdn.trustindex.io\/assets\/platform\/Google\/star\/f.svg\" alt=\"Google star 2\" width=\"17\" height=\"17\" loading=\"lazy\"><\/trustindex-image><trustindex-image class=\"ti-star\" data-imgurl=\"https:\/\/cdn.trustindex.io\/assets\/platform\/Google\/star\/f.svg\" alt=\"Google star 3\" width=\"17\" height=\"17\" loading=\"lazy\"><\/trustindex-image><trustindex-image class=\"ti-star\" data-imgurl=\"https:\/\/cdn.trustindex.io\/assets\/platform\/Google\/star\/f.svg\" alt=\"Google star 4\" width=\"17\" height=\"17\" loading=\"lazy\"><\/trustindex-image><trustindex-image class=\"ti-star\" data-imgurl=\"https:\/\/cdn.trustindex.io\/assets\/platform\/Google\/star\/f.svg\" alt=\"Google star 5\" width=\"17\" height=\"17\" loading=\"lazy\"><\/trustindex-image><span class=\"ti-verified-review ti-verified-platform\"><span class=\"ti-verified-tooltip\">Trustindex verifies that the original source of the review is Google.<\/span><\/span><\/span> <div class=\"ti-review-text-container ti-review-content\"><!-- R-CONTENT -->\ud83c\uddf5\ud83c\uddf1 Jak kto\u015b szuka obs\u0142ugi w j\u0119zyku polskim to jak najbardziej polecam. Jan jest co prawda S\u0142owakiem, ale rozmawia po polsku i jest mega \u017cyczliwym cz\u0142owiekiem. Warto posiada\u0107 got\u00f3wk\u0119 \ud83d\udcb6, ceny bardzo fajne, autko ford focus w dieslu mega oszcz\u0119dne i pewne na drodze. Warto korzysta\u0107 \ud83d\udc4d<!-- R-CONTENT --><\/div> <span class=\"ti-read-more\" data-container=\".ti-review-content\" data-collapse-text=\"Hide\" data-open-text=\"Read more\"><\/span> <\/div> <\/div>  <div data-empty=\"0\" data-time=\"1750377600\" class=\"ti-review-item source-Google ti-image-layout-thumbnail\" data-id=\"cfcd208495d565ef66e7dff9f98764da\"> <div class=\"ti-inner\"> <div class=\"ti-review-header\"> <div class=\"ti-platform-icon ti-with-tooltip\"> <span class=\"ti-tooltip\">Posted on <\/span> <trustindex-image data-imgurl=\"https:\/\/cdn.trustindex.io\/assets\/platform\/Google\/icon.svg\" alt=\"\" width=\"20\" height=\"20\" loading=\"lazy\"><\/trustindex-image> <\/div> <div class=\"ti-profile-img\"> <trustindex-image data-imgurl=\"https:\/\/lh3.googleusercontent.com\/a\/ACg8ocJK4gZAUFIkWg78hZg8pVUCb8-KTCi50xaXFfahjacgQ5bDTw=w40-h40-c-rp-mo-br100\" alt=\"Ainhoa Kerejeta profile picture\" loading=\"lazy\"><\/trustindex-image> <\/div> <div class=\"ti-profile-details\"> <div class=\"ti-name\"> Ainhoa Kerejeta <\/div> <div class=\"ti-date\"><\/div> <\/div> <\/div> <span class=\"ti-stars\"><trustindex-image class=\"ti-star\" data-imgurl=\"https:\/\/cdn.trustindex.io\/assets\/platform\/Google\/star\/f.svg\" alt=\"Google star 1\" width=\"17\" height=\"17\" loading=\"lazy\"><\/trustindex-image><trustindex-image class=\"ti-star\" data-imgurl=\"https:\/\/cdn.trustindex.io\/assets\/platform\/Google\/star\/f.svg\" alt=\"Google star 2\" width=\"17\" height=\"17\" loading=\"lazy\"><\/trustindex-image><trustindex-image class=\"ti-star\" data-imgurl=\"https:\/\/cdn.trustindex.io\/assets\/platform\/Google\/star\/f.svg\" alt=\"Google star 3\" width=\"17\" height=\"17\" loading=\"lazy\"><\/trustindex-image><trustindex-image class=\"ti-star\" data-imgurl=\"https:\/\/cdn.trustindex.io\/assets\/platform\/Google\/star\/f.svg\" alt=\"Google star 4\" width=\"17\" height=\"17\" loading=\"lazy\"><\/trustindex-image><trustindex-image class=\"ti-star\" data-imgurl=\"https:\/\/cdn.trustindex.io\/assets\/platform\/Google\/star\/f.svg\" alt=\"Google star 5\" width=\"17\" height=\"17\" loading=\"lazy\"><\/trustindex-image><span class=\"ti-verified-review ti-verified-platform\"><span class=\"ti-verified-tooltip\">Trustindex verifies that the original source of the review is Google.<\/span><\/span><\/span> <div class=\"ti-review-text-container ti-review-content\"><!-- R-CONTENT -->Nos atendi\u00f3 Jan y estupendo, sin las t\u00edpicas trabas de los alquileres de coches. Tuvimos un peque\u00f1o problema y los solucion\u00f3 incluso fuera de horario. Con gente as\u00ed da gusto, gracias!<!-- R-CONTENT --><\/div> <span class=\"ti-read-more\" data-container=\".ti-review-content\" data-collapse-text=\"Hide\" data-open-text=\"Read more\"><\/span> <\/div> <\/div>  <div data-empty=\"0\" data-time=\"1750377600\" class=\"ti-review-item source-Google ti-image-layout-thumbnail\" data-id=\"cfcd208495d565ef66e7dff9f98764da\"> <div class=\"ti-inner\"> <div class=\"ti-review-header\"> <div class=\"ti-platform-icon ti-with-tooltip\"> <span class=\"ti-tooltip\">Posted on <\/span> <trustindex-image data-imgurl=\"https:\/\/cdn.trustindex.io\/assets\/platform\/Google\/icon.svg\" alt=\"\" width=\"20\" height=\"20\" loading=\"lazy\"><\/trustindex-image> <\/div> <div class=\"ti-profile-img\"> <trustindex-image data-imgurl=\"https:\/\/lh3.googleusercontent.com\/a\/ACg8ocL0LeVEmZuY2NpjLiH_xwh35A7rG4GbxhYAONeA2b3E4Y3fjgI=w40-h40-c-rp-mo-br100\" alt=\"Unai Larra\u00f1aga profile picture\" loading=\"lazy\"><\/trustindex-image> <\/div> <div class=\"ti-profile-details\"> <div class=\"ti-name\"> Unai Larra\u00f1aga <\/div> <div class=\"ti-date\"><\/div> <\/div> <\/div> <span class=\"ti-stars\"><trustindex-image class=\"ti-star\" data-imgurl=\"https:\/\/cdn.trustindex.io\/assets\/platform\/Google\/star\/f.svg\" alt=\"Google star 1\" width=\"17\" height=\"17\" loading=\"lazy\"><\/trustindex-image><trustindex-image class=\"ti-star\" data-imgurl=\"https:\/\/cdn.trustindex.io\/assets\/platform\/Google\/star\/f.svg\" alt=\"Google star 2\" width=\"17\" height=\"17\" loading=\"lazy\"><\/trustindex-image><trustindex-image class=\"ti-star\" data-imgurl=\"https:\/\/cdn.trustindex.io\/assets\/platform\/Google\/star\/f.svg\" alt=\"Google star 3\" width=\"17\" height=\"17\" loading=\"lazy\"><\/trustindex-image><trustindex-image class=\"ti-star\" data-imgurl=\"https:\/\/cdn.trustindex.io\/assets\/platform\/Google\/star\/f.svg\" alt=\"Google star 4\" width=\"17\" height=\"17\" loading=\"lazy\"><\/trustindex-image><trustindex-image class=\"ti-star\" data-imgurl=\"https:\/\/cdn.trustindex.io\/assets\/platform\/Google\/star\/f.svg\" alt=\"Google star 5\" width=\"17\" height=\"17\" loading=\"lazy\"><\/trustindex-image><span class=\"ti-verified-review ti-verified-platform\"><span class=\"ti-verified-tooltip\">Trustindex verifies that the original source of the review is Google.<\/span><\/span><\/span> <div class=\"ti-review-text-container ti-review-content\"><!-- R-CONTENT -->Muy bien! El chico, Jan, es un pro, majo, servicial, resolutivo...para llev\u00e1rselo a casa. Alquilad aqu\u00ed, no en grandes empresas.<!-- R-CONTENT --><\/div> <span class=\"ti-read-more\" data-container=\".ti-review-content\" data-collapse-text=\"Hide\" data-open-text=\"Read more\"><\/span> <\/div> <\/div>  <div data-empty=\"0\" data-time=\"1746576000\" class=\"ti-review-item source-Google ti-image-layout-thumbnail\" data-id=\"cfcd208495d565ef66e7dff9f98764da\"> <div class=\"ti-inner\"> <div class=\"ti-review-header\"> <div class=\"ti-platform-icon ti-with-tooltip\"> <span class=\"ti-tooltip\">Posted on <\/span> <trustindex-image data-imgurl=\"https:\/\/cdn.trustindex.io\/assets\/platform\/Google\/icon.svg\" alt=\"\" width=\"20\" height=\"20\" loading=\"lazy\"><\/trustindex-image> <\/div> <div class=\"ti-profile-img\"> <trustindex-image data-imgurl=\"https:\/\/lh3.googleusercontent.com\/a-\/ALV-UjW11RMUn_4JFvuI9AlCRVFagSfMavlUpYC40wsB9ZGtJibzS0o=w40-h40-c-rp-mo-br100\" alt=\"James Fernandes profile picture\" loading=\"lazy\"><\/trustindex-image> <\/div> <div class=\"ti-profile-details\"> <div class=\"ti-name\"> James Fernandes <\/div> <div class=\"ti-date\"><\/div> <\/div> <\/div> <span class=\"ti-stars\"><trustindex-image class=\"ti-star\" data-imgurl=\"https:\/\/cdn.trustindex.io\/assets\/platform\/Google\/star\/f.svg\" alt=\"Google star 1\" width=\"17\" height=\"17\" loading=\"lazy\"><\/trustindex-image><trustindex-image class=\"ti-star\" data-imgurl=\"https:\/\/cdn.trustindex.io\/assets\/platform\/Google\/star\/f.svg\" alt=\"Google star 2\" width=\"17\" height=\"17\" loading=\"lazy\"><\/trustindex-image><trustindex-image class=\"ti-star\" data-imgurl=\"https:\/\/cdn.trustindex.io\/assets\/platform\/Google\/star\/f.svg\" alt=\"Google star 3\" width=\"17\" height=\"17\" loading=\"lazy\"><\/trustindex-image><trustindex-image class=\"ti-star\" data-imgurl=\"https:\/\/cdn.trustindex.io\/assets\/platform\/Google\/star\/f.svg\" alt=\"Google star 4\" width=\"17\" height=\"17\" loading=\"lazy\"><\/trustindex-image><trustindex-image class=\"ti-star\" data-imgurl=\"https:\/\/cdn.trustindex.io\/assets\/platform\/Google\/star\/f.svg\" alt=\"Google star 5\" width=\"17\" height=\"17\" loading=\"lazy\"><\/trustindex-image><span class=\"ti-verified-review ti-verified-platform\"><span class=\"ti-verified-tooltip\">Trustindex verifies that the original source of the review is Google.<\/span><\/span><\/span> <div class=\"ti-review-text-container ti-review-content\"><!-- R-CONTENT -->Jan is the one and only best \ud83d\udc4c\n\nThank you so much for your long service and helping me and going above and beyond when I have hired cars from you! \ud83d\ude42\n\nI would highly recommend this company absolutely amazing 5\u2606 10\/10.\n\nI use this car hire\/rental every time I visiting southern spain \ud83c\uddea\ud83c\uddf8 and will continue to use this as a valued happy customer \ud83d\ude00<!-- R-CONTENT --><\/div> <span class=\"ti-read-more\" data-container=\".ti-review-content\" data-collapse-text=\"Hide\" data-open-text=\"Read more\"><\/span> <\/div> <\/div>  <div data-empty=\"0\" data-time=\"1745020800\" class=\"ti-review-item source-Google ti-image-layout-thumbnail\" data-id=\"cfcd208495d565ef66e7dff9f98764da\"> <div class=\"ti-inner\"> <div class=\"ti-review-header\"> <div class=\"ti-platform-icon ti-with-tooltip\"> <span class=\"ti-tooltip\">Posted on <\/span> <trustindex-image data-imgurl=\"https:\/\/cdn.trustindex.io\/assets\/platform\/Google\/icon.svg\" alt=\"\" width=\"20\" height=\"20\" loading=\"lazy\"><\/trustindex-image> <\/div> <div class=\"ti-profile-img\"> <trustindex-image data-imgurl=\"https:\/\/lh3.googleusercontent.com\/a\/ACg8ocJHEKrCl_ms_7j94JQvlbKDiA4xPNMgtlhguLSlmdaQxvLYZw=w40-h40-c-rp-mo-ba3-br100\" alt=\"Marcel profile picture\" loading=\"lazy\"><\/trustindex-image> <\/div> <div class=\"ti-profile-details\"> <div class=\"ti-name\"> Marcel <\/div> <div class=\"ti-date\"><\/div> <\/div> <\/div> <span class=\"ti-stars\"><trustindex-image class=\"ti-star\" data-imgurl=\"https:\/\/cdn.trustindex.io\/assets\/platform\/Google\/star\/f.svg\" alt=\"Google star 1\" width=\"17\" height=\"17\" loading=\"lazy\"><\/trustindex-image><trustindex-image class=\"ti-star\" data-imgurl=\"https:\/\/cdn.trustindex.io\/assets\/platform\/Google\/star\/f.svg\" alt=\"Google star 2\" width=\"17\" height=\"17\" loading=\"lazy\"><\/trustindex-image><trustindex-image class=\"ti-star\" data-imgurl=\"https:\/\/cdn.trustindex.io\/assets\/platform\/Google\/star\/f.svg\" alt=\"Google star 3\" width=\"17\" height=\"17\" loading=\"lazy\"><\/trustindex-image><trustindex-image class=\"ti-star\" data-imgurl=\"https:\/\/cdn.trustindex.io\/assets\/platform\/Google\/star\/f.svg\" alt=\"Google star 4\" width=\"17\" height=\"17\" loading=\"lazy\"><\/trustindex-image><trustindex-image class=\"ti-star\" data-imgurl=\"https:\/\/cdn.trustindex.io\/assets\/platform\/Google\/star\/f.svg\" alt=\"Google star 5\" width=\"17\" height=\"17\" loading=\"lazy\"><\/trustindex-image><span class=\"ti-verified-review ti-verified-platform\"><span class=\"ti-verified-tooltip\">Trustindex verifies that the original source of the review is Google.<\/span><\/span><\/span> <div class=\"ti-review-text-container ti-review-content\"><!-- R-CONTENT -->Everything worked perfectly. Jose is very friendly and took his time to explain us how everything work. We could find here a car on short notice even though it was Easter week.<!-- R-CONTENT --><\/div> <span class=\"ti-read-more\" data-container=\".ti-review-content\" data-collapse-text=\"Hide\" data-open-text=\"Read more\"><\/span> <\/div> <\/div>  <div data-empty=\"0\" data-time=\"1740182400\" class=\"ti-review-item source-Google ti-image-layout-thumbnail\" data-id=\"cfcd208495d565ef66e7dff9f98764da\"> <div class=\"ti-inner\"> <div class=\"ti-review-header\"> <div class=\"ti-platform-icon ti-with-tooltip\"> <span class=\"ti-tooltip\">Posted on <\/span> <trustindex-image data-imgurl=\"https:\/\/cdn.trustindex.io\/assets\/platform\/Google\/icon.svg\" alt=\"\" width=\"20\" height=\"20\" loading=\"lazy\"><\/trustindex-image> <\/div> <div class=\"ti-profile-img\"> <trustindex-image data-imgurl=\"https:\/\/lh3.googleusercontent.com\/a\/ACg8ocIRge7a0nnC7x5mRcdBENnZX9u4WRyFiLWFB7PEt6UjZLjtUw=w40-h40-c-rp-mo-br100\" alt=\"Przemys\u0142aw Janiak profile picture\" loading=\"lazy\"><\/trustindex-image> <\/div> <div class=\"ti-profile-details\"> <div class=\"ti-name\"> Przemys\u0142aw Janiak <\/div> <div class=\"ti-date\"><\/div> <\/div> <\/div> <span class=\"ti-stars\"><trustindex-image class=\"ti-star\" data-imgurl=\"https:\/\/cdn.trustindex.io\/assets\/platform\/Google\/star\/f.svg\" alt=\"Google star 1\" width=\"17\" height=\"17\" loading=\"lazy\"><\/trustindex-image><trustindex-image class=\"ti-star\" data-imgurl=\"https:\/\/cdn.trustindex.io\/assets\/platform\/Google\/star\/f.svg\" alt=\"Google star 2\" width=\"17\" height=\"17\" loading=\"lazy\"><\/trustindex-image><trustindex-image class=\"ti-star\" data-imgurl=\"https:\/\/cdn.trustindex.io\/assets\/platform\/Google\/star\/f.svg\" alt=\"Google star 3\" width=\"17\" height=\"17\" loading=\"lazy\"><\/trustindex-image><trustindex-image class=\"ti-star\" data-imgurl=\"https:\/\/cdn.trustindex.io\/assets\/platform\/Google\/star\/f.svg\" alt=\"Google star 4\" width=\"17\" height=\"17\" loading=\"lazy\"><\/trustindex-image><trustindex-image class=\"ti-star\" data-imgurl=\"https:\/\/cdn.trustindex.io\/assets\/platform\/Google\/star\/f.svg\" alt=\"Google star 5\" width=\"17\" height=\"17\" loading=\"lazy\"><\/trustindex-image><span class=\"ti-verified-review ti-verified-platform\"><span class=\"ti-verified-tooltip\">Trustindex verifies that the original source of the review is Google.<\/span><\/span><\/span> <div class=\"ti-review-text-container ti-review-content\"><!-- R-CONTENT -->Super wypo\u017cyczalnia. Gor\u0105co polecam. W\u0142a\u015bciciel m\u00f3wi po polsku. Nie ma kaucji. Pe\u0142ne ubezpieczenie i mo\u017cna pojecha\u0107 do Gibraltaru. Ford Focus na 3 dni za 120 euro, Renault Clio na 3 dni za 90 euro.<!-- R-CONTENT --><\/div> <span class=\"ti-read-more\" data-container=\".ti-review-content\" data-collapse-text=\"Hide\" data-open-text=\"Read more\"><\/span> <\/div> <\/div>  <div data-empty=\"0\" data-time=\"1735603200\" class=\"ti-review-item source-Google ti-image-layout-thumbnail\" data-id=\"cfcd208495d565ef66e7dff9f98764da\"> <div class=\"ti-inner\"> <div class=\"ti-review-header\"> <div class=\"ti-platform-icon ti-with-tooltip\"> <span class=\"ti-tooltip\">Posted on <\/span> <trustindex-image data-imgurl=\"https:\/\/cdn.trustindex.io\/assets\/platform\/Google\/icon.svg\" alt=\"\" width=\"20\" height=\"20\" loading=\"lazy\"><\/trustindex-image> <\/div> <div class=\"ti-profile-img\"> <trustindex-image data-imgurl=\"https:\/\/lh3.googleusercontent.com\/a-\/ALV-UjVQ_udV6AZLF35xtj9dz1sSArquG8uazmi6IA9BIKvu6A0ETfj-=w40-h40-c-rp-mo-br100\" alt=\"Sonja Hansen profile picture\" loading=\"lazy\"><\/trustindex-image> <\/div> <div class=\"ti-profile-details\"> <div class=\"ti-name\"> Sonja Hansen <\/div> <div class=\"ti-date\"><\/div> <\/div> <\/div> <span class=\"ti-stars\"><trustindex-image class=\"ti-star\" data-imgurl=\"https:\/\/cdn.trustindex.io\/assets\/platform\/Google\/star\/f.svg\" alt=\"Google star 1\" width=\"17\" height=\"17\" loading=\"lazy\"><\/trustindex-image><trustindex-image class=\"ti-star\" data-imgurl=\"https:\/\/cdn.trustindex.io\/assets\/platform\/Google\/star\/f.svg\" alt=\"Google star 2\" width=\"17\" height=\"17\" loading=\"lazy\"><\/trustindex-image><trustindex-image class=\"ti-star\" data-imgurl=\"https:\/\/cdn.trustindex.io\/assets\/platform\/Google\/star\/f.svg\" alt=\"Google star 3\" width=\"17\" height=\"17\" loading=\"lazy\"><\/trustindex-image><trustindex-image class=\"ti-star\" data-imgurl=\"https:\/\/cdn.trustindex.io\/assets\/platform\/Google\/star\/f.svg\" alt=\"Google star 4\" width=\"17\" height=\"17\" loading=\"lazy\"><\/trustindex-image><trustindex-image class=\"ti-star\" data-imgurl=\"https:\/\/cdn.trustindex.io\/assets\/platform\/Google\/star\/f.svg\" alt=\"Google star 5\" width=\"17\" height=\"17\" loading=\"lazy\"><\/trustindex-image><span class=\"ti-verified-review ti-verified-platform\"><span class=\"ti-verified-tooltip\">Trustindex verifies that the original source of the review is Google.<\/span><\/span><\/span> <div class=\"ti-review-text-container ti-review-content\"><!-- R-CONTENT -->Very nice and helpful guy. We got a car, cheap and easy! Thank you so much.<!-- R-CONTENT --><\/div> <span class=\"ti-read-more\" data-container=\".ti-review-content\" data-collapse-text=\"Hide\" data-open-text=\"Read more\"><\/span> <\/div> <\/div>  <\/div> <div class=\"ti-controls-line\"> <div class=\"dot\"><\/div> <\/div>   <\/div> <\/div> <\/div> <\/template><\/pre><div data-src=\"https:\/\/cdn.trustindex.io\/loader.js?wp-widget\" data-template-id=\"trustindex-google-widget-html\" data-css-url=\"https:\/\/www.inmocochescarhire.com\/wp-content\/uploads\/trustindex-google-widget.css?1776167752\"><\/div>\n<\/div><\/div><\/div><\/div><\/div><\/div><\/div><\/section><section class=\"l-section wpb_row us_custom_afd10fc7 has_text_color height_medium\"><div class=\"l-section-overlay\" style=\"background:rgba(0,0,0,0.40)\"><\/div><div class=\"l-section-h i-cf\"><div class=\"g-cols vc_row via_flex valign_top type_default stacking_default\"><div class=\"vc_col-sm-8 wpb_column vc_column_container\"><div class=\"vc_column-inner\"><div class=\"wpb_wrapper\"><h2 class=\"w-text us_custom_26833bfb\"><span class=\"w-text-h\"><span class=\"w-text-value\">Miksi valita<br \/>\nImmocoches?<\/span><\/span><\/h2><div class=\"w-separator size_small\"><\/div><div class=\"g-cols wpb_row via_flex valign_top type_default stacking_default\"><div class=\"vc_col-sm-6 wpb_column vc_column_container\"><div class=\"vc_column-inner\"><div class=\"wpb_wrapper\"><div class=\"wpb_text_column us_custom_432d3f53\"><div class=\"wpb_wrapper\"><p>Suuren ajoneuvokalustomme ansiosta voit l\u00f6yt\u00e4\u00e4 tarpeisiisi parhaiten sopivan ajoneuvon. Tarjoamme laajan valikoiman malleja, manuaalista automaattiseen, perhe-, sedan-, kompakti-, 7- ja 9-paikkaisiin ajoneuvoihin ja jopa moottoripy\u00f6riin. Unohda jonottaminen, sill\u00e4 ajoneuvojen toimitus- ja noutopalvelumme toimipisteiss\u00e4mme on yksinkertaista ja nopeaa, ja kiinte\u00e4t hinnat auttavat v\u00e4ltt\u00e4m\u00e4\u00e4n ik\u00e4vi\u00e4 yll\u00e4tyksi\u00e4.<\/p>\n<p>Inmocoches tunnetaan avoimuudesta ja selke\u00e4st\u00e4 hallinnosta, mik\u00e4 n\u00e4kyy kilpailukykyisiss\u00e4 ja lopullisissa hinnoissamme ilman harhaanjohtavaa mainontaa tai piilokustannuksia. Kokemuksemme ja kokemuksemme alalla tukevat meit\u00e4, ja pyrimme joka p\u00e4iv\u00e4 tarjoamaan asiakkaillemme parasta palvelua.<\/p>\n<\/div><\/div><\/div><\/div><\/div><div class=\"vc_col-sm-6 wpb_column vc_column_container\"><div class=\"vc_column-inner\"><div class=\"wpb_wrapper\"><div class=\"wpb_text_column us_custom_432d3f53\"><div class=\"wpb_wrapper\"><p>Koko henkil\u00f6kuntamme on eritt\u00e4in p\u00e4tev\u00e4\u00e4 ja suuntautunut tarjoamaan henkil\u00f6kohtaista ja tehokasta palvelua. Autamme sinua mielell\u00e4mme saamaan kaiken irti Costa del Solilla oleskelustasi, jotta voit nauttia alueen hyv\u00e4st\u00e4 s\u00e4\u00e4st\u00e4 ja herkullisesta gastronomiasta.<\/p>\n<p>Palvelumme ja ajoneuvojemme laadun ansiosta olemme saavuttaneet suuren tyytyv\u00e4isyyden asiakkailtamme, mik\u00e4 on tehnyt meist\u00e4 yhden Benalm\u00e1denan parhaista autovuokraamoista.<\/p>\n<\/div><\/div><div class=\"w-separator size_small\"><\/div><div class=\"w-hwrapper valign_top align_none\" style=\"--hwrapper-gap:25px\"><div class=\"w-btn-wrapper align_none\"><a class=\"w-btn us-btn-style_1\" title=\"Keit\u00e4 me olemme\" href=\"http:\/\/www.inmocochescarhire.com\/quienes-somos\/\"><span class=\"w-btn-label\">Tutustu meihin<\/span><\/a><\/div><div class=\"w-image align_center\"><div class=\"w-image-h\"><img decoding=\"async\" width=\"201\" height=\"71\" src=\"https:\/\/www.inmocochescarhire.com\/wp-content\/uploads\/2023\/03\/logo_white.png\" class=\"attachment-full size-full\" alt=\"alquiler de coches en fuengirola\" loading=\"lazy\" \/><\/div><\/div><\/div><\/div><\/div><\/div><\/div><\/div><\/div><\/div><div class=\"vc_col-sm-4 wpb_column vc_column_container\"><div class=\"vc_column-inner\"><div class=\"wpb_wrapper\"><div class=\"w-image us_custom_9cf479d2 align_none\"><div class=\"w-image-h\"><img decoding=\"async\" width=\"547\" height=\"603\" src=\"https:\/\/www.inmocochescarhire.com\/wp-content\/uploads\/2022\/12\/por-que-elegir-inmocoches.jpg\" class=\"attachment-full size-full\" alt=\"alquiler de coches en fuengirola\" loading=\"lazy\" srcset=\"https:\/\/www.inmocochescarhire.com\/wp-content\/uploads\/2022\/12\/por-que-elegir-inmocoches.jpg 547w, https:\/\/www.inmocochescarhire.com\/wp-content\/uploads\/2022\/12\/por-que-elegir-inmocoches-272x300.jpg 272w\" sizes=\"auto, (max-width: 547px) 100vw, 547px\" \/><\/div><\/div><\/div><\/div><\/div><\/div><\/div><\/section><section class=\"l-section wpb_row height_medium\"><div class=\"l-section-h i-cf\"><div class=\"g-cols vc_row via_flex valign_top type_default stacking_default\"><div class=\"vc_col-sm-12 wpb_column vc_column_container\"><div class=\"vc_column-inner\"><div class=\"wpb_wrapper\"><h2 class=\"w-text us_custom_7de47b5a\"><span class=\"w-text-h\"><span class=\"w-text-value\">Ajoneuvokalustomme Benalm\u00e1denassa<\/span><\/span><\/h2><div class=\"wpb_text_column us_custom_c821fe70\"><div class=\"wpb_wrapper\"><p style=\"text-align: center;\">Tutustu kaikkiin saatavilla oleviin ajoneuvomerkkeihin ja aloita liikkuminen.<\/p>\n<\/div><\/div><div class=\"w-separator size_small\"><\/div><div class=\"w-grid us_carousel us_custom_4fb9e5a3 type_carousel layout_246 preload_style_spinner items_10\" id=\"us_grid_3\" style=\"--items:10;--gap:10px;\"><style>.layout_246 .w-grid-item-h{}.layout_246 .usg_post_image_1{border-radius:30px!important}<\/style><div class=\"w-grid-list owl-carousel valign_stretch dotstyle_circle navstyle_4 arrows-ver-pos_middle arrows-hor-pos_on_sides_outside arrows-disabled_hide owl-responsive-2000 with_arrows\" style=\"--transition-duration:350ms;--arrows-size:14px;--arrows-hor-offset:calc(0px + 10px);--arrows-gap:10px;\">\t<article class=\"w-grid-item post-1691 attachment type-attachment status-inherit hentry\" data-id=\"1691\">\r\n\t\t<div class=\"w-grid-item-h\">\r\n\t\t\t\t\t\t<div class=\"w-post-elm post_image usg_post_image_1 flota-box stretched\"><img loading=\"lazy\" decoding=\"async\" width=\"135\" height=\"135\" src=\"https:\/\/www.inmocochescarhire.com\/wp-content\/uploads\/2022\/12\/ford.jpg\" class=\"attachment-full size-full\" alt=\"\" \/><\/div>\t\t<\/div>\r\n\t\t\t<\/article>\r\n\t<article class=\"w-grid-item post-1685 attachment type-attachment status-inherit hentry\" data-id=\"1685\">\r\n\t\t<div class=\"w-grid-item-h\">\r\n\t\t\t\t\t\t<div class=\"w-post-elm post_image usg_post_image_1 flota-box stretched\"><img loading=\"lazy\" decoding=\"async\" width=\"135\" height=\"135\" src=\"https:\/\/www.inmocochescarhire.com\/wp-content\/uploads\/2022\/12\/bmw.jpg\" class=\"attachment-full size-full\" alt=\"\" \/><\/div>\t\t<\/div>\r\n\t\t\t<\/article>\r\n\t<article class=\"w-grid-item post-1688 attachment type-attachment status-inherit hentry\" data-id=\"1688\">\r\n\t\t<div class=\"w-grid-item-h\">\r\n\t\t\t\t\t\t<div class=\"w-post-elm post_image usg_post_image_1 flota-box stretched\"><img loading=\"lazy\" decoding=\"async\" width=\"135\" height=\"135\" src=\"https:\/\/www.inmocochescarhire.com\/wp-content\/uploads\/2022\/12\/citroen.jpg\" class=\"attachment-full size-full\" alt=\"\" \/><\/div>\t\t<\/div>\r\n\t\t\t<\/article>\r\n\t<article class=\"w-grid-item post-1700 attachment type-attachment status-inherit hentry\" data-id=\"1700\">\r\n\t\t<div class=\"w-grid-item-h\">\r\n\t\t\t\t\t\t<div class=\"w-post-elm post_image usg_post_image_1 flota-box stretched\"><img loading=\"lazy\" decoding=\"async\" width=\"135\" height=\"135\" src=\"https:\/\/www.inmocochescarhire.com\/wp-content\/uploads\/2022\/12\/mercedez.jpg\" class=\"attachment-full size-full\" alt=\"\" \/><\/div>\t\t<\/div>\r\n\t\t\t<\/article>\r\n\t<article class=\"w-grid-item post-1709 attachment type-attachment status-inherit hentry\" data-id=\"1709\">\r\n\t\t<div class=\"w-grid-item-h\">\r\n\t\t\t\t\t\t<div class=\"w-post-elm post_image usg_post_image_1 flota-box stretched\"><img loading=\"lazy\" decoding=\"async\" width=\"135\" height=\"135\" src=\"https:\/\/www.inmocochescarhire.com\/wp-content\/uploads\/2022\/12\/renault.jpg\" class=\"attachment-full size-full\" alt=\"\" \/><\/div>\t\t<\/div>\r\n\t\t\t<\/article>\r\n\t<article class=\"w-grid-item post-1682 attachment type-attachment status-inherit hentry\" data-id=\"1682\">\r\n\t\t<div class=\"w-grid-item-h\">\r\n\t\t\t\t\t\t<div class=\"w-post-elm post_image usg_post_image_1 flota-box stretched\"><img loading=\"lazy\" decoding=\"async\" width=\"135\" height=\"135\" src=\"https:\/\/www.inmocochescarhire.com\/wp-content\/uploads\/2022\/12\/audi.jpg\" class=\"attachment-full size-full\" alt=\"\" \/><\/div>\t\t<\/div>\r\n\t\t\t<\/article>\r\n\t<article class=\"w-grid-item post-1712 attachment type-attachment status-inherit hentry\" data-id=\"1712\">\r\n\t\t<div class=\"w-grid-item-h\">\r\n\t\t\t\t\t\t<div class=\"w-post-elm post_image usg_post_image_1 flota-box stretched\"><img loading=\"lazy\" decoding=\"async\" width=\"135\" height=\"135\" src=\"https:\/\/www.inmocochescarhire.com\/wp-content\/uploads\/2022\/12\/seat.jpg\" class=\"attachment-full size-full\" alt=\"\" \/><\/div>\t\t<\/div>\r\n\t\t\t<\/article>\r\n\t<article class=\"w-grid-item post-1697 attachment type-attachment status-inherit hentry\" data-id=\"1697\">\r\n\t\t<div class=\"w-grid-item-h\">\r\n\t\t\t\t\t\t<div class=\"w-post-elm post_image usg_post_image_1 flota-box stretched\"><img loading=\"lazy\" decoding=\"async\" width=\"135\" height=\"135\" src=\"https:\/\/www.inmocochescarhire.com\/wp-content\/uploads\/2022\/12\/kia.jpg\" class=\"attachment-full size-full\" alt=\"\" \/><\/div>\t\t<\/div>\r\n\t\t\t<\/article>\r\n\t<article class=\"w-grid-item post-1715 attachment type-attachment status-inherit hentry\" data-id=\"1715\">\r\n\t\t<div class=\"w-grid-item-h\">\r\n\t\t\t\t\t\t<div class=\"w-post-elm post_image usg_post_image_1 flota-box stretched\"><img loading=\"lazy\" decoding=\"async\" width=\"135\" height=\"135\" src=\"https:\/\/www.inmocochescarhire.com\/wp-content\/uploads\/2022\/12\/vw.jpg\" class=\"attachment-full size-full\" alt=\"\" \/><\/div>\t\t<\/div>\r\n\t\t\t<\/article>\r\n\t<article class=\"w-grid-item post-1706 attachment type-attachment status-inherit hentry\" data-id=\"1706\">\r\n\t\t<div class=\"w-grid-item-h\">\r\n\t\t\t\t\t\t<div class=\"w-post-elm post_image usg_post_image_1 flota-box stretched\"><img loading=\"lazy\" decoding=\"async\" width=\"135\" height=\"135\" src=\"https:\/\/www.inmocochescarhire.com\/wp-content\/uploads\/2022\/12\/peuneot.jpg\" class=\"attachment-full size-full\" alt=\"\" \/><\/div>\t\t<\/div>\r\n\t\t\t<\/article>\r\n\t<article class=\"w-grid-item post-1703 attachment type-attachment status-inherit hentry\" data-id=\"1703\">\r\n\t\t<div class=\"w-grid-item-h\">\r\n\t\t\t\t\t\t<div class=\"w-post-elm post_image usg_post_image_1 flota-box stretched\"><img loading=\"lazy\" decoding=\"async\" width=\"135\" height=\"135\" src=\"https:\/\/www.inmocochescarhire.com\/wp-content\/uploads\/2022\/12\/nissan.jpg\" class=\"attachment-full size-full\" alt=\"\" \/><\/div>\t\t<\/div>\r\n\t\t\t<\/article>\r\n\t<article class=\"w-grid-item post-1694 attachment type-attachment status-inherit hentry\" data-id=\"1694\">\r\n\t\t<div class=\"w-grid-item-h\">\r\n\t\t\t\t\t\t<div class=\"w-post-elm post_image usg_post_image_1 flota-box stretched\"><img loading=\"lazy\" decoding=\"async\" width=\"135\" height=\"135\" src=\"https:\/\/www.inmocochescarhire.com\/wp-content\/uploads\/2022\/12\/Jeep-logo.jpg\" class=\"attachment-full size-full\" alt=\"\" \/><\/div>\t\t<\/div>\r\n\t\t\t<\/article>\r\n<\/div><div class=\"w-grid-carousel-json hidden\" onclick='return {&quot;carousel_settings&quot;:{&quot;aria_labels&quot;:{&quot;prev&quot;:&quot;Edellinen&quot;,&quot;next&quot;:&quot;Seuraava&quot;},&quot;autoplayContinual&quot;:false,&quot;autoplayContinualCss&quot;:false,&quot;autoplayHoverPause&quot;:false,&quot;autoplayTimeout&quot;:3000,&quot;autoWidth&quot;:false,&quot;smartSpeed&quot;:350,&quot;margin&quot;:0,&quot;mouseDrag&quot;:true,&quot;rtl&quot;:false,&quot;slideBy&quot;:&quot;1&quot;,&quot;touchDrag&quot;:true,&quot;slideTransition&quot;:&quot;&quot;,&quot;responsive&quot;:{&quot;0&quot;:{&quot;autoHeight&quot;:false,&quot;autoplay&quot;:true,&quot;autoplayContinualCss&quot;:false,&quot;autoWidth&quot;:false,&quot;center&quot;:false,&quot;dots&quot;:false,&quot;items&quot;:3,&quot;loop&quot;:true,&quot;nav&quot;:false,&quot;stagePadding&quot;:0,&quot;slideBy&quot;:&quot;1&quot;,&quot;touchDrag&quot;:true,&quot;mouseDrag&quot;:true},&quot;601&quot;:{&quot;autoHeight&quot;:false,&quot;autoplay&quot;:true,&quot;autoplayContinualCss&quot;:false,&quot;autoWidth&quot;:false,&quot;center&quot;:false,&quot;dots&quot;:false,&quot;items&quot;:6,&quot;loop&quot;:true,&quot;nav&quot;:true,&quot;stagePadding&quot;:0,&quot;slideBy&quot;:&quot;1&quot;,&quot;touchDrag&quot;:true,&quot;mouseDrag&quot;:true},&quot;1025&quot;:{&quot;autoHeight&quot;:false,&quot;autoplay&quot;:true,&quot;autoplayContinualCss&quot;:false,&quot;autoWidth&quot;:false,&quot;center&quot;:false,&quot;dots&quot;:false,&quot;items&quot;:6,&quot;loop&quot;:true,&quot;nav&quot;:true,&quot;stagePadding&quot;:0,&quot;slideBy&quot;:&quot;1&quot;,&quot;touchDrag&quot;:true,&quot;mouseDrag&quot;:true},&quot;1281&quot;:{&quot;items&quot;:10,&quot;autoplay&quot;:true,&quot;autoplayContinualCss&quot;:false,&quot;center&quot;:false,&quot;dots&quot;:false,&quot;nav&quot;:true,&quot;autoHeight&quot;:false,&quot;autoWidth&quot;:false,&quot;loop&quot;:true,&quot;stagePadding&quot;:0}}}}'><\/div><\/div><\/div><\/div><\/div><\/div><\/div><\/section><section class=\"l-section wpb_row height_auto\"><div class=\"l-section-h i-cf\"><div class=\"g-cols vc_row via_flex valign_top type_default stacking_default\"><div class=\"vc_col-sm-12 wpb_column vc_column_container\"><div class=\"vc_column-inner\"><div class=\"wpb_wrapper\"><h2 class=\"w-text us_custom_7de47b5a\"><span class=\"w-text-h\"><span class=\"w-text-value\">Usein kysytyt kysymykset<\/span><\/span><\/h2><div class=\"w-separator size_small\"><\/div><div class=\"w-tabs acordeon color style_default switch_click accordion has_scrolling\" style=\"--sections-title-size:inherit\"><div class=\"w-tabs-sections titles-align_none icon_chevron cpos_right\"><div class=\"w-tabs-section\" id=\"eec4\"><button class=\"w-tabs-section-header\" aria-controls=\"content-eec4\" aria-expanded=\"false\"><div class=\"w-tabs-section-title\">Miss\u00e4 voin n\u00e4hd\u00e4 yleiset vuokrausehdot?<\/div><div class=\"w-tabs-section-control\"><\/div><\/button><div  class=\"w-tabs-section-content\" id=\"content-eec4\"><div class=\"w-tabs-section-content-h i-cf\"><div class=\"wpb_text_column us_custom_432d3f53\"><div class=\"wpb_wrapper\"><p>Voit tutustua yleisiin ehtoihin ja m\u00e4\u00e4r\u00e4yksiin klikkaamalla <a href=\"https:\/\/www.inmocochescarhire.com\/fi\/yleiset-vuokrausehdot\/\"><br \/>\n  <strong>t\u00e4st\u00e4<\/strong><br \/>\n<\/a>.<\/p>\n<\/div><\/div><\/div><\/div><\/div><div class=\"w-tabs-section\" id=\"i06e\"><button class=\"w-tabs-section-header\" aria-controls=\"content-i06e\" aria-expanded=\"false\"><div class=\"w-tabs-section-title\">Voinko ajaa autollani Andalusian ulkopuolella?<\/div><div class=\"w-tabs-section-control\"><\/div><\/button><div  class=\"w-tabs-section-content\" id=\"content-i06e\"><div class=\"w-tabs-section-content-h i-cf\"><div class=\"wpb_text_column\"><div class=\"wpb_wrapper\"><p>Se ei ole sallittua. Vuokrattu ajoneuvo saa liikkua ainoastaan Andalusian itsehallintoalueella ja Gibraltarilla.<\/p>\n<\/div><\/div><\/div><\/div><\/div><div class=\"w-tabs-section\" id=\"q1e0\"><button class=\"w-tabs-section-header\" aria-controls=\"content-q1e0\" aria-expanded=\"false\"><div class=\"w-tabs-section-title\">Mit\u00e4 tapahtuu liikennesakoille?<\/div><div class=\"w-tabs-section-control\"><\/div><\/button><div  class=\"w-tabs-section-content\" id=\"content-q1e0\"><div class=\"w-tabs-section-content-h i-cf\"><div class=\"wpb_text_column\"><div class=\"wpb_wrapper\"><p>Jos saamme liikennesakon, olemme lain mukaan velvollisia ilmoittamaan kuljettajan tiedot vuokrasopimuksen kautta, mist\u00e4 asiakkaalta perit\u00e4\u00e4n 25 euron maksu, ja asiakas on vastuussa vastaavan sakon maksamisesta.<\/p>\n<\/div><\/div><\/div><\/div><\/div><div class=\"w-tabs-section\" id=\"g347\"><button class=\"w-tabs-section-header\" aria-controls=\"content-g347\" aria-expanded=\"false\"><div class=\"w-tabs-section-title\">Mit\u00e4 asiakirjoja tarvitsen ajoneuvon vuokraamiseen?<\/div><div class=\"w-tabs-section-control\"><\/div><\/button><div  class=\"w-tabs-section-content\" id=\"content-g347\"><div class=\"w-tabs-section-content-h i-cf\"><div class=\"wpb_text_column\"><div class=\"wpb_wrapper\"><p>Tarvitset voimassa olevan passin tai henkil\u00f6kortin, ajokortin ja luottokortin.<\/p>\n<\/div><\/div><\/div><\/div><\/div><div class=\"w-tabs-section\" id=\"i4be\"><button class=\"w-tabs-section-header\" aria-controls=\"content-i4be\" aria-expanded=\"false\"><div class=\"w-tabs-section-title\">Kuinka vanha minun on oltava, jotta voin vuokrata auton?<\/div><div class=\"w-tabs-section-control\"><\/div><\/button><div  class=\"w-tabs-section-content\" id=\"content-i4be\"><div class=\"w-tabs-section-content-h i-cf\"><div class=\"wpb_text_column\"><div class=\"wpb_wrapper\"><p>Vuokraajan ja lis\u00e4kuljettajien on oltava v\u00e4hint\u00e4\u00e4n 25-vuotiaita, ja heill\u00e4 on oltava ajokortti yli 2 vuotta. Sit\u00e4 ei voi my\u00f6sk\u00e4\u00e4n vuokrata yli 75-vuotiaille.<\/p>\n<\/div><\/div><\/div><\/div><\/div><\/div><\/div><div class=\"w-separator size_medium\"><\/div><div class=\"w-btn-wrapper align_center\"><a class=\"w-btn us-btn-style_1\" title=\"FAQ\" href=\"http:\/\/www.inmocochescarhire.com\/preguntas-frecuentes\/\"><span class=\"w-btn-label\">Katso lis\u00e4\u00e4<\/span><\/a><\/div><div class=\"w-separator size_large\"><\/div><\/div><\/div><\/div><\/div><\/div><\/section><section class=\"l-section wpb_row height_auto\"><div class=\"l-section-h i-cf\"><div class=\"g-cols vc_row via_flex valign_top type_default stacking_default\"><div class=\"vc_col-sm-12 wpb_column vc_column_container\"><div class=\"vc_column-inner\"><div class=\"wpb_wrapper\"><h2 class=\"w-text us_custom_7de47b5a\"><span class=\"w-text-h\"><span class=\"w-text-value\">Blogimme<\/span><\/span><\/h2><div class=\"w-separator size_small\"><\/div><div class=\"w-grid us_carousel type_carousel layout_312 overflow_hidden preload_style_spinner items_3\" id=\"us_grid_4\" style=\"--items:3;--gap:1.5rem;\"><style>.layout_312 .w-grid-item-h{background:var(--color-content-bg);color:var(--color-content-text);border-radius:0.3rem;box-shadow:0 0.03rem 0.06rem rgba(0,0,0,0.1),0 0.1rem 0.3rem rgba(0,0,0,0.1);transition-duration:0.3s}.no-touch .layout_312 .w-grid-item-h:hover{box-shadow:0 0.1rem 0.2rem rgba(0,0,0,0.1),0 0.33rem 1rem rgba(0,0,0,0.15);z-index:4}.layout_312 .usg_post_image_1{margin-bottom:-2rem!important}.layout_312 .usg_post_title_1{font-size:1.4rem!important;font-weight:700!important}.layout_312 .usg_vwrapper_1{margin-top:2rem!important;padding:9% 11% 11% 11%!important}.layout_312 .usg_post_taxonomy_1{font-weight:700!important;text-transform:uppercase!important;font-size:10px!important;position:absolute!important;z-index:2!important;top:1.2rem!important;right:1.2rem!important;left:1.2rem!important}.layout_312 .usg_hwrapper_1{color:var(--color-content-faded)!important;font-size:0.9rem!important}.layout_312 .usg_btn_1{margin-top:30px!important}@media (max-width:600px){.layout_312 .usg_post_title_1{font-size:1.2rem!important}}<\/style><div class=\"w-grid-list owl-carousel valign_stretch dotstyle_circle navstyle_circle arrows-ver-pos_middle arrows-hor-pos_on_sides_outside arrows-disabled_hide owl-responsive-2000 with_dots\" style=\"--transition-duration:350ms;\">\t<article class=\"w-grid-item post-9423 post type-post status-publish format-standard has-post-thumbnail hentry category-pienten-autojen-vuokraus\" data-id=\"9423\">\r\n\t\t<div class=\"w-grid-item-h\">\r\n\t\t\t\t\t\t<div class=\"w-post-elm post_image usg_post_image_1 stretched\"><a href=\"https:\/\/www.inmocochescarhire.com\/fi\/ford-fiesta-vuokrattavaksi-fuengirolassa-ihanteellinen-lyhyille-matkoille\/\" aria-label=\"Ford Fiesta vuokrattavaksi Fuengirolassa, ihanteellinen lyhyille matkoille\"><img loading=\"lazy\" decoding=\"async\" width=\"1024\" height=\"719\" src=\"https:\/\/www.inmocochescarhire.com\/wp-content\/uploads\/2026\/04\/fordfiesta-fuengirola-1024x719.jpg\" class=\"attachment-large size-large wp-post-image\" alt=\"\" srcset=\"https:\/\/www.inmocochescarhire.com\/wp-content\/uploads\/2026\/04\/fordfiesta-fuengirola-1024x719.jpg 1024w, https:\/\/www.inmocochescarhire.com\/wp-content\/uploads\/2026\/04\/fordfiesta-fuengirola-300x211.jpg 300w, https:\/\/www.inmocochescarhire.com\/wp-content\/uploads\/2026\/04\/fordfiesta-fuengirola.jpg 1200w\" sizes=\"auto, (max-width: 1024px) 100vw, 1024px\" \/><\/a><\/div><div class=\"w-post-elm post_taxonomy usg_post_taxonomy_1 style_badge color_link_inherit\"><a class=\"w-btn us-btn-style_badge term-173 term-pienten-autojen-vuokraus\" href=\"https:\/\/www.inmocochescarhire.com\/fi\/category\/pienten-autojen-vuokraus\/\"><span class=\"w-btn-label\">Pienten autojen vuokraus<\/span><\/a><\/div><div class=\"w-vwrapper usg_vwrapper_1 align_none valign_top\" style=\"--vwrapper-gap:0.7rem\"><h3 class=\"w-post-elm post_title usg_post_title_1 entry-title color_link_inherit\"><a href=\"https:\/\/www.inmocochescarhire.com\/fi\/ford-fiesta-vuokrattavaksi-fuengirolassa-ihanteellinen-lyhyille-matkoille\/\">Ford Fiesta vuokrattavaksi Fuengirolassa, ihanteellinen lyhyille matkoille<\/a><\/h3><div class=\"w-hwrapper usg_hwrapper_1 has_text_color align_none valign_top wrap\" style=\"--hwrapper-gap:1.2rem\"><time class=\"w-post-elm post_date usg_post_date_1 entry-date published\" datetime=\"2026-04-27T01:19:38+02:00\">27.4.2026<\/time><\/div><a class=\"w-btn us-btn-style_1 usg_btn_1\" href=\"https:\/\/www.inmocochescarhire.com\/fi\/ford-fiesta-vuokrattavaksi-fuengirolassa-ihanteellinen-lyhyille-matkoille\/\"><span class=\"w-btn-label\">Leer m\u00e1s<\/span><\/a><\/div>\t\t<\/div>\r\n\t\t\t<\/article>\r\n\t<article class=\"w-grid-item post-9391 post type-post status-publish format-standard has-post-thumbnail hentry category-fuengirolassa\" data-id=\"9391\">\r\n\t\t<div class=\"w-grid-item-h\">\r\n\t\t\t\t\t\t<div class=\"w-post-elm post_image usg_post_image_1 stretched\"><a href=\"https:\/\/www.inmocochescarhire.com\/fi\/fuengirola-on-merkittava-matkailukohde-malagan-alueella\/\" aria-label=\"Fuengirola on merkitt\u00e4v\u00e4 matkailukohde M\u00e1lagan alueella\"><img loading=\"lazy\" decoding=\"async\" width=\"768\" height=\"1024\" src=\"https:\/\/www.inmocochescarhire.com\/wp-content\/uploads\/2026\/04\/fuengirola-malaga-768x1024.jpg\" class=\"attachment-large size-large wp-post-image\" alt=\"\" srcset=\"https:\/\/www.inmocochescarhire.com\/wp-content\/uploads\/2026\/04\/fuengirola-malaga-768x1024.jpg 768w, https:\/\/www.inmocochescarhire.com\/wp-content\/uploads\/2026\/04\/fuengirola-malaga-225x300.jpg 225w, https:\/\/www.inmocochescarhire.com\/wp-content\/uploads\/2026\/04\/fuengirola-malaga-scaled.jpg 1440w\" sizes=\"auto, (max-width: 768px) 100vw, 768px\" \/><\/a><\/div><div class=\"w-post-elm post_taxonomy usg_post_taxonomy_1 style_badge color_link_inherit\"><a class=\"w-btn us-btn-style_badge term-177 term-fuengirolassa\" href=\"https:\/\/www.inmocochescarhire.com\/fi\/category\/fuengirolassa\/\"><span class=\"w-btn-label\">Fuengirolassa<\/span><\/a><\/div><div class=\"w-vwrapper usg_vwrapper_1 align_none valign_top\" style=\"--vwrapper-gap:0.7rem\"><h3 class=\"w-post-elm post_title usg_post_title_1 entry-title color_link_inherit\"><a href=\"https:\/\/www.inmocochescarhire.com\/fi\/fuengirola-on-merkittava-matkailukohde-malagan-alueella\/\">Fuengirola on merkitt\u00e4v\u00e4 matkailukohde M\u00e1lagan alueella<\/a><\/h3><div class=\"w-hwrapper usg_hwrapper_1 has_text_color align_none valign_top wrap\" style=\"--hwrapper-gap:1.2rem\"><time class=\"w-post-elm post_date usg_post_date_1 entry-date published\" datetime=\"2026-04-16T01:41:34+02:00\">16.4.2026<\/time><\/div><a class=\"w-btn us-btn-style_1 usg_btn_1\" href=\"https:\/\/www.inmocochescarhire.com\/fi\/fuengirola-on-merkittava-matkailukohde-malagan-alueella\/\"><span class=\"w-btn-label\">Leer m\u00e1s<\/span><\/a><\/div>\t\t<\/div>\r\n\t\t\t<\/article>\r\n\t<article class=\"w-grid-item post-9316 post type-post status-publish format-standard has-post-thumbnail hentry category-inmocoches-car-hire\" data-id=\"9316\">\r\n\t\t<div class=\"w-grid-item-h\">\r\n\t\t\t\t\t\t<div class=\"w-post-elm post_image usg_post_image_1 stretched\"><a href=\"https:\/\/www.inmocochescarhire.com\/fi\/inmocoches-car-hire-tekee-autonvuokrauksesta-fuengirolassa-taysin-lapinakyvaa-ilman-piilokuluja\/\" aria-label=\"Inmocoches Car Hire tekee autonvuokrauksesta Fuengirolassa t\u00e4ysin l\u00e4pin\u00e4kyv\u00e4\u00e4 ilman piilokuluja\"><img loading=\"lazy\" decoding=\"async\" width=\"1024\" height=\"690\" src=\"https:\/\/www.inmocochescarhire.com\/wp-content\/uploads\/2023\/04\/WhatsApp-Image-2023-04-20-at-11.06.57-1024x690.jpeg\" class=\"attachment-large size-large wp-post-image\" alt=\"\" srcset=\"https:\/\/www.inmocochescarhire.com\/wp-content\/uploads\/2023\/04\/WhatsApp-Image-2023-04-20-at-11.06.57-1024x690.jpeg 1024w, https:\/\/www.inmocochescarhire.com\/wp-content\/uploads\/2023\/04\/WhatsApp-Image-2023-04-20-at-11.06.57-300x202.jpeg 300w, https:\/\/www.inmocochescarhire.com\/wp-content\/uploads\/2023\/04\/WhatsApp-Image-2023-04-20-at-11.06.57.jpeg 1400w\" sizes=\"auto, (max-width: 1024px) 100vw, 1024px\" \/><\/a><\/div><div class=\"w-post-elm post_taxonomy usg_post_taxonomy_1 style_badge color_link_inherit\"><a class=\"w-btn us-btn-style_badge term-181 term-inmocoches-car-hire\" href=\"https:\/\/www.inmocochescarhire.com\/fi\/category\/inmocoches-car-hire\/\"><span class=\"w-btn-label\">Inmocoches Car Hire<\/span><\/a><\/div><div class=\"w-vwrapper usg_vwrapper_1 align_none valign_top\" style=\"--vwrapper-gap:0.7rem\"><h3 class=\"w-post-elm post_title usg_post_title_1 entry-title color_link_inherit\"><a href=\"https:\/\/www.inmocochescarhire.com\/fi\/inmocoches-car-hire-tekee-autonvuokrauksesta-fuengirolassa-taysin-lapinakyvaa-ilman-piilokuluja\/\">Inmocoches Car Hire tekee autonvuokrauksesta Fuengirolassa t\u00e4ysin l\u00e4pin\u00e4kyv\u00e4\u00e4 ilman piilokuluja<\/a><\/h3><div class=\"w-hwrapper usg_hwrapper_1 has_text_color align_none valign_top wrap\" style=\"--hwrapper-gap:1.2rem\"><time class=\"w-post-elm post_date usg_post_date_1 entry-date published\" datetime=\"2026-04-08T20:02:07+02:00\">8.4.2026<\/time><\/div><a class=\"w-btn us-btn-style_1 usg_btn_1\" href=\"https:\/\/www.inmocochescarhire.com\/fi\/inmocoches-car-hire-tekee-autonvuokrauksesta-fuengirolassa-taysin-lapinakyvaa-ilman-piilokuluja\/\"><span class=\"w-btn-label\">Leer m\u00e1s<\/span><\/a><\/div>\t\t<\/div>\r\n\t\t\t<\/article>\r\n\t<article class=\"w-grid-item post-9248 post type-post status-publish format-standard has-post-thumbnail hentry category-fuengirolassa\" data-id=\"9248\">\r\n\t\t<div class=\"w-grid-item-h\">\r\n\t\t\t\t\t\t<div class=\"w-post-elm post_image usg_post_image_1 stretched\"><a href=\"https:\/\/www.inmocochescarhire.com\/fi\/mita-nahda-fuengirolan-lahella-ja-miten-suunnitella-vierailut-vuokra-autolla\/\" aria-label=\"Mit\u00e4 n\u00e4hd\u00e4 Fuengirolan l\u00e4hell\u00e4 ja miten suunnitella vierailut vuokra-autolla\"><img loading=\"lazy\" decoding=\"async\" width=\"1024\" height=\"685\" src=\"https:\/\/www.inmocochescarhire.com\/wp-content\/uploads\/2026\/03\/rutas-fuengirola-1024x685.jpg\" class=\"attachment-large size-large wp-post-image\" alt=\"\" srcset=\"https:\/\/www.inmocochescarhire.com\/wp-content\/uploads\/2026\/03\/rutas-fuengirola-1024x685.jpg 1024w, https:\/\/www.inmocochescarhire.com\/wp-content\/uploads\/2026\/03\/rutas-fuengirola-300x201.jpg 300w, https:\/\/www.inmocochescarhire.com\/wp-content\/uploads\/2026\/03\/rutas-fuengirola.jpg 1920w\" sizes=\"auto, (max-width: 1024px) 100vw, 1024px\" \/><\/a><\/div><div class=\"w-post-elm post_taxonomy usg_post_taxonomy_1 style_badge color_link_inherit\"><a class=\"w-btn us-btn-style_badge term-177 term-fuengirolassa\" href=\"https:\/\/www.inmocochescarhire.com\/fi\/category\/fuengirolassa\/\"><span class=\"w-btn-label\">Fuengirolassa<\/span><\/a><\/div><div class=\"w-vwrapper usg_vwrapper_1 align_none valign_top\" style=\"--vwrapper-gap:0.7rem\"><h3 class=\"w-post-elm post_title usg_post_title_1 entry-title color_link_inherit\"><a href=\"https:\/\/www.inmocochescarhire.com\/fi\/mita-nahda-fuengirolan-lahella-ja-miten-suunnitella-vierailut-vuokra-autolla\/\">Mit\u00e4 n\u00e4hd\u00e4 Fuengirolan l\u00e4hell\u00e4 ja miten suunnitella vierailut vuokra-autolla<\/a><\/h3><div class=\"w-hwrapper usg_hwrapper_1 has_text_color align_none valign_top wrap\" style=\"--hwrapper-gap:1.2rem\"><time class=\"w-post-elm post_date usg_post_date_1 entry-date published\" datetime=\"2026-03-28T18:59:57+02:00\">28.3.2026<\/time><\/div><a class=\"w-btn us-btn-style_1 usg_btn_1\" href=\"https:\/\/www.inmocochescarhire.com\/fi\/mita-nahda-fuengirolan-lahella-ja-miten-suunnitella-vierailut-vuokra-autolla\/\"><span class=\"w-btn-label\">Leer m\u00e1s<\/span><\/a><\/div>\t\t<\/div>\r\n\t\t\t<\/article>\r\n\t<article class=\"w-grid-item post-9202 post type-post status-publish format-standard has-post-thumbnail hentry category-pienten-autojen-vuokraus\" data-id=\"9202\">\r\n\t\t<div class=\"w-grid-item-h\">\r\n\t\t\t\t\t\t<div class=\"w-post-elm post_image usg_post_image_1 stretched\"><a href=\"https:\/\/www.inmocochescarhire.com\/fi\/pienet-autot-ovat-ihanteellisia-liikkumiseen-fuengirolassa-ja-sen-ymparistossa\/\" aria-label=\"Pienet autot ovat ihanteellisia liikkumiseen Fuengirolassa ja sen ymp\u00e4rist\u00f6ss\u00e4\"><img loading=\"lazy\" decoding=\"async\" width=\"1024\" height=\"630\" src=\"https:\/\/www.inmocochescarhire.com\/wp-content\/uploads\/2026\/03\/fuengirola-1024x630.jpg\" class=\"attachment-large size-large wp-post-image\" alt=\"\" srcset=\"https:\/\/www.inmocochescarhire.com\/wp-content\/uploads\/2026\/03\/fuengirola-1024x630.jpg 1024w, https:\/\/www.inmocochescarhire.com\/wp-content\/uploads\/2026\/03\/fuengirola-300x185.jpg 300w, https:\/\/www.inmocochescarhire.com\/wp-content\/uploads\/2026\/03\/fuengirola.jpg 1280w\" sizes=\"auto, (max-width: 1024px) 100vw, 1024px\" \/><\/a><\/div><div class=\"w-post-elm post_taxonomy usg_post_taxonomy_1 style_badge color_link_inherit\"><a class=\"w-btn us-btn-style_badge term-173 term-pienten-autojen-vuokraus\" href=\"https:\/\/www.inmocochescarhire.com\/fi\/category\/pienten-autojen-vuokraus\/\"><span class=\"w-btn-label\">Pienten autojen vuokraus<\/span><\/a><\/div><div class=\"w-vwrapper usg_vwrapper_1 align_none valign_top\" style=\"--vwrapper-gap:0.7rem\"><h3 class=\"w-post-elm post_title usg_post_title_1 entry-title color_link_inherit\"><a href=\"https:\/\/www.inmocochescarhire.com\/fi\/pienet-autot-ovat-ihanteellisia-liikkumiseen-fuengirolassa-ja-sen-ymparistossa\/\">Pienet autot ovat ihanteellisia liikkumiseen Fuengirolassa ja sen ymp\u00e4rist\u00f6ss\u00e4<\/a><\/h3><div class=\"w-hwrapper usg_hwrapper_1 has_text_color align_none valign_top wrap\" style=\"--hwrapper-gap:1.2rem\"><time class=\"w-post-elm post_date usg_post_date_1 entry-date published\" datetime=\"2026-03-21T21:37:53+02:00\">21.3.2026<\/time><\/div><a class=\"w-btn us-btn-style_1 usg_btn_1\" href=\"https:\/\/www.inmocochescarhire.com\/fi\/pienet-autot-ovat-ihanteellisia-liikkumiseen-fuengirolassa-ja-sen-ymparistossa\/\"><span class=\"w-btn-label\">Leer m\u00e1s<\/span><\/a><\/div>\t\t<\/div>\r\n\t\t\t<\/article>\r\n\t<article class=\"w-grid-item post-9159 post type-post status-publish format-standard has-post-thumbnail hentry category-autonvuokraus-fuengirolassa-paasiaiseksi\" data-id=\"9159\">\r\n\t\t<div class=\"w-grid-item-h\">\r\n\t\t\t\t\t\t<div class=\"w-post-elm post_image usg_post_image_1 stretched\"><a href=\"https:\/\/www.inmocochescarhire.com\/fi\/autonvuokraus-fuengirolassa-paasiaiseksi-2026\/\" aria-label=\"Autonvuokraus Fuengirolassa p\u00e4\u00e4si\u00e4iseksi 2026\"><img loading=\"lazy\" decoding=\"async\" width=\"1024\" height=\"536\" src=\"https:\/\/www.inmocochescarhire.com\/wp-content\/uploads\/2026\/03\/alquiler-fuengirola-1024x536.jpg\" class=\"attachment-large size-large wp-post-image\" alt=\"\" srcset=\"https:\/\/www.inmocochescarhire.com\/wp-content\/uploads\/2026\/03\/alquiler-fuengirola-1024x536.jpg 1024w, https:\/\/www.inmocochescarhire.com\/wp-content\/uploads\/2026\/03\/alquiler-fuengirola-300x157.jpg 300w, https:\/\/www.inmocochescarhire.com\/wp-content\/uploads\/2026\/03\/alquiler-fuengirola-scaled.jpg 1920w\" sizes=\"auto, (max-width: 1024px) 100vw, 1024px\" \/><\/a><\/div><div class=\"w-post-elm post_taxonomy usg_post_taxonomy_1 style_badge color_link_inherit\"><a class=\"w-btn us-btn-style_badge term-169 term-autonvuokraus-fuengirolassa-paasiaiseksi\" href=\"https:\/\/www.inmocochescarhire.com\/fi\/category\/autonvuokraus-fuengirolassa-paasiaiseksi\/\"><span class=\"w-btn-label\">Autonvuokraus Fuengirolassa p\u00e4\u00e4si\u00e4iseksi<\/span><\/a><\/div><div class=\"w-vwrapper usg_vwrapper_1 align_none valign_top\" style=\"--vwrapper-gap:0.7rem\"><h3 class=\"w-post-elm post_title usg_post_title_1 entry-title color_link_inherit\"><a href=\"https:\/\/www.inmocochescarhire.com\/fi\/autonvuokraus-fuengirolassa-paasiaiseksi-2026\/\">Autonvuokraus Fuengirolassa p\u00e4\u00e4si\u00e4iseksi 2026<\/a><\/h3><div class=\"w-hwrapper usg_hwrapper_1 has_text_color align_none valign_top wrap\" style=\"--hwrapper-gap:1.2rem\"><time class=\"w-post-elm post_date usg_post_date_1 entry-date published\" datetime=\"2026-03-14T02:08:30+02:00\">14.3.2026<\/time><\/div><a class=\"w-btn us-btn-style_1 usg_btn_1\" href=\"https:\/\/www.inmocochescarhire.com\/fi\/autonvuokraus-fuengirolassa-paasiaiseksi-2026\/\"><span class=\"w-btn-label\">Leer m\u00e1s<\/span><\/a><\/div>\t\t<\/div>\r\n\t\t\t<\/article>\r\n<\/div><div class=\"w-grid-carousel-json hidden\" onclick='return {&quot;carousel_settings&quot;:{&quot;aria_labels&quot;:{&quot;prev&quot;:&quot;Edellinen&quot;,&quot;next&quot;:&quot;Seuraava&quot;},&quot;autoplayContinual&quot;:false,&quot;autoplayContinualCss&quot;:false,&quot;autoplayHoverPause&quot;:false,&quot;autoplayTimeout&quot;:3000,&quot;autoWidth&quot;:false,&quot;smartSpeed&quot;:350,&quot;margin&quot;:0,&quot;mouseDrag&quot;:true,&quot;rtl&quot;:false,&quot;slideBy&quot;:&quot;1&quot;,&quot;touchDrag&quot;:true,&quot;slideTransition&quot;:&quot;&quot;,&quot;responsive&quot;:{&quot;0&quot;:{&quot;autoHeight&quot;:false,&quot;autoplay&quot;:true,&quot;autoplayContinualCss&quot;:false,&quot;autoWidth&quot;:false,&quot;center&quot;:false,&quot;dots&quot;:true,&quot;items&quot;:1,&quot;loop&quot;:true,&quot;nav&quot;:false,&quot;stagePadding&quot;:0,&quot;slideBy&quot;:&quot;1&quot;,&quot;touchDrag&quot;:true,&quot;mouseDrag&quot;:true},&quot;601&quot;:{&quot;autoHeight&quot;:false,&quot;autoplay&quot;:true,&quot;autoplayContinualCss&quot;:false,&quot;autoWidth&quot;:false,&quot;center&quot;:false,&quot;dots&quot;:true,&quot;items&quot;:2,&quot;loop&quot;:true,&quot;nav&quot;:false,&quot;stagePadding&quot;:0,&quot;slideBy&quot;:&quot;1&quot;,&quot;touchDrag&quot;:true,&quot;mouseDrag&quot;:true},&quot;1025&quot;:{&quot;autoHeight&quot;:false,&quot;autoplay&quot;:true,&quot;autoplayContinualCss&quot;:false,&quot;autoWidth&quot;:false,&quot;center&quot;:false,&quot;dots&quot;:true,&quot;items&quot;:3,&quot;loop&quot;:true,&quot;nav&quot;:false,&quot;stagePadding&quot;:0,&quot;slideBy&quot;:&quot;1&quot;,&quot;touchDrag&quot;:true,&quot;mouseDrag&quot;:true},&quot;1281&quot;:{&quot;items&quot;:3,&quot;autoplay&quot;:false,&quot;autoplayContinualCss&quot;:false,&quot;center&quot;:false,&quot;dots&quot;:true,&quot;nav&quot;:false,&quot;autoHeight&quot;:false,&quot;autoWidth&quot;:false,&quot;loop&quot;:true,&quot;stagePadding&quot;:0}}}}'><\/div><\/div><\/div><\/div><\/div><\/div><\/div><\/section><section class=\"l-section wpb_row height_medium\" id=\"sijainnit\"><div class=\"l-section-h i-cf\"><div class=\"g-cols vc_row via_flex valign_top type_default stacking_default\"><div class=\"vc_col-sm-12 wpb_column vc_column_container\"><div class=\"vc_column-inner\"><div class=\"wpb_wrapper\"><h2 class=\"w-text us_custom_7de47b5a\"><span class=\"w-text-h\"><span class=\"w-text-value\">Toimipaikat<\/span><\/span><\/h2><div class=\"w-separator size_small\"><\/div><div class=\"w-image align_center\"><div class=\"w-image-h\"><img decoding=\"async\" width=\"200\" height=\"71\" src=\"https:\/\/www.inmocochescarhire.com\/wp-content\/uploads\/2022\/09\/logo_inmocoches.png\" class=\"attachment-full size-full\" alt=\"alquiler de coches en fuengirola\" loading=\"lazy\" \/><\/div><\/div><div class=\"w-separator size_small\"><\/div><div class=\"g-cols wpb_row via_flex valign_top type_default stacking_default\"><div class=\"vc_col-sm-6 wpb_column vc_column_container\"><div class=\"vc_column-inner\"><div class=\"wpb_wrapper\"><h3 class=\"w-text us_custom_eb849559\"><span class=\"w-text-h\"><span class=\"w-text-value\">Toimisto 1<\/span><\/span><\/h3><div class=\"w-separator size_small\"><\/div><div class=\"w-image us_custom_9cf479d2 localizaciones-img has_ratio align_none\"><div class=\"w-image-h\"><div style=\"padding-bottom:66.6667%\"><\/div><img decoding=\"async\" width=\"1080\" height=\"810\" src=\"https:\/\/www.inmocochescarhire.com\/wp-content\/uploads\/2023\/03\/Calle-Hernan-Cortes-fachada.jpg\" class=\"attachment-full size-full\" alt=\"alquiler de coches en fuengirola\" loading=\"lazy\" \/><\/div><\/div><div class=\"w-separator size_small\"><\/div><div class=\"wpb_text_column us_custom_eb849559 localizaciones-color\"><div class=\"wpb_wrapper\"><h3><a href=\"https:\/\/goo.gl\/maps\/sQjg47qqW8BwLLr79\" target=\"_blank\" rel=\"noopener\">Calle Hern\u00e1n Cort\u00e9s 3 Edificio la Fuente Fuengirola Malaga Malaga<\/a><\/h3>\n<\/div><\/div><div class=\"w-separator size_small\"><\/div><div class=\"wpb_text_column us_custom_eb849559 localizaciones-color\"><div class=\"wpb_wrapper\"><h3><a href=\"tel:+34636345222%20\">+34 636 345 222<\/a><\/h3>\n<\/div><\/div><\/div><\/div><\/div><div class=\"vc_col-sm-6 wpb_column vc_column_container\"><div class=\"vc_column-inner\"><div class=\"wpb_wrapper\"><h3 class=\"w-text us_custom_eb849559\"><span class=\"w-text-h\"><span class=\"w-text-value\">Toimisto 2<\/span><\/span><\/h3><div class=\"w-separator size_small\"><\/div><div class=\"w-image us_custom_9cf479d2 localizaciones-img has_ratio align_none\"><div class=\"w-image-h\"><div style=\"padding-bottom:66.6667%\"><\/div><img decoding=\"async\" width=\"1024\" height=\"593\" src=\"https:\/\/www.inmocochescarhire.com\/wp-content\/uploads\/2023\/02\/carretera-de-mijas.jpg\" class=\"attachment-full size-full\" alt=\"alquiler de coches en fuengirola\" loading=\"lazy\" \/><\/div><\/div><div class=\"w-separator size_small\"><\/div><div class=\"wpb_text_column us_custom_eb849559 localizaciones-color\"><div class=\"wpb_wrapper\"><h3><a href=\"https:\/\/goo.gl\/maps\/wU7WkshfmkcCX4Pj7\" target=\"_blank\" rel=\"noopener\">Carretera de Mijas km 3,5 Fuengirola M\u00e1laga M\u00e1laga<\/a><\/h3>\n<\/div><\/div><div class=\"w-separator size_small\"><\/div><div class=\"wpb_text_column us_custom_eb849559 localizaciones-color\"><div class=\"wpb_wrapper\"><h3><a href=\"tel:+34648781728\">+ 34 648 781 728<\/a><\/h3>\n<\/div><\/div><\/div><\/div><\/div><\/div><\/div><\/div><\/div><\/div><\/div><\/section><section class=\"l-section wpb_row height_medium\"><div class=\"l-section-h i-cf\"><div class=\"g-cols vc_row via_flex valign_top type_default stacking_default\"><div class=\"vc_col-sm-12 wpb_column vc_column_container has_bg_color\"><div class=\"vc_column-inner us_custom_8ccf3162\"><div class=\"wpb_wrapper\"><h2 class=\"w-text us_custom_7de47b5a\"><span class=\"w-text-h\"><span class=\"w-text-value\">Ota yhteytt\u00e4 meihin<\/span><\/span><\/h2><div class=\"wpb_text_column us_custom_c821fe70\"><div class=\"wpb_wrapper\"><p style=\"text-align: center;\">Sed porttitor lectus nibh. Proin eget tortor risus. Vivamus magna justo, lacinia eget &#8211;<br \/>\nconsectetur sed<\/p>\n<\/div><\/div><div class=\"w-separator size_small\"><\/div><div class=\"g-cols wpb_row via_flex valign_top type_default stacking_default\"><div class=\"vc_col-sm-6 wpb_column vc_column_container\"><div class=\"vc_column-inner\"><div class=\"wpb_wrapper\"><div class=\"w-html\"><iframe src=\"https:\/\/www.google.com\/maps\/embed?pb=!1m14!1m8!1m3!1d12821.752281595442!2d-4.619383!3d36.543549!3m2!1i1024!2i768!4f13.1!3m3!1m2!1s0xd72e241890bb2bf%3A0x8b632fe477040300!2sInmocoches%20S%20L!5e0!3m2!1ses!2ses!4v1678274920024!5m2!1ses!2ses\" width=\"100%\" height=\"450\" style=\"border:0;\" allowfullscreen=\"\" loading=\"lazy\" referrerpolicy=\"no-referrer-when-downgrade\"><\/iframe><\/div><\/div><\/div><\/div><div class=\"vc_col-sm-6 wpb_column vc_column_container\"><div class=\"vc_column-inner\"><div class=\"wpb_wrapper\"><div class=\"wpb_text_column\"><div class=\"wpb_wrapper\">\n<div class=\"wpcf7 no-js\" id=\"wpcf7-f2257-o1\" lang=\"fi\" dir=\"ltr\" data-wpcf7-id=\"2257\">\n<div class=\"screen-reader-response\"><p role=\"status\" aria-live=\"polite\" aria-atomic=\"true\"><\/p> <ul><\/ul><\/div>\n<form action=\"\/fi\/wp-json\/wp\/v2\/pages\/1905#wpcf7-f2257-o1\" method=\"post\" class=\"wpcf7-form init wpcf7-acceptance-as-validation\" aria-label=\"Yhteydenottolomake\" novalidate=\"novalidate\" data-status=\"init\">\n<fieldset class=\"hidden-fields-container\"><input type=\"hidden\" name=\"_wpcf7\" value=\"2257\" \/><input type=\"hidden\" name=\"_wpcf7_version\" value=\"6.1.5\" \/><input type=\"hidden\" name=\"_wpcf7_locale\" value=\"fi\" \/><input type=\"hidden\" name=\"_wpcf7_unit_tag\" value=\"wpcf7-f2257-o1\" \/><input type=\"hidden\" name=\"_wpcf7_container_post\" value=\"0\" \/><input type=\"hidden\" name=\"_wpcf7_posted_data_hash\" value=\"\" \/><input type=\"hidden\" name=\"_wpcf7_recaptcha_response\" value=\"\" \/>\n<\/fieldset>\n<div class=\"main-contact-form\">\n<div class=\"field-wrap col1\"><label for=\"nombre\"><span class=\"wpcf7-form-control-wrap\" data-name=\"nombre\"><input size=\"40\" maxlength=\"400\" class=\"wpcf7-form-control wpcf7-text wpcf7-validates-as-required\" id=\"nombre\" aria-required=\"true\" aria-invalid=\"false\" placeholder=\"Sinun nimesi\" value=\"\" type=\"text\" name=\"nombre\" \/><\/span> <\/label><\/div>\n<div class=\"field-wrap col1\"><label for=\"email\"><span class=\"wpcf7-form-control-wrap\" data-name=\"email\"><input size=\"40\" maxlength=\"400\" class=\"wpcf7-form-control wpcf7-email wpcf7-validates-as-required wpcf7-text wpcf7-validates-as-email\" id=\"email\" aria-required=\"true\" aria-invalid=\"false\" placeholder=\"S\u00e4hk\u00f6postisi\" value=\"\" type=\"email\" name=\"email\" \/><\/span> <\/label><\/div>\n<div class=\"field-wrap col1\"><label for=\"telefono\"><span class=\"wpcf7-form-control-wrap\" data-name=\"telefono\"><input size=\"40\" maxlength=\"400\" class=\"wpcf7-form-control wpcf7-tel wpcf7-validates-as-required wpcf7-text wpcf7-validates-as-tel\" id=\"telefono\" aria-required=\"true\" aria-invalid=\"false\" placeholder=\"Sinun puhelimesi\" value=\"\" type=\"tel\" name=\"telefono\" \/><\/span> <\/label><\/div>\n<div class=\"field-wrap col1\"><label for=\"mensaje\"><span class=\"wpcf7-form-control-wrap\" data-name=\"mensaje\"><textarea cols=\"40\" rows=\"10\" maxlength=\"2000\" class=\"wpcf7-form-control wpcf7-textarea\" id=\"mensaje\" aria-invalid=\"false\" placeholder=\"Viestisi\" name=\"mensaje\"><\/textarea><\/span> <\/label><\/div>\n<div class=\"field-wrap col1 aceptacion\"><label for=\"aceptacion\"><span class=\"wpcf7-form-control-wrap\" data-name=\"aceptacion\"><span class=\"wpcf7-form-control wpcf7-acceptance\"><span class=\"wpcf7-list-item\"><input type=\"checkbox\" name=\"aceptacion\" value=\"1\" id=\"aceptacion\" aria-invalid=\"false\" \/><\/span><\/span><\/span> Olen lukenut ja hyv\u00e4ksyn <a rel=\"nofollow\" target=\"_blank\" href=\"\/tietosuojakaytanto\/\">Tietosuojak\u00e4yt\u00e4nt\u00f6<\/a>.<\/label><\/div>\n\n<input class=\"wpcf7-form-control wpcf7-submit has-spinner\" id=\"form-contact\" type=\"submit\" value=\"L\u00e4hett\u00e4\u00e4\" \/>\n<\/div><div class=\"wpcf7-response-output\" aria-hidden=\"true\"><\/div>\n<\/form>\n<\/div>\n\n<\/div><\/div><\/div><\/div><\/div><\/div><\/div><\/div><\/div><\/div><\/div><\/section>\n","protected":false},"excerpt":{"rendered":"P\u00e4\u00e4si\u00e4isviikko on yksi Andalusian kalenterin t\u00e4rkeimmist\u00e4 juhlista. N\u00e4iden p\u00e4ivien aikana kaupungit ja kyl\u00e4t koko alueella t\u00e4yttyv\u00e4t kulkueista, soittokunnista, costalerojen kantamista uskonnollisista kulkuevaunuista sek\u00e4 tuhansista ihmisist\u00e4, jotka l\u00e4htev\u00e4t kaduille kokemaan perinteen, joka on syv\u00e4sti juurtunut paikalliseen kulttuuriin. Monille vierailijoille p\u00e4\u00e4si\u00e4isviikon n\u00e4keminen Andalusiassa on ainutlaatuinen kokemus. Se ei ole pelk\u00e4st\u00e4\u00e4n uskonnollinen tapahtuma, vaan my\u00f6s kulttuurinen ja sosiaalinen...","protected":false},"author":3,"featured_media":0,"parent":0,"menu_order":0,"comment_status":"closed","ping_status":"closed","template":"","meta":{"_crdt_document":"","_joinchat":[],"footnotes":""},"class_list":["post-1905","page","type-page","status-publish","hentry"],"yoast_head":"<!-- This site is optimized with the Yoast SEO plugin v27.4 - https:\/\/yoast.com\/product\/yoast-seo-wordpress\/ -->\n<title>Autonvuokraus Benalmadena - Inmocoches<\/title>\n<meta name=\"robots\" content=\"index, follow, max-snippet:-1, max-image-preview:large, max-video-preview:-1\" \/>\n<link rel=\"canonical\" href=\"https:\/\/www.inmocochescarhire.com\/fi\/autonvuokraus-benalmadena\/\" \/>\n<meta property=\"og:locale\" content=\"fi_FI\" \/>\n<meta property=\"og:type\" content=\"article\" \/>\n<meta property=\"og:title\" content=\"Autonvuokraus Benalmadena - Inmocoches\" \/>\n<meta property=\"og:url\" content=\"https:\/\/www.inmocochescarhire.com\/fi\/autonvuokraus-benalmadena\/\" \/>\n<meta property=\"og:site_name\" content=\"Inmocoches\" \/>\n<meta property=\"article:modified_time\" content=\"2023-03-13T08:07:33+00:00\" \/>\n<meta name=\"twitter:card\" content=\"summary_large_image\" \/>\n<meta name=\"twitter:label1\" content=\"Arvioitu lukuaika\" \/>\n\t<meta name=\"twitter:data1\" content=\"3 minuuttia\" \/>\n<script type=\"application\/ld+json\" class=\"yoast-schema-graph\">{\"@context\":\"https:\\\/\\\/schema.org\",\"@graph\":[{\"@type\":\"WebPage\",\"@id\":\"https:\\\/\\\/www.inmocochescarhire.com\\\/fi\\\/autonvuokraus-benalmadena\\\/\",\"url\":\"https:\\\/\\\/www.inmocochescarhire.com\\\/fi\\\/autonvuokraus-benalmadena\\\/\",\"name\":\"Autonvuokraus Benalmadena - Inmocoches\",\"isPartOf\":{\"@id\":\"https:\\\/\\\/www.inmocochescarhire.com\\\/fi\\\/#website\"},\"datePublished\":\"2022-12-22T07:40:04+00:00\",\"dateModified\":\"2023-03-13T08:07:33+00:00\",\"breadcrumb\":{\"@id\":\"https:\\\/\\\/www.inmocochescarhire.com\\\/fi\\\/autonvuokraus-benalmadena\\\/#breadcrumb\"},\"inLanguage\":\"fi\",\"potentialAction\":[{\"@type\":\"ReadAction\",\"target\":[\"https:\\\/\\\/www.inmocochescarhire.com\\\/fi\\\/autonvuokraus-benalmadena\\\/\"]}]},{\"@type\":\"BreadcrumbList\",\"@id\":\"https:\\\/\\\/www.inmocochescarhire.com\\\/fi\\\/autonvuokraus-benalmadena\\\/#breadcrumb\",\"itemListElement\":[{\"@type\":\"ListItem\",\"position\":1,\"name\":\"Portada\",\"item\":\"https:\\\/\\\/www.inmocochescarhire.com\\\/fi\\\/\"},{\"@type\":\"ListItem\",\"position\":2,\"name\":\"Autonvuokraus Benalmadena\"}]},{\"@type\":\"WebSite\",\"@id\":\"https:\\\/\\\/www.inmocochescarhire.com\\\/fi\\\/#website\",\"url\":\"https:\\\/\\\/www.inmocochescarhire.com\\\/fi\\\/\",\"name\":\"Inmocoches\",\"description\":\"\",\"potentialAction\":[{\"@type\":\"SearchAction\",\"target\":{\"@type\":\"EntryPoint\",\"urlTemplate\":\"https:\\\/\\\/www.inmocochescarhire.com\\\/fi\\\/?s={search_term_string}\"},\"query-input\":{\"@type\":\"PropertyValueSpecification\",\"valueRequired\":true,\"valueName\":\"search_term_string\"}}],\"inLanguage\":\"fi\"}]}<\/script>\n<!-- \/ Yoast SEO plugin. -->","yoast_head_json":{"title":"Autonvuokraus Benalmadena - Inmocoches","robots":{"index":"index","follow":"follow","max-snippet":"max-snippet:-1","max-image-preview":"max-image-preview:large","max-video-preview":"max-video-preview:-1"},"canonical":"https:\/\/www.inmocochescarhire.com\/fi\/autonvuokraus-benalmadena\/","og_locale":"fi_FI","og_type":"article","og_title":"Autonvuokraus Benalmadena - Inmocoches","og_url":"https:\/\/www.inmocochescarhire.com\/fi\/autonvuokraus-benalmadena\/","og_site_name":"Inmocoches","article_modified_time":"2023-03-13T08:07:33+00:00","twitter_card":"summary_large_image","twitter_misc":{"Arvioitu lukuaika":"3 minuuttia"},"schema":{"@context":"https:\/\/schema.org","@graph":[{"@type":"WebPage","@id":"https:\/\/www.inmocochescarhire.com\/fi\/autonvuokraus-benalmadena\/","url":"https:\/\/www.inmocochescarhire.com\/fi\/autonvuokraus-benalmadena\/","name":"Autonvuokraus Benalmadena - Inmocoches","isPartOf":{"@id":"https:\/\/www.inmocochescarhire.com\/fi\/#website"},"datePublished":"2022-12-22T07:40:04+00:00","dateModified":"2023-03-13T08:07:33+00:00","breadcrumb":{"@id":"https:\/\/www.inmocochescarhire.com\/fi\/autonvuokraus-benalmadena\/#breadcrumb"},"inLanguage":"fi","potentialAction":[{"@type":"ReadAction","target":["https:\/\/www.inmocochescarhire.com\/fi\/autonvuokraus-benalmadena\/"]}]},{"@type":"BreadcrumbList","@id":"https:\/\/www.inmocochescarhire.com\/fi\/autonvuokraus-benalmadena\/#breadcrumb","itemListElement":[{"@type":"ListItem","position":1,"name":"Portada","item":"https:\/\/www.inmocochescarhire.com\/fi\/"},{"@type":"ListItem","position":2,"name":"Autonvuokraus Benalmadena"}]},{"@type":"WebSite","@id":"https:\/\/www.inmocochescarhire.com\/fi\/#website","url":"https:\/\/www.inmocochescarhire.com\/fi\/","name":"Inmocoches","description":"","potentialAction":[{"@type":"SearchAction","target":{"@type":"EntryPoint","urlTemplate":"https:\/\/www.inmocochescarhire.com\/fi\/?s={search_term_string}"},"query-input":{"@type":"PropertyValueSpecification","valueRequired":true,"valueName":"search_term_string"}}],"inLanguage":"fi"}]}},"_links":{"self":[{"href":"https:\/\/www.inmocochescarhire.com\/fi\/wp-json\/wp\/v2\/pages\/1905","targetHints":{"allow":["GET"]}}],"collection":[{"href":"https:\/\/www.inmocochescarhire.com\/fi\/wp-json\/wp\/v2\/pages"}],"about":[{"href":"https:\/\/www.inmocochescarhire.com\/fi\/wp-json\/wp\/v2\/types\/page"}],"author":[{"embeddable":true,"href":"https:\/\/www.inmocochescarhire.com\/fi\/wp-json\/wp\/v2\/users\/3"}],"replies":[{"embeddable":true,"href":"https:\/\/www.inmocochescarhire.com\/fi\/wp-json\/wp\/v2\/comments?post=1905"}],"version-history":[{"count":3,"href":"https:\/\/www.inmocochescarhire.com\/fi\/wp-json\/wp\/v2\/pages\/1905\/revisions"}],"predecessor-version":[{"id":2262,"href":"https:\/\/www.inmocochescarhire.com\/fi\/wp-json\/wp\/v2\/pages\/1905\/revisions\/2262"}],"wp:attachment":[{"href":"https:\/\/www.inmocochescarhire.com\/fi\/wp-json\/wp\/v2\/media?parent=1905"}],"curies":[{"name":"wp","href":"https:\/\/api.w.org\/{rel}","templated":true}]}}