{"id":1860,"date":"2022-12-20T12:18:42","date_gmt":"2022-12-20T10:18:42","guid":{"rendered":"http:\/\/www.inmocochescarhire.com\/laivasto\/"},"modified":"2023-03-10T13:20:36","modified_gmt":"2023-03-10T11:20:36","slug":"laivasto","status":"publish","type":"page","link":"https:\/\/www.inmocochescarhire.com\/fi\/laivasto\/","title":{"rendered":"Laivasto"},"content":{"rendered":"<section class=\"l-section wpb_row height_medium\"><div class=\"l-section-h i-cf\"><div class=\"g-cols vc_row via_flex valign_top type_default stacking_default\"><div class=\"vc_col-sm-12 wpb_column vc_column_container\"><div class=\"vc_column-inner\"><div class=\"wpb_wrapper\"><h1 class=\"w-text us_custom_7de47b5a\"><span class=\"w-text-h\"><span class=\"w-text-value\">Tutustu kaikkiin ajoneuvoihimme<\/span><\/span><\/h1><div class=\"wpb_text_column us_custom_432d3f53\"><div class=\"wpb_wrapper\"><p style=\"text-align: center;\">Vuokra-autoja Fuengirolassa jokaiseen makuun, eksklusiivisista huippumalleista k\u00e4yt\u00e4nn\u00f6llisempiin ja taloudellisempiin malleihin.<\/p>\n<\/div><\/div><div class=\"w-separator size_small\"><\/div><div class=\"w-grid us_grid cuadricula-flota with_filters type_grid layout_859 cols_3 preload_style_spinner\" id=\"us_grid_1\" style=\"--columns:3;--gap:1.5rem;\"><style>@media (max-width:1024px){#us_grid_1{--columns:2!important}}@media (max-width:600px){#us_grid_1{--columns:1!important}}.layout_859 .w-grid-item-h{}.layout_859 .usg_hwrapper_1{margin-bottom:25px!important}.layout_859 .usg_vwrapper_1{margin-bottom:40px!important}.layout_859 .usg_post_custom_field_2{font-size:14px!important}.layout_859 .usg_hwrapper_2{margin-bottom:0!important}.layout_859 .usg_post_custom_field_3{font-size:14px!important}.layout_859 .usg_post_custom_field_4{font-size:14px!important}<\/style><div class=\"g-filters style_1 align_center\"><button class=\"g-filters-item active\" data-taxonomy=\"*\"><span>All<\/span><\/button><button class=\"g-filters-item\" data-taxonomy=\"audi-fi\" data-amount=\"1\"><span>Audi<\/span><span class=\"g-filters-item-amount\">1<\/span><\/button><button class=\"g-filters-item\" data-taxonomy=\"bmw-fi\" data-amount=\"3\"><span>Bmw<\/span><span class=\"g-filters-item-amount\">3<\/span><\/button><button class=\"g-filters-item\" data-taxonomy=\"ford-fi\" data-amount=\"6\"><span>Ford<\/span><span class=\"g-filters-item-amount\">6<\/span><\/button><button class=\"g-filters-item\" data-taxonomy=\"kia-fi\" data-amount=\"1\"><span>Kia<\/span><span class=\"g-filters-item-amount\">1<\/span><\/button><button class=\"g-filters-item\" data-taxonomy=\"mercedes-fi\" data-amount=\"2\"><span>Mercedes<\/span><span class=\"g-filters-item-amount\">2<\/span><\/button><button class=\"g-filters-item\" data-taxonomy=\"mini-fi\" data-amount=\"2\"><span>Mini<\/span><span class=\"g-filters-item-amount\">2<\/span><\/button><button class=\"g-filters-item\" data-taxonomy=\"outlet-fi\" data-amount=\"1\"><span>Outlet<\/span><span class=\"g-filters-item-amount\">1<\/span><\/button><button class=\"g-filters-item\" data-taxonomy=\"peugeot-fi\" data-amount=\"2\"><span>Peugeot<\/span><span class=\"g-filters-item-amount\">2<\/span><\/button><button class=\"g-filters-item\" data-taxonomy=\"volkswagen-fi\" data-amount=\"2\"><span>Volkswagen<\/span><span class=\"g-filters-item-amount\">2<\/span><\/button><\/div><div class=\"w-grid-list\" data-filter_taxonomy_name=\"us_portfolio_category\">\t<article class=\"w-grid-item size_1x1 post-2987 us_portfolio type-us_portfolio status-publish has-post-thumbnail hentry us_portfolio_category-outlet-fi us_portfolio_tag-a-fi\" data-id=\"2987\">\r\n\t\t<div class=\"w-grid-item-h\">\r\n\t\t\t\t\t\t<div class=\"w-vwrapper usg_vwrapper_1 align_none valign_top\" style=\"--vwrapper-gap:15px\"><div class=\"w-post-elm post_image usg_post_image_1 car-img stretched\"><a href=\"https:\/\/www.inmocochescarhire.com\/fi\/coches\/outlet-ryhma-tai-vastaava\/\" aria-label=\"OUTLET-RYHM\u00c4 TAI SAMANKALTAINEN\"><img loading=\"lazy\" decoding=\"async\" width=\"500\" height=\"272\" src=\"https:\/\/www.inmocochescarhire.com\/wp-content\/uploads\/2023\/01\/A.jpg\" class=\"attachment-full size-full wp-post-image\" alt=\"\" srcset=\"https:\/\/www.inmocochescarhire.com\/wp-content\/uploads\/2023\/01\/A.jpg 500w, https:\/\/www.inmocochescarhire.com\/wp-content\/uploads\/2023\/01\/A-300x163.jpg 300w\" sizes=\"auto, (max-width: 500px) 100vw, 500px\" \/><\/a><\/div><div class=\"w-hwrapper usg_hwrapper_1 align_center valign_top\" style=\"--hwrapper-gap:11px\"><div class=\"w-post-elm post_custom_field usg_post_custom_field_1 model-car type_text grupo color_link_inherit\"><span class=\"w-post-elm-value\">A<\/span><\/div><h3 class=\"w-post-elm post_title usg_post_title_1 title-car entry-title color_link_inherit\"><a href=\"https:\/\/www.inmocochescarhire.com\/fi\/coches\/outlet-ryhma-tai-vastaava\/\">OUTLET-RYHM\u00c4 <span>TAI SAMANKALTAINEN<\/span><\/a><\/h3><\/div><div class=\"w-hwrapper usg_hwrapper_2 align_center valign_top\" style=\"--hwrapper-gap:25px\"><div class=\"w-post-elm post_custom_field usg_post_custom_field_2 car-icon-doors type_text puertas color_link_inherit\"><i class=\"material-icons\">directions_car<\/i><span class=\"w-post-elm-value\">5 Doors<\/span><\/div><div class=\"w-post-elm post_custom_field usg_post_custom_field_4 car-icon-seats type_text plazas color_link_inherit\"><i class=\"material-icons\">airline_seat_recline_extra<\/i><span class=\"w-post-elm-value\">5 paikkaa<\/span><\/div><div class=\"w-post-elm post_custom_field usg_post_custom_field_3 car-icon-manual type_text caja_de_cambios color_link_inherit\"><i class=\"material-icons\">insights<\/i><span class=\"w-post-elm-value\">Manuaalinen<\/span><\/div><\/div><a class=\"w-btn us-btn-style_1 usg_btn_1\" target=\"_blank\" rel=\"nofollow\" href=\"https:\/\/booking.inmocochescarhire.com\/?idioma=fi&amp;grupo=A\"><span class=\"w-btn-label\">Varata<\/span><\/a><\/div>\t\t<\/div>\r\n\t\t\t<\/article>\r\n\t<article class=\"w-grid-item size_1x1 post-2924 us_portfolio type-us_portfolio status-publish has-post-thumbnail hentry us_portfolio_category-kia-fi us_portfolio_tag-b-fi\" data-id=\"2924\">\r\n\t\t<div class=\"w-grid-item-h\">\r\n\t\t\t\t\t\t<div class=\"w-vwrapper usg_vwrapper_1 align_none valign_top\" style=\"--vwrapper-gap:15px\"><div class=\"w-post-elm post_image usg_post_image_1 car-img stretched\"><a href=\"https:\/\/www.inmocochescarhire.com\/fi\/coches\/kia-picanto-tai-samankaltainen\/\" aria-label=\"KIA PICANTO TAI SAMANKALTAINEN \"><img loading=\"lazy\" decoding=\"async\" width=\"500\" height=\"272\" src=\"https:\/\/www.inmocochescarhire.com\/wp-content\/uploads\/2023\/01\/B.jpg\" class=\"attachment-full size-full wp-post-image\" alt=\"\" srcset=\"https:\/\/www.inmocochescarhire.com\/wp-content\/uploads\/2023\/01\/B.jpg 500w, https:\/\/www.inmocochescarhire.com\/wp-content\/uploads\/2023\/01\/B-300x163.jpg 300w\" sizes=\"auto, (max-width: 500px) 100vw, 500px\" \/><\/a><\/div><div class=\"w-hwrapper usg_hwrapper_1 align_center valign_top\" style=\"--hwrapper-gap:11px\"><div class=\"w-post-elm post_custom_field usg_post_custom_field_1 model-car type_text grupo color_link_inherit\"><span class=\"w-post-elm-value\">B<\/span><\/div><h3 class=\"w-post-elm post_title usg_post_title_1 title-car entry-title color_link_inherit\"><a href=\"https:\/\/www.inmocochescarhire.com\/fi\/coches\/kia-picanto-tai-samankaltainen\/\">KIA PICANTO <span>TAI SAMANKALTAINEN <\/span><\/a><\/h3><\/div><div class=\"w-hwrapper usg_hwrapper_2 align_center valign_top\" style=\"--hwrapper-gap:25px\"><div class=\"w-post-elm post_custom_field usg_post_custom_field_2 car-icon-doors type_text puertas color_link_inherit\"><i class=\"material-icons\">directions_car<\/i><span class=\"w-post-elm-value\">5 Doors<\/span><\/div><div class=\"w-post-elm post_custom_field usg_post_custom_field_4 car-icon-seats type_text plazas color_link_inherit\"><i class=\"material-icons\">airline_seat_recline_extra<\/i><span class=\"w-post-elm-value\">5 paikkaa<\/span><\/div><div class=\"w-post-elm post_custom_field usg_post_custom_field_3 car-icon-manual type_text caja_de_cambios color_link_inherit\"><i class=\"material-icons\">insights<\/i><span class=\"w-post-elm-value\">Manuaalinen<\/span><\/div><\/div><a class=\"w-btn us-btn-style_1 usg_btn_1\" target=\"_blank\" rel=\"nofollow\" href=\"https:\/\/booking.inmocochescarhire.com\/?idioma=fi&amp;grupo=B\"><span class=\"w-btn-label\">Varata<\/span><\/a><\/div>\t\t<\/div>\r\n\t\t\t<\/article>\r\n\t<article class=\"w-grid-item size_1x1 post-2956 us_portfolio type-us_portfolio status-publish has-post-thumbnail hentry us_portfolio_category-volkswagen-fi us_portfolio_tag-c-fi\" data-id=\"2956\">\r\n\t\t<div class=\"w-grid-item-h\">\r\n\t\t\t\t\t\t<div class=\"w-vwrapper usg_vwrapper_1 align_none valign_top\" style=\"--vwrapper-gap:15px\"><div class=\"w-post-elm post_image usg_post_image_1 car-img stretched\"><a href=\"https:\/\/www.inmocochescarhire.com\/fi\/coches\/volkswagen-polo-tai-samankaltainen\/\" aria-label=\"VOLKSWAGEN POLO TAI SAMANKALTAINEN\"><img loading=\"lazy\" decoding=\"async\" width=\"500\" height=\"272\" src=\"https:\/\/www.inmocochescarhire.com\/wp-content\/uploads\/2023\/01\/unnamed-file.C.jpg\" class=\"attachment-full size-full wp-post-image\" alt=\"\" srcset=\"https:\/\/www.inmocochescarhire.com\/wp-content\/uploads\/2023\/01\/unnamed-file.C.jpg 500w, https:\/\/www.inmocochescarhire.com\/wp-content\/uploads\/2023\/01\/unnamed-file.C-300x163.jpg 300w\" sizes=\"auto, (max-width: 500px) 100vw, 500px\" \/><\/a><\/div><div class=\"w-hwrapper usg_hwrapper_1 align_center valign_top\" style=\"--hwrapper-gap:11px\"><div class=\"w-post-elm post_custom_field usg_post_custom_field_1 model-car type_text grupo color_link_inherit\"><span class=\"w-post-elm-value\">C<\/span><\/div><h3 class=\"w-post-elm post_title usg_post_title_1 title-car entry-title color_link_inherit\"><a href=\"https:\/\/www.inmocochescarhire.com\/fi\/coches\/volkswagen-polo-tai-samankaltainen\/\">VOLKSWAGEN POLO <span>TAI SAMANKALTAINEN<\/span><\/a><\/h3><\/div><div class=\"w-hwrapper usg_hwrapper_2 align_center valign_top\" style=\"--hwrapper-gap:25px\"><div class=\"w-post-elm post_custom_field usg_post_custom_field_2 car-icon-doors type_text puertas color_link_inherit\"><i class=\"material-icons\">directions_car<\/i><span class=\"w-post-elm-value\">5 Doors<\/span><\/div><div class=\"w-post-elm post_custom_field usg_post_custom_field_4 car-icon-seats type_text plazas color_link_inherit\"><i class=\"material-icons\">airline_seat_recline_extra<\/i><span class=\"w-post-elm-value\">5 paikkaa<\/span><\/div><div class=\"w-post-elm post_custom_field usg_post_custom_field_3 car-icon-manual type_text caja_de_cambios color_link_inherit\"><i class=\"material-icons\">insights<\/i><span class=\"w-post-elm-value\">Manuaalinen<\/span><\/div><\/div><a class=\"w-btn us-btn-style_1 usg_btn_1\" target=\"_blank\" rel=\"nofollow\" href=\"https:\/\/booking.inmocochescarhire.com\/?idioma=fi&amp;grupo=C\"><span class=\"w-btn-label\">Varata<\/span><\/a><\/div>\t\t<\/div>\r\n\t\t\t<\/article>\r\n\t<article class=\"w-grid-item size_1x1 post-2910 us_portfolio type-us_portfolio status-publish has-post-thumbnail hentry us_portfolio_category-ford-fi us_portfolio_tag-c1-fi\" data-id=\"2910\">\r\n\t\t<div class=\"w-grid-item-h\">\r\n\t\t\t\t\t\t<div class=\"w-vwrapper usg_vwrapper_1 align_none valign_top\" style=\"--vwrapper-gap:15px\"><div class=\"w-post-elm post_image usg_post_image_1 car-img stretched\"><a href=\"https:\/\/www.inmocochescarhire.com\/fi\/coches\/ford-focus-sw-or-similar\/\" aria-label=\"FORD FOCUS SW TAI SAMANKALTAINEN \"><img loading=\"lazy\" decoding=\"async\" width=\"500\" height=\"272\" src=\"https:\/\/www.inmocochescarhire.com\/wp-content\/uploads\/2023\/01\/C1.jpg\" class=\"attachment-full size-full wp-post-image\" alt=\"\" srcset=\"https:\/\/www.inmocochescarhire.com\/wp-content\/uploads\/2023\/01\/C1.jpg 500w, https:\/\/www.inmocochescarhire.com\/wp-content\/uploads\/2023\/01\/C1-300x163.jpg 300w\" sizes=\"auto, (max-width: 500px) 100vw, 500px\" \/><\/a><\/div><div class=\"w-hwrapper usg_hwrapper_1 align_center valign_top\" style=\"--hwrapper-gap:11px\"><div class=\"w-post-elm post_custom_field usg_post_custom_field_1 model-car type_text grupo color_link_inherit\"><span class=\"w-post-elm-value\">C1<\/span><\/div><h3 class=\"w-post-elm post_title usg_post_title_1 title-car entry-title color_link_inherit\"><a href=\"https:\/\/www.inmocochescarhire.com\/fi\/coches\/ford-focus-sw-or-similar\/\">FORD FOCUS SW <span>TAI SAMANKALTAINEN <\/span><\/a><\/h3><\/div><div class=\"w-hwrapper usg_hwrapper_2 align_center valign_top\" style=\"--hwrapper-gap:25px\"><div class=\"w-post-elm post_custom_field usg_post_custom_field_2 car-icon-doors type_text puertas color_link_inherit\"><i class=\"material-icons\">directions_car<\/i><span class=\"w-post-elm-value\">5 Doors<\/span><\/div><div class=\"w-post-elm post_custom_field usg_post_custom_field_4 car-icon-seats type_text plazas color_link_inherit\"><i class=\"material-icons\">airline_seat_recline_extra<\/i><span class=\"w-post-elm-value\">5 paikkaa<\/span><\/div><div class=\"w-post-elm post_custom_field usg_post_custom_field_3 car-icon-manual type_text caja_de_cambios color_link_inherit\"><i class=\"material-icons\">insights<\/i><span class=\"w-post-elm-value\">Manuaalinen<\/span><\/div><\/div><a class=\"w-btn us-btn-style_1 usg_btn_1\" target=\"_blank\" rel=\"nofollow\" href=\"https:\/\/booking.inmocochescarhire.com\/?idioma=fi&amp;grupo=C1\"><span class=\"w-btn-label\">Varata<\/span><\/a><\/div>\t\t<\/div>\r\n\t\t\t<\/article>\r\n\t<article class=\"w-grid-item size_1x1 post-2961 us_portfolio type-us_portfolio status-publish has-post-thumbnail hentry us_portfolio_category-volkswagen-fi us_portfolio_tag-d-fi\" data-id=\"2961\">\r\n\t\t<div class=\"w-grid-item-h\">\r\n\t\t\t\t\t\t<div class=\"w-vwrapper usg_vwrapper_1 align_none valign_top\" style=\"--vwrapper-gap:15px\"><div class=\"w-post-elm post_image usg_post_image_1 car-img stretched\"><a href=\"https:\/\/www.inmocochescarhire.com\/fi\/coches\/polo-or-similar-tai-samankaltainen\/\" aria-label=\"POLO OR SIMILAR TAI SAMANKALTAINEN \"><img loading=\"lazy\" decoding=\"async\" width=\"500\" height=\"272\" src=\"https:\/\/www.inmocochescarhire.com\/wp-content\/uploads\/2023\/01\/D.jpg\" class=\"attachment-full size-full wp-post-image\" alt=\"\" srcset=\"https:\/\/www.inmocochescarhire.com\/wp-content\/uploads\/2023\/01\/D.jpg 500w, https:\/\/www.inmocochescarhire.com\/wp-content\/uploads\/2023\/01\/D-300x163.jpg 300w\" sizes=\"auto, (max-width: 500px) 100vw, 500px\" \/><\/a><\/div><div class=\"w-hwrapper usg_hwrapper_1 align_center valign_top\" style=\"--hwrapper-gap:11px\"><div class=\"w-post-elm post_custom_field usg_post_custom_field_1 model-car type_text grupo color_link_inherit\"><span class=\"w-post-elm-value\">D<\/span><\/div><h3 class=\"w-post-elm post_title usg_post_title_1 title-car entry-title color_link_inherit\"><a href=\"https:\/\/www.inmocochescarhire.com\/fi\/coches\/polo-or-similar-tai-samankaltainen\/\">POLO OR SIMILAR <span>TAI SAMANKALTAINEN <\/span><\/a><\/h3><\/div><div class=\"w-hwrapper usg_hwrapper_2 align_center valign_top\" style=\"--hwrapper-gap:25px\"><div class=\"w-post-elm post_custom_field usg_post_custom_field_2 car-icon-doors type_text puertas color_link_inherit\"><i class=\"material-icons\">directions_car<\/i><span class=\"w-post-elm-value\">5 Doors<\/span><\/div><div class=\"w-post-elm post_custom_field usg_post_custom_field_4 car-icon-seats type_text plazas color_link_inherit\"><i class=\"material-icons\">airline_seat_recline_extra<\/i><span class=\"w-post-elm-value\">5 paikkaa<\/span><\/div><div class=\"w-post-elm post_custom_field usg_post_custom_field_3 car-icon-manual type_text caja_de_cambios color_link_inherit\"><i class=\"material-icons\">insights<\/i><span class=\"w-post-elm-value\">Automaattinen<\/span><\/div><\/div><a class=\"w-btn us-btn-style_1 usg_btn_1\" target=\"_blank\" rel=\"nofollow\" href=\"https:\/\/booking.inmocochescarhire.com\/?idioma=fi&amp;grupo=D\"><span class=\"w-btn-label\">Varata<\/span><\/a><\/div>\t\t<\/div>\r\n\t\t\t<\/article>\r\n\t<article class=\"w-grid-item size_1x1 post-2919 us_portfolio type-us_portfolio status-publish has-post-thumbnail hentry us_portfolio_category-ford-fi us_portfolio_tag-d1-fi\" data-id=\"2919\">\r\n\t\t<div class=\"w-grid-item-h\">\r\n\t\t\t\t\t\t<div class=\"w-vwrapper usg_vwrapper_1 align_none valign_top\" style=\"--vwrapper-gap:15px\"><div class=\"w-post-elm post_image usg_post_image_1 car-img stretched\"><a href=\"https:\/\/www.inmocochescarhire.com\/fi\/coches\/focus-tai-samankaltainen\/\" aria-label=\"FOCUS TAI SAMANKALTAINEN \"><img loading=\"lazy\" decoding=\"async\" width=\"500\" height=\"272\" src=\"https:\/\/www.inmocochescarhire.com\/wp-content\/uploads\/2023\/01\/D1.jpg\" class=\"attachment-full size-full wp-post-image\" alt=\"\" srcset=\"https:\/\/www.inmocochescarhire.com\/wp-content\/uploads\/2023\/01\/D1.jpg 500w, https:\/\/www.inmocochescarhire.com\/wp-content\/uploads\/2023\/01\/D1-300x163.jpg 300w\" sizes=\"auto, (max-width: 500px) 100vw, 500px\" \/><\/a><\/div><div class=\"w-hwrapper usg_hwrapper_1 align_center valign_top\" style=\"--hwrapper-gap:11px\"><div class=\"w-post-elm post_custom_field usg_post_custom_field_1 model-car type_text grupo color_link_inherit\"><span class=\"w-post-elm-value\">D1<\/span><\/div><h3 class=\"w-post-elm post_title usg_post_title_1 title-car entry-title color_link_inherit\"><a href=\"https:\/\/www.inmocochescarhire.com\/fi\/coches\/focus-tai-samankaltainen\/\">FOCUS <span>TAI SAMANKALTAINEN <\/span><\/a><\/h3><\/div><div class=\"w-hwrapper usg_hwrapper_2 align_center valign_top\" style=\"--hwrapper-gap:25px\"><div class=\"w-post-elm post_custom_field usg_post_custom_field_2 car-icon-doors type_text puertas color_link_inherit\"><i class=\"material-icons\">directions_car<\/i><span class=\"w-post-elm-value\">5 Doors<\/span><\/div><div class=\"w-post-elm post_custom_field usg_post_custom_field_4 car-icon-seats type_text plazas color_link_inherit\"><i class=\"material-icons\">airline_seat_recline_extra<\/i><span class=\"w-post-elm-value\">5 paikkaa<\/span><\/div><div class=\"w-post-elm post_custom_field usg_post_custom_field_3 car-icon-manual type_text caja_de_cambios color_link_inherit\"><i class=\"material-icons\">insights<\/i><span class=\"w-post-elm-value\">Automaattinen<\/span><\/div><\/div><a class=\"w-btn us-btn-style_1 usg_btn_1\" target=\"_blank\" rel=\"nofollow\" href=\"https:\/\/booking.inmocochescarhire.com\/?idioma=fi&amp;grupo=D1\"><span class=\"w-btn-label\">Varata<\/span><\/a><\/div>\t\t<\/div>\r\n\t\t\t<\/article>\r\n\t<article class=\"w-grid-item size_1x1 post-2977 us_portfolio type-us_portfolio status-publish has-post-thumbnail hentry us_portfolio_category-peugeot-fi us_portfolio_tag-d2-fi\" data-id=\"2977\">\r\n\t\t<div class=\"w-grid-item-h\">\r\n\t\t\t\t\t\t<div class=\"w-vwrapper usg_vwrapper_1 align_none valign_top\" style=\"--vwrapper-gap:15px\"><div class=\"w-post-elm post_image usg_post_image_1 car-img stretched\"><a href=\"https:\/\/www.inmocochescarhire.com\/fi\/coches\/ford-mondeo-sw-tai-samankaltainen\/\" aria-label=\"FORD MONDEO SW TAI SAMANKALTAINEN \"><img loading=\"lazy\" decoding=\"async\" width=\"500\" height=\"272\" src=\"https:\/\/www.inmocochescarhire.com\/wp-content\/uploads\/2023\/01\/D2.jpg\" class=\"attachment-full size-full wp-post-image\" alt=\"\" srcset=\"https:\/\/www.inmocochescarhire.com\/wp-content\/uploads\/2023\/01\/D2.jpg 500w, https:\/\/www.inmocochescarhire.com\/wp-content\/uploads\/2023\/01\/D2-300x163.jpg 300w\" sizes=\"auto, (max-width: 500px) 100vw, 500px\" \/><\/a><\/div><div class=\"w-hwrapper usg_hwrapper_1 align_center valign_top\" style=\"--hwrapper-gap:11px\"><div class=\"w-post-elm post_custom_field usg_post_custom_field_1 model-car type_text grupo color_link_inherit\"><span class=\"w-post-elm-value\">D2<\/span><\/div><h3 class=\"w-post-elm post_title usg_post_title_1 title-car entry-title color_link_inherit\"><a href=\"https:\/\/www.inmocochescarhire.com\/fi\/coches\/ford-mondeo-sw-tai-samankaltainen\/\">FORD MONDEO SW <span>TAI SAMANKALTAINEN <\/span><\/a><\/h3><\/div><div class=\"w-hwrapper usg_hwrapper_2 align_center valign_top\" style=\"--hwrapper-gap:25px\"><div class=\"w-post-elm post_custom_field usg_post_custom_field_2 car-icon-doors type_text puertas color_link_inherit\"><i class=\"material-icons\">directions_car<\/i><span class=\"w-post-elm-value\">5 Doors<\/span><\/div><div class=\"w-post-elm post_custom_field usg_post_custom_field_4 car-icon-seats type_text plazas color_link_inherit\"><i class=\"material-icons\">airline_seat_recline_extra<\/i><span class=\"w-post-elm-value\">5 paikkaa<\/span><\/div><div class=\"w-post-elm post_custom_field usg_post_custom_field_3 car-icon-manual type_text caja_de_cambios color_link_inherit\"><i class=\"material-icons\">insights<\/i><span class=\"w-post-elm-value\">Automaattinen<\/span><\/div><\/div><a class=\"w-btn us-btn-style_1 usg_btn_1\" target=\"_blank\" rel=\"nofollow\" href=\"https:\/\/booking.inmocochescarhire.com\/?idioma=fi&amp;grupo=D2\"><span class=\"w-btn-label\">Varata<\/span><\/a><\/div>\t\t<\/div>\r\n\t\t\t<\/article>\r\n\t<article class=\"w-grid-item size_1x1 post-2984 us_portfolio type-us_portfolio status-publish has-post-thumbnail hentry us_portfolio_category-ford-fi us_portfolio_tag-f-fi\" data-id=\"2984\">\r\n\t\t<div class=\"w-grid-item-h\">\r\n\t\t\t\t\t\t<div class=\"w-vwrapper usg_vwrapper_1 align_none valign_top\" style=\"--vwrapper-gap:15px\"><div class=\"w-post-elm post_image usg_post_image_1 car-img stretched\"><a href=\"https:\/\/www.inmocochescarhire.com\/fi\/coches\/ford-focus-sw-tai-samankaltainen\/\" aria-label=\"FORD FOCUS SW TAI SAMANKALTAINEN \"><img loading=\"lazy\" decoding=\"async\" width=\"500\" height=\"272\" src=\"https:\/\/www.inmocochescarhire.com\/wp-content\/uploads\/2023\/01\/F.jpg\" class=\"attachment-full size-full wp-post-image\" alt=\"\" srcset=\"https:\/\/www.inmocochescarhire.com\/wp-content\/uploads\/2023\/01\/F.jpg 500w, https:\/\/www.inmocochescarhire.com\/wp-content\/uploads\/2023\/01\/F-300x163.jpg 300w\" sizes=\"auto, (max-width: 500px) 100vw, 500px\" \/><\/a><\/div><div class=\"w-hwrapper usg_hwrapper_1 align_center valign_top\" style=\"--hwrapper-gap:11px\"><div class=\"w-post-elm post_custom_field usg_post_custom_field_1 model-car type_text grupo color_link_inherit\"><span class=\"w-post-elm-value\">F<\/span><\/div><h3 class=\"w-post-elm post_title usg_post_title_1 title-car entry-title color_link_inherit\"><a href=\"https:\/\/www.inmocochescarhire.com\/fi\/coches\/ford-focus-sw-tai-samankaltainen\/\">FORD FOCUS SW <span>TAI SAMANKALTAINEN <\/span><\/a><\/h3><\/div><div class=\"w-hwrapper usg_hwrapper_2 align_center valign_top\" style=\"--hwrapper-gap:25px\"><div class=\"w-post-elm post_custom_field usg_post_custom_field_2 car-icon-doors type_text puertas color_link_inherit\"><i class=\"material-icons\">directions_car<\/i><span class=\"w-post-elm-value\">5 Doors<\/span><\/div><div class=\"w-post-elm post_custom_field usg_post_custom_field_4 car-icon-seats type_text plazas color_link_inherit\"><i class=\"material-icons\">airline_seat_recline_extra<\/i><span class=\"w-post-elm-value\">5 paikkaa<\/span><\/div><div class=\"w-post-elm post_custom_field usg_post_custom_field_3 car-icon-manual type_text caja_de_cambios color_link_inherit\"><i class=\"material-icons\">insights<\/i><span class=\"w-post-elm-value\">Manuaalinen<\/span><\/div><\/div><a class=\"w-btn us-btn-style_1 usg_btn_1\" target=\"_blank\" rel=\"nofollow\" href=\"https:\/\/booking.inmocochescarhire.com\/?idioma=fi&amp;grupo=F\"><span class=\"w-btn-label\">Varata<\/span><\/a><\/div>\t\t<\/div>\r\n\t\t\t<\/article>\r\n\t<article class=\"w-grid-item size_1x1 post-2900 us_portfolio type-us_portfolio status-publish has-post-thumbnail hentry us_portfolio_category-ford-fi us_portfolio_tag-g-fi\" data-id=\"2900\">\r\n\t\t<div class=\"w-grid-item-h\">\r\n\t\t\t\t\t\t<div class=\"w-vwrapper usg_vwrapper_1 align_none valign_top\" style=\"--vwrapper-gap:15px\"><div class=\"w-post-elm post_image usg_post_image_1 car-img stretched\"><a href=\"https:\/\/www.inmocochescarhire.com\/fi\/coches\/ford-kuga-tai-samankaltainen\/\" aria-label=\"FORD KUGA TAI SAMANKALTAINEN \"><img loading=\"lazy\" decoding=\"async\" width=\"500\" height=\"272\" src=\"https:\/\/www.inmocochescarhire.com\/wp-content\/uploads\/2023\/01\/G.jpg\" class=\"attachment-full size-full wp-post-image\" alt=\"\" srcset=\"https:\/\/www.inmocochescarhire.com\/wp-content\/uploads\/2023\/01\/G.jpg 500w, https:\/\/www.inmocochescarhire.com\/wp-content\/uploads\/2023\/01\/G-300x163.jpg 300w\" sizes=\"auto, (max-width: 500px) 100vw, 500px\" \/><\/a><\/div><div class=\"w-hwrapper usg_hwrapper_1 align_center valign_top\" style=\"--hwrapper-gap:11px\"><div class=\"w-post-elm post_custom_field usg_post_custom_field_1 model-car type_text grupo color_link_inherit\"><span class=\"w-post-elm-value\">G<\/span><\/div><h3 class=\"w-post-elm post_title usg_post_title_1 title-car entry-title color_link_inherit\"><a href=\"https:\/\/www.inmocochescarhire.com\/fi\/coches\/ford-kuga-tai-samankaltainen\/\">FORD KUGA <span>TAI SAMANKALTAINEN <\/span><\/a><\/h3><\/div><div class=\"w-hwrapper usg_hwrapper_2 align_center valign_top\" style=\"--hwrapper-gap:25px\"><div class=\"w-post-elm post_custom_field usg_post_custom_field_2 car-icon-doors type_text puertas color_link_inherit\"><i class=\"material-icons\">directions_car<\/i><span class=\"w-post-elm-value\">5 Doors<\/span><\/div><div class=\"w-post-elm post_custom_field usg_post_custom_field_4 car-icon-seats type_text plazas color_link_inherit\"><i class=\"material-icons\">airline_seat_recline_extra<\/i><span class=\"w-post-elm-value\">5 paikkaa<\/span><\/div><div class=\"w-post-elm post_custom_field usg_post_custom_field_3 car-icon-manual type_text caja_de_cambios color_link_inherit\"><i class=\"material-icons\">insights<\/i><span class=\"w-post-elm-value\">Manuaalinen<\/span><\/div><\/div><a class=\"w-btn us-btn-style_1 usg_btn_1\" target=\"_blank\" rel=\"nofollow\" href=\"https:\/\/booking.inmocochescarhire.com\/?idioma=fi&amp;grupo=G\"><span class=\"w-btn-label\">Varata<\/span><\/a><\/div>\t\t<\/div>\r\n\t\t\t<\/article>\r\n\t<article class=\"w-grid-item size_1x1 post-2943 us_portfolio type-us_portfolio status-publish has-post-thumbnail hentry us_portfolio_category-peugeot-fi us_portfolio_tag-h-fi\" data-id=\"2943\">\r\n\t\t<div class=\"w-grid-item-h\">\r\n\t\t\t\t\t\t<div class=\"w-vwrapper usg_vwrapper_1 align_none valign_top\" style=\"--vwrapper-gap:15px\"><div class=\"w-post-elm post_image usg_post_image_1 car-img stretched\"><a href=\"https:\/\/www.inmocochescarhire.com\/fi\/coches\/peugeot-308-cabrio-tai-samankaltainen\/\" aria-label=\"PEUGEOT 308 CABRIO TAI SAMANKALTAINEN \"><img loading=\"lazy\" decoding=\"async\" width=\"1013\" height=\"675\" src=\"https:\/\/www.inmocochescarhire.com\/wp-content\/uploads\/2023\/01\/unnamed-file.H.jpg\" class=\"attachment-full size-full wp-post-image\" alt=\"\" srcset=\"https:\/\/www.inmocochescarhire.com\/wp-content\/uploads\/2023\/01\/unnamed-file.H.jpg 1013w, https:\/\/www.inmocochescarhire.com\/wp-content\/uploads\/2023\/01\/unnamed-file.H-300x200.jpg 300w\" sizes=\"auto, (max-width: 1013px) 100vw, 1013px\" \/><\/a><\/div><div class=\"w-hwrapper usg_hwrapper_1 align_center valign_top\" style=\"--hwrapper-gap:11px\"><div class=\"w-post-elm post_custom_field usg_post_custom_field_1 model-car type_text grupo color_link_inherit\"><span class=\"w-post-elm-value\">H<\/span><\/div><h3 class=\"w-post-elm post_title usg_post_title_1 title-car entry-title color_link_inherit\"><a href=\"https:\/\/www.inmocochescarhire.com\/fi\/coches\/peugeot-308-cabrio-tai-samankaltainen\/\">PEUGEOT 308 CABRIO <span>TAI SAMANKALTAINEN <\/span><\/a><\/h3><\/div><div class=\"w-hwrapper usg_hwrapper_2 align_center valign_top\" style=\"--hwrapper-gap:25px\"><div class=\"w-post-elm post_custom_field usg_post_custom_field_2 car-icon-doors type_text puertas color_link_inherit\"><i class=\"material-icons\">directions_car<\/i><span class=\"w-post-elm-value\">2 Doors<\/span><\/div><div class=\"w-post-elm post_custom_field usg_post_custom_field_4 car-icon-seats type_text plazas color_link_inherit\"><i class=\"material-icons\">airline_seat_recline_extra<\/i><span class=\"w-post-elm-value\">4 paikkaa<\/span><\/div><div class=\"w-post-elm post_custom_field usg_post_custom_field_3 car-icon-manual type_text caja_de_cambios color_link_inherit\"><i class=\"material-icons\">insights<\/i><span class=\"w-post-elm-value\">Manuaalinen<\/span><\/div><\/div><a class=\"w-btn us-btn-style_1 usg_btn_1\" target=\"_blank\" rel=\"nofollow\" href=\"https:\/\/booking.inmocochescarhire.com\/?idioma=fi&amp;grupo=H\"><span class=\"w-btn-label\">Varata<\/span><\/a><\/div>\t\t<\/div>\r\n\t\t\t<\/article>\r\n\t<article class=\"w-grid-item size_1x1 post-2929 us_portfolio type-us_portfolio status-publish has-post-thumbnail hentry us_portfolio_category-bmw-fi us_portfolio_tag-h1-fi\" data-id=\"2929\">\r\n\t\t<div class=\"w-grid-item-h\">\r\n\t\t\t\t\t\t<div class=\"w-vwrapper usg_vwrapper_1 align_none valign_top\" style=\"--vwrapper-gap:15px\"><div class=\"w-post-elm post_image usg_post_image_1 car-img stretched\"><a href=\"https:\/\/www.inmocochescarhire.com\/fi\/coches\/bmw-z4-tai-samankaltainen\/\" aria-label=\"BMW Z4 TAI SAMANKALTAINEN \"><img loading=\"lazy\" decoding=\"async\" width=\"500\" height=\"272\" src=\"https:\/\/www.inmocochescarhire.com\/wp-content\/uploads\/2023\/01\/H1.jpg\" class=\"attachment-full size-full wp-post-image\" alt=\"\" srcset=\"https:\/\/www.inmocochescarhire.com\/wp-content\/uploads\/2023\/01\/H1.jpg 500w, https:\/\/www.inmocochescarhire.com\/wp-content\/uploads\/2023\/01\/H1-300x163.jpg 300w\" sizes=\"auto, (max-width: 500px) 100vw, 500px\" \/><\/a><\/div><div class=\"w-hwrapper usg_hwrapper_1 align_center valign_top\" style=\"--hwrapper-gap:11px\"><div class=\"w-post-elm post_custom_field usg_post_custom_field_1 model-car type_text grupo color_link_inherit\"><span class=\"w-post-elm-value\">H1<\/span><\/div><h3 class=\"w-post-elm post_title usg_post_title_1 title-car entry-title color_link_inherit\"><a href=\"https:\/\/www.inmocochescarhire.com\/fi\/coches\/bmw-z4-tai-samankaltainen\/\">BMW Z4 <span>TAI SAMANKALTAINEN <\/span><\/a><\/h3><\/div><div class=\"w-hwrapper usg_hwrapper_2 align_center valign_top\" style=\"--hwrapper-gap:25px\"><div class=\"w-post-elm post_custom_field usg_post_custom_field_2 car-icon-doors type_text puertas color_link_inherit\"><i class=\"material-icons\">directions_car<\/i><span class=\"w-post-elm-value\">2 Doors<\/span><\/div><div class=\"w-post-elm post_custom_field usg_post_custom_field_4 car-icon-seats type_text plazas color_link_inherit\"><i class=\"material-icons\">airline_seat_recline_extra<\/i><span class=\"w-post-elm-value\">2 paikkaa<\/span><\/div><div class=\"w-post-elm post_custom_field usg_post_custom_field_3 car-icon-manual type_text caja_de_cambios color_link_inherit\"><i class=\"material-icons\">insights<\/i><span class=\"w-post-elm-value\">Manuaalinen<\/span><\/div><\/div><a class=\"w-btn us-btn-style_1 usg_btn_1\" target=\"_blank\" rel=\"nofollow\" href=\"https:\/\/booking.inmocochescarhire.com\/?idioma=fi&amp;grupo=H1\"><span class=\"w-btn-label\">Varata<\/span><\/a><\/div>\t\t<\/div>\r\n\t\t\t<\/article>\r\n\t<article class=\"w-grid-item size_1x1 post-2968 us_portfolio type-us_portfolio status-publish has-post-thumbnail hentry us_portfolio_category-bmw-fi us_portfolio_tag-h2-fi\" data-id=\"2968\">\r\n\t\t<div class=\"w-grid-item-h\">\r\n\t\t\t\t\t\t<div class=\"w-vwrapper usg_vwrapper_1 align_none valign_top\" style=\"--vwrapper-gap:15px\"><div class=\"w-post-elm post_image usg_post_image_1 car-img stretched\"><a href=\"https:\/\/www.inmocochescarhire.com\/fi\/coches\/bmw-4-series-cabrio-tai-samankaltainen\/\" aria-label=\"BMW 4 SERIES CABRIO TAI SAMANKALTAINEN \"><img loading=\"lazy\" decoding=\"async\" width=\"500\" height=\"272\" src=\"https:\/\/www.inmocochescarhire.com\/wp-content\/uploads\/2023\/01\/H2.jpg\" class=\"attachment-full size-full wp-post-image\" alt=\"\" srcset=\"https:\/\/www.inmocochescarhire.com\/wp-content\/uploads\/2023\/01\/H2.jpg 500w, https:\/\/www.inmocochescarhire.com\/wp-content\/uploads\/2023\/01\/H2-300x163.jpg 300w\" sizes=\"auto, (max-width: 500px) 100vw, 500px\" \/><\/a><\/div><div class=\"w-hwrapper usg_hwrapper_1 align_center valign_top\" style=\"--hwrapper-gap:11px\"><div class=\"w-post-elm post_custom_field usg_post_custom_field_1 model-car type_text grupo color_link_inherit\"><span class=\"w-post-elm-value\">H2<\/span><\/div><h3 class=\"w-post-elm post_title usg_post_title_1 title-car entry-title color_link_inherit\"><a href=\"https:\/\/www.inmocochescarhire.com\/fi\/coches\/bmw-4-series-cabrio-tai-samankaltainen\/\">BMW 4 SERIES CABRIO <span>TAI SAMANKALTAINEN <\/span><\/a><\/h3><\/div><div class=\"w-hwrapper usg_hwrapper_2 align_center valign_top\" style=\"--hwrapper-gap:25px\"><div class=\"w-post-elm post_custom_field usg_post_custom_field_2 car-icon-doors type_text puertas color_link_inherit\"><i class=\"material-icons\">directions_car<\/i><span class=\"w-post-elm-value\">2 Doors<\/span><\/div><div class=\"w-post-elm post_custom_field usg_post_custom_field_4 car-icon-seats type_text plazas color_link_inherit\"><i class=\"material-icons\">airline_seat_recline_extra<\/i><span class=\"w-post-elm-value\">4 paikkaa<\/span><\/div><div class=\"w-post-elm post_custom_field usg_post_custom_field_3 car-icon-manual type_text caja_de_cambios color_link_inherit\"><i class=\"material-icons\">insights<\/i><span class=\"w-post-elm-value\">Automaattinen<\/span><\/div><\/div><a class=\"w-btn us-btn-style_1 usg_btn_1\" target=\"_blank\" rel=\"nofollow\" href=\"https:\/\/booking.inmocochescarhire.com\/?idioma=fi&amp;grupo=H2\"><span class=\"w-btn-label\">Varata<\/span><\/a><\/div>\t\t<\/div>\r\n\t\t\t<\/article>\r\n\t<article class=\"w-grid-item size_1x1 post-2867 us_portfolio type-us_portfolio status-publish has-post-thumbnail hentry us_portfolio_category-ford-fi us_portfolio_tag-i1-fi\" data-id=\"2867\">\r\n\t\t<div class=\"w-grid-item-h\">\r\n\t\t\t\t\t\t<div class=\"w-vwrapper usg_vwrapper_1 align_none valign_top\" style=\"--vwrapper-gap:15px\"><div class=\"w-post-elm post_image usg_post_image_1 car-img stretched\"><a href=\"https:\/\/www.inmocochescarhire.com\/fi\/coches\/ford-smax-7-seater-eller-liknande\/\" aria-label=\"FORD SMAX 7 SEATER TAI SAMANKALTAINEN\"><img loading=\"lazy\" decoding=\"async\" width=\"500\" height=\"272\" src=\"https:\/\/www.inmocochescarhire.com\/wp-content\/uploads\/2023\/01\/I1.jpg\" class=\"attachment-full size-full wp-post-image\" alt=\"\" srcset=\"https:\/\/www.inmocochescarhire.com\/wp-content\/uploads\/2023\/01\/I1.jpg 500w, https:\/\/www.inmocochescarhire.com\/wp-content\/uploads\/2023\/01\/I1-300x163.jpg 300w\" sizes=\"auto, (max-width: 500px) 100vw, 500px\" \/><\/a><\/div><div class=\"w-hwrapper usg_hwrapper_1 align_center valign_top\" style=\"--hwrapper-gap:11px\"><div class=\"w-post-elm post_custom_field usg_post_custom_field_1 model-car type_text grupo color_link_inherit\"><span class=\"w-post-elm-value\">I1<\/span><\/div><h3 class=\"w-post-elm post_title usg_post_title_1 title-car entry-title color_link_inherit\"><a href=\"https:\/\/www.inmocochescarhire.com\/fi\/coches\/ford-smax-7-seater-eller-liknande\/\">FORD SMAX 7 SEATER <span>TAI SAMANKALTAINEN<\/span><\/a><\/h3><\/div><div class=\"w-hwrapper usg_hwrapper_2 align_center valign_top\" style=\"--hwrapper-gap:25px\"><div class=\"w-post-elm post_custom_field usg_post_custom_field_2 car-icon-doors type_text puertas color_link_inherit\"><i class=\"material-icons\">directions_car<\/i><span class=\"w-post-elm-value\">5 Doors<\/span><\/div><div class=\"w-post-elm post_custom_field usg_post_custom_field_4 car-icon-seats type_text plazas color_link_inherit\"><i class=\"material-icons\">airline_seat_recline_extra<\/i><span class=\"w-post-elm-value\">7 paikkaa<\/span><\/div><div class=\"w-post-elm post_custom_field usg_post_custom_field_3 car-icon-manual type_text caja_de_cambios color_link_inherit\"><i class=\"material-icons\">insights<\/i><span class=\"w-post-elm-value\">Automaattinen<\/span><\/div><\/div><a class=\"w-btn us-btn-style_1 usg_btn_1\" target=\"_blank\" rel=\"nofollow\" href=\"https:\/\/booking.inmocochescarhire.com\/?idioma=fi&amp;grupo=I1\"><span class=\"w-btn-label\">Varata<\/span><\/a><\/div>\t\t<\/div>\r\n\t\t\t<\/article>\r\n\t<article class=\"w-grid-item size_1x1 post-2992 us_portfolio type-us_portfolio status-publish has-post-thumbnail hentry us_portfolio_category-ford-fi us_portfolio_tag-l-fi\" data-id=\"2992\">\r\n\t\t<div class=\"w-grid-item-h\">\r\n\t\t\t\t\t\t<div class=\"w-vwrapper usg_vwrapper_1 align_none valign_top\" style=\"--vwrapper-gap:15px\"><div class=\"w-post-elm post_image usg_post_image_1 car-img stretched\"><a href=\"https:\/\/www.inmocochescarhire.com\/fi\/coches\/ford-s-max-7-seater-tai-vastaava\/\" aria-label=\"FORD S-MAX 7 SEATER TAI VASTAAVA \"><img loading=\"lazy\" decoding=\"async\" width=\"500\" height=\"272\" src=\"https:\/\/www.inmocochescarhire.com\/wp-content\/uploads\/2023\/01\/I1.jpg\" class=\"attachment-full size-full wp-post-image\" alt=\"\" srcset=\"https:\/\/www.inmocochescarhire.com\/wp-content\/uploads\/2023\/01\/I1.jpg 500w, https:\/\/www.inmocochescarhire.com\/wp-content\/uploads\/2023\/01\/I1-300x163.jpg 300w\" sizes=\"auto, (max-width: 500px) 100vw, 500px\" \/><\/a><\/div><div class=\"w-hwrapper usg_hwrapper_1 align_center valign_top\" style=\"--hwrapper-gap:11px\"><div class=\"w-post-elm post_custom_field usg_post_custom_field_1 model-car type_text grupo color_link_inherit\"><span class=\"w-post-elm-value\">I1<\/span><\/div><h3 class=\"w-post-elm post_title usg_post_title_1 title-car entry-title color_link_inherit\"><a href=\"https:\/\/www.inmocochescarhire.com\/fi\/coches\/ford-s-max-7-seater-tai-vastaava\/\">FORD S-MAX 7 SEATER <span>TAI VASTAAVA <\/span><\/a><\/h3><\/div><div class=\"w-hwrapper usg_hwrapper_2 align_center valign_top\" style=\"--hwrapper-gap:25px\"><div class=\"w-post-elm post_custom_field usg_post_custom_field_2 car-icon-doors type_text puertas color_link_inherit\"><i class=\"material-icons\">directions_car<\/i><span class=\"w-post-elm-value\">5 Doors<\/span><\/div><div class=\"w-post-elm post_custom_field usg_post_custom_field_4 car-icon-seats type_text plazas color_link_inherit\"><i class=\"material-icons\">airline_seat_recline_extra<\/i><span class=\"w-post-elm-value\">7<\/span><\/div><div class=\"w-post-elm post_custom_field usg_post_custom_field_3 car-icon-manual type_text caja_de_cambios color_link_inherit\"><i class=\"material-icons\">insights<\/i><span class=\"w-post-elm-value\">Manuaalinen<\/span><\/div><\/div><a class=\"w-btn us-btn-style_1 usg_btn_1\" target=\"_blank\" rel=\"nofollow\" href=\"https:\/\/booking.inmocochescarhire.com\/?idioma=fi&amp;grupo=I1\"><span class=\"w-btn-label\">Varata<\/span><\/a><\/div>\t\t<\/div>\r\n\t\t\t<\/article>\r\n\t<article class=\"w-grid-item size_1x1 post-2935 us_portfolio type-us_portfolio status-publish has-post-thumbnail hentry us_portfolio_category-mercedes-fi us_portfolio_tag-j-fi\" data-id=\"2935\">\r\n\t\t<div class=\"w-grid-item-h\">\r\n\t\t\t\t\t\t<div class=\"w-vwrapper usg_vwrapper_1 align_none valign_top\" style=\"--vwrapper-gap:15px\"><div class=\"w-post-elm post_image usg_post_image_1 car-img stretched\"><a href=\"https:\/\/www.inmocochescarhire.com\/fi\/coches\/mercedes-vito-9-paikkainen-tai-vastaava-2\/\" aria-label=\"MERCEDES VITO 9-PAIKKAINEN TAI SAMANKALTAINEN\"><img loading=\"lazy\" decoding=\"async\" width=\"500\" height=\"272\" src=\"https:\/\/www.inmocochescarhire.com\/wp-content\/uploads\/2023\/01\/J.jpg\" class=\"attachment-full size-full wp-post-image\" alt=\"\" srcset=\"https:\/\/www.inmocochescarhire.com\/wp-content\/uploads\/2023\/01\/J.jpg 500w, https:\/\/www.inmocochescarhire.com\/wp-content\/uploads\/2023\/01\/J-300x163.jpg 300w\" sizes=\"auto, (max-width: 500px) 100vw, 500px\" \/><\/a><\/div><div class=\"w-hwrapper usg_hwrapper_1 align_center valign_top\" style=\"--hwrapper-gap:11px\"><div class=\"w-post-elm post_custom_field usg_post_custom_field_1 model-car type_text grupo color_link_inherit\"><span class=\"w-post-elm-value\">J<\/span><\/div><h3 class=\"w-post-elm post_title usg_post_title_1 title-car entry-title color_link_inherit\"><a href=\"https:\/\/www.inmocochescarhire.com\/fi\/coches\/mercedes-vito-9-paikkainen-tai-vastaava-2\/\">MERCEDES VITO 9-PAIKKAINEN <span>TAI SAMANKALTAINEN<\/span><\/a><\/h3><\/div><div class=\"w-hwrapper usg_hwrapper_2 align_center valign_top\" style=\"--hwrapper-gap:25px\"><div class=\"w-post-elm post_custom_field usg_post_custom_field_2 car-icon-doors type_text puertas color_link_inherit\"><i class=\"material-icons\">directions_car<\/i><span class=\"w-post-elm-value\">5 Doors<\/span><\/div><div class=\"w-post-elm post_custom_field usg_post_custom_field_4 car-icon-seats type_text plazas color_link_inherit\"><i class=\"material-icons\">airline_seat_recline_extra<\/i><span class=\"w-post-elm-value\">9 paikkaa<\/span><\/div><div class=\"w-post-elm post_custom_field usg_post_custom_field_3 car-icon-manual type_text caja_de_cambios color_link_inherit\"><i class=\"material-icons\">insights<\/i><span class=\"w-post-elm-value\">Manuaalinen<\/span><\/div><\/div><a class=\"w-btn us-btn-style_1 usg_btn_1\" target=\"_blank\" rel=\"nofollow\" href=\"https:\/\/booking.inmocochescarhire.com\/?idioma=fi&amp;grupo=J\"><span class=\"w-btn-label\">Varata<\/span><\/a><\/div>\t\t<\/div>\r\n\t\t\t<\/article>\r\n\t<article class=\"w-grid-item size_1x1 post-2877 us_portfolio type-us_portfolio status-publish has-post-thumbnail hentry us_portfolio_category-mercedes-fi us_portfolio_tag-j1-fi\" data-id=\"2877\">\r\n\t\t<div class=\"w-grid-item-h\">\r\n\t\t\t\t\t\t<div class=\"w-vwrapper usg_vwrapper_1 align_none valign_top\" style=\"--vwrapper-gap:15px\"><div class=\"w-post-elm post_image usg_post_image_1 car-img stretched\"><a href=\"https:\/\/www.inmocochescarhire.com\/fi\/coches\/mercedes-vito-9-paikkainen-tai-vastaava\/\" aria-label=\"MERCEDES VITO 9-PAIKKAINEN TAI SAMANKALTAINEN\"><img loading=\"lazy\" decoding=\"async\" width=\"500\" height=\"272\" src=\"https:\/\/www.inmocochescarhire.com\/wp-content\/uploads\/2023\/01\/J1.jpg\" class=\"attachment-full size-full wp-post-image\" alt=\"\" srcset=\"https:\/\/www.inmocochescarhire.com\/wp-content\/uploads\/2023\/01\/J1.jpg 500w, https:\/\/www.inmocochescarhire.com\/wp-content\/uploads\/2023\/01\/J1-300x163.jpg 300w\" sizes=\"auto, (max-width: 500px) 100vw, 500px\" \/><\/a><\/div><div class=\"w-hwrapper usg_hwrapper_1 align_center valign_top\" style=\"--hwrapper-gap:11px\"><div class=\"w-post-elm post_custom_field usg_post_custom_field_1 model-car type_text grupo color_link_inherit\"><span class=\"w-post-elm-value\">J1<\/span><\/div><h3 class=\"w-post-elm post_title usg_post_title_1 title-car entry-title color_link_inherit\"><a href=\"https:\/\/www.inmocochescarhire.com\/fi\/coches\/mercedes-vito-9-paikkainen-tai-vastaava\/\">MERCEDES VITO 9-PAIKKAINEN <span>TAI SAMANKALTAINEN<\/span><\/a><\/h3><\/div><div class=\"w-hwrapper usg_hwrapper_2 align_center valign_top\" style=\"--hwrapper-gap:25px\"><div class=\"w-post-elm post_custom_field usg_post_custom_field_2 car-icon-doors type_text puertas color_link_inherit\"><i class=\"material-icons\">directions_car<\/i><span class=\"w-post-elm-value\">5 Doors<\/span><\/div><div class=\"w-post-elm post_custom_field usg_post_custom_field_4 car-icon-seats type_text plazas color_link_inherit\"><i class=\"material-icons\">airline_seat_recline_extra<\/i><span class=\"w-post-elm-value\">9 paikkaa<\/span><\/div><div class=\"w-post-elm post_custom_field usg_post_custom_field_3 car-icon-manual type_text caja_de_cambios color_link_inherit\"><i class=\"material-icons\">insights<\/i><span class=\"w-post-elm-value\">Automaattinen<\/span><\/div><\/div><a class=\"w-btn us-btn-style_1 usg_btn_1\" target=\"_blank\" rel=\"nofollow\" href=\"https:\/\/booking.inmocochescarhire.com\/?idioma=fi&amp;grupo=J1\"><span class=\"w-btn-label\">Varata<\/span><\/a><\/div>\t\t<\/div>\r\n\t\t\t<\/article>\r\n\t<article class=\"w-grid-item size_1x1 post-2972 us_portfolio type-us_portfolio status-publish has-post-thumbnail hentry us_portfolio_category-audi-fi us_portfolio_tag-k-fi\" data-id=\"2972\">\r\n\t\t<div class=\"w-grid-item-h\">\r\n\t\t\t\t\t\t<div class=\"w-vwrapper usg_vwrapper_1 align_none valign_top\" style=\"--vwrapper-gap:15px\"><div class=\"w-post-elm post_image usg_post_image_1 car-img stretched\"><a href=\"https:\/\/www.inmocochescarhire.com\/fi\/coches\/audi-a5-tai-samankaltainen\/\" aria-label=\"AUDI A5 TAI SAMANKALTAINEN \"><img loading=\"lazy\" decoding=\"async\" width=\"500\" height=\"272\" src=\"https:\/\/www.inmocochescarhire.com\/wp-content\/uploads\/2023\/01\/K.jpg\" class=\"attachment-full size-full wp-post-image\" alt=\"\" srcset=\"https:\/\/www.inmocochescarhire.com\/wp-content\/uploads\/2023\/01\/K.jpg 500w, https:\/\/www.inmocochescarhire.com\/wp-content\/uploads\/2023\/01\/K-300x163.jpg 300w\" sizes=\"auto, (max-width: 500px) 100vw, 500px\" \/><\/a><\/div><div class=\"w-hwrapper usg_hwrapper_1 align_center valign_top\" style=\"--hwrapper-gap:11px\"><div class=\"w-post-elm post_custom_field usg_post_custom_field_1 model-car type_text grupo color_link_inherit\"><span class=\"w-post-elm-value\">K<\/span><\/div><h3 class=\"w-post-elm post_title usg_post_title_1 title-car entry-title color_link_inherit\"><a href=\"https:\/\/www.inmocochescarhire.com\/fi\/coches\/audi-a5-tai-samankaltainen\/\">AUDI A5 <span>TAI SAMANKALTAINEN <\/span><\/a><\/h3><\/div><div class=\"w-hwrapper usg_hwrapper_2 align_center valign_top\" style=\"--hwrapper-gap:25px\"><div class=\"w-post-elm post_custom_field usg_post_custom_field_2 car-icon-doors type_text puertas color_link_inherit\"><i class=\"material-icons\">directions_car<\/i><span class=\"w-post-elm-value\">5 Doors<\/span><\/div><div class=\"w-post-elm post_custom_field usg_post_custom_field_4 car-icon-seats type_text plazas color_link_inherit\"><i class=\"material-icons\">airline_seat_recline_extra<\/i><span class=\"w-post-elm-value\">5 paikkaa<\/span><\/div><div class=\"w-post-elm post_custom_field usg_post_custom_field_3 car-icon-manual type_text caja_de_cambios color_link_inherit\"><i class=\"material-icons\">insights<\/i><span class=\"w-post-elm-value\">Automaattinen<\/span><\/div><\/div><a class=\"w-btn us-btn-style_1 usg_btn_1\" target=\"_blank\" rel=\"nofollow\" href=\"https:\/\/booking.inmocochescarhire.com\/?idioma=fi&amp;grupo=K\"><span class=\"w-btn-label\">Varata<\/span><\/a><\/div>\t\t<\/div>\r\n\t\t\t<\/article>\r\n\t<article class=\"w-grid-item size_1x1 post-2854 us_portfolio type-us_portfolio status-publish has-post-thumbnail hentry us_portfolio_category-bmw-fi us_portfolio_tag-l-fi\" data-id=\"2854\">\r\n\t\t<div class=\"w-grid-item-h\">\r\n\t\t\t\t\t\t<div class=\"w-vwrapper usg_vwrapper_1 align_none valign_top\" style=\"--vwrapper-gap:15px\"><div class=\"w-post-elm post_image usg_post_image_1 car-img stretched\"><a href=\"https:\/\/www.inmocochescarhire.com\/fi\/coches\/bmw-x5-tai-samankaltainen\/\" aria-label=\"BMW X5 TAI SAMANKALTAINEN \"><img loading=\"lazy\" decoding=\"async\" width=\"500\" height=\"272\" src=\"https:\/\/www.inmocochescarhire.com\/wp-content\/uploads\/2023\/01\/L.jpg\" class=\"attachment-full size-full wp-post-image\" alt=\"\" srcset=\"https:\/\/www.inmocochescarhire.com\/wp-content\/uploads\/2023\/01\/L.jpg 500w, https:\/\/www.inmocochescarhire.com\/wp-content\/uploads\/2023\/01\/L-300x163.jpg 300w\" sizes=\"auto, (max-width: 500px) 100vw, 500px\" \/><\/a><\/div><div class=\"w-hwrapper usg_hwrapper_1 align_center valign_top\" style=\"--hwrapper-gap:11px\"><div class=\"w-post-elm post_custom_field usg_post_custom_field_1 model-car type_text grupo color_link_inherit\"><span class=\"w-post-elm-value\">L<\/span><\/div><h3 class=\"w-post-elm post_title usg_post_title_1 title-car entry-title color_link_inherit\"><a href=\"https:\/\/www.inmocochescarhire.com\/fi\/coches\/bmw-x5-tai-samankaltainen\/\">BMW X5 <span>TAI SAMANKALTAINEN <\/span><\/a><\/h3><\/div><div class=\"w-hwrapper usg_hwrapper_2 align_center valign_top\" style=\"--hwrapper-gap:25px\"><div class=\"w-post-elm post_custom_field usg_post_custom_field_2 car-icon-doors type_text puertas color_link_inherit\"><i class=\"material-icons\">directions_car<\/i><span class=\"w-post-elm-value\">5 Doors<\/span><\/div><div class=\"w-post-elm post_custom_field usg_post_custom_field_4 car-icon-seats type_text plazas color_link_inherit\"><i class=\"material-icons\">airline_seat_recline_extra<\/i><span class=\"w-post-elm-value\">5 paikkaa<\/span><\/div><div class=\"w-post-elm post_custom_field usg_post_custom_field_3 car-icon-manual type_text caja_de_cambios color_link_inherit\"><i class=\"material-icons\">insights<\/i><span class=\"w-post-elm-value\">Automaattinen<\/span><\/div><\/div><a class=\"w-btn us-btn-style_1 usg_btn_1\" target=\"_blank\" rel=\"nofollow\" href=\"https:\/\/booking.inmocochescarhire.com\/?idioma=fi&amp;grupo=L\"><span class=\"w-btn-label\">Varata<\/span><\/a><\/div>\t\t<\/div>\r\n\t\t\t<\/article>\r\n\t<article class=\"w-grid-item size_1x1 post-2981 us_portfolio type-us_portfolio status-publish has-post-thumbnail hentry us_portfolio_tag-m-fi\" data-id=\"2981\">\r\n\t\t<div class=\"w-grid-item-h\">\r\n\t\t\t\t\t\t<div class=\"w-vwrapper usg_vwrapper_1 align_none valign_top\" style=\"--vwrapper-gap:15px\"><div class=\"w-post-elm post_image usg_post_image_1 car-img stretched\"><a href=\"https:\/\/www.inmocochescarhire.com\/fi\/coches\/125cc-motorcycle-tai-samankaltainen\/\" aria-label=\"125CC MOTORCYCLE TAI SAMANKALTAINEN \"><img loading=\"lazy\" decoding=\"async\" width=\"1280\" height=\"960\" src=\"https:\/\/www.inmocochescarhire.com\/wp-content\/uploads\/2023\/01\/M.jpg\" class=\"attachment-full size-full wp-post-image\" alt=\"\" srcset=\"https:\/\/www.inmocochescarhire.com\/wp-content\/uploads\/2023\/01\/M.jpg 1280w, https:\/\/www.inmocochescarhire.com\/wp-content\/uploads\/2023\/01\/M-300x225.jpg 300w, https:\/\/www.inmocochescarhire.com\/wp-content\/uploads\/2023\/01\/M-1024x768.jpg 1024w\" sizes=\"auto, (max-width: 1280px) 100vw, 1280px\" \/><\/a><\/div><div class=\"w-hwrapper usg_hwrapper_1 align_center valign_top\" style=\"--hwrapper-gap:11px\"><div class=\"w-post-elm post_custom_field usg_post_custom_field_1 model-car type_text grupo color_link_inherit\"><span class=\"w-post-elm-value\">M<\/span><\/div><h3 class=\"w-post-elm post_title usg_post_title_1 title-car entry-title color_link_inherit\"><a href=\"https:\/\/www.inmocochescarhire.com\/fi\/coches\/125cc-motorcycle-tai-samankaltainen\/\">125CC MOTORCYCLE <span>TAI SAMANKALTAINEN <\/span><\/a><\/h3><\/div><div class=\"w-hwrapper usg_hwrapper_2 align_center valign_top\" style=\"--hwrapper-gap:25px\"><div class=\"w-post-elm post_custom_field usg_post_custom_field_2 car-icon-doors type_text puertas color_link_inherit\"><i class=\"material-icons\">directions_car<\/i><span class=\"w-post-elm-value\">N\/A<\/span><\/div><div class=\"w-post-elm post_custom_field usg_post_custom_field_4 car-icon-seats type_text plazas color_link_inherit\"><i class=\"material-icons\">airline_seat_recline_extra<\/i><span class=\"w-post-elm-value\">2 paikkaa<\/span><\/div><div class=\"w-post-elm post_custom_field usg_post_custom_field_3 car-icon-manual type_text caja_de_cambios color_link_inherit\"><i class=\"material-icons\">insights<\/i><span class=\"w-post-elm-value\">Manuaalinen<\/span><\/div><\/div><a class=\"w-btn us-btn-style_1 usg_btn_1\" target=\"_blank\" rel=\"nofollow\" href=\"https:\/\/booking.inmocochescarhire.com\/?idioma=fi&amp;grupo=M\"><span class=\"w-btn-label\">Varata<\/span><\/a><\/div>\t\t<\/div>\r\n\t\t\t<\/article>\r\n\t<article class=\"w-grid-item size_1x1 post-2893 us_portfolio type-us_portfolio status-publish has-post-thumbnail hentry us_portfolio_category-mini-fi us_portfolio_tag-n-fi\" data-id=\"2893\">\r\n\t\t<div class=\"w-grid-item-h\">\r\n\t\t\t\t\t\t<div class=\"w-vwrapper usg_vwrapper_1 align_none valign_top\" style=\"--vwrapper-gap:15px\"><div class=\"w-post-elm post_image usg_post_image_1 car-img stretched\"><a href=\"https:\/\/www.inmocochescarhire.com\/fi\/coches\/2893\/\" aria-label=\"MINI COOPER TAI SAMANLAINEN \"><img loading=\"lazy\" decoding=\"async\" width=\"500\" height=\"272\" src=\"https:\/\/www.inmocochescarhire.com\/wp-content\/uploads\/2023\/01\/N.jpg\" class=\"attachment-full size-full wp-post-image\" alt=\"\" srcset=\"https:\/\/www.inmocochescarhire.com\/wp-content\/uploads\/2023\/01\/N.jpg 500w, https:\/\/www.inmocochescarhire.com\/wp-content\/uploads\/2023\/01\/N-300x163.jpg 300w\" sizes=\"auto, (max-width: 500px) 100vw, 500px\" \/><\/a><\/div><div class=\"w-hwrapper usg_hwrapper_1 align_center valign_top\" style=\"--hwrapper-gap:11px\"><div class=\"w-post-elm post_custom_field usg_post_custom_field_1 model-car type_text grupo color_link_inherit\"><span class=\"w-post-elm-value\">N<\/span><\/div><h3 class=\"w-post-elm post_title usg_post_title_1 title-car entry-title color_link_inherit\"><a href=\"https:\/\/www.inmocochescarhire.com\/fi\/coches\/2893\/\">MINI COOPER <span>TAI SAMANLAINEN <\/span><\/a><\/h3><\/div><div class=\"w-hwrapper usg_hwrapper_2 align_center valign_top\" style=\"--hwrapper-gap:25px\"><div class=\"w-post-elm post_custom_field usg_post_custom_field_2 car-icon-doors type_text puertas color_link_inherit\"><i class=\"material-icons\">directions_car<\/i><span class=\"w-post-elm-value\">2 doors<\/span><\/div><div class=\"w-post-elm post_custom_field usg_post_custom_field_4 car-icon-seats type_text plazas color_link_inherit\"><i class=\"material-icons\">airline_seat_recline_extra<\/i><span class=\"w-post-elm-value\">4 paikkaa<\/span><\/div><div class=\"w-post-elm post_custom_field usg_post_custom_field_3 car-icon-manual type_text caja_de_cambios color_link_inherit\"><i class=\"material-icons\">insights<\/i><span class=\"w-post-elm-value\">Manuaalinen<\/span><\/div><\/div><a class=\"w-btn us-btn-style_1 usg_btn_1\" target=\"_blank\" rel=\"nofollow\" href=\"https:\/\/booking.inmocochescarhire.com\/?idioma=fi&amp;grupo=N\"><span class=\"w-btn-label\">Varata<\/span><\/a><\/div>\t\t<\/div>\r\n\t\t\t<\/article>\r\n<\/div>\t<div class=\"w-grid-preloader\">\r\n\t\t<div class=\"g-preloader type_1\">\r\n\t\t\t<div><\/div>\r\n\t\t<\/div>\r\n\t<\/div>\r\n\t\t<div class=\"w-grid-json hidden\" onclick='return {&quot;action&quot;:&quot;us_ajax_grid&quot;,&quot;infinite_scroll&quot;:0,&quot;max_num_pages&quot;:1,&quot;pagination&quot;:&quot;none&quot;,&quot;template_vars&quot;:{&quot;columns&quot;:&quot;3&quot;,&quot;exclude_items&quot;:&quot;none&quot;,&quot;img_size&quot;:&quot;default&quot;,&quot;ignore_items_size&quot;:0,&quot;items_layout&quot;:&quot;859&quot;,&quot;items_offset&quot;:&quot;1&quot;,&quot;load_animation&quot;:&quot;none&quot;,&quot;overriding_link&quot;:&quot;{\\&quot;url\\&quot;:\\&quot;\\&quot;}&quot;,&quot;post_id&quot;:0,&quot;query_args&quot;:{&quot;post_type&quot;:[&quot;us_portfolio&quot;],&quot;post_status&quot;:[&quot;publish&quot;],&quot;posts_per_page&quot;:999},&quot;orderby_query_args&quot;:{&quot;orderby&quot;:&quot;custom_field&quot;,&quot;meta_key&quot;:&quot;grupo&quot;,&quot;order&quot;:&quot;ASC&quot;},&quot;type&quot;:&quot;grid&quot;,&quot;us_grid_post_type&quot;:&quot;us_portfolio&quot;,&quot;us_grid_ajax_index&quot;:1,&quot;us_grid_filter_query_string&quot;:null,&quot;us_grid_index&quot;:1,&quot;page_args&quot;:[],&quot;lang&quot;:&quot;fi&quot;}}'><\/div>\r\n\t<\/div><\/div><\/div><\/div><\/div><\/div><\/section>\n","protected":false},"excerpt":{"rendered":"V\u00c4HIMM\u00c4ISIK\u00c4 25 VUOTTA. MAKSIMIIK\u00c4 75 VUOTTA. KOLMANNEN OSAPUOLEN VAKUUTUS, SIS\u00c4LT\u00c4 OMAvastuu ILMASTOINTI","protected":false},"author":3,"featured_media":0,"parent":0,"menu_order":0,"comment_status":"closed","ping_status":"closed","template":"","meta":{"_crdt_document":"","_joinchat":[],"footnotes":""},"class_list":["post-1860","page","type-page","status-publish","hentry"],"yoast_head":"<!-- This site is optimized with the Yoast SEO plugin v27.5 - https:\/\/yoast.com\/product\/yoast-seo-wordpress\/ -->\n<title>Laivasto - Inmocoches<\/title>\n<meta name=\"robots\" content=\"index, follow, max-snippet:-1, max-image-preview:large, max-video-preview:-1\" \/>\n<link rel=\"canonical\" href=\"https:\/\/www.inmocochescarhire.com\/fi\/laivasto\/\" \/>\n<meta property=\"og:locale\" content=\"fi_FI\" \/>\n<meta property=\"og:type\" content=\"article\" \/>\n<meta property=\"og:title\" content=\"Laivasto - Inmocoches\" \/>\n<meta property=\"og:url\" content=\"https:\/\/www.inmocochescarhire.com\/fi\/laivasto\/\" \/>\n<meta property=\"og:site_name\" content=\"Inmocoches\" \/>\n<meta property=\"article:modified_time\" content=\"2023-03-10T11:20:36+00:00\" \/>\n<meta name=\"twitter:card\" content=\"summary_large_image\" \/>\n<meta name=\"twitter:label1\" content=\"Arvioitu lukuaika\" \/>\n\t<meta name=\"twitter:data1\" content=\"1 minuutti\" \/>\n<script type=\"application\/ld+json\" class=\"yoast-schema-graph\">{\"@context\":\"https:\\\/\\\/schema.org\",\"@graph\":[{\"@type\":\"WebPage\",\"@id\":\"https:\\\/\\\/www.inmocochescarhire.com\\\/fi\\\/laivasto\\\/\",\"url\":\"https:\\\/\\\/www.inmocochescarhire.com\\\/fi\\\/laivasto\\\/\",\"name\":\"Laivasto - Inmocoches\",\"isPartOf\":{\"@id\":\"https:\\\/\\\/www.inmocochescarhire.com\\\/fi\\\/#website\"},\"datePublished\":\"2022-12-20T10:18:42+00:00\",\"dateModified\":\"2023-03-10T11:20:36+00:00\",\"breadcrumb\":{\"@id\":\"https:\\\/\\\/www.inmocochescarhire.com\\\/fi\\\/laivasto\\\/#breadcrumb\"},\"inLanguage\":\"fi\",\"potentialAction\":[{\"@type\":\"ReadAction\",\"target\":[\"https:\\\/\\\/www.inmocochescarhire.com\\\/fi\\\/laivasto\\\/\"]}]},{\"@type\":\"BreadcrumbList\",\"@id\":\"https:\\\/\\\/www.inmocochescarhire.com\\\/fi\\\/laivasto\\\/#breadcrumb\",\"itemListElement\":[{\"@type\":\"ListItem\",\"position\":1,\"name\":\"Portada\",\"item\":\"https:\\\/\\\/www.inmocochescarhire.com\\\/fi\\\/\"},{\"@type\":\"ListItem\",\"position\":2,\"name\":\"Laivasto\"}]},{\"@type\":\"WebSite\",\"@id\":\"https:\\\/\\\/www.inmocochescarhire.com\\\/fi\\\/#website\",\"url\":\"https:\\\/\\\/www.inmocochescarhire.com\\\/fi\\\/\",\"name\":\"Inmocoches\",\"description\":\"\",\"potentialAction\":[{\"@type\":\"SearchAction\",\"target\":{\"@type\":\"EntryPoint\",\"urlTemplate\":\"https:\\\/\\\/www.inmocochescarhire.com\\\/fi\\\/?s={search_term_string}\"},\"query-input\":{\"@type\":\"PropertyValueSpecification\",\"valueRequired\":true,\"valueName\":\"search_term_string\"}}],\"inLanguage\":\"fi\"}]}<\/script>\n<!-- \/ Yoast SEO plugin. -->","yoast_head_json":{"title":"Laivasto - Inmocoches","robots":{"index":"index","follow":"follow","max-snippet":"max-snippet:-1","max-image-preview":"max-image-preview:large","max-video-preview":"max-video-preview:-1"},"canonical":"https:\/\/www.inmocochescarhire.com\/fi\/laivasto\/","og_locale":"fi_FI","og_type":"article","og_title":"Laivasto - Inmocoches","og_url":"https:\/\/www.inmocochescarhire.com\/fi\/laivasto\/","og_site_name":"Inmocoches","article_modified_time":"2023-03-10T11:20:36+00:00","twitter_card":"summary_large_image","twitter_misc":{"Arvioitu lukuaika":"1 minuutti"},"schema":{"@context":"https:\/\/schema.org","@graph":[{"@type":"WebPage","@id":"https:\/\/www.inmocochescarhire.com\/fi\/laivasto\/","url":"https:\/\/www.inmocochescarhire.com\/fi\/laivasto\/","name":"Laivasto - Inmocoches","isPartOf":{"@id":"https:\/\/www.inmocochescarhire.com\/fi\/#website"},"datePublished":"2022-12-20T10:18:42+00:00","dateModified":"2023-03-10T11:20:36+00:00","breadcrumb":{"@id":"https:\/\/www.inmocochescarhire.com\/fi\/laivasto\/#breadcrumb"},"inLanguage":"fi","potentialAction":[{"@type":"ReadAction","target":["https:\/\/www.inmocochescarhire.com\/fi\/laivasto\/"]}]},{"@type":"BreadcrumbList","@id":"https:\/\/www.inmocochescarhire.com\/fi\/laivasto\/#breadcrumb","itemListElement":[{"@type":"ListItem","position":1,"name":"Portada","item":"https:\/\/www.inmocochescarhire.com\/fi\/"},{"@type":"ListItem","position":2,"name":"Laivasto"}]},{"@type":"WebSite","@id":"https:\/\/www.inmocochescarhire.com\/fi\/#website","url":"https:\/\/www.inmocochescarhire.com\/fi\/","name":"Inmocoches","description":"","potentialAction":[{"@type":"SearchAction","target":{"@type":"EntryPoint","urlTemplate":"https:\/\/www.inmocochescarhire.com\/fi\/?s={search_term_string}"},"query-input":{"@type":"PropertyValueSpecification","valueRequired":true,"valueName":"search_term_string"}}],"inLanguage":"fi"}]}},"_links":{"self":[{"href":"https:\/\/www.inmocochescarhire.com\/fi\/wp-json\/wp\/v2\/pages\/1860","targetHints":{"allow":["GET"]}}],"collection":[{"href":"https:\/\/www.inmocochescarhire.com\/fi\/wp-json\/wp\/v2\/pages"}],"about":[{"href":"https:\/\/www.inmocochescarhire.com\/fi\/wp-json\/wp\/v2\/types\/page"}],"author":[{"embeddable":true,"href":"https:\/\/www.inmocochescarhire.com\/fi\/wp-json\/wp\/v2\/users\/3"}],"replies":[{"embeddable":true,"href":"https:\/\/www.inmocochescarhire.com\/fi\/wp-json\/wp\/v2\/comments?post=1860"}],"version-history":[{"count":4,"href":"https:\/\/www.inmocochescarhire.com\/fi\/wp-json\/wp\/v2\/pages\/1860\/revisions"}],"predecessor-version":[{"id":1928,"href":"https:\/\/www.inmocochescarhire.com\/fi\/wp-json\/wp\/v2\/pages\/1860\/revisions\/1928"}],"wp:attachment":[{"href":"https:\/\/www.inmocochescarhire.com\/fi\/wp-json\/wp\/v2\/media?parent=1860"}],"curies":[{"name":"wp","href":"https:\/\/api.w.org\/{rel}","templated":true}]}}