{"id":2,"date":"2022-09-30T10:24:42","date_gmt":"2022-09-30T08:24:42","guid":{"rendered":"http:\/\/www.inmocochescarhire.com\/?page_id=2"},"modified":"2026-03-03T15:13:28","modified_gmt":"2026-03-03T13:13:28","slug":"pagina-ejemplo","status":"publish","type":"page","link":"https:\/\/www.inmocochescarhire.com\/es\/","title":{"rendered":"Inicio"},"content":{"rendered":"<section class=\"l-section wpb_row us_custom_8c5fe020 slider-home hide_on_tablets hide_on_mobiles height_medium width_full\"><div class=\"l-section-h i-cf\"><div class=\"g-cols vc_row via_flex valign_top type_default stacking_default\"><div class=\"vc_col-sm-12 wpb_column vc_column_container\"><div class=\"vc_column-inner us_custom_503f27e6\"><div class=\"wpb_wrapper\"><div class=\"g-cols wpb_row us_custom_42729ccc via_flex valign_top type_default stacking_default\"><div class=\"vc_col-sm-6 wpb_column vc_column_container\"><div class=\"vc_column-inner\"><div class=\"wpb_wrapper\"><div class=\"w-vwrapper align_none valign_middle us_custom_af3fa97c box-encuentra-vehiculo\" style=\"--vwrapper-gap:0.1rem\"><p class=\"w-text us_custom_eb849559\"><span class=\"w-text-h\"><span class=\"w-text-value\">Alquiler de coches en Fuengirola<\/span><\/span><\/p><div class=\"w-html box-slider-iframe\"><iframe src=\"https:\/\/booking.inmocochescarhire.com\/?search=1&idioma=es&cookie=1\" style=\"width:100%;height:425px\" scrolling=\"no\" frameborder=\"0\"><\/iframe><\/div><\/div><\/div><\/div><\/div><div class=\"vc_col-sm-6 wpb_column vc_column_container\"><div class=\"vc_column-inner\"><div class=\"wpb_wrapper\"><\/div><\/div><\/div><\/div><\/div><\/div><\/div><\/div><\/div><\/section><section class=\"l-section wpb_row us_custom_6d89e853 hide_on_default hide_on_laptops height_medium\"><div class=\"l-section-overlay\" style=\"background:rgba(0,0,0,0.55)\"><\/div><div class=\"l-section-h i-cf\"><div class=\"g-cols vc_row via_flex valign_top type_default stacking_default\"><div class=\"vc_col-sm-6 wpb_column vc_column_container\"><div class=\"vc_column-inner us_custom_eda60831\"><div class=\"wpb_wrapper\"><div class=\"w-vwrapper align_center valign_middle us_custom_f04a16f9\" style=\"--vwrapper-gap:0px\"><div class=\"w-html box-slider-iframe\"><iframe src=\"https:\/\/booking.inmocochescarhire.com\/?search=1&idioma=es&cookie=1\" style=\"width:100%;height:425px\" scrolling=\"no\" frameborder=\"0\"><\/iframe><\/div><\/div><\/div><\/div><\/div><div class=\"vc_col-sm-6 wpb_column vc_column_container has_bg_color\"><div class=\"vc_column-inner us_custom_606f0f6b\"><div class=\"vc_column-overlay\" style=\"background:rgba(0,0,0,0.55)\"><\/div><div class=\"wpb_wrapper\"><p class=\"w-text us_custom_c3199bc9 has_text_color\"><span class=\"w-text-h\"><span class=\"w-text-value\">La movilidad que necesitas<\/span><\/span><\/p><div class=\"w-separator size_small\"><\/div><h1 class=\"w-text us_custom_5830f5c2 has_text_color\"><span class=\"w-text-h\"><span class=\"w-text-value\">Alquiler de Coches en Fuengirola<\/span><\/span><\/h1><\/div><\/div><\/div><\/div><\/div><\/section><section class=\"l-section wpb_row height_medium\"><div class=\"l-section-h i-cf\"><div class=\"g-cols vc_row via_flex valign_top type_default stacking_default\"><div class=\"vc_col-sm-12 wpb_column vc_column_container\"><div class=\"vc_column-inner\"><div class=\"wpb_wrapper\"><h2 class=\"w-text us_custom_7de47b5a\"><span class=\"w-text-h\"><span class=\"w-text-value\">Tu coche ideal en Fuengirola<\/span><\/span><\/h2><div class=\"wpb_text_column us_custom_c821fe70\"><div class=\"wpb_wrapper\"><p style=\"text-align: center;\">Elige entre nuestra flota de veh\u00edculos el que mejor se adapte a tus necesidades para disfrutar al m\u00e1ximo del viaje.<\/p>\n<\/div><\/div><div class=\"w-separator size_medium\"><\/div><div class=\"w-grid us_carousel us_custom_6745946f has_text_color type_carousel layout_605 overflow_hidden preload_style_spinner items_4\" id=\"us_grid_1\" style=\"--items:4;--gap:15px;\"><style>.layout_605 .w-grid-item-h{background:var(--color-content-bg);color:var(--color-content-text);border-radius:0.3rem;box-shadow:0 0.03rem 0.06rem rgba(0,0,0,0.1),0 0.1rem 0.3rem rgba(0,0,0,0.1);transition-duration:0.3s}.no-touch .layout_605 .w-grid-item-h:hover{box-shadow:0 0.1rem 0.2rem rgba(0,0,0,0.1),0 0.33rem 1rem rgba(0,0,0,0.15);z-index:4}.layout_605 .usg_post_image_1{margin-bottom:0.5rem!important}.layout_605 .usg_post_title_1{font-size:1rem!important}.layout_605 .usg_hwrapper_1{margin-top:15px!important}.layout_605 .usg_btn_1{font-size:14px!important}.layout_605 .usg_btn_2{font-size:14px!important}.layout_605 .usg_vwrapper_1{padding:20px!important}.layout_605 .usg_hwrapper_2{margin-top:15px!important}.layout_605 .usg_post_custom_field_1{font-size:14px!important}.layout_605 .usg_post_custom_field_2{font-size:14px!important}.layout_605 .usg_post_custom_field_3{font-size:14px!important}<\/style><div class=\"w-grid-list owl-carousel valign_stretch dotstyle_circle navstyle_4 arrows-ver-pos_middle arrows-hor-pos_on_sides_outside arrows-disabled_hide owl-responsive-2000 with_arrows\" style=\"--transition-duration:350ms;--arrows-size:14px;--arrows-hor-offset:calc(0px + 15px);--arrows-gap:10px;\">\t<article class=\"w-grid-item post-2944 us_portfolio type-us_portfolio status-publish has-post-thumbnail hentry us_portfolio_category-peugeot us_portfolio_tag-h\" data-id=\"2944\">\r\n\t\t<div class=\"w-grid-item-h\">\r\n\t\t\t\t\t\t<div class=\"w-post-elm post_image usg_post_image_1 cuadricula-coches-img stretched\"><a href=\"https:\/\/www.inmocochescarhire.com\/es\/coches\/peugeot-308-cabrio-o-similar\/\" aria-label=\"PEUGEOT 308 CABRIO O SIMILAR \"><img loading=\"lazy\" decoding=\"async\" width=\"1013\" height=\"675\" src=\"https:\/\/www.inmocochescarhire.com\/wp-content\/uploads\/2023\/01\/unnamed-file.H.jpg\" class=\"attachment-full size-full wp-post-image\" alt=\"\" srcset=\"https:\/\/www.inmocochescarhire.com\/wp-content\/uploads\/2023\/01\/unnamed-file.H.jpg 1013w, https:\/\/www.inmocochescarhire.com\/wp-content\/uploads\/2023\/01\/unnamed-file.H-300x200.jpg 300w\" sizes=\"auto, (max-width: 1013px) 100vw, 1013px\" \/><\/a><\/div><div class=\"w-vwrapper usg_vwrapper_1 align_none valign_top\" style=\"--vwrapper-gap:0px\"><h2 class=\"w-post-elm post_title usg_post_title_1 entry-title color_link_inherit\"><a href=\"https:\/\/www.inmocochescarhire.com\/es\/coches\/peugeot-308-cabrio-o-similar\/\">PEUGEOT 308 CABRIO <span>O SIMILAR <\/span><\/a><\/h2><div class=\"w-hwrapper usg_hwrapper_1 align_none valign_top\" style=\"--hwrapper-gap:10px\"><a class=\"w-btn us-btn-style_1 usg_btn_1\" target=\"_blank\" rel=\"nofollow\" href=\"https:\/\/booking.inmocochescarhire.com\/?idioma=es&amp;grupo=H\"><span class=\"w-btn-label\">Reservar<\/span><\/a><a class=\"w-btn us-btn-style_3 usg_btn_2\" href=\"https:\/\/www.inmocochescarhire.com\/es\/coches\/peugeot-308-cabrio-o-similar\/\"><span class=\"w-btn-label\">Ver m\u00e1s<\/span><\/a><\/div><div class=\"w-hwrapper usg_hwrapper_2 align_none valign_top\" style=\"--hwrapper-gap:10px\"><div class=\"w-post-elm post_custom_field usg_post_custom_field_1 car-icon-doors vertical type_text puertas color_link_inherit\"><i class=\"material-icons\">directions_car<\/i><p class=\"w-post-elm-before\">icon <\/p><span class=\"w-post-elm-value\">2 Doors<\/span><\/div><div class=\"w-post-elm post_custom_field usg_post_custom_field_2 car-icon-seats vertical type_text plazas color_link_inherit\"><i class=\"material-icons\">airline_seat_recline_extra<\/i><span class=\"w-post-elm-value\">4 Plazas<\/span><\/div><div class=\"w-post-elm post_custom_field usg_post_custom_field_3 car-icon-manual vertical type_text caja_de_cambios color_link_inherit\"><i class=\"material-icons\">insights<\/i><span class=\"w-post-elm-value\">Manual<\/span><\/div><\/div><\/div>\t\t<\/div>\r\n\t\t\t<\/article>\r\n\t<article class=\"w-grid-item post-2888 us_portfolio type-us_portfolio status-publish has-post-thumbnail hentry us_portfolio_category-mini us_portfolio_tag-n\" data-id=\"2888\">\r\n\t\t<div class=\"w-grid-item-h\">\r\n\t\t\t\t\t\t<div class=\"w-post-elm post_image usg_post_image_1 cuadricula-coches-img stretched\"><a href=\"https:\/\/www.inmocochescarhire.com\/es\/coches\/mini-cooper-o-similar\/\" aria-label=\"MINI COOPER O SIMILAR \"><img loading=\"lazy\" decoding=\"async\" width=\"500\" height=\"272\" src=\"https:\/\/www.inmocochescarhire.com\/wp-content\/uploads\/2023\/01\/N.jpg\" class=\"attachment-full size-full wp-post-image\" alt=\"\" srcset=\"https:\/\/www.inmocochescarhire.com\/wp-content\/uploads\/2023\/01\/N.jpg 500w, https:\/\/www.inmocochescarhire.com\/wp-content\/uploads\/2023\/01\/N-300x163.jpg 300w\" sizes=\"auto, (max-width: 500px) 100vw, 500px\" \/><\/a><\/div><div class=\"w-vwrapper usg_vwrapper_1 align_none valign_top\" style=\"--vwrapper-gap:0px\"><h2 class=\"w-post-elm post_title usg_post_title_1 entry-title color_link_inherit\"><a href=\"https:\/\/www.inmocochescarhire.com\/es\/coches\/mini-cooper-o-similar\/\">MINI COOPER <span>O SIMILAR <\/span><\/a><\/h2><div class=\"w-hwrapper usg_hwrapper_1 align_none valign_top\" style=\"--hwrapper-gap:10px\"><a class=\"w-btn us-btn-style_1 usg_btn_1\" target=\"_blank\" rel=\"nofollow\" href=\"https:\/\/booking.inmocochescarhire.com\/?idioma=es&amp;grupo=N\"><span class=\"w-btn-label\">Reservar<\/span><\/a><a class=\"w-btn us-btn-style_3 usg_btn_2\" href=\"https:\/\/www.inmocochescarhire.com\/es\/coches\/mini-cooper-o-similar\/\"><span class=\"w-btn-label\">Ver m\u00e1s<\/span><\/a><\/div><div class=\"w-hwrapper usg_hwrapper_2 align_none valign_top\" style=\"--hwrapper-gap:10px\"><div class=\"w-post-elm post_custom_field usg_post_custom_field_1 car-icon-doors vertical type_text puertas color_link_inherit\"><i class=\"material-icons\">directions_car<\/i><p class=\"w-post-elm-before\">icon <\/p><span class=\"w-post-elm-value\">2 doors<\/span><\/div><div class=\"w-post-elm post_custom_field usg_post_custom_field_2 car-icon-seats vertical type_text plazas color_link_inherit\"><i class=\"material-icons\">airline_seat_recline_extra<\/i><span class=\"w-post-elm-value\">4 Plazas<\/span><\/div><div class=\"w-post-elm post_custom_field usg_post_custom_field_3 car-icon-manual vertical type_text caja_de_cambios color_link_inherit\"><i class=\"material-icons\">insights<\/i><span class=\"w-post-elm-value\">Manual<\/span><\/div><\/div><\/div>\t\t<\/div>\r\n\t\t\t<\/article>\r\n\t<article class=\"w-grid-item post-2936 us_portfolio type-us_portfolio status-publish has-post-thumbnail hentry us_portfolio_category-mercedes us_portfolio_tag-j\" data-id=\"2936\">\r\n\t\t<div class=\"w-grid-item-h\">\r\n\t\t\t\t\t\t<div class=\"w-post-elm post_image usg_post_image_1 cuadricula-coches-img stretched\"><a href=\"https:\/\/www.inmocochescarhire.com\/es\/coches\/mercedes-vito-9-plazas-o-similar-2\/\" aria-label=\"MERCEDES VITO 9 PLAZAS O SIMILAR \"><img loading=\"lazy\" decoding=\"async\" width=\"500\" height=\"272\" src=\"https:\/\/www.inmocochescarhire.com\/wp-content\/uploads\/2023\/01\/J.jpg\" class=\"attachment-full size-full wp-post-image\" alt=\"\" srcset=\"https:\/\/www.inmocochescarhire.com\/wp-content\/uploads\/2023\/01\/J.jpg 500w, https:\/\/www.inmocochescarhire.com\/wp-content\/uploads\/2023\/01\/J-300x163.jpg 300w\" sizes=\"auto, (max-width: 500px) 100vw, 500px\" \/><\/a><\/div><div class=\"w-vwrapper usg_vwrapper_1 align_none valign_top\" style=\"--vwrapper-gap:0px\"><h2 class=\"w-post-elm post_title usg_post_title_1 entry-title color_link_inherit\"><a href=\"https:\/\/www.inmocochescarhire.com\/es\/coches\/mercedes-vito-9-plazas-o-similar-2\/\">MERCEDES VITO 9 PLAZAS <span>O SIMILAR <\/span><\/a><\/h2><div class=\"w-hwrapper usg_hwrapper_1 align_none valign_top\" style=\"--hwrapper-gap:10px\"><a class=\"w-btn us-btn-style_1 usg_btn_1\" target=\"_blank\" rel=\"nofollow\" href=\"https:\/\/booking.inmocochescarhire.com\/?idioma=es&amp;grupo=J\"><span class=\"w-btn-label\">Reservar<\/span><\/a><a class=\"w-btn us-btn-style_3 usg_btn_2\" href=\"https:\/\/www.inmocochescarhire.com\/es\/coches\/mercedes-vito-9-plazas-o-similar-2\/\"><span class=\"w-btn-label\">Ver m\u00e1s<\/span><\/a><\/div><div class=\"w-hwrapper usg_hwrapper_2 align_none valign_top\" style=\"--hwrapper-gap:10px\"><div class=\"w-post-elm post_custom_field usg_post_custom_field_1 car-icon-doors vertical type_text puertas color_link_inherit\"><i class=\"material-icons\">directions_car<\/i><p class=\"w-post-elm-before\">icon <\/p><span class=\"w-post-elm-value\">5 Doors<\/span><\/div><div class=\"w-post-elm post_custom_field usg_post_custom_field_2 car-icon-seats vertical type_text plazas color_link_inherit\"><i class=\"material-icons\">airline_seat_recline_extra<\/i><span class=\"w-post-elm-value\">9 Plazas<\/span><\/div><div class=\"w-post-elm post_custom_field usg_post_custom_field_3 car-icon-manual vertical type_text caja_de_cambios color_link_inherit\"><i class=\"material-icons\">insights<\/i><span class=\"w-post-elm-value\">Manual<\/span><\/div><\/div><\/div>\t\t<\/div>\r\n\t\t\t<\/article>\r\n\t<article class=\"w-grid-item post-2878 us_portfolio type-us_portfolio status-publish has-post-thumbnail hentry us_portfolio_category-mercedes us_portfolio_tag-j1\" data-id=\"2878\">\r\n\t\t<div class=\"w-grid-item-h\">\r\n\t\t\t\t\t\t<div class=\"w-post-elm post_image usg_post_image_1 cuadricula-coches-img stretched\"><a href=\"https:\/\/www.inmocochescarhire.com\/es\/coches\/mercedes-vito-9-plazas-o-similar\/\" aria-label=\"MERCEDES VITO 9 PLAZAS O SIMILAR \"><img loading=\"lazy\" decoding=\"async\" width=\"500\" height=\"272\" src=\"https:\/\/www.inmocochescarhire.com\/wp-content\/uploads\/2023\/01\/J1.jpg\" class=\"attachment-full size-full wp-post-image\" alt=\"\" srcset=\"https:\/\/www.inmocochescarhire.com\/wp-content\/uploads\/2023\/01\/J1.jpg 500w, https:\/\/www.inmocochescarhire.com\/wp-content\/uploads\/2023\/01\/J1-300x163.jpg 300w\" sizes=\"auto, (max-width: 500px) 100vw, 500px\" \/><\/a><\/div><div class=\"w-vwrapper usg_vwrapper_1 align_none valign_top\" style=\"--vwrapper-gap:0px\"><h2 class=\"w-post-elm post_title usg_post_title_1 entry-title color_link_inherit\"><a href=\"https:\/\/www.inmocochescarhire.com\/es\/coches\/mercedes-vito-9-plazas-o-similar\/\">MERCEDES VITO 9 PLAZAS <span>O SIMILAR <\/span><\/a><\/h2><div class=\"w-hwrapper usg_hwrapper_1 align_none valign_top\" style=\"--hwrapper-gap:10px\"><a class=\"w-btn us-btn-style_1 usg_btn_1\" target=\"_blank\" rel=\"nofollow\" href=\"https:\/\/booking.inmocochescarhire.com\/?idioma=es&amp;grupo=J1\"><span class=\"w-btn-label\">Reservar<\/span><\/a><a class=\"w-btn us-btn-style_3 usg_btn_2\" href=\"https:\/\/www.inmocochescarhire.com\/es\/coches\/mercedes-vito-9-plazas-o-similar\/\"><span class=\"w-btn-label\">Ver m\u00e1s<\/span><\/a><\/div><div class=\"w-hwrapper usg_hwrapper_2 align_none valign_top\" style=\"--hwrapper-gap:10px\"><div class=\"w-post-elm post_custom_field usg_post_custom_field_1 car-icon-doors vertical type_text puertas color_link_inherit\"><i class=\"material-icons\">directions_car<\/i><p class=\"w-post-elm-before\">icon <\/p><span class=\"w-post-elm-value\">5 Doors<\/span><\/div><div class=\"w-post-elm post_custom_field usg_post_custom_field_2 car-icon-seats vertical type_text plazas color_link_inherit\"><i class=\"material-icons\">airline_seat_recline_extra<\/i><span class=\"w-post-elm-value\">9 Plazas<\/span><\/div><div class=\"w-post-elm post_custom_field usg_post_custom_field_3 car-icon-manual vertical type_text caja_de_cambios color_link_inherit\"><i class=\"material-icons\">insights<\/i><span class=\"w-post-elm-value\">Autom\u00e1tico<\/span><\/div><\/div><\/div>\t\t<\/div>\r\n\t\t\t<\/article>\r\n\t<article class=\"w-grid-item post-2925 us_portfolio type-us_portfolio status-publish has-post-thumbnail hentry us_portfolio_category-kia us_portfolio_tag-b\" data-id=\"2925\">\r\n\t\t<div class=\"w-grid-item-h\">\r\n\t\t\t\t\t\t<div class=\"w-post-elm post_image usg_post_image_1 cuadricula-coches-img stretched\"><a href=\"https:\/\/www.inmocochescarhire.com\/es\/coches\/kia-picanto-o-similar\/\" aria-label=\"KIA PICANTO O SIMILAR \"><img loading=\"lazy\" decoding=\"async\" width=\"500\" height=\"272\" src=\"https:\/\/www.inmocochescarhire.com\/wp-content\/uploads\/2023\/01\/B.jpg\" class=\"attachment-full size-full wp-post-image\" alt=\"\" srcset=\"https:\/\/www.inmocochescarhire.com\/wp-content\/uploads\/2023\/01\/B.jpg 500w, https:\/\/www.inmocochescarhire.com\/wp-content\/uploads\/2023\/01\/B-300x163.jpg 300w\" sizes=\"auto, (max-width: 500px) 100vw, 500px\" \/><\/a><\/div><div class=\"w-vwrapper usg_vwrapper_1 align_none valign_top\" style=\"--vwrapper-gap:0px\"><h2 class=\"w-post-elm post_title usg_post_title_1 entry-title color_link_inherit\"><a href=\"https:\/\/www.inmocochescarhire.com\/es\/coches\/kia-picanto-o-similar\/\">KIA PICANTO <span>O SIMILAR <\/span><\/a><\/h2><div class=\"w-hwrapper usg_hwrapper_1 align_none valign_top\" style=\"--hwrapper-gap:10px\"><a class=\"w-btn us-btn-style_1 usg_btn_1\" target=\"_blank\" rel=\"nofollow\" href=\"https:\/\/booking.inmocochescarhire.com\/?idioma=es&amp;grupo=B\"><span class=\"w-btn-label\">Reservar<\/span><\/a><a class=\"w-btn us-btn-style_3 usg_btn_2\" href=\"https:\/\/www.inmocochescarhire.com\/es\/coches\/kia-picanto-o-similar\/\"><span class=\"w-btn-label\">Ver m\u00e1s<\/span><\/a><\/div><div class=\"w-hwrapper usg_hwrapper_2 align_none valign_top\" style=\"--hwrapper-gap:10px\"><div class=\"w-post-elm post_custom_field usg_post_custom_field_1 car-icon-doors vertical type_text puertas color_link_inherit\"><i class=\"material-icons\">directions_car<\/i><p class=\"w-post-elm-before\">icon <\/p><span class=\"w-post-elm-value\">5 Doors<\/span><\/div><div class=\"w-post-elm post_custom_field usg_post_custom_field_2 car-icon-seats vertical type_text plazas color_link_inherit\"><i class=\"material-icons\">airline_seat_recline_extra<\/i><span class=\"w-post-elm-value\">5 Plazas<\/span><\/div><div class=\"w-post-elm post_custom_field usg_post_custom_field_3 car-icon-manual vertical type_text caja_de_cambios color_link_inherit\"><i class=\"material-icons\">insights<\/i><span class=\"w-post-elm-value\">Manual<\/span><\/div><\/div><\/div>\t\t<\/div>\r\n\t\t\t<\/article>\r\n\t<article class=\"w-grid-item post-2988 us_portfolio type-us_portfolio status-publish has-post-thumbnail hentry us_portfolio_category-outlet us_portfolio_tag-a\" data-id=\"2988\">\r\n\t\t<div class=\"w-grid-item-h\">\r\n\t\t\t\t\t\t<div class=\"w-post-elm post_image usg_post_image_1 cuadricula-coches-img stretched\"><a href=\"https:\/\/www.inmocochescarhire.com\/es\/coches\/grupo-outlet-o-similar\/\" aria-label=\"GRUPO OUTLET O SIMILAR \"><img loading=\"lazy\" decoding=\"async\" width=\"500\" height=\"272\" src=\"https:\/\/www.inmocochescarhire.com\/wp-content\/uploads\/2023\/01\/A.jpg\" class=\"attachment-full size-full wp-post-image\" alt=\"\" srcset=\"https:\/\/www.inmocochescarhire.com\/wp-content\/uploads\/2023\/01\/A.jpg 500w, https:\/\/www.inmocochescarhire.com\/wp-content\/uploads\/2023\/01\/A-300x163.jpg 300w\" sizes=\"auto, (max-width: 500px) 100vw, 500px\" \/><\/a><\/div><div class=\"w-vwrapper usg_vwrapper_1 align_none valign_top\" style=\"--vwrapper-gap:0px\"><h2 class=\"w-post-elm post_title usg_post_title_1 entry-title color_link_inherit\"><a href=\"https:\/\/www.inmocochescarhire.com\/es\/coches\/grupo-outlet-o-similar\/\">GRUPO OUTLET <span>O SIMILAR <\/span><\/a><\/h2><div class=\"w-hwrapper usg_hwrapper_1 align_none valign_top\" style=\"--hwrapper-gap:10px\"><a class=\"w-btn us-btn-style_1 usg_btn_1\" target=\"_blank\" rel=\"nofollow\" href=\"https:\/\/booking.inmocochescarhire.com\/?idioma=es&amp;grupo=A\"><span class=\"w-btn-label\">Reservar<\/span><\/a><a class=\"w-btn us-btn-style_3 usg_btn_2\" href=\"https:\/\/www.inmocochescarhire.com\/es\/coches\/grupo-outlet-o-similar\/\"><span class=\"w-btn-label\">Ver m\u00e1s<\/span><\/a><\/div><div class=\"w-hwrapper usg_hwrapper_2 align_none valign_top\" style=\"--hwrapper-gap:10px\"><div class=\"w-post-elm post_custom_field usg_post_custom_field_1 car-icon-doors vertical type_text puertas color_link_inherit\"><i class=\"material-icons\">directions_car<\/i><p class=\"w-post-elm-before\">icon <\/p><span class=\"w-post-elm-value\">5 Doors<\/span><\/div><div class=\"w-post-elm post_custom_field usg_post_custom_field_2 car-icon-seats vertical type_text plazas color_link_inherit\"><i class=\"material-icons\">airline_seat_recline_extra<\/i><span class=\"w-post-elm-value\">5 Plazas<\/span><\/div><div class=\"w-post-elm post_custom_field usg_post_custom_field_3 car-icon-manual vertical type_text caja_de_cambios color_link_inherit\"><i class=\"material-icons\">insights<\/i><span class=\"w-post-elm-value\">Manual<\/span><\/div><\/div><\/div>\t\t<\/div>\r\n\t\t\t<\/article>\r\n\t<article class=\"w-grid-item post-2869 us_portfolio type-us_portfolio status-publish has-post-thumbnail hentry us_portfolio_category-ford us_portfolio_tag-i1\" data-id=\"2869\">\r\n\t\t<div class=\"w-grid-item-h\">\r\n\t\t\t\t\t\t<div class=\"w-post-elm post_image usg_post_image_1 cuadricula-coches-img stretched\"><a href=\"https:\/\/www.inmocochescarhire.com\/es\/coches\/ford-smax-7-plazas-o-similar\/\" aria-label=\"FORD SMAX 7 PLAZAS O SIMILAR \"><img loading=\"lazy\" decoding=\"async\" width=\"500\" height=\"272\" src=\"https:\/\/www.inmocochescarhire.com\/wp-content\/uploads\/2023\/01\/I1.jpg\" class=\"attachment-full size-full wp-post-image\" alt=\"\" srcset=\"https:\/\/www.inmocochescarhire.com\/wp-content\/uploads\/2023\/01\/I1.jpg 500w, https:\/\/www.inmocochescarhire.com\/wp-content\/uploads\/2023\/01\/I1-300x163.jpg 300w\" sizes=\"auto, (max-width: 500px) 100vw, 500px\" \/><\/a><\/div><div class=\"w-vwrapper usg_vwrapper_1 align_none valign_top\" style=\"--vwrapper-gap:0px\"><h2 class=\"w-post-elm post_title usg_post_title_1 entry-title color_link_inherit\"><a href=\"https:\/\/www.inmocochescarhire.com\/es\/coches\/ford-smax-7-plazas-o-similar\/\">FORD SMAX 7 PLAZAS <span>O SIMILAR <\/span><\/a><\/h2><div class=\"w-hwrapper usg_hwrapper_1 align_none valign_top\" style=\"--hwrapper-gap:10px\"><a class=\"w-btn us-btn-style_1 usg_btn_1\" target=\"_blank\" rel=\"nofollow\" href=\"https:\/\/booking.inmocochescarhire.com\/?idioma=es&amp;grupo=I1\"><span class=\"w-btn-label\">Reservar<\/span><\/a><a class=\"w-btn us-btn-style_3 usg_btn_2\" href=\"https:\/\/www.inmocochescarhire.com\/es\/coches\/ford-smax-7-plazas-o-similar\/\"><span class=\"w-btn-label\">Ver m\u00e1s<\/span><\/a><\/div><div class=\"w-hwrapper usg_hwrapper_2 align_none valign_top\" style=\"--hwrapper-gap:10px\"><div class=\"w-post-elm post_custom_field usg_post_custom_field_1 car-icon-doors vertical type_text puertas color_link_inherit\"><i class=\"material-icons\">directions_car<\/i><p class=\"w-post-elm-before\">icon <\/p><span class=\"w-post-elm-value\">5 Doors<\/span><\/div><div class=\"w-post-elm post_custom_field usg_post_custom_field_2 car-icon-seats vertical type_text plazas color_link_inherit\"><i class=\"material-icons\">airline_seat_recline_extra<\/i><span class=\"w-post-elm-value\">7 Plazas<\/span><\/div><div class=\"w-post-elm post_custom_field usg_post_custom_field_3 car-icon-manual vertical type_text caja_de_cambios color_link_inherit\"><i class=\"material-icons\">insights<\/i><span class=\"w-post-elm-value\">Autom\u00e1tico<\/span><\/div><\/div><\/div>\t\t<\/div>\r\n\t\t\t<\/article>\r\n\t<article class=\"w-grid-item post-2991 us_portfolio type-us_portfolio status-publish has-post-thumbnail hentry us_portfolio_category-ford us_portfolio_tag-l\" data-id=\"2991\">\r\n\t\t<div class=\"w-grid-item-h\">\r\n\t\t\t\t\t\t<div class=\"w-post-elm post_image usg_post_image_1 cuadricula-coches-img stretched\"><a href=\"https:\/\/www.inmocochescarhire.com\/es\/coches\/ford-s-max-7-seater-o-similar\/\" aria-label=\"FORD S-MAX 7 SEATER O SIMILAR \"><img loading=\"lazy\" decoding=\"async\" width=\"500\" height=\"272\" src=\"https:\/\/www.inmocochescarhire.com\/wp-content\/uploads\/2023\/01\/I1.jpg\" class=\"attachment-full size-full wp-post-image\" alt=\"\" srcset=\"https:\/\/www.inmocochescarhire.com\/wp-content\/uploads\/2023\/01\/I1.jpg 500w, https:\/\/www.inmocochescarhire.com\/wp-content\/uploads\/2023\/01\/I1-300x163.jpg 300w\" sizes=\"auto, (max-width: 500px) 100vw, 500px\" \/><\/a><\/div><div class=\"w-vwrapper usg_vwrapper_1 align_none valign_top\" style=\"--vwrapper-gap:0px\"><h2 class=\"w-post-elm post_title usg_post_title_1 entry-title color_link_inherit\"><a href=\"https:\/\/www.inmocochescarhire.com\/es\/coches\/ford-s-max-7-seater-o-similar\/\">FORD S-MAX 7 SEATER <span>O SIMILAR <\/span><\/a><\/h2><div class=\"w-hwrapper usg_hwrapper_1 align_none valign_top\" style=\"--hwrapper-gap:10px\"><a class=\"w-btn us-btn-style_1 usg_btn_1\" target=\"_blank\" rel=\"nofollow\" href=\"https:\/\/booking.inmocochescarhire.com\/?idioma=es&amp;grupo=I1\"><span class=\"w-btn-label\">Reservar<\/span><\/a><a class=\"w-btn us-btn-style_3 usg_btn_2\" href=\"https:\/\/www.inmocochescarhire.com\/es\/coches\/ford-s-max-7-seater-o-similar\/\"><span class=\"w-btn-label\">Ver m\u00e1s<\/span><\/a><\/div><div class=\"w-hwrapper usg_hwrapper_2 align_none valign_top\" style=\"--hwrapper-gap:10px\"><div class=\"w-post-elm post_custom_field usg_post_custom_field_1 car-icon-doors vertical type_text puertas color_link_inherit\"><i class=\"material-icons\">directions_car<\/i><p class=\"w-post-elm-before\">icon <\/p><span class=\"w-post-elm-value\">5 Doors<\/span><\/div><div class=\"w-post-elm post_custom_field usg_post_custom_field_2 car-icon-seats vertical type_text plazas color_link_inherit\"><i class=\"material-icons\">airline_seat_recline_extra<\/i><span class=\"w-post-elm-value\">7 Plazas<\/span><\/div><div class=\"w-post-elm post_custom_field usg_post_custom_field_3 car-icon-manual vertical type_text caja_de_cambios color_link_inherit\"><i class=\"material-icons\">insights<\/i><span class=\"w-post-elm-value\">Manual<\/span><\/div><\/div><\/div>\t\t<\/div>\r\n\t\t\t<\/article>\r\n\t<article class=\"w-grid-item post-2978 us_portfolio type-us_portfolio status-publish has-post-thumbnail hentry us_portfolio_category-peugeot us_portfolio_tag-d2\" data-id=\"2978\">\r\n\t\t<div class=\"w-grid-item-h\">\r\n\t\t\t\t\t\t<div class=\"w-post-elm post_image usg_post_image_1 cuadricula-coches-img stretched\"><a href=\"https:\/\/www.inmocochescarhire.com\/es\/coches\/ford-mondeo-sw-eller-liknande\/\" aria-label=\"FORD MONDEO SW O SIMILAR\"><img loading=\"lazy\" decoding=\"async\" width=\"500\" height=\"272\" src=\"https:\/\/www.inmocochescarhire.com\/wp-content\/uploads\/2023\/01\/D2.jpg\" class=\"attachment-full size-full wp-post-image\" alt=\"\" srcset=\"https:\/\/www.inmocochescarhire.com\/wp-content\/uploads\/2023\/01\/D2.jpg 500w, https:\/\/www.inmocochescarhire.com\/wp-content\/uploads\/2023\/01\/D2-300x163.jpg 300w\" sizes=\"auto, (max-width: 500px) 100vw, 500px\" \/><\/a><\/div><div class=\"w-vwrapper usg_vwrapper_1 align_none valign_top\" style=\"--vwrapper-gap:0px\"><h2 class=\"w-post-elm post_title usg_post_title_1 entry-title color_link_inherit\"><a href=\"https:\/\/www.inmocochescarhire.com\/es\/coches\/ford-mondeo-sw-eller-liknande\/\">FORD MONDEO SW <span>O SIMILAR<\/span><\/a><\/h2><div class=\"w-hwrapper usg_hwrapper_1 align_none valign_top\" style=\"--hwrapper-gap:10px\"><a class=\"w-btn us-btn-style_1 usg_btn_1\" target=\"_blank\" rel=\"nofollow\" href=\"https:\/\/booking.inmocochescarhire.com\/?idioma=es&amp;grupo=D2\"><span class=\"w-btn-label\">Reservar<\/span><\/a><a class=\"w-btn us-btn-style_3 usg_btn_2\" href=\"https:\/\/www.inmocochescarhire.com\/es\/coches\/ford-mondeo-sw-eller-liknande\/\"><span class=\"w-btn-label\">Ver m\u00e1s<\/span><\/a><\/div><div class=\"w-hwrapper usg_hwrapper_2 align_none valign_top\" style=\"--hwrapper-gap:10px\"><div class=\"w-post-elm post_custom_field usg_post_custom_field_1 car-icon-doors vertical type_text puertas color_link_inherit\"><i class=\"material-icons\">directions_car<\/i><p class=\"w-post-elm-before\">icon <\/p><span class=\"w-post-elm-value\">5 Doors<\/span><\/div><div class=\"w-post-elm post_custom_field usg_post_custom_field_2 car-icon-seats vertical type_text plazas color_link_inherit\"><i class=\"material-icons\">airline_seat_recline_extra<\/i><span class=\"w-post-elm-value\">5 Plazas<\/span><\/div><div class=\"w-post-elm post_custom_field usg_post_custom_field_3 car-icon-manual vertical type_text caja_de_cambios color_link_inherit\"><i class=\"material-icons\">insights<\/i><span class=\"w-post-elm-value\">Autom\u00e1tico<\/span><\/div><\/div><\/div>\t\t<\/div>\r\n\t\t\t<\/article>\r\n\t<article class=\"w-grid-item post-2902 us_portfolio type-us_portfolio status-publish has-post-thumbnail hentry us_portfolio_category-ford us_portfolio_tag-g\" data-id=\"2902\">\r\n\t\t<div class=\"w-grid-item-h\">\r\n\t\t\t\t\t\t<div class=\"w-post-elm post_image usg_post_image_1 cuadricula-coches-img stretched\"><a href=\"https:\/\/www.inmocochescarhire.com\/es\/coches\/ford-kuga-o-similar\/\" aria-label=\"FORD KUGA O SIMILAR \"><img loading=\"lazy\" decoding=\"async\" width=\"500\" height=\"272\" src=\"https:\/\/www.inmocochescarhire.com\/wp-content\/uploads\/2023\/01\/G.jpg\" class=\"attachment-full size-full wp-post-image\" alt=\"\" srcset=\"https:\/\/www.inmocochescarhire.com\/wp-content\/uploads\/2023\/01\/G.jpg 500w, https:\/\/www.inmocochescarhire.com\/wp-content\/uploads\/2023\/01\/G-300x163.jpg 300w\" sizes=\"auto, (max-width: 500px) 100vw, 500px\" \/><\/a><\/div><div class=\"w-vwrapper usg_vwrapper_1 align_none valign_top\" style=\"--vwrapper-gap:0px\"><h2 class=\"w-post-elm post_title usg_post_title_1 entry-title color_link_inherit\"><a href=\"https:\/\/www.inmocochescarhire.com\/es\/coches\/ford-kuga-o-similar\/\">FORD KUGA <span>O SIMILAR <\/span><\/a><\/h2><div class=\"w-hwrapper usg_hwrapper_1 align_none valign_top\" style=\"--hwrapper-gap:10px\"><a class=\"w-btn us-btn-style_1 usg_btn_1\" target=\"_blank\" rel=\"nofollow\" href=\"https:\/\/booking.inmocochescarhire.com\/?idioma=es&amp;grupo=G\"><span class=\"w-btn-label\">Reservar<\/span><\/a><a class=\"w-btn us-btn-style_3 usg_btn_2\" href=\"https:\/\/www.inmocochescarhire.com\/es\/coches\/ford-kuga-o-similar\/\"><span class=\"w-btn-label\">Ver m\u00e1s<\/span><\/a><\/div><div class=\"w-hwrapper usg_hwrapper_2 align_none valign_top\" style=\"--hwrapper-gap:10px\"><div class=\"w-post-elm post_custom_field usg_post_custom_field_1 car-icon-doors vertical type_text puertas color_link_inherit\"><i class=\"material-icons\">directions_car<\/i><p class=\"w-post-elm-before\">icon <\/p><span class=\"w-post-elm-value\">5 Doors<\/span><\/div><div class=\"w-post-elm post_custom_field usg_post_custom_field_2 car-icon-seats vertical type_text plazas color_link_inherit\"><i class=\"material-icons\">airline_seat_recline_extra<\/i><span class=\"w-post-elm-value\">5 Plazas<\/span><\/div><div class=\"w-post-elm post_custom_field usg_post_custom_field_3 car-icon-manual vertical type_text caja_de_cambios color_link_inherit\"><i class=\"material-icons\">insights<\/i><span class=\"w-post-elm-value\">Manual<\/span><\/div><\/div><\/div>\t\t<\/div>\r\n\t\t\t<\/article>\r\n\t<article class=\"w-grid-item post-2985 us_portfolio type-us_portfolio status-publish has-post-thumbnail hentry us_portfolio_category-ford us_portfolio_tag-f\" data-id=\"2985\">\r\n\t\t<div class=\"w-grid-item-h\">\r\n\t\t\t\t\t\t<div class=\"w-post-elm post_image usg_post_image_1 cuadricula-coches-img stretched\"><a href=\"https:\/\/www.inmocochescarhire.com\/es\/coches\/ford-focus-sw-o-similar\/\" aria-label=\"FORD FOCUS SW O SIMILAR \"><img loading=\"lazy\" decoding=\"async\" width=\"500\" height=\"272\" src=\"https:\/\/www.inmocochescarhire.com\/wp-content\/uploads\/2023\/01\/F.jpg\" class=\"attachment-full size-full wp-post-image\" alt=\"\" srcset=\"https:\/\/www.inmocochescarhire.com\/wp-content\/uploads\/2023\/01\/F.jpg 500w, https:\/\/www.inmocochescarhire.com\/wp-content\/uploads\/2023\/01\/F-300x163.jpg 300w\" sizes=\"auto, (max-width: 500px) 100vw, 500px\" \/><\/a><\/div><div class=\"w-vwrapper usg_vwrapper_1 align_none valign_top\" style=\"--vwrapper-gap:0px\"><h2 class=\"w-post-elm post_title usg_post_title_1 entry-title color_link_inherit\"><a href=\"https:\/\/www.inmocochescarhire.com\/es\/coches\/ford-focus-sw-o-similar\/\">FORD FOCUS SW <span>O SIMILAR <\/span><\/a><\/h2><div class=\"w-hwrapper usg_hwrapper_1 align_none valign_top\" style=\"--hwrapper-gap:10px\"><a class=\"w-btn us-btn-style_1 usg_btn_1\" target=\"_blank\" rel=\"nofollow\" href=\"https:\/\/booking.inmocochescarhire.com\/?idioma=es&amp;grupo=F\"><span class=\"w-btn-label\">Reservar<\/span><\/a><a class=\"w-btn us-btn-style_3 usg_btn_2\" href=\"https:\/\/www.inmocochescarhire.com\/es\/coches\/ford-focus-sw-o-similar\/\"><span class=\"w-btn-label\">Ver m\u00e1s<\/span><\/a><\/div><div class=\"w-hwrapper usg_hwrapper_2 align_none valign_top\" style=\"--hwrapper-gap:10px\"><div class=\"w-post-elm post_custom_field usg_post_custom_field_1 car-icon-doors vertical type_text puertas color_link_inherit\"><i class=\"material-icons\">directions_car<\/i><p class=\"w-post-elm-before\">icon <\/p><span class=\"w-post-elm-value\">5 Doors<\/span><\/div><div class=\"w-post-elm post_custom_field usg_post_custom_field_2 car-icon-seats vertical type_text plazas color_link_inherit\"><i class=\"material-icons\">airline_seat_recline_extra<\/i><span class=\"w-post-elm-value\">5 Plazas<\/span><\/div><div class=\"w-post-elm post_custom_field usg_post_custom_field_3 car-icon-manual vertical type_text caja_de_cambios color_link_inherit\"><i class=\"material-icons\">insights<\/i><span class=\"w-post-elm-value\">Manual<\/span><\/div><\/div><\/div>\t\t<\/div>\r\n\t\t\t<\/article>\r\n\t<article class=\"w-grid-item post-2911 us_portfolio type-us_portfolio status-publish has-post-thumbnail hentry us_portfolio_category-ford us_portfolio_tag-c1\" data-id=\"2911\">\r\n\t\t<div class=\"w-grid-item-h\">\r\n\t\t\t\t\t\t<div class=\"w-post-elm post_image usg_post_image_1 cuadricula-coches-img stretched\"><a href=\"https:\/\/www.inmocochescarhire.com\/es\/coches\/ford-focus-sw-or-similar\/\" aria-label=\"FORD FOCUS SW O SIMILAR \"><img loading=\"lazy\" decoding=\"async\" width=\"500\" height=\"272\" src=\"https:\/\/www.inmocochescarhire.com\/wp-content\/uploads\/2023\/01\/C1.jpg\" class=\"attachment-full size-full wp-post-image\" alt=\"\" srcset=\"https:\/\/www.inmocochescarhire.com\/wp-content\/uploads\/2023\/01\/C1.jpg 500w, https:\/\/www.inmocochescarhire.com\/wp-content\/uploads\/2023\/01\/C1-300x163.jpg 300w\" sizes=\"auto, (max-width: 500px) 100vw, 500px\" \/><\/a><\/div><div class=\"w-vwrapper usg_vwrapper_1 align_none valign_top\" style=\"--vwrapper-gap:0px\"><h2 class=\"w-post-elm post_title usg_post_title_1 entry-title color_link_inherit\"><a href=\"https:\/\/www.inmocochescarhire.com\/es\/coches\/ford-focus-sw-or-similar\/\">FORD FOCUS SW <span>O SIMILAR <\/span><\/a><\/h2><div class=\"w-hwrapper usg_hwrapper_1 align_none valign_top\" style=\"--hwrapper-gap:10px\"><a class=\"w-btn us-btn-style_1 usg_btn_1\" target=\"_blank\" rel=\"nofollow\" href=\"https:\/\/booking.inmocochescarhire.com\/?idioma=se&amp;grupo=C1\"><span class=\"w-btn-label\">Reservar<\/span><\/a><a class=\"w-btn us-btn-style_3 usg_btn_2\" href=\"https:\/\/www.inmocochescarhire.com\/es\/coches\/ford-focus-sw-or-similar\/\"><span class=\"w-btn-label\">Ver m\u00e1s<\/span><\/a><\/div><div class=\"w-hwrapper usg_hwrapper_2 align_none valign_top\" style=\"--hwrapper-gap:10px\"><div class=\"w-post-elm post_custom_field usg_post_custom_field_1 car-icon-doors vertical type_text puertas color_link_inherit\"><i class=\"material-icons\">directions_car<\/i><p class=\"w-post-elm-before\">icon <\/p><span class=\"w-post-elm-value\">5 Doors<\/span><\/div><div class=\"w-post-elm post_custom_field usg_post_custom_field_2 car-icon-seats vertical type_text plazas color_link_inherit\"><i class=\"material-icons\">airline_seat_recline_extra<\/i><span class=\"w-post-elm-value\">5 Plazas<\/span><\/div><div class=\"w-post-elm post_custom_field usg_post_custom_field_3 car-icon-manual vertical type_text caja_de_cambios color_link_inherit\"><i class=\"material-icons\">insights<\/i><span class=\"w-post-elm-value\">Manual<\/span><\/div><\/div><\/div>\t\t<\/div>\r\n\t\t\t<\/article>\r\n\t<article class=\"w-grid-item post-2921 us_portfolio type-us_portfolio status-publish has-post-thumbnail hentry us_portfolio_category-ford us_portfolio_tag-d1\" data-id=\"2921\">\r\n\t\t<div class=\"w-grid-item-h\">\r\n\t\t\t\t\t\t<div class=\"w-post-elm post_image usg_post_image_1 cuadricula-coches-img stretched\"><a href=\"https:\/\/www.inmocochescarhire.com\/es\/coches\/focus-o-similar\/\" aria-label=\"FOCUS O SIMILAR \"><img loading=\"lazy\" decoding=\"async\" width=\"500\" height=\"272\" src=\"https:\/\/www.inmocochescarhire.com\/wp-content\/uploads\/2023\/01\/D1.jpg\" class=\"attachment-full size-full wp-post-image\" alt=\"\" srcset=\"https:\/\/www.inmocochescarhire.com\/wp-content\/uploads\/2023\/01\/D1.jpg 500w, https:\/\/www.inmocochescarhire.com\/wp-content\/uploads\/2023\/01\/D1-300x163.jpg 300w\" sizes=\"auto, (max-width: 500px) 100vw, 500px\" \/><\/a><\/div><div class=\"w-vwrapper usg_vwrapper_1 align_none valign_top\" style=\"--vwrapper-gap:0px\"><h2 class=\"w-post-elm post_title usg_post_title_1 entry-title color_link_inherit\"><a href=\"https:\/\/www.inmocochescarhire.com\/es\/coches\/focus-o-similar\/\">FOCUS <span>O SIMILAR <\/span><\/a><\/h2><div class=\"w-hwrapper usg_hwrapper_1 align_none valign_top\" style=\"--hwrapper-gap:10px\"><a class=\"w-btn us-btn-style_1 usg_btn_1\" target=\"_blank\" rel=\"nofollow\" href=\"https:\/\/booking.inmocochescarhire.com\/?idioma=es&amp;grupo=D1\"><span class=\"w-btn-label\">Reservar<\/span><\/a><a class=\"w-btn us-btn-style_3 usg_btn_2\" href=\"https:\/\/www.inmocochescarhire.com\/es\/coches\/focus-o-similar\/\"><span class=\"w-btn-label\">Ver m\u00e1s<\/span><\/a><\/div><div class=\"w-hwrapper usg_hwrapper_2 align_none valign_top\" style=\"--hwrapper-gap:10px\"><div class=\"w-post-elm post_custom_field usg_post_custom_field_1 car-icon-doors vertical type_text puertas color_link_inherit\"><i class=\"material-icons\">directions_car<\/i><p class=\"w-post-elm-before\">icon <\/p><span class=\"w-post-elm-value\">5 Doors<\/span><\/div><div class=\"w-post-elm post_custom_field usg_post_custom_field_2 car-icon-seats vertical type_text plazas color_link_inherit\"><i class=\"material-icons\">airline_seat_recline_extra<\/i><span class=\"w-post-elm-value\">5 Plazas<\/span><\/div><div class=\"w-post-elm post_custom_field usg_post_custom_field_3 car-icon-manual vertical type_text caja_de_cambios color_link_inherit\"><i class=\"material-icons\">insights<\/i><span class=\"w-post-elm-value\">Autom\u00e1tico<\/span><\/div><\/div><\/div>\t\t<\/div>\r\n\t\t\t<\/article>\r\n\t<article class=\"w-grid-item post-2930 us_portfolio type-us_portfolio status-publish has-post-thumbnail hentry us_portfolio_category-bmw us_portfolio_tag-h1\" data-id=\"2930\">\r\n\t\t<div class=\"w-grid-item-h\">\r\n\t\t\t\t\t\t<div class=\"w-post-elm post_image usg_post_image_1 cuadricula-coches-img stretched\"><a href=\"https:\/\/www.inmocochescarhire.com\/es\/coches\/bmw-z4-o-similar\/\" aria-label=\"BMW Z4 O SIMILAR \"><img loading=\"lazy\" decoding=\"async\" width=\"500\" height=\"272\" src=\"https:\/\/www.inmocochescarhire.com\/wp-content\/uploads\/2023\/01\/H1.jpg\" class=\"attachment-full size-full wp-post-image\" alt=\"\" srcset=\"https:\/\/www.inmocochescarhire.com\/wp-content\/uploads\/2023\/01\/H1.jpg 500w, https:\/\/www.inmocochescarhire.com\/wp-content\/uploads\/2023\/01\/H1-300x163.jpg 300w\" sizes=\"auto, (max-width: 500px) 100vw, 500px\" \/><\/a><\/div><div class=\"w-vwrapper usg_vwrapper_1 align_none valign_top\" style=\"--vwrapper-gap:0px\"><h2 class=\"w-post-elm post_title usg_post_title_1 entry-title color_link_inherit\"><a href=\"https:\/\/www.inmocochescarhire.com\/es\/coches\/bmw-z4-o-similar\/\">BMW Z4 <span>O SIMILAR <\/span><\/a><\/h2><div class=\"w-hwrapper usg_hwrapper_1 align_none valign_top\" style=\"--hwrapper-gap:10px\"><a class=\"w-btn us-btn-style_1 usg_btn_1\" target=\"_blank\" rel=\"nofollow\" href=\"https:\/\/booking.inmocochescarhire.com\/?idioma=es&amp;grupo=H1\"><span class=\"w-btn-label\">Reservar<\/span><\/a><a class=\"w-btn us-btn-style_3 usg_btn_2\" href=\"https:\/\/www.inmocochescarhire.com\/es\/coches\/bmw-z4-o-similar\/\"><span class=\"w-btn-label\">Ver m\u00e1s<\/span><\/a><\/div><div class=\"w-hwrapper usg_hwrapper_2 align_none valign_top\" style=\"--hwrapper-gap:10px\"><div class=\"w-post-elm post_custom_field usg_post_custom_field_1 car-icon-doors vertical type_text puertas color_link_inherit\"><i class=\"material-icons\">directions_car<\/i><p class=\"w-post-elm-before\">icon <\/p><span class=\"w-post-elm-value\">2 Doors<\/span><\/div><div class=\"w-post-elm post_custom_field usg_post_custom_field_2 car-icon-seats vertical type_text plazas color_link_inherit\"><i class=\"material-icons\">airline_seat_recline_extra<\/i><span class=\"w-post-elm-value\">2 Plazas<\/span><\/div><div class=\"w-post-elm post_custom_field usg_post_custom_field_3 car-icon-manual vertical type_text caja_de_cambios color_link_inherit\"><i class=\"material-icons\">insights<\/i><span class=\"w-post-elm-value\">Manual<\/span><\/div><\/div><\/div>\t\t<\/div>\r\n\t\t\t<\/article>\r\n\t<article class=\"w-grid-item post-2857 us_portfolio type-us_portfolio status-publish has-post-thumbnail hentry us_portfolio_category-bmw us_portfolio_tag-l\" data-id=\"2857\">\r\n\t\t<div class=\"w-grid-item-h\">\r\n\t\t\t\t\t\t<div class=\"w-post-elm post_image usg_post_image_1 cuadricula-coches-img stretched\"><a href=\"https:\/\/www.inmocochescarhire.com\/es\/coches\/bmw-x5-o-similar\/\" aria-label=\"BMW X5 O SIMILAR \"><img loading=\"lazy\" decoding=\"async\" width=\"500\" height=\"272\" src=\"https:\/\/www.inmocochescarhire.com\/wp-content\/uploads\/2023\/01\/L.jpg\" class=\"attachment-full size-full wp-post-image\" alt=\"\" srcset=\"https:\/\/www.inmocochescarhire.com\/wp-content\/uploads\/2023\/01\/L.jpg 500w, https:\/\/www.inmocochescarhire.com\/wp-content\/uploads\/2023\/01\/L-300x163.jpg 300w\" sizes=\"auto, (max-width: 500px) 100vw, 500px\" \/><\/a><\/div><div class=\"w-vwrapper usg_vwrapper_1 align_none valign_top\" style=\"--vwrapper-gap:0px\"><h2 class=\"w-post-elm post_title usg_post_title_1 entry-title color_link_inherit\"><a href=\"https:\/\/www.inmocochescarhire.com\/es\/coches\/bmw-x5-o-similar\/\">BMW X5 <span>O SIMILAR <\/span><\/a><\/h2><div class=\"w-hwrapper usg_hwrapper_1 align_none valign_top\" style=\"--hwrapper-gap:10px\"><a class=\"w-btn us-btn-style_1 usg_btn_1\" target=\"_blank\" rel=\"nofollow\" href=\"https:\/\/booking.inmocochescarhire.com\/?idioma=es&amp;grupo=L\"><span class=\"w-btn-label\">Reservar<\/span><\/a><a class=\"w-btn us-btn-style_3 usg_btn_2\" href=\"https:\/\/www.inmocochescarhire.com\/es\/coches\/bmw-x5-o-similar\/\"><span class=\"w-btn-label\">Ver m\u00e1s<\/span><\/a><\/div><div class=\"w-hwrapper usg_hwrapper_2 align_none valign_top\" style=\"--hwrapper-gap:10px\"><div class=\"w-post-elm post_custom_field usg_post_custom_field_1 car-icon-doors vertical type_text puertas color_link_inherit\"><i class=\"material-icons\">directions_car<\/i><p class=\"w-post-elm-before\">icon <\/p><span class=\"w-post-elm-value\">5 Doors<\/span><\/div><div class=\"w-post-elm post_custom_field usg_post_custom_field_2 car-icon-seats vertical type_text plazas color_link_inherit\"><i class=\"material-icons\">airline_seat_recline_extra<\/i><span class=\"w-post-elm-value\">5 Plazas<\/span><\/div><div class=\"w-post-elm post_custom_field usg_post_custom_field_3 car-icon-manual vertical type_text caja_de_cambios color_link_inherit\"><i class=\"material-icons\">insights<\/i><span class=\"w-post-elm-value\">Autom\u00e1tico<\/span><\/div><\/div><\/div>\t\t<\/div>\r\n\t\t\t<\/article>\r\n\t<article class=\"w-grid-item post-2966 us_portfolio type-us_portfolio status-publish has-post-thumbnail hentry us_portfolio_category-bmw us_portfolio_tag-h2\" data-id=\"2966\">\r\n\t\t<div class=\"w-grid-item-h\">\r\n\t\t\t\t\t\t<div class=\"w-post-elm post_image usg_post_image_1 cuadricula-coches-img stretched\"><a href=\"https:\/\/www.inmocochescarhire.com\/es\/coches\/bmw-4-series-cabrio-o-similar\/\" aria-label=\"BMW 4 SERIES CABRIO O SIMILAR \"><img loading=\"lazy\" decoding=\"async\" width=\"500\" height=\"272\" src=\"https:\/\/www.inmocochescarhire.com\/wp-content\/uploads\/2023\/01\/H2.jpg\" class=\"attachment-full size-full wp-post-image\" alt=\"\" srcset=\"https:\/\/www.inmocochescarhire.com\/wp-content\/uploads\/2023\/01\/H2.jpg 500w, https:\/\/www.inmocochescarhire.com\/wp-content\/uploads\/2023\/01\/H2-300x163.jpg 300w\" sizes=\"auto, (max-width: 500px) 100vw, 500px\" \/><\/a><\/div><div class=\"w-vwrapper usg_vwrapper_1 align_none valign_top\" style=\"--vwrapper-gap:0px\"><h2 class=\"w-post-elm post_title usg_post_title_1 entry-title color_link_inherit\"><a href=\"https:\/\/www.inmocochescarhire.com\/es\/coches\/bmw-4-series-cabrio-o-similar\/\">BMW 4 SERIES CABRIO <span>O SIMILAR <\/span><\/a><\/h2><div class=\"w-hwrapper usg_hwrapper_1 align_none valign_top\" style=\"--hwrapper-gap:10px\"><a class=\"w-btn us-btn-style_1 usg_btn_1\" target=\"_blank\" rel=\"nofollow\" href=\"https:\/\/booking.inmocochescarhire.com\/?idioma=es&amp;grupo=H2\"><span class=\"w-btn-label\">Reservar<\/span><\/a><a class=\"w-btn us-btn-style_3 usg_btn_2\" href=\"https:\/\/www.inmocochescarhire.com\/es\/coches\/bmw-4-series-cabrio-o-similar\/\"><span class=\"w-btn-label\">Ver m\u00e1s<\/span><\/a><\/div><div class=\"w-hwrapper usg_hwrapper_2 align_none valign_top\" style=\"--hwrapper-gap:10px\"><div class=\"w-post-elm post_custom_field usg_post_custom_field_1 car-icon-doors vertical type_text puertas color_link_inherit\"><i class=\"material-icons\">directions_car<\/i><p class=\"w-post-elm-before\">icon <\/p><span class=\"w-post-elm-value\">2 Doors<\/span><\/div><div class=\"w-post-elm post_custom_field usg_post_custom_field_2 car-icon-seats vertical type_text plazas color_link_inherit\"><i class=\"material-icons\">airline_seat_recline_extra<\/i><span class=\"w-post-elm-value\">4 Plazas<\/span><\/div><div class=\"w-post-elm post_custom_field usg_post_custom_field_3 car-icon-manual vertical type_text caja_de_cambios color_link_inherit\"><i class=\"material-icons\">insights<\/i><span class=\"w-post-elm-value\">Autom\u00e1tico<\/span><\/div><\/div><\/div>\t\t<\/div>\r\n\t\t\t<\/article>\r\n\t<article class=\"w-grid-item post-2970 us_portfolio type-us_portfolio status-publish has-post-thumbnail hentry us_portfolio_category-audi us_portfolio_tag-k\" data-id=\"2970\">\r\n\t\t<div class=\"w-grid-item-h\">\r\n\t\t\t\t\t\t<div class=\"w-post-elm post_image usg_post_image_1 cuadricula-coches-img stretched\"><a href=\"https:\/\/www.inmocochescarhire.com\/es\/coches\/audi-a5-o-similar\/\" aria-label=\"AUDI A5 O SIMILAR \"><img loading=\"lazy\" decoding=\"async\" width=\"500\" height=\"272\" src=\"https:\/\/www.inmocochescarhire.com\/wp-content\/uploads\/2023\/01\/K.jpg\" class=\"attachment-full size-full wp-post-image\" alt=\"\" srcset=\"https:\/\/www.inmocochescarhire.com\/wp-content\/uploads\/2023\/01\/K.jpg 500w, https:\/\/www.inmocochescarhire.com\/wp-content\/uploads\/2023\/01\/K-300x163.jpg 300w\" sizes=\"auto, (max-width: 500px) 100vw, 500px\" \/><\/a><\/div><div class=\"w-vwrapper usg_vwrapper_1 align_none valign_top\" style=\"--vwrapper-gap:0px\"><h2 class=\"w-post-elm post_title usg_post_title_1 entry-title color_link_inherit\"><a href=\"https:\/\/www.inmocochescarhire.com\/es\/coches\/audi-a5-o-similar\/\">AUDI A5 <span>O SIMILAR <\/span><\/a><\/h2><div class=\"w-hwrapper usg_hwrapper_1 align_none valign_top\" style=\"--hwrapper-gap:10px\"><a class=\"w-btn us-btn-style_1 usg_btn_1\" target=\"_blank\" rel=\"nofollow\" href=\"https:\/\/booking.inmocochescarhire.com\/?idioma=es&amp;grupo=K\"><span class=\"w-btn-label\">Reservar<\/span><\/a><a class=\"w-btn us-btn-style_3 usg_btn_2\" href=\"https:\/\/www.inmocochescarhire.com\/es\/coches\/audi-a5-o-similar\/\"><span class=\"w-btn-label\">Ver m\u00e1s<\/span><\/a><\/div><div class=\"w-hwrapper usg_hwrapper_2 align_none valign_top\" style=\"--hwrapper-gap:10px\"><div class=\"w-post-elm post_custom_field usg_post_custom_field_1 car-icon-doors vertical type_text puertas color_link_inherit\"><i class=\"material-icons\">directions_car<\/i><p class=\"w-post-elm-before\">icon <\/p><span class=\"w-post-elm-value\">5 Doors<\/span><\/div><div class=\"w-post-elm post_custom_field usg_post_custom_field_2 car-icon-seats vertical type_text plazas color_link_inherit\"><i class=\"material-icons\">airline_seat_recline_extra<\/i><span class=\"w-post-elm-value\">5 Plazas<\/span><\/div><div class=\"w-post-elm post_custom_field usg_post_custom_field_3 car-icon-manual vertical type_text caja_de_cambios color_link_inherit\"><i class=\"material-icons\">insights<\/i><span class=\"w-post-elm-value\">Autom\u00e1tico<\/span><\/div><\/div><\/div>\t\t<\/div>\r\n\t\t\t<\/article>\r\n<\/div><div class=\"w-grid-carousel-json hidden\" onclick='return {&quot;carousel_settings&quot;:{&quot;aria_labels&quot;:{&quot;prev&quot;:&quot;Anterior&quot;,&quot;next&quot;:&quot;Siguiente&quot;},&quot;autoplayContinual&quot;:false,&quot;autoplayContinualCss&quot;:false,&quot;autoplayHoverPause&quot;:false,&quot;autoplayTimeout&quot;:13000,&quot;autoWidth&quot;:false,&quot;smartSpeed&quot;:350,&quot;margin&quot;:0,&quot;mouseDrag&quot;:true,&quot;rtl&quot;:false,&quot;slideBy&quot;:&quot;1&quot;,&quot;touchDrag&quot;:true,&quot;slideTransition&quot;:&quot;&quot;,&quot;responsive&quot;:{&quot;0&quot;:{&quot;autoHeight&quot;:false,&quot;autoplay&quot;:true,&quot;autoplayContinualCss&quot;:false,&quot;autoWidth&quot;:false,&quot;center&quot;:false,&quot;dots&quot;:false,&quot;items&quot;:1,&quot;loop&quot;:true,&quot;nav&quot;:false,&quot;stagePadding&quot;:0,&quot;slideBy&quot;:&quot;1&quot;,&quot;touchDrag&quot;:true,&quot;mouseDrag&quot;:true},&quot;601&quot;:{&quot;autoHeight&quot;:false,&quot;autoplay&quot;:true,&quot;autoplayContinualCss&quot;:false,&quot;autoWidth&quot;:false,&quot;center&quot;:false,&quot;dots&quot;:false,&quot;items&quot;:2,&quot;loop&quot;:true,&quot;nav&quot;:true,&quot;stagePadding&quot;:0,&quot;slideBy&quot;:&quot;1&quot;,&quot;touchDrag&quot;:true,&quot;mouseDrag&quot;:true},&quot;1025&quot;:{&quot;autoHeight&quot;:false,&quot;autoplay&quot;:true,&quot;autoplayContinualCss&quot;:false,&quot;autoWidth&quot;:false,&quot;center&quot;:false,&quot;dots&quot;:false,&quot;items&quot;:3,&quot;loop&quot;:true,&quot;nav&quot;:true,&quot;stagePadding&quot;:0,&quot;slideBy&quot;:&quot;1&quot;,&quot;touchDrag&quot;:true,&quot;mouseDrag&quot;:true},&quot;1281&quot;:{&quot;items&quot;:4,&quot;autoplay&quot;:true,&quot;autoplayContinualCss&quot;:false,&quot;center&quot;:false,&quot;dots&quot;:false,&quot;nav&quot;:true,&quot;autoHeight&quot;:false,&quot;autoWidth&quot;:false,&quot;loop&quot;:true,&quot;stagePadding&quot;:0}}}}'><\/div><\/div><div class=\"w-btn-wrapper align_center\"><a class=\"w-btn us-btn-style_1 us_custom_cdf14ffd\" title=\"Flota\" href=\"http:\/\/www.inmocochescarhire.com\/es\/coches-de-alquiler\/\"><span class=\"w-btn-label\">Ver todos los coches<\/span><\/a><\/div><\/div><\/div><\/div><\/div><\/div><\/section><section class=\"l-section wpb_row height_medium\" id=\"ventajas\"><div class=\"l-section-h i-cf\"><div class=\"g-cols vc_row via_flex valign_top type_default stacking_default\"><div class=\"vc_col-sm-3 wpb_column vc_column_container ventaja\" id=\"attention\"><div class=\"vc_column-inner\"><div class=\"wpb_wrapper\"><div class=\"w-vwrapper align_none valign_top us_custom_a29e774b box-inicio has_text_color\" style=\"--vwrapper-gap:0px\"><div class=\"w-image box-service-icon align_none\"><div class=\"w-image-h\"><img decoding=\"async\" width=\"64\" height=\"64\" src=\"https:\/\/www.inmocochescarhire.com\/wp-content\/uploads\/2022\/12\/garantia-24h.png\" class=\"attachment-full size-full\" alt=\"car hire fuengirola\" loading=\"lazy\" \/><\/div><\/div><div class=\"w-separator size_small\"><\/div><h2 class=\"w-text us_custom_b7f52cc8 has_text_color\"><span class=\"w-text-h\"><span class=\"w-text-value\">Atenci\u00f3n personalizada<\/span><\/span><\/h2><div class=\"w-separator size_custom\" style=\"height:5px\"><\/div><div class=\"wpb_text_column us_custom_bdb99802 has_text_color\"><div class=\"wpb_wrapper\"><p>Nos aseguramos de que cada uno de nuestros clientes reciba el mejor trato posible.<\/p>\n<\/div><\/div><\/div><\/div><\/div><\/div><div class=\"vc_col-sm-3 wpb_column vc_column_container ventaja\" id=\"waiting\"><div class=\"vc_column-inner\"><div class=\"wpb_wrapper\"><div class=\"w-vwrapper align_none valign_top us_custom_a29e774b box-inicio has_text_color\" style=\"--vwrapper-gap:0px\"><div class=\"w-image box-service-icon align_none\"><div class=\"w-image-h\"><img decoding=\"async\" width=\"49\" height=\"55\" src=\"https:\/\/www.inmocochescarhire.com\/wp-content\/uploads\/2022\/12\/atencion-personalizada.png\" class=\"attachment-full size-full\" alt=\"car hire fuengirola\" loading=\"lazy\" \/><\/div><\/div><div class=\"w-separator size_small\"><\/div><h2 class=\"w-text us_custom_d533e6d0 has_text_color\"><span class=\"w-text-h\"><span class=\"w-text-value\">Sin colas de espera<\/span><\/span><\/h2><div class=\"w-separator size_custom\" style=\"height:5px\"><\/div><div class=\"wpb_text_column us_custom_bdb99802 has_text_color\"><div class=\"wpb_wrapper\"><p>Ofrecemos un servicio de entrega y recogida en persona en nuestras oficinas, con llave en mano para que puedas comenzar tu viaje sin demoras.<\/p>\n<\/div><\/div><\/div><\/div><\/div><\/div><div class=\"vc_col-sm-3 wpb_column vc_column_container ventaja\" id=\"prices\"><div class=\"vc_column-inner\"><div class=\"wpb_wrapper\"><div class=\"w-vwrapper align_none valign_top us_custom_a29e774b box-inicio has_text_color\" style=\"--vwrapper-gap:0px\"><div class=\"w-image box-service-icon align_none\"><div class=\"w-image-h\"><img decoding=\"async\" width=\"46\" height=\"56\" src=\"https:\/\/www.inmocochescarhire.com\/wp-content\/uploads\/2022\/12\/pago-flexible.png\" class=\"attachment-full size-full\" alt=\"car hire fuengirola\" loading=\"lazy\" \/><\/div><\/div><div class=\"w-separator size_small\"><\/div><h2 class=\"w-text us_custom_d533e6d0 has_text_color\"><span class=\"w-text-h\"><span class=\"w-text-value\">Precios cerrados<\/span><\/span><\/h2><div class=\"w-separator size_custom\" style=\"height:5px\"><\/div><div class=\"wpb_text_column us_custom_bdb99802 has_text_color\"><div class=\"wpb_wrapper\"><p>Te garantizamos precios cerrados y sin sorpresas. Nuestros precios en la web son definitivos, sin costes extras u ocultos.<\/p>\n<\/div><\/div><\/div><\/div><\/div><\/div><div class=\"vc_col-sm-3 wpb_column vc_column_container ventaja\" id=\"hours\"><div class=\"vc_column-inner\"><div class=\"wpb_wrapper\"><div class=\"w-vwrapper align_none valign_top us_custom_a29e774b box-inicio has_text_color\" style=\"--vwrapper-gap:0px\"><div class=\"w-image box-service-icon align_none\"><div class=\"w-image-h\"><img decoding=\"async\" width=\"64\" height=\"45\" src=\"https:\/\/www.inmocochescarhire.com\/wp-content\/uploads\/2022\/12\/financiacion.png\" class=\"attachment-full size-full\" alt=\"car hire fuengirola\" loading=\"lazy\" \/><\/div><\/div><div class=\"w-separator size_small\"><\/div><h2 class=\"w-text us_custom_d533e6d0 has_text_color\"><span class=\"w-text-h\"><span class=\"w-text-value\">Asistencia 24 horas<\/span><\/span><\/h2><div class=\"w-separator size_custom\" style=\"height:5px\"><\/div><div class=\"wpb_text_column us_custom_bdb99802 has_text_color\"><div class=\"wpb_wrapper\"><p>Te ofrecemos asistencia en carretera las 24 horas del d\u00eda. Si tienes alg\u00fan problema con tu veh\u00edculo de alquiler, estaremos all\u00ed para ayudarte.<\/p>\n<\/div><\/div><\/div><\/div><\/div><\/div><\/div><\/div><\/section><section class=\"l-section wpb_row height_medium\"><div class=\"l-section-h i-cf\"><div class=\"g-cols vc_row via_flex valign_top type_default stacking_default\"><div class=\"vc_col-sm-12 wpb_column vc_column_container\"><div class=\"vc_column-inner\"><div class=\"wpb_wrapper\"><h2 class=\"w-text us_custom_7de47b5a\"><span class=\"w-text-h\"><span class=\"w-text-value\">Nuestros clientes conf\u00edan en Inmocoches<\/span><\/span><\/h2><div class=\"wpb_text_column\"><div class=\"wpb_wrapper\"><pre class=\"ti-widget\" style=\"display: none\"><template id=\"trustindex-google-widget-html\"><div class=\" ti-widget  ti-goog ti-review-text-mode-readmore ti-text-align-left\" data-no-translation=\"true\" data-time-locale=\"%d %s ago|today|day|days|week|weeks|month|months|year|years\" data-plugin-version=\"13.2.9\" data-layout-id=\"5\" data-layout-category=\"slider\" data-set-id=\"light-background\" data-pid=\"\" data-language=\"en\" data-close-locale=\"Close\" data-review-target-width=\"275\" data-css-version=\"2\" data-reply-by-locale=\"Owner's reply\" data-only-rating-locale=\"This user only left a rating.\" data-pager-autoplay-timeout=\"6\"> <div class=\"ti-widget-container ti-col-4\"> <div class=\"ti-footer ti-footer-grid source-Google\"> <div class=\"ti-fade-container\"> <div class=\"ti-rating-text\"> <strong class=\"ti-rating ti-rating-large\"> EXCELLENT <\/strong> <\/div> <span class=\"ti-stars star-lg\"><trustindex-image class=\"ti-star\" data-imgurl=\"https:\/\/cdn.trustindex.io\/assets\/platform\/Google\/star\/f.svg\" alt=\"Google star 1\" width=\"17\" height=\"17\" loading=\"lazy\"><\/trustindex-image><trustindex-image class=\"ti-star\" data-imgurl=\"https:\/\/cdn.trustindex.io\/assets\/platform\/Google\/star\/f.svg\" alt=\"Google star 2\" width=\"17\" height=\"17\" loading=\"lazy\"><\/trustindex-image><trustindex-image class=\"ti-star\" data-imgurl=\"https:\/\/cdn.trustindex.io\/assets\/platform\/Google\/star\/f.svg\" alt=\"Google star 3\" width=\"17\" height=\"17\" loading=\"lazy\"><\/trustindex-image><trustindex-image class=\"ti-star\" data-imgurl=\"https:\/\/cdn.trustindex.io\/assets\/platform\/Google\/star\/f.svg\" alt=\"Google star 4\" width=\"17\" height=\"17\" loading=\"lazy\"><\/trustindex-image><trustindex-image class=\"ti-star\" data-imgurl=\"https:\/\/cdn.trustindex.io\/assets\/platform\/Google\/star\/f.svg\" alt=\"Google star 5\" width=\"17\" height=\"17\" loading=\"lazy\"><\/trustindex-image><\/span> <div class=\"ti-rating-text\"> <span class=\"nowrap\">Based on <strong>172 reviews<\/strong><\/span> <\/div> <div class=\"ti-large-logo\"> <div class=\"ti-v-center\"> <trustindex-image class=\"ti-logo-fb\" data-imgurl=\"https:\/\/cdn.trustindex.io\/assets\/platform\/Google\/logo.svg\" width=\"150\" height=\"25\" loading=\"lazy\" alt=\"Google\"><\/trustindex-image> <\/div> <\/div> <\/div> <\/div> <div class=\"ti-reviews-container\"> <div class=\"ti-controls\"> <div class=\"ti-next\" aria-label=\"Next review\" role=\"button\" tabindex=\"0\"><\/div> <div class=\"ti-prev\" aria-label=\"Previous review\" role=\"button\" tabindex=\"0\"><\/div> <\/div> <div class=\"ti-reviews-container-wrapper\">  <div data-empty=\"0\" data-time=\"1769644800\" class=\"ti-review-item source-Google ti-image-layout-thumbnail\" data-id=\"cfcd208495d565ef66e7dff9f98764da\"> <div class=\"ti-inner\"> <div class=\"ti-review-header\"> <div class=\"ti-platform-icon ti-with-tooltip\"> <span class=\"ti-tooltip\">Posted on <\/span> <trustindex-image data-imgurl=\"https:\/\/cdn.trustindex.io\/assets\/platform\/Google\/icon.svg\" alt=\"\" width=\"20\" height=\"20\" loading=\"lazy\"><\/trustindex-image> <\/div> <div class=\"ti-profile-img\"> <trustindex-image data-imgurl=\"https:\/\/lh3.googleusercontent.com\/a-\/ALV-UjVdc1x4_3gCG_PWqEapuxxyoaG813w-I9J6l5GkXcWxxb5GMd8d=w40-h40-c-rp-mo-br100\" alt=\"Alicia \u00c1ngel Alarc\u00f3n profile picture\" loading=\"lazy\"><\/trustindex-image> <\/div> <div class=\"ti-profile-details\"> <div class=\"ti-name\"> Alicia \u00c1ngel Alarc\u00f3n <\/div> <div class=\"ti-date\"><\/div> <\/div> <\/div> <span class=\"ti-stars\"><trustindex-image class=\"ti-star\" data-imgurl=\"https:\/\/cdn.trustindex.io\/assets\/platform\/Google\/star\/f.svg\" alt=\"Google star 1\" width=\"17\" height=\"17\" loading=\"lazy\"><\/trustindex-image><trustindex-image class=\"ti-star\" data-imgurl=\"https:\/\/cdn.trustindex.io\/assets\/platform\/Google\/star\/f.svg\" alt=\"Google star 2\" width=\"17\" height=\"17\" loading=\"lazy\"><\/trustindex-image><trustindex-image class=\"ti-star\" data-imgurl=\"https:\/\/cdn.trustindex.io\/assets\/platform\/Google\/star\/f.svg\" alt=\"Google star 3\" width=\"17\" height=\"17\" loading=\"lazy\"><\/trustindex-image><trustindex-image class=\"ti-star\" data-imgurl=\"https:\/\/cdn.trustindex.io\/assets\/platform\/Google\/star\/f.svg\" alt=\"Google star 4\" width=\"17\" height=\"17\" loading=\"lazy\"><\/trustindex-image><trustindex-image class=\"ti-star\" data-imgurl=\"https:\/\/cdn.trustindex.io\/assets\/platform\/Google\/star\/f.svg\" alt=\"Google star 5\" width=\"17\" height=\"17\" loading=\"lazy\"><\/trustindex-image><span class=\"ti-verified-review ti-verified-platform\"><span class=\"ti-verified-tooltip\">Trustindex verifies that the original source of the review is Google.<\/span><\/span><\/span> <div class=\"ti-review-text-container ti-review-content\"><!-- R-CONTENT -->Excelente servicio, \u00c1lvaro fue muy servicial, atento y encantador. Muchas gracias por todo, si nos vuelve a hacer falta alquilar un veh\u00edculo volveremos sin ninguna duda.<!-- R-CONTENT --><\/div> <span class=\"ti-read-more\" data-container=\".ti-review-content\" data-collapse-text=\"Hide\" data-open-text=\"Read more\"><\/span> <\/div> <\/div>  <div data-empty=\"0\" data-time=\"1759104000\" class=\"ti-review-item source-Google ti-image-layout-thumbnail\" data-id=\"cfcd208495d565ef66e7dff9f98764da\"> <div class=\"ti-inner\"> <div class=\"ti-review-header\"> <div class=\"ti-platform-icon ti-with-tooltip\"> <span class=\"ti-tooltip\">Posted on <\/span> <trustindex-image data-imgurl=\"https:\/\/cdn.trustindex.io\/assets\/platform\/Google\/icon.svg\" alt=\"\" width=\"20\" height=\"20\" loading=\"lazy\"><\/trustindex-image> <\/div> <div class=\"ti-profile-img\"> <trustindex-image data-imgurl=\"https:\/\/lh3.googleusercontent.com\/a-\/ALV-UjUTClI2O87iVQLrNxGOsSN4ck-EszbeT73JZ3ZJMUNXk1f3KKKH=w40-h40-c-rp-mo-ba3-br100\" alt=\"Barbara Barenfeld profile picture\" loading=\"lazy\"><\/trustindex-image> <\/div> <div class=\"ti-profile-details\"> <div class=\"ti-name\"> Barbara Barenfeld <\/div> <div class=\"ti-date\"><\/div> <\/div> <\/div> <span class=\"ti-stars\"><trustindex-image class=\"ti-star\" data-imgurl=\"https:\/\/cdn.trustindex.io\/assets\/platform\/Google\/star\/f.svg\" alt=\"Google star 1\" width=\"17\" height=\"17\" loading=\"lazy\"><\/trustindex-image><trustindex-image class=\"ti-star\" data-imgurl=\"https:\/\/cdn.trustindex.io\/assets\/platform\/Google\/star\/f.svg\" alt=\"Google star 2\" width=\"17\" height=\"17\" loading=\"lazy\"><\/trustindex-image><trustindex-image class=\"ti-star\" data-imgurl=\"https:\/\/cdn.trustindex.io\/assets\/platform\/Google\/star\/f.svg\" alt=\"Google star 3\" width=\"17\" height=\"17\" loading=\"lazy\"><\/trustindex-image><trustindex-image class=\"ti-star\" data-imgurl=\"https:\/\/cdn.trustindex.io\/assets\/platform\/Google\/star\/f.svg\" alt=\"Google star 4\" width=\"17\" height=\"17\" loading=\"lazy\"><\/trustindex-image><trustindex-image class=\"ti-star\" data-imgurl=\"https:\/\/cdn.trustindex.io\/assets\/platform\/Google\/star\/f.svg\" alt=\"Google star 5\" width=\"17\" height=\"17\" loading=\"lazy\"><\/trustindex-image><span class=\"ti-verified-review ti-verified-platform\"><span class=\"ti-verified-tooltip\">Trustindex verifies that the original source of the review is Google.<\/span><\/span><\/span> <div class=\"ti-review-text-container ti-review-content\"><!-- R-CONTENT -->Muy recomendable, alquile un auto para recorrer la costa del sol , me sent\u00ed totalmente acompa\u00f1ada y asistida ante cada consulta. La tarifa, s\u00faper accesible . Gracias Alvaro por tu amabilidad y asistencia . Sin dudas volver\u00eda a rentar aqu\u00ed.<!-- R-CONTENT --><\/div> <span class=\"ti-read-more\" data-container=\".ti-review-content\" data-collapse-text=\"Hide\" data-open-text=\"Read more\"><\/span> <\/div> <\/div>  <div data-empty=\"0\" data-time=\"1752451200\" class=\"ti-review-item source-Google ti-image-layout-thumbnail\" data-id=\"cfcd208495d565ef66e7dff9f98764da\"> <div class=\"ti-inner\"> <div class=\"ti-review-header\"> <div class=\"ti-platform-icon ti-with-tooltip\"> <span class=\"ti-tooltip\">Posted on <\/span> <trustindex-image data-imgurl=\"https:\/\/cdn.trustindex.io\/assets\/platform\/Google\/icon.svg\" alt=\"\" width=\"20\" height=\"20\" loading=\"lazy\"><\/trustindex-image> <\/div> <div class=\"ti-profile-img\"> <trustindex-image data-imgurl=\"https:\/\/lh3.googleusercontent.com\/a-\/ALV-UjWk68XufVz8EF8kEzGLyARYaKamv3OBQ97cGP5GSCfuopwiJ7l-=w40-h40-c-rp-mo-ba3-br100\" alt=\"pablo77pp1 profile picture\" loading=\"lazy\"><\/trustindex-image> <\/div> <div class=\"ti-profile-details\"> <div class=\"ti-name\"> pablo77pp1 <\/div> <div class=\"ti-date\"><\/div> <\/div> <\/div> <span class=\"ti-stars\"><trustindex-image class=\"ti-star\" data-imgurl=\"https:\/\/cdn.trustindex.io\/assets\/platform\/Google\/star\/f.svg\" alt=\"Google star 1\" width=\"17\" height=\"17\" loading=\"lazy\"><\/trustindex-image><trustindex-image class=\"ti-star\" data-imgurl=\"https:\/\/cdn.trustindex.io\/assets\/platform\/Google\/star\/f.svg\" alt=\"Google star 2\" width=\"17\" height=\"17\" loading=\"lazy\"><\/trustindex-image><trustindex-image class=\"ti-star\" data-imgurl=\"https:\/\/cdn.trustindex.io\/assets\/platform\/Google\/star\/f.svg\" alt=\"Google star 3\" width=\"17\" height=\"17\" loading=\"lazy\"><\/trustindex-image><trustindex-image class=\"ti-star\" data-imgurl=\"https:\/\/cdn.trustindex.io\/assets\/platform\/Google\/star\/f.svg\" alt=\"Google star 4\" width=\"17\" height=\"17\" loading=\"lazy\"><\/trustindex-image><trustindex-image class=\"ti-star\" data-imgurl=\"https:\/\/cdn.trustindex.io\/assets\/platform\/Google\/star\/f.svg\" alt=\"Google star 5\" width=\"17\" height=\"17\" loading=\"lazy\"><\/trustindex-image><span class=\"ti-verified-review ti-verified-platform\"><span class=\"ti-verified-tooltip\">Trustindex verifies that the original source of the review is Google.<\/span><\/span><\/span> <div class=\"ti-review-text-container ti-review-content\"><!-- R-CONTENT -->\ud83c\uddf5\ud83c\uddf1 Jak kto\u015b szuka obs\u0142ugi w j\u0119zyku polskim to jak najbardziej polecam. Jan jest co prawda S\u0142owakiem, ale rozmawia po polsku i jest mega \u017cyczliwym cz\u0142owiekiem. Warto posiada\u0107 got\u00f3wk\u0119 \ud83d\udcb6, ceny bardzo fajne, autko ford focus w dieslu mega oszcz\u0119dne i pewne na drodze. Warto korzysta\u0107 \ud83d\udc4d<!-- R-CONTENT --><\/div> <span class=\"ti-read-more\" data-container=\".ti-review-content\" data-collapse-text=\"Hide\" data-open-text=\"Read more\"><\/span> <\/div> <\/div>  <div data-empty=\"0\" data-time=\"1750377600\" class=\"ti-review-item source-Google ti-image-layout-thumbnail\" data-id=\"cfcd208495d565ef66e7dff9f98764da\"> <div class=\"ti-inner\"> <div class=\"ti-review-header\"> <div class=\"ti-platform-icon ti-with-tooltip\"> <span class=\"ti-tooltip\">Posted on <\/span> <trustindex-image data-imgurl=\"https:\/\/cdn.trustindex.io\/assets\/platform\/Google\/icon.svg\" alt=\"\" width=\"20\" height=\"20\" loading=\"lazy\"><\/trustindex-image> <\/div> <div class=\"ti-profile-img\"> <trustindex-image data-imgurl=\"https:\/\/lh3.googleusercontent.com\/a\/ACg8ocJK4gZAUFIkWg78hZg8pVUCb8-KTCi50xaXFfahjacgQ5bDTw=w40-h40-c-rp-mo-br100\" alt=\"Ainhoa Kerejeta profile picture\" loading=\"lazy\"><\/trustindex-image> <\/div> <div class=\"ti-profile-details\"> <div class=\"ti-name\"> Ainhoa Kerejeta <\/div> <div class=\"ti-date\"><\/div> <\/div> <\/div> <span class=\"ti-stars\"><trustindex-image class=\"ti-star\" data-imgurl=\"https:\/\/cdn.trustindex.io\/assets\/platform\/Google\/star\/f.svg\" alt=\"Google star 1\" width=\"17\" height=\"17\" loading=\"lazy\"><\/trustindex-image><trustindex-image class=\"ti-star\" data-imgurl=\"https:\/\/cdn.trustindex.io\/assets\/platform\/Google\/star\/f.svg\" alt=\"Google star 2\" width=\"17\" height=\"17\" loading=\"lazy\"><\/trustindex-image><trustindex-image class=\"ti-star\" data-imgurl=\"https:\/\/cdn.trustindex.io\/assets\/platform\/Google\/star\/f.svg\" alt=\"Google star 3\" width=\"17\" height=\"17\" loading=\"lazy\"><\/trustindex-image><trustindex-image class=\"ti-star\" data-imgurl=\"https:\/\/cdn.trustindex.io\/assets\/platform\/Google\/star\/f.svg\" alt=\"Google star 4\" width=\"17\" height=\"17\" loading=\"lazy\"><\/trustindex-image><trustindex-image class=\"ti-star\" data-imgurl=\"https:\/\/cdn.trustindex.io\/assets\/platform\/Google\/star\/f.svg\" alt=\"Google star 5\" width=\"17\" height=\"17\" loading=\"lazy\"><\/trustindex-image><span class=\"ti-verified-review ti-verified-platform\"><span class=\"ti-verified-tooltip\">Trustindex verifies that the original source of the review is Google.<\/span><\/span><\/span> <div class=\"ti-review-text-container ti-review-content\"><!-- R-CONTENT -->Nos atendi\u00f3 Jan y estupendo, sin las t\u00edpicas trabas de los alquileres de coches. Tuvimos un peque\u00f1o problema y los solucion\u00f3 incluso fuera de horario. Con gente as\u00ed da gusto, gracias!<!-- R-CONTENT --><\/div> <span class=\"ti-read-more\" data-container=\".ti-review-content\" data-collapse-text=\"Hide\" data-open-text=\"Read more\"><\/span> <\/div> <\/div>  <div data-empty=\"0\" data-time=\"1750377600\" class=\"ti-review-item source-Google ti-image-layout-thumbnail\" data-id=\"cfcd208495d565ef66e7dff9f98764da\"> <div class=\"ti-inner\"> <div class=\"ti-review-header\"> <div class=\"ti-platform-icon ti-with-tooltip\"> <span class=\"ti-tooltip\">Posted on <\/span> <trustindex-image data-imgurl=\"https:\/\/cdn.trustindex.io\/assets\/platform\/Google\/icon.svg\" alt=\"\" width=\"20\" height=\"20\" loading=\"lazy\"><\/trustindex-image> <\/div> <div class=\"ti-profile-img\"> <trustindex-image data-imgurl=\"https:\/\/lh3.googleusercontent.com\/a\/ACg8ocL0LeVEmZuY2NpjLiH_xwh35A7rG4GbxhYAONeA2b3E4Y3fjgI=w40-h40-c-rp-mo-br100\" alt=\"Unai Larra\u00f1aga profile picture\" loading=\"lazy\"><\/trustindex-image> <\/div> <div class=\"ti-profile-details\"> <div class=\"ti-name\"> Unai Larra\u00f1aga <\/div> <div class=\"ti-date\"><\/div> <\/div> <\/div> <span class=\"ti-stars\"><trustindex-image class=\"ti-star\" data-imgurl=\"https:\/\/cdn.trustindex.io\/assets\/platform\/Google\/star\/f.svg\" alt=\"Google star 1\" width=\"17\" height=\"17\" loading=\"lazy\"><\/trustindex-image><trustindex-image class=\"ti-star\" data-imgurl=\"https:\/\/cdn.trustindex.io\/assets\/platform\/Google\/star\/f.svg\" alt=\"Google star 2\" width=\"17\" height=\"17\" loading=\"lazy\"><\/trustindex-image><trustindex-image class=\"ti-star\" data-imgurl=\"https:\/\/cdn.trustindex.io\/assets\/platform\/Google\/star\/f.svg\" alt=\"Google star 3\" width=\"17\" height=\"17\" loading=\"lazy\"><\/trustindex-image><trustindex-image class=\"ti-star\" data-imgurl=\"https:\/\/cdn.trustindex.io\/assets\/platform\/Google\/star\/f.svg\" alt=\"Google star 4\" width=\"17\" height=\"17\" loading=\"lazy\"><\/trustindex-image><trustindex-image class=\"ti-star\" data-imgurl=\"https:\/\/cdn.trustindex.io\/assets\/platform\/Google\/star\/f.svg\" alt=\"Google star 5\" width=\"17\" height=\"17\" loading=\"lazy\"><\/trustindex-image><span class=\"ti-verified-review ti-verified-platform\"><span class=\"ti-verified-tooltip\">Trustindex verifies that the original source of the review is Google.<\/span><\/span><\/span> <div class=\"ti-review-text-container ti-review-content\"><!-- R-CONTENT -->Muy bien! El chico, Jan, es un pro, majo, servicial, resolutivo...para llev\u00e1rselo a casa. Alquilad aqu\u00ed, no en grandes empresas.<!-- R-CONTENT --><\/div> <span class=\"ti-read-more\" data-container=\".ti-review-content\" data-collapse-text=\"Hide\" data-open-text=\"Read more\"><\/span> <\/div> <\/div>  <div data-empty=\"0\" data-time=\"1746576000\" class=\"ti-review-item source-Google ti-image-layout-thumbnail\" data-id=\"cfcd208495d565ef66e7dff9f98764da\"> <div class=\"ti-inner\"> <div class=\"ti-review-header\"> <div class=\"ti-platform-icon ti-with-tooltip\"> <span class=\"ti-tooltip\">Posted on <\/span> <trustindex-image data-imgurl=\"https:\/\/cdn.trustindex.io\/assets\/platform\/Google\/icon.svg\" alt=\"\" width=\"20\" height=\"20\" loading=\"lazy\"><\/trustindex-image> <\/div> <div class=\"ti-profile-img\"> <trustindex-image data-imgurl=\"https:\/\/lh3.googleusercontent.com\/a-\/ALV-UjW11RMUn_4JFvuI9AlCRVFagSfMavlUpYC40wsB9ZGtJibzS0o=w40-h40-c-rp-mo-br100\" alt=\"James Fernandes profile picture\" loading=\"lazy\"><\/trustindex-image> <\/div> <div class=\"ti-profile-details\"> <div class=\"ti-name\"> James Fernandes <\/div> <div class=\"ti-date\"><\/div> <\/div> <\/div> <span class=\"ti-stars\"><trustindex-image class=\"ti-star\" data-imgurl=\"https:\/\/cdn.trustindex.io\/assets\/platform\/Google\/star\/f.svg\" alt=\"Google star 1\" width=\"17\" height=\"17\" loading=\"lazy\"><\/trustindex-image><trustindex-image class=\"ti-star\" data-imgurl=\"https:\/\/cdn.trustindex.io\/assets\/platform\/Google\/star\/f.svg\" alt=\"Google star 2\" width=\"17\" height=\"17\" loading=\"lazy\"><\/trustindex-image><trustindex-image class=\"ti-star\" data-imgurl=\"https:\/\/cdn.trustindex.io\/assets\/platform\/Google\/star\/f.svg\" alt=\"Google star 3\" width=\"17\" height=\"17\" loading=\"lazy\"><\/trustindex-image><trustindex-image class=\"ti-star\" data-imgurl=\"https:\/\/cdn.trustindex.io\/assets\/platform\/Google\/star\/f.svg\" alt=\"Google star 4\" width=\"17\" height=\"17\" loading=\"lazy\"><\/trustindex-image><trustindex-image class=\"ti-star\" data-imgurl=\"https:\/\/cdn.trustindex.io\/assets\/platform\/Google\/star\/f.svg\" alt=\"Google star 5\" width=\"17\" height=\"17\" loading=\"lazy\"><\/trustindex-image><span class=\"ti-verified-review ti-verified-platform\"><span class=\"ti-verified-tooltip\">Trustindex verifies that the original source of the review is Google.<\/span><\/span><\/span> <div class=\"ti-review-text-container ti-review-content\"><!-- R-CONTENT -->Jan is the one and only best \ud83d\udc4c\n\nThank you so much for your long service and helping me and going above and beyond when I have hired cars from you! \ud83d\ude42\n\nI would highly recommend this company absolutely amazing 5\u2606 10\/10.\n\nI use this car hire\/rental every time I visiting southern spain \ud83c\uddea\ud83c\uddf8 and will continue to use this as a valued happy customer \ud83d\ude00<!-- R-CONTENT --><\/div> <span class=\"ti-read-more\" data-container=\".ti-review-content\" data-collapse-text=\"Hide\" data-open-text=\"Read more\"><\/span> <\/div> <\/div>  <div data-empty=\"0\" data-time=\"1745020800\" class=\"ti-review-item source-Google ti-image-layout-thumbnail\" data-id=\"cfcd208495d565ef66e7dff9f98764da\"> <div class=\"ti-inner\"> <div class=\"ti-review-header\"> <div class=\"ti-platform-icon ti-with-tooltip\"> <span class=\"ti-tooltip\">Posted on <\/span> <trustindex-image data-imgurl=\"https:\/\/cdn.trustindex.io\/assets\/platform\/Google\/icon.svg\" alt=\"\" width=\"20\" height=\"20\" loading=\"lazy\"><\/trustindex-image> <\/div> <div class=\"ti-profile-img\"> <trustindex-image data-imgurl=\"https:\/\/lh3.googleusercontent.com\/a\/ACg8ocJHEKrCl_ms_7j94JQvlbKDiA4xPNMgtlhguLSlmdaQxvLYZw=w40-h40-c-rp-mo-ba3-br100\" alt=\"Marcel profile picture\" loading=\"lazy\"><\/trustindex-image> <\/div> <div class=\"ti-profile-details\"> <div class=\"ti-name\"> Marcel <\/div> <div class=\"ti-date\"><\/div> <\/div> <\/div> <span class=\"ti-stars\"><trustindex-image class=\"ti-star\" data-imgurl=\"https:\/\/cdn.trustindex.io\/assets\/platform\/Google\/star\/f.svg\" alt=\"Google star 1\" width=\"17\" height=\"17\" loading=\"lazy\"><\/trustindex-image><trustindex-image class=\"ti-star\" data-imgurl=\"https:\/\/cdn.trustindex.io\/assets\/platform\/Google\/star\/f.svg\" alt=\"Google star 2\" width=\"17\" height=\"17\" loading=\"lazy\"><\/trustindex-image><trustindex-image class=\"ti-star\" data-imgurl=\"https:\/\/cdn.trustindex.io\/assets\/platform\/Google\/star\/f.svg\" alt=\"Google star 3\" width=\"17\" height=\"17\" loading=\"lazy\"><\/trustindex-image><trustindex-image class=\"ti-star\" data-imgurl=\"https:\/\/cdn.trustindex.io\/assets\/platform\/Google\/star\/f.svg\" alt=\"Google star 4\" width=\"17\" height=\"17\" loading=\"lazy\"><\/trustindex-image><trustindex-image class=\"ti-star\" data-imgurl=\"https:\/\/cdn.trustindex.io\/assets\/platform\/Google\/star\/f.svg\" alt=\"Google star 5\" width=\"17\" height=\"17\" loading=\"lazy\"><\/trustindex-image><span class=\"ti-verified-review ti-verified-platform\"><span class=\"ti-verified-tooltip\">Trustindex verifies that the original source of the review is Google.<\/span><\/span><\/span> <div class=\"ti-review-text-container ti-review-content\"><!-- R-CONTENT -->Everything worked perfectly. Jose is very friendly and took his time to explain us how everything work. We could find here a car on short notice even though it was Easter week.<!-- R-CONTENT --><\/div> <span class=\"ti-read-more\" data-container=\".ti-review-content\" data-collapse-text=\"Hide\" data-open-text=\"Read more\"><\/span> <\/div> <\/div>  <div data-empty=\"0\" data-time=\"1740182400\" class=\"ti-review-item source-Google ti-image-layout-thumbnail\" data-id=\"cfcd208495d565ef66e7dff9f98764da\"> <div class=\"ti-inner\"> <div class=\"ti-review-header\"> <div class=\"ti-platform-icon ti-with-tooltip\"> <span class=\"ti-tooltip\">Posted on <\/span> <trustindex-image data-imgurl=\"https:\/\/cdn.trustindex.io\/assets\/platform\/Google\/icon.svg\" alt=\"\" width=\"20\" height=\"20\" loading=\"lazy\"><\/trustindex-image> <\/div> <div class=\"ti-profile-img\"> <trustindex-image data-imgurl=\"https:\/\/lh3.googleusercontent.com\/a\/ACg8ocIRge7a0nnC7x5mRcdBENnZX9u4WRyFiLWFB7PEt6UjZLjtUw=w40-h40-c-rp-mo-br100\" alt=\"Przemys\u0142aw Janiak profile picture\" loading=\"lazy\"><\/trustindex-image> <\/div> <div class=\"ti-profile-details\"> <div class=\"ti-name\"> Przemys\u0142aw Janiak <\/div> <div class=\"ti-date\"><\/div> <\/div> <\/div> <span class=\"ti-stars\"><trustindex-image class=\"ti-star\" data-imgurl=\"https:\/\/cdn.trustindex.io\/assets\/platform\/Google\/star\/f.svg\" alt=\"Google star 1\" width=\"17\" height=\"17\" loading=\"lazy\"><\/trustindex-image><trustindex-image class=\"ti-star\" data-imgurl=\"https:\/\/cdn.trustindex.io\/assets\/platform\/Google\/star\/f.svg\" alt=\"Google star 2\" width=\"17\" height=\"17\" loading=\"lazy\"><\/trustindex-image><trustindex-image class=\"ti-star\" data-imgurl=\"https:\/\/cdn.trustindex.io\/assets\/platform\/Google\/star\/f.svg\" alt=\"Google star 3\" width=\"17\" height=\"17\" loading=\"lazy\"><\/trustindex-image><trustindex-image class=\"ti-star\" data-imgurl=\"https:\/\/cdn.trustindex.io\/assets\/platform\/Google\/star\/f.svg\" alt=\"Google star 4\" width=\"17\" height=\"17\" loading=\"lazy\"><\/trustindex-image><trustindex-image class=\"ti-star\" data-imgurl=\"https:\/\/cdn.trustindex.io\/assets\/platform\/Google\/star\/f.svg\" alt=\"Google star 5\" width=\"17\" height=\"17\" loading=\"lazy\"><\/trustindex-image><span class=\"ti-verified-review ti-verified-platform\"><span class=\"ti-verified-tooltip\">Trustindex verifies that the original source of the review is Google.<\/span><\/span><\/span> <div class=\"ti-review-text-container ti-review-content\"><!-- R-CONTENT -->Super wypo\u017cyczalnia. Gor\u0105co polecam. W\u0142a\u015bciciel m\u00f3wi po polsku. Nie ma kaucji. Pe\u0142ne ubezpieczenie i mo\u017cna pojecha\u0107 do Gibraltaru. Ford Focus na 3 dni za 120 euro, Renault Clio na 3 dni za 90 euro.<!-- R-CONTENT --><\/div> <span class=\"ti-read-more\" data-container=\".ti-review-content\" data-collapse-text=\"Hide\" data-open-text=\"Read more\"><\/span> <\/div> <\/div>  <div data-empty=\"0\" data-time=\"1735603200\" class=\"ti-review-item source-Google ti-image-layout-thumbnail\" data-id=\"cfcd208495d565ef66e7dff9f98764da\"> <div class=\"ti-inner\"> <div class=\"ti-review-header\"> <div class=\"ti-platform-icon ti-with-tooltip\"> <span class=\"ti-tooltip\">Posted on <\/span> <trustindex-image data-imgurl=\"https:\/\/cdn.trustindex.io\/assets\/platform\/Google\/icon.svg\" alt=\"\" width=\"20\" height=\"20\" loading=\"lazy\"><\/trustindex-image> <\/div> <div class=\"ti-profile-img\"> <trustindex-image data-imgurl=\"https:\/\/lh3.googleusercontent.com\/a-\/ALV-UjVQ_udV6AZLF35xtj9dz1sSArquG8uazmi6IA9BIKvu6A0ETfj-=w40-h40-c-rp-mo-br100\" alt=\"Sonja Hansen profile picture\" loading=\"lazy\"><\/trustindex-image> <\/div> <div class=\"ti-profile-details\"> <div class=\"ti-name\"> Sonja Hansen <\/div> <div class=\"ti-date\"><\/div> <\/div> <\/div> <span class=\"ti-stars\"><trustindex-image class=\"ti-star\" data-imgurl=\"https:\/\/cdn.trustindex.io\/assets\/platform\/Google\/star\/f.svg\" alt=\"Google star 1\" width=\"17\" height=\"17\" loading=\"lazy\"><\/trustindex-image><trustindex-image class=\"ti-star\" data-imgurl=\"https:\/\/cdn.trustindex.io\/assets\/platform\/Google\/star\/f.svg\" alt=\"Google star 2\" width=\"17\" height=\"17\" loading=\"lazy\"><\/trustindex-image><trustindex-image class=\"ti-star\" data-imgurl=\"https:\/\/cdn.trustindex.io\/assets\/platform\/Google\/star\/f.svg\" alt=\"Google star 3\" width=\"17\" height=\"17\" loading=\"lazy\"><\/trustindex-image><trustindex-image class=\"ti-star\" data-imgurl=\"https:\/\/cdn.trustindex.io\/assets\/platform\/Google\/star\/f.svg\" alt=\"Google star 4\" width=\"17\" height=\"17\" loading=\"lazy\"><\/trustindex-image><trustindex-image class=\"ti-star\" data-imgurl=\"https:\/\/cdn.trustindex.io\/assets\/platform\/Google\/star\/f.svg\" alt=\"Google star 5\" width=\"17\" height=\"17\" loading=\"lazy\"><\/trustindex-image><span class=\"ti-verified-review ti-verified-platform\"><span class=\"ti-verified-tooltip\">Trustindex verifies that the original source of the review is Google.<\/span><\/span><\/span> <div class=\"ti-review-text-container ti-review-content\"><!-- R-CONTENT -->Very nice and helpful guy. We got a car, cheap and easy! Thank you so much.<!-- R-CONTENT --><\/div> <span class=\"ti-read-more\" data-container=\".ti-review-content\" data-collapse-text=\"Hide\" data-open-text=\"Read more\"><\/span> <\/div> <\/div>  <\/div> <div class=\"ti-controls-line\"> <div class=\"dot\"><\/div> <\/div>   <\/div> <\/div> <\/div> <\/template><\/pre><div data-src=\"https:\/\/cdn.trustindex.io\/loader.js?wp-widget\" data-template-id=\"trustindex-google-widget-html\" data-css-url=\"https:\/\/www.inmocochescarhire.com\/wp-content\/uploads\/trustindex-google-widget.css?1776167752\"><\/div>\n<\/div><\/div><\/div><\/div><\/div><\/div><\/div><\/section><section class=\"l-section wpb_row us_custom_afd10fc7 has_text_color height_medium\"><div class=\"l-section-overlay\" style=\"background:rgba(0,0,0,0.40)\"><\/div><div class=\"l-section-h i-cf\"><div class=\"g-cols vc_row via_flex valign_top type_default stacking_default\"><div class=\"vc_col-sm-8 wpb_column vc_column_container\"><div class=\"vc_column-inner\"><div class=\"wpb_wrapper\"><h2 class=\"w-text us_custom_26833bfb\"><span class=\"w-text-h\"><span class=\"w-text-value\">\u00bfPor qu\u00e9 elegir<br \/>\nInmocoches?<\/span><\/span><\/h2><div class=\"w-separator size_small\"><\/div><div class=\"g-cols wpb_row via_flex valign_top type_default stacking_default\"><div class=\"vc_col-sm-6 wpb_column vc_column_container\"><div class=\"vc_column-inner\"><div class=\"wpb_wrapper\"><div class=\"wpb_text_column us_custom_432d3f53\"><div class=\"wpb_wrapper\"><p>Gracias a nuestra gran flota de veh\u00edculos de nuestro rent a car en Fuengirola, podr\u00e1s encontrar el que mejor se adapte a ti, pudiendo elegir entre manual o autom\u00e1tico, familiares, berlinas, compactos, 7 plazas, 9 plazas e incluso motocicletas.<\/p>\n<p>Olvida las colas de espera, nuestro servicio de entrega y recogida de veh\u00edculos en nuestras oficinas se realiza con llaves en mano, acompa\u00f1\u00e1ndole hasta su veh\u00edculo para que disfrute de su trayecto lo antes posible, adem\u00e1s de tener la seguridad de tener precios cerrados en cada uno de ellos para no tener ning\u00fan coste extra u oculto sin llevarse ninguna sorpresa.<\/p>\n<p>Nos diferenciamos por la gran transparencia y claridad en nuestra gesti\u00f3n, nos avalan muchos a\u00f1os en este sector, nuestros precios son competitivos y definitivos, trabajamos sin publicidad enga\u00f1osa y el precio que se pacte ser\u00e1 el que pague finalmente.<\/p>\n<\/div><\/div><\/div><\/div><\/div><div class=\"vc_col-sm-6 wpb_column vc_column_container\"><div class=\"vc_column-inner\"><div class=\"wpb_wrapper\"><div class=\"wpb_text_column us_custom_432d3f53\"><div class=\"wpb_wrapper\"><p>El personal de Inmocoches de nuestro servicio de <strong>Alquiler de Coches en Fuengirola<\/strong>, est\u00e1 altamente cualificado y estar\u00e1 encantado de orientarle y darle todas las recomendaciones necesarias para que le saque el m\u00e1ximo partido a su estancia en la Costa del Sol y s\u00f3lo se dedique a disfrutar del buen tiempo y la deliciosa gastronom\u00eda de la regi\u00f3n.<\/p>\n<p>Nos esforzamos cada d\u00eda por ofrecer el mejor servicio a nuestros clientes, lo que se ha traducido en una gran satisfacci\u00f3n para nosotros y para los usuarios, factores como la calidad del servicio que ofrecemos, tan personalizado, como por nuestros veh\u00edculos, han hecho de Inmocoches una de las mejores empresas para el Alquiler de coches en M\u00e1laga<\/p>\n<\/div><\/div><div class=\"w-separator size_small\"><\/div><div class=\"w-hwrapper valign_top align_none\" style=\"--hwrapper-gap:25px\"><div class=\"w-btn-wrapper align_none\"><a class=\"w-btn us-btn-style_1\" title=\"Qui\u00e9nes somos\" href=\"http:\/\/www.inmocochescarhire.com\/quienes-somos\/\"><span class=\"w-btn-label\">Con\u00f3cenos<\/span><\/a><\/div><div class=\"w-image align_center\"><div class=\"w-image-h\"><img decoding=\"async\" width=\"201\" height=\"71\" src=\"https:\/\/www.inmocochescarhire.com\/wp-content\/uploads\/2023\/03\/logo_white.png\" class=\"attachment-full size-full\" alt=\"alquiler de coches en fuengirola\" loading=\"lazy\" \/><\/div><\/div><\/div><\/div><\/div><\/div><\/div><\/div><\/div><\/div><div class=\"vc_col-sm-4 wpb_column vc_column_container\"><div class=\"vc_column-inner\"><div class=\"wpb_wrapper\"><div class=\"w-image us_custom_9cf479d2 align_none\"><div class=\"w-image-h\"><img decoding=\"async\" width=\"547\" height=\"603\" src=\"https:\/\/www.inmocochescarhire.com\/wp-content\/uploads\/2022\/12\/por-que-elegir-inmocoches.jpg\" class=\"attachment-full size-full\" alt=\"alquiler de coches en fuengirola\" loading=\"lazy\" srcset=\"https:\/\/www.inmocochescarhire.com\/wp-content\/uploads\/2022\/12\/por-que-elegir-inmocoches.jpg 547w, https:\/\/www.inmocochescarhire.com\/wp-content\/uploads\/2022\/12\/por-que-elegir-inmocoches-272x300.jpg 272w\" sizes=\"auto, (max-width: 547px) 100vw, 547px\" \/><\/div><\/div><\/div><\/div><\/div><\/div><\/div><\/section><section class=\"l-section wpb_row height_medium\"><div class=\"l-section-h i-cf\"><div class=\"g-cols vc_row via_flex valign_top type_default stacking_default\"><div class=\"vc_col-sm-12 wpb_column vc_column_container\"><div class=\"vc_column-inner\"><div class=\"wpb_wrapper\"><h2 class=\"w-text us_custom_7de47b5a\"><span class=\"w-text-h\"><span class=\"w-text-value\">Nuestra flota de veh\u00edculos en Fuengirola<\/span><\/span><\/h2><div class=\"wpb_text_column us_custom_c821fe70\"><div class=\"wpb_wrapper\"><p style=\"text-align: center;\">Descubre todas las marcas de veh\u00edculos de las que disponemos y empieza a rodar.<\/p>\n<\/div><\/div><div class=\"w-separator size_small\"><\/div><div class=\"w-grid us_carousel us_custom_4fb9e5a3 type_carousel layout_246 preload_style_spinner items_10\" id=\"us_grid_2\" style=\"--items:10;--gap:10px;\"><style>.layout_246 .w-grid-item-h{}.layout_246 .usg_post_image_1{border-radius:30px!important}<\/style><div class=\"w-grid-list owl-carousel valign_stretch dotstyle_circle navstyle_4 arrows-ver-pos_middle arrows-hor-pos_on_sides_outside arrows-disabled_hide owl-responsive-2000 with_arrows\" style=\"--transition-duration:350ms;--arrows-size:14px;--arrows-hor-offset:calc(0px + 10px);--arrows-gap:10px;\">\t<article class=\"w-grid-item post-270 attachment type-attachment status-inherit hentry\" data-id=\"270\">\r\n\t\t<div class=\"w-grid-item-h\">\r\n\t\t\t\t\t\t<div class=\"w-post-elm post_image usg_post_image_1 flota-box stretched\"><img loading=\"lazy\" decoding=\"async\" width=\"135\" height=\"135\" src=\"https:\/\/www.inmocochescarhire.com\/wp-content\/uploads\/2022\/12\/ford.jpg\" class=\"attachment-full size-full\" alt=\"\" \/><\/div>\t\t<\/div>\r\n\t\t\t<\/article>\r\n\t<article class=\"w-grid-item post-268 attachment type-attachment status-inherit hentry\" data-id=\"268\">\r\n\t\t<div class=\"w-grid-item-h\">\r\n\t\t\t\t\t\t<div class=\"w-post-elm post_image usg_post_image_1 flota-box stretched\"><img loading=\"lazy\" decoding=\"async\" width=\"135\" height=\"135\" src=\"https:\/\/www.inmocochescarhire.com\/wp-content\/uploads\/2022\/12\/bmw.jpg\" class=\"attachment-full size-full\" alt=\"\" \/><\/div>\t\t<\/div>\r\n\t\t\t<\/article>\r\n\t<article class=\"w-grid-item post-269 attachment type-attachment status-inherit hentry\" data-id=\"269\">\r\n\t\t<div class=\"w-grid-item-h\">\r\n\t\t\t\t\t\t<div class=\"w-post-elm post_image usg_post_image_1 flota-box stretched\"><img loading=\"lazy\" decoding=\"async\" width=\"135\" height=\"135\" src=\"https:\/\/www.inmocochescarhire.com\/wp-content\/uploads\/2022\/12\/citroen.jpg\" class=\"attachment-full size-full\" alt=\"\" \/><\/div>\t\t<\/div>\r\n\t\t\t<\/article>\r\n\t<article class=\"w-grid-item post-273 attachment type-attachment status-inherit hentry\" data-id=\"273\">\r\n\t\t<div class=\"w-grid-item-h\">\r\n\t\t\t\t\t\t<div class=\"w-post-elm post_image usg_post_image_1 flota-box stretched\"><img loading=\"lazy\" decoding=\"async\" width=\"135\" height=\"135\" src=\"https:\/\/www.inmocochescarhire.com\/wp-content\/uploads\/2022\/12\/mercedez.jpg\" class=\"attachment-full size-full\" alt=\"\" \/><\/div>\t\t<\/div>\r\n\t\t\t<\/article>\r\n\t<article class=\"w-grid-item post-276 attachment type-attachment status-inherit hentry\" data-id=\"276\">\r\n\t\t<div class=\"w-grid-item-h\">\r\n\t\t\t\t\t\t<div class=\"w-post-elm post_image usg_post_image_1 flota-box stretched\"><img loading=\"lazy\" decoding=\"async\" width=\"135\" height=\"135\" src=\"https:\/\/www.inmocochescarhire.com\/wp-content\/uploads\/2022\/12\/renault.jpg\" class=\"attachment-full size-full\" alt=\"\" \/><\/div>\t\t<\/div>\r\n\t\t\t<\/article>\r\n\t<article class=\"w-grid-item post-267 attachment type-attachment status-inherit hentry\" data-id=\"267\">\r\n\t\t<div class=\"w-grid-item-h\">\r\n\t\t\t\t\t\t<div class=\"w-post-elm post_image usg_post_image_1 flota-box stretched\"><img loading=\"lazy\" decoding=\"async\" width=\"135\" height=\"135\" src=\"https:\/\/www.inmocochescarhire.com\/wp-content\/uploads\/2022\/12\/audi.jpg\" class=\"attachment-full size-full\" alt=\"\" \/><\/div>\t\t<\/div>\r\n\t\t\t<\/article>\r\n\t<article class=\"w-grid-item post-277 attachment type-attachment status-inherit hentry\" data-id=\"277\">\r\n\t\t<div class=\"w-grid-item-h\">\r\n\t\t\t\t\t\t<div class=\"w-post-elm post_image usg_post_image_1 flota-box stretched\"><img loading=\"lazy\" decoding=\"async\" width=\"135\" height=\"135\" src=\"https:\/\/www.inmocochescarhire.com\/wp-content\/uploads\/2022\/12\/seat.jpg\" class=\"attachment-full size-full\" alt=\"\" \/><\/div>\t\t<\/div>\r\n\t\t\t<\/article>\r\n\t<article class=\"w-grid-item post-272 attachment type-attachment status-inherit hentry\" data-id=\"272\">\r\n\t\t<div class=\"w-grid-item-h\">\r\n\t\t\t\t\t\t<div class=\"w-post-elm post_image usg_post_image_1 flota-box stretched\"><img loading=\"lazy\" decoding=\"async\" width=\"135\" height=\"135\" src=\"https:\/\/www.inmocochescarhire.com\/wp-content\/uploads\/2022\/12\/kia.jpg\" class=\"attachment-full size-full\" alt=\"\" \/><\/div>\t\t<\/div>\r\n\t\t\t<\/article>\r\n\t<article class=\"w-grid-item post-278 attachment type-attachment status-inherit hentry\" data-id=\"278\">\r\n\t\t<div class=\"w-grid-item-h\">\r\n\t\t\t\t\t\t<div class=\"w-post-elm post_image usg_post_image_1 flota-box stretched\"><img loading=\"lazy\" decoding=\"async\" width=\"135\" height=\"135\" src=\"https:\/\/www.inmocochescarhire.com\/wp-content\/uploads\/2022\/12\/vw.jpg\" class=\"attachment-full size-full\" alt=\"\" \/><\/div>\t\t<\/div>\r\n\t\t\t<\/article>\r\n\t<article class=\"w-grid-item post-275 attachment type-attachment status-inherit hentry\" data-id=\"275\">\r\n\t\t<div class=\"w-grid-item-h\">\r\n\t\t\t\t\t\t<div class=\"w-post-elm post_image usg_post_image_1 flota-box stretched\"><img loading=\"lazy\" decoding=\"async\" width=\"135\" height=\"135\" src=\"https:\/\/www.inmocochescarhire.com\/wp-content\/uploads\/2022\/12\/peuneot.jpg\" class=\"attachment-full size-full\" alt=\"\" \/><\/div>\t\t<\/div>\r\n\t\t\t<\/article>\r\n\t<article class=\"w-grid-item post-274 attachment type-attachment status-inherit hentry\" data-id=\"274\">\r\n\t\t<div class=\"w-grid-item-h\">\r\n\t\t\t\t\t\t<div class=\"w-post-elm post_image usg_post_image_1 flota-box stretched\"><img loading=\"lazy\" decoding=\"async\" width=\"135\" height=\"135\" src=\"https:\/\/www.inmocochescarhire.com\/wp-content\/uploads\/2022\/12\/nissan.jpg\" class=\"attachment-full size-full\" alt=\"\" \/><\/div>\t\t<\/div>\r\n\t\t\t<\/article>\r\n\t<article class=\"w-grid-item post-271 attachment type-attachment status-inherit hentry\" data-id=\"271\">\r\n\t\t<div class=\"w-grid-item-h\">\r\n\t\t\t\t\t\t<div class=\"w-post-elm post_image usg_post_image_1 flota-box stretched\"><img loading=\"lazy\" decoding=\"async\" width=\"135\" height=\"135\" src=\"https:\/\/www.inmocochescarhire.com\/wp-content\/uploads\/2022\/12\/Jeep-logo.jpg\" class=\"attachment-full size-full\" alt=\"\" \/><\/div>\t\t<\/div>\r\n\t\t\t<\/article>\r\n<\/div><div class=\"w-grid-carousel-json hidden\" onclick='return {&quot;carousel_settings&quot;:{&quot;aria_labels&quot;:{&quot;prev&quot;:&quot;Anterior&quot;,&quot;next&quot;:&quot;Siguiente&quot;},&quot;autoplayContinual&quot;:false,&quot;autoplayContinualCss&quot;:false,&quot;autoplayHoverPause&quot;:false,&quot;autoplayTimeout&quot;:3000,&quot;autoWidth&quot;:false,&quot;smartSpeed&quot;:350,&quot;margin&quot;:0,&quot;mouseDrag&quot;:true,&quot;rtl&quot;:false,&quot;slideBy&quot;:&quot;1&quot;,&quot;touchDrag&quot;:true,&quot;slideTransition&quot;:&quot;&quot;,&quot;responsive&quot;:{&quot;0&quot;:{&quot;autoHeight&quot;:false,&quot;autoplay&quot;:true,&quot;autoplayContinualCss&quot;:false,&quot;autoWidth&quot;:false,&quot;center&quot;:false,&quot;dots&quot;:false,&quot;items&quot;:3,&quot;loop&quot;:true,&quot;nav&quot;:false,&quot;stagePadding&quot;:0,&quot;slideBy&quot;:&quot;1&quot;,&quot;touchDrag&quot;:true,&quot;mouseDrag&quot;:true},&quot;601&quot;:{&quot;autoHeight&quot;:false,&quot;autoplay&quot;:true,&quot;autoplayContinualCss&quot;:false,&quot;autoWidth&quot;:false,&quot;center&quot;:false,&quot;dots&quot;:false,&quot;items&quot;:6,&quot;loop&quot;:true,&quot;nav&quot;:true,&quot;stagePadding&quot;:0,&quot;slideBy&quot;:&quot;1&quot;,&quot;touchDrag&quot;:true,&quot;mouseDrag&quot;:true},&quot;1025&quot;:{&quot;autoHeight&quot;:false,&quot;autoplay&quot;:true,&quot;autoplayContinualCss&quot;:false,&quot;autoWidth&quot;:false,&quot;center&quot;:false,&quot;dots&quot;:false,&quot;items&quot;:6,&quot;loop&quot;:true,&quot;nav&quot;:true,&quot;stagePadding&quot;:0,&quot;slideBy&quot;:&quot;1&quot;,&quot;touchDrag&quot;:true,&quot;mouseDrag&quot;:true},&quot;1281&quot;:{&quot;items&quot;:10,&quot;autoplay&quot;:true,&quot;autoplayContinualCss&quot;:false,&quot;center&quot;:false,&quot;dots&quot;:false,&quot;nav&quot;:true,&quot;autoHeight&quot;:false,&quot;autoWidth&quot;:false,&quot;loop&quot;:true,&quot;stagePadding&quot;:0}}}}'><\/div><\/div><\/div><\/div><\/div><\/div><\/div><\/section><section class=\"l-section wpb_row height_auto\"><div class=\"l-section-h i-cf\"><div class=\"g-cols vc_row via_flex valign_top type_default stacking_default\"><div class=\"vc_col-sm-12 wpb_column vc_column_container\"><div class=\"vc_column-inner\"><div class=\"wpb_wrapper\"><h2 class=\"w-text us_custom_7de47b5a\"><span class=\"w-text-h\"><span class=\"w-text-value\">Preguntas frecuentes<\/span><\/span><\/h2><div class=\"w-separator size_small\"><\/div><div class=\"w-tabs acordeon color style_default switch_click accordion has_scrolling\" style=\"--sections-title-size:inherit\"><div class=\"w-tabs-sections titles-align_none icon_chevron cpos_right\"><div class=\"w-tabs-section\" id=\"c340\"><button class=\"w-tabs-section-header\" aria-controls=\"content-c340\" aria-expanded=\"false\"><h3 class=\"w-tabs-section-title\">\u00bfD\u00f3nde puedo ver las condiciones generales de alquiler?<\/h3><div class=\"w-tabs-section-control\"><\/div><\/button><div  class=\"w-tabs-section-content\" id=\"content-c340\"><div class=\"w-tabs-section-content-h i-cf\"><div class=\"wpb_text_column us_custom_432d3f53\"><div class=\"wpb_wrapper\"><p>Puede ver las condiciones generales pulsando\u00a0<a href=\"https:\/\/www.inmocochescarhire.com\/es\/condiciones-generales-del-alquiler\/\"><strong>aqu\u00ed<\/strong><\/a>.<\/p>\n<\/div><\/div><\/div><\/div><\/div><div class=\"w-tabs-section\" id=\"u525\"><button class=\"w-tabs-section-header\" aria-controls=\"content-u525\" aria-expanded=\"false\"><h3 class=\"w-tabs-section-title\">\u00bfPuedo conducir mi coche fuera de Andaluc\u00eda?<\/h3><div class=\"w-tabs-section-control\"><\/div><\/button><div  class=\"w-tabs-section-content\" id=\"content-u525\"><div class=\"w-tabs-section-content-h i-cf\"><div class=\"wpb_text_column\"><div class=\"wpb_wrapper\"><p>No est\u00e1 permitido. El veh\u00edculo arrendado solo est\u00e1 autorizado a circular por la Comunidad Aut\u00f3noma de Andaluc\u00eda y Gibraltar.<\/p>\n<\/div><\/div><\/div><\/div><\/div><div class=\"w-tabs-section\" id=\"w6ca\"><button class=\"w-tabs-section-header\" aria-controls=\"content-w6ca\" aria-expanded=\"false\"><h3 class=\"w-tabs-section-title\">\u00bfQu\u00e9 ocurre con las multas de Tr\u00e1fico?<\/h3><div class=\"w-tabs-section-control\"><\/div><\/button><div  class=\"w-tabs-section-content\" id=\"content-w6ca\"><div class=\"w-tabs-section-content-h i-cf\"><div class=\"wpb_text_column\"><div class=\"wpb_wrapper\"><p>Si recibimos una multa de tr\u00e1fico estamos obligados por ley comunicar los datos del conductor mediante el contrato de alquiler, por esta gesti\u00f3n se le cobrar\u00e1 al cliente una tasa de 25 euros, siendo el cliente el responsable de abonar la correspondiente sanci\u00f3n.<\/p>\n<\/div><\/div><\/div><\/div><\/div><div class=\"w-tabs-section\" id=\"s848\"><button class=\"w-tabs-section-header\" aria-controls=\"content-s848\" aria-expanded=\"false\"><h3 class=\"w-tabs-section-title\">\u00bfQu\u00e9 documentos necesito para alquilar un veh\u00edculo?<\/h3><div class=\"w-tabs-section-control\"><\/div><\/button><div  class=\"w-tabs-section-content\" id=\"content-s848\"><div class=\"w-tabs-section-content-h i-cf\"><div class=\"wpb_text_column\"><div class=\"wpb_wrapper\"><p>Se necesita pasaporte o carn\u00e9 de identidad, carnet de conducir\u00a0 y tarjeta de cr\u00e9dito, todo en vigor.<\/p>\n<\/div><\/div><\/div><\/div><\/div><div class=\"w-tabs-section\" id=\"y9cb\"><button class=\"w-tabs-section-header\" aria-controls=\"content-y9cb\" aria-expanded=\"false\"><h3 class=\"w-tabs-section-title\">\u00bfQu\u00e9 edad debo tener para alquilar un coche?<\/h3><div class=\"w-tabs-section-control\"><\/div><\/button><div  class=\"w-tabs-section-content\" id=\"content-y9cb\"><div class=\"w-tabs-section-content-h i-cf\"><div class=\"wpb_text_column\"><div class=\"wpb_wrapper\"><p>Si quieres disfrutar del servicio de <strong>Alquiler de Coches en Fuengirola<\/strong>, el arrendador, y los conductores adicionales, deben haber cumplido 25 a\u00f1os y tener m\u00e1s de 2 a\u00f1os de antig\u00fcedad del permiso de conducir. No se puede alquilar igualmente a mayores de 75 a\u00f1os.<\/p>\n<\/div><\/div><\/div><\/div><\/div><div class=\"w-tabs-section\" id=\"rb79\"><button class=\"w-tabs-section-header\" aria-controls=\"content-rb79\" aria-expanded=\"false\"><h3 class=\"w-tabs-section-title\">\u00bfQu\u00e9 incluyen los precios?<\/h3><div class=\"w-tabs-section-control\"><\/div><\/button><div  class=\"w-tabs-section-content\" id=\"content-rb79\"><div class=\"w-tabs-section-content-h i-cf\"><div class=\"wpb_text_column\"><div class=\"wpb_wrapper\"><p>El precio del <strong>Alquiler de Coches en Fuengirola<\/strong> incluye el alquiler de un veh\u00edculo, IVA, conductor adicional, 300 kilometros incluidos al d\u00eda, servicio de recogida y entrega gratuito en oficinas de Fuengirola,\u00a0 asistencia en carretera 24 horas y seguro obligatorio a terceros con franquicia.<\/p>\n<p>En caso de que el veh\u00edculo, durante el alquiler, sufra alg\u00fan da\u00f1o, ser\u00e1 el arrendatario quien deba pagar el mismo hasta un importe m\u00e1ximo marcado por la cuant\u00eda de la franquicia. Este importe puede variar en funci\u00f3n al valor del veh\u00edculo alquilado.<\/p>\n<p>Si desea ampliar la cobertura tiene la posibilidad de contratar un seguro a todo riesgo sin franquicia, cuyo precio depender\u00e1 de la categor\u00eda de veh\u00edculo elegida.<\/p>\n<\/div><\/div><\/div><\/div><\/div><div class=\"w-tabs-section\" id=\"xceb\"><button class=\"w-tabs-section-header\" aria-controls=\"content-xceb\" aria-expanded=\"false\"><h3 class=\"w-tabs-section-title\">\u00bfCon qu\u00e9 cantidad de combustible tengo que entregar el veh\u00edculo?<\/h3><div class=\"w-tabs-section-control\"><\/div><\/button><div  class=\"w-tabs-section-content\" id=\"content-xceb\"><div class=\"w-tabs-section-content-h i-cf\"><div class=\"wpb_text_column\"><div class=\"wpb_wrapper\"><p>El arrendatario tiene que devolver el veh\u00edculo con la misma cantidad de combustible que se le entreg\u00f3, el combustible que consuma es por su cuenta y debe de repostar\u00a0 con el tipo de combustible adecuado. En caso de que el veh\u00edculo se devuelva con menos combustible, se le cargar\u00e1 la diferencia en la tarjeta de cr\u00e9dito m\u00e1s un cargo adicional por servicio de repostaje.<\/p>\n<\/div><\/div><\/div><\/div><\/div><div class=\"w-tabs-section\" id=\"te70\"><button class=\"w-tabs-section-header\" aria-controls=\"content-te70\" aria-expanded=\"false\"><h3 class=\"w-tabs-section-title\">\u00bfQu\u00e9 sucede si mi vuelo viene con retraso?<\/h3><div class=\"w-tabs-section-control\"><\/div><\/button><div  class=\"w-tabs-section-content\" id=\"content-te70\"><div class=\"w-tabs-section-content-h i-cf\"><div class=\"wpb_text_column\"><div class=\"wpb_wrapper\"><p>Tendremos constancia si hay alg\u00fan retraso con su vuelo y estaremos esper\u00e1ndoles a la hora de su llegada. Para ello es imprescindible que nos facilite su n\u00famero de vuelo, ya que nos ayudar\u00e1 a conocer la hora de llegada exacta.<\/p>\n<\/div><\/div><\/div><\/div><\/div><div class=\"w-tabs-section\" id=\"zfec\"><button class=\"w-tabs-section-header\" aria-controls=\"content-zfec\" aria-expanded=\"false\"><h3 class=\"w-tabs-section-title\">\u00bfQu\u00e9 sucede si el coche sufre una aver\u00eda o un accidente?<\/h3><div class=\"w-tabs-section-control\"><\/div><\/button><div  class=\"w-tabs-section-content\" id=\"content-zfec\"><div class=\"w-tabs-section-content-h i-cf\"><div class=\"wpb_text_column\"><div class=\"wpb_wrapper\"><p>Nuestros alquileres cuentan con un servicio de asistencia en carretera 24 horas, 7 d\u00edas a la semana,\u00a0 atendido por personal especializado y con servicios en varios idiomas. Puede encontrar el tel\u00e9fono de contacto de la asistencia en carretera en su contrato de alquiler.<\/p>\n<p>Tambi\u00e9n puede llamar al tel\u00e9fono +34 952 587 333 durante el horario de oficina (Lunes a Viernes de 09:30h a 14:00h y de 16:00h a 19:00h). Fuera de este horario puede llamar al +34 636 34 52 22.<\/p>\n<\/div><\/div><\/div><\/div><\/div><\/div><\/div><div class=\"w-separator size_medium\"><\/div><div class=\"w-btn-wrapper align_center\"><a class=\"w-btn us-btn-style_1\" title=\"FAQ\" href=\"http:\/\/www.inmocochescarhire.com\/es\/preguntas-frecuentes\/\"><span class=\"w-btn-label\">Ver m\u00e1s<\/span><\/a><\/div><div class=\"w-separator size_large\"><\/div><\/div><\/div><\/div><\/div><\/div><\/section><section class=\"l-section wpb_row height_auto\"><div class=\"l-section-h i-cf\"><div class=\"g-cols vc_row via_flex valign_top type_default stacking_default\"><div class=\"vc_col-sm-12 wpb_column vc_column_container\"><div class=\"vc_column-inner\"><div class=\"wpb_wrapper\"><h2 class=\"w-text us_custom_7de47b5a\"><span class=\"w-text-h\"><span class=\"w-text-value\">Nuestro Blog<\/span><\/span><\/h2><div class=\"w-separator size_small\"><\/div><div class=\"w-grid us_carousel type_carousel layout_312 overflow_hidden preload_style_spinner items_3\" id=\"us_grid_3\" style=\"--items:3;--gap:1.5rem;\"><style>.layout_312 .w-grid-item-h{background:var(--color-content-bg);color:var(--color-content-text);border-radius:0.3rem;box-shadow:0 0.03rem 0.06rem rgba(0,0,0,0.1),0 0.1rem 0.3rem rgba(0,0,0,0.1);transition-duration:0.3s}.no-touch .layout_312 .w-grid-item-h:hover{box-shadow:0 0.1rem 0.2rem rgba(0,0,0,0.1),0 0.33rem 1rem rgba(0,0,0,0.15);z-index:4}.layout_312 .usg_post_image_1{margin-bottom:-2rem!important}.layout_312 .usg_post_title_1{font-size:1.4rem!important;font-weight:700!important}.layout_312 .usg_vwrapper_1{margin-top:2rem!important;padding:9% 11% 11% 11%!important}.layout_312 .usg_post_taxonomy_1{font-weight:700!important;text-transform:uppercase!important;font-size:10px!important;position:absolute!important;z-index:2!important;top:1.2rem!important;right:1.2rem!important;left:1.2rem!important}.layout_312 .usg_hwrapper_1{color:var(--color-content-faded)!important;font-size:0.9rem!important}.layout_312 .usg_btn_1{margin-top:30px!important}@media (max-width:600px){.layout_312 .usg_post_title_1{font-size:1.2rem!important}}<\/style><div class=\"w-grid-list owl-carousel valign_stretch dotstyle_circle navstyle_circle arrows-ver-pos_middle arrows-hor-pos_on_sides_outside arrows-disabled_hide owl-responsive-2000 with_dots\" style=\"--transition-duration:350ms;\">\t<article class=\"w-grid-item post-9415 post type-post status-publish format-standard has-post-thumbnail hentry category-coches-de-alquiler-pequenos\" data-id=\"9415\">\r\n\t\t<div class=\"w-grid-item-h\">\r\n\t\t\t\t\t\t<div class=\"w-post-elm post_image usg_post_image_1 stretched\"><a href=\"https:\/\/www.inmocochescarhire.com\/es\/un-ford-fiesta-para-alquilar-en-fuengirola-ideal-para-los-desplazamientos-cercanos\/\" aria-label=\"Un Ford Fiesta para alquilar en Fuengirola, ideal para los desplazamientos cercanos\"><img loading=\"lazy\" decoding=\"async\" width=\"1024\" height=\"719\" src=\"https:\/\/www.inmocochescarhire.com\/wp-content\/uploads\/2026\/04\/fordfiesta-fuengirola-1024x719.jpg\" class=\"attachment-large size-large wp-post-image\" alt=\"\" srcset=\"https:\/\/www.inmocochescarhire.com\/wp-content\/uploads\/2026\/04\/fordfiesta-fuengirola-1024x719.jpg 1024w, https:\/\/www.inmocochescarhire.com\/wp-content\/uploads\/2026\/04\/fordfiesta-fuengirola-300x211.jpg 300w, https:\/\/www.inmocochescarhire.com\/wp-content\/uploads\/2026\/04\/fordfiesta-fuengirola.jpg 1200w\" sizes=\"auto, (max-width: 1024px) 100vw, 1024px\" \/><\/a><\/div><div class=\"w-post-elm post_taxonomy usg_post_taxonomy_1 style_badge color_link_inherit\"><a class=\"w-btn us-btn-style_badge term-171 term-coches-de-alquiler-pequenos\" href=\"https:\/\/www.inmocochescarhire.com\/es\/category\/coches-de-alquiler-pequenos\/\"><span class=\"w-btn-label\">Coches de alquiler peque\u00f1os<\/span><\/a><\/div><div class=\"w-vwrapper usg_vwrapper_1 align_none valign_top\" style=\"--vwrapper-gap:0.7rem\"><h3 class=\"w-post-elm post_title usg_post_title_1 entry-title color_link_inherit\"><a href=\"https:\/\/www.inmocochescarhire.com\/es\/un-ford-fiesta-para-alquilar-en-fuengirola-ideal-para-los-desplazamientos-cercanos\/\">Un Ford Fiesta para alquilar en Fuengirola, ideal para los desplazamientos cercanos<\/a><\/h3><div class=\"w-hwrapper usg_hwrapper_1 has_text_color align_none valign_top wrap\" style=\"--hwrapper-gap:1.2rem\"><time class=\"w-post-elm post_date usg_post_date_1 entry-date published\" datetime=\"2026-04-27T01:19:38+02:00\">27 de abril de 2026<\/time><\/div><a class=\"w-btn us-btn-style_1 usg_btn_1\" href=\"https:\/\/www.inmocochescarhire.com\/es\/un-ford-fiesta-para-alquilar-en-fuengirola-ideal-para-los-desplazamientos-cercanos\/\"><span class=\"w-btn-label\">Leer m\u00e1s<\/span><\/a><\/div>\t\t<\/div>\r\n\t\t\t<\/article>\r\n\t<article class=\"w-grid-item post-9382 post type-post status-publish format-standard has-post-thumbnail hentry category-fuengirola\" data-id=\"9382\">\r\n\t\t<div class=\"w-grid-item-h\">\r\n\t\t\t\t\t\t<div class=\"w-post-elm post_image usg_post_image_1 stretched\"><a href=\"https:\/\/www.inmocochescarhire.com\/es\/las-razones-por-las-que-fuengirola-es-un-destino-turistico-destacado-en-malaga\/\" aria-label=\"Las razones por las que Fuengirola es un destino tur\u00edstico destacado en M\u00e1laga\"><img loading=\"lazy\" decoding=\"async\" width=\"768\" height=\"1024\" src=\"https:\/\/www.inmocochescarhire.com\/wp-content\/uploads\/2026\/04\/fuengirola-malaga-768x1024.jpg\" class=\"attachment-large size-large wp-post-image\" alt=\"\" srcset=\"https:\/\/www.inmocochescarhire.com\/wp-content\/uploads\/2026\/04\/fuengirola-malaga-768x1024.jpg 768w, https:\/\/www.inmocochescarhire.com\/wp-content\/uploads\/2026\/04\/fuengirola-malaga-225x300.jpg 225w, https:\/\/www.inmocochescarhire.com\/wp-content\/uploads\/2026\/04\/fuengirola-malaga-scaled.jpg 1440w\" sizes=\"auto, (max-width: 768px) 100vw, 768px\" \/><\/a><\/div><div class=\"w-post-elm post_taxonomy usg_post_taxonomy_1 style_badge color_link_inherit\"><a class=\"w-btn us-btn-style_badge term-176 term-fuengirola\" href=\"https:\/\/www.inmocochescarhire.com\/es\/category\/fuengirola\/\"><span class=\"w-btn-label\">Fuengirola<\/span><\/a><\/div><div class=\"w-vwrapper usg_vwrapper_1 align_none valign_top\" style=\"--vwrapper-gap:0.7rem\"><h3 class=\"w-post-elm post_title usg_post_title_1 entry-title color_link_inherit\"><a href=\"https:\/\/www.inmocochescarhire.com\/es\/las-razones-por-las-que-fuengirola-es-un-destino-turistico-destacado-en-malaga\/\">Las razones por las que Fuengirola es un destino tur\u00edstico destacado en M\u00e1laga<\/a><\/h3><div class=\"w-hwrapper usg_hwrapper_1 has_text_color align_none valign_top wrap\" style=\"--hwrapper-gap:1.2rem\"><time class=\"w-post-elm post_date usg_post_date_1 entry-date published\" datetime=\"2026-04-16T01:41:34+02:00\">16 de abril de 2026<\/time><\/div><a class=\"w-btn us-btn-style_1 usg_btn_1\" href=\"https:\/\/www.inmocochescarhire.com\/es\/las-razones-por-las-que-fuengirola-es-un-destino-turistico-destacado-en-malaga\/\"><span class=\"w-btn-label\">Leer m\u00e1s<\/span><\/a><\/div>\t\t<\/div>\r\n\t\t\t<\/article>\r\n\t<article class=\"w-grid-item post-9312 post type-post status-publish format-standard has-post-thumbnail hentry category-inmocoches-car-hire\" data-id=\"9312\">\r\n\t\t<div class=\"w-grid-item-h\">\r\n\t\t\t\t\t\t<div class=\"w-post-elm post_image usg_post_image_1 stretched\"><a href=\"https:\/\/www.inmocochescarhire.com\/es\/con-inmocoches-car-hire-el-alquiler-de-coches-en-fuengirola-sin-nada-oculto\/\" aria-label=\"Con Inmocoches Car Hire el alquiler de coches en Fuengirola sin nada oculto\"><img loading=\"lazy\" decoding=\"async\" width=\"1024\" height=\"690\" src=\"https:\/\/www.inmocochescarhire.com\/wp-content\/uploads\/2023\/04\/WhatsApp-Image-2023-04-20-at-11.06.57-1024x690.jpeg\" class=\"attachment-large size-large wp-post-image\" alt=\"\" srcset=\"https:\/\/www.inmocochescarhire.com\/wp-content\/uploads\/2023\/04\/WhatsApp-Image-2023-04-20-at-11.06.57-1024x690.jpeg 1024w, https:\/\/www.inmocochescarhire.com\/wp-content\/uploads\/2023\/04\/WhatsApp-Image-2023-04-20-at-11.06.57-300x202.jpeg 300w, https:\/\/www.inmocochescarhire.com\/wp-content\/uploads\/2023\/04\/WhatsApp-Image-2023-04-20-at-11.06.57.jpeg 1400w\" sizes=\"auto, (max-width: 1024px) 100vw, 1024px\" \/><\/a><\/div><div class=\"w-post-elm post_taxonomy usg_post_taxonomy_1 style_badge color_link_inherit\"><a class=\"w-btn us-btn-style_badge term-179 term-inmocoches-car-hire\" href=\"https:\/\/www.inmocochescarhire.com\/es\/category\/inmocoches-car-hire\/\"><span class=\"w-btn-label\">Inmocoches Car Hire<\/span><\/a><\/div><div class=\"w-vwrapper usg_vwrapper_1 align_none valign_top\" style=\"--vwrapper-gap:0.7rem\"><h3 class=\"w-post-elm post_title usg_post_title_1 entry-title color_link_inherit\"><a href=\"https:\/\/www.inmocochescarhire.com\/es\/con-inmocoches-car-hire-el-alquiler-de-coches-en-fuengirola-sin-nada-oculto\/\">Con Inmocoches Car Hire el alquiler de coches en Fuengirola sin nada oculto<\/a><\/h3><div class=\"w-hwrapper usg_hwrapper_1 has_text_color align_none valign_top wrap\" style=\"--hwrapper-gap:1.2rem\"><time class=\"w-post-elm post_date usg_post_date_1 entry-date published\" datetime=\"2026-04-08T20:02:07+02:00\">8 de abril de 2026<\/time><\/div><a class=\"w-btn us-btn-style_1 usg_btn_1\" href=\"https:\/\/www.inmocochescarhire.com\/es\/con-inmocoches-car-hire-el-alquiler-de-coches-en-fuengirola-sin-nada-oculto\/\"><span class=\"w-btn-label\">Leer m\u00e1s<\/span><\/a><\/div>\t\t<\/div>\r\n\t\t\t<\/article>\r\n\t<article class=\"w-grid-item post-9240 post type-post status-publish format-standard has-post-thumbnail hentry category-fuengirola\" data-id=\"9240\">\r\n\t\t<div class=\"w-grid-item-h\">\r\n\t\t\t\t\t\t<div class=\"w-post-elm post_image usg_post_image_1 stretched\"><a href=\"https:\/\/www.inmocochescarhire.com\/es\/que-ver-cerca-de-fuengirola-y-como-organizar-tus-visitas-con-un-coche-de-alquiler\/\" aria-label=\"Qu\u00e9 ver cerca de Fuengirola y c\u00f3mo organizar tus visitas con un coche de alquiler\"><img loading=\"lazy\" decoding=\"async\" width=\"1024\" height=\"685\" src=\"https:\/\/www.inmocochescarhire.com\/wp-content\/uploads\/2026\/03\/rutas-fuengirola-1024x685.jpg\" class=\"attachment-large size-large wp-post-image\" alt=\"\" srcset=\"https:\/\/www.inmocochescarhire.com\/wp-content\/uploads\/2026\/03\/rutas-fuengirola-1024x685.jpg 1024w, https:\/\/www.inmocochescarhire.com\/wp-content\/uploads\/2026\/03\/rutas-fuengirola-300x201.jpg 300w, https:\/\/www.inmocochescarhire.com\/wp-content\/uploads\/2026\/03\/rutas-fuengirola.jpg 1920w\" sizes=\"auto, (max-width: 1024px) 100vw, 1024px\" \/><\/a><\/div><div class=\"w-post-elm post_taxonomy usg_post_taxonomy_1 style_badge color_link_inherit\"><a class=\"w-btn us-btn-style_badge term-176 term-fuengirola\" href=\"https:\/\/www.inmocochescarhire.com\/es\/category\/fuengirola\/\"><span class=\"w-btn-label\">Fuengirola<\/span><\/a><\/div><div class=\"w-vwrapper usg_vwrapper_1 align_none valign_top\" style=\"--vwrapper-gap:0.7rem\"><h3 class=\"w-post-elm post_title usg_post_title_1 entry-title color_link_inherit\"><a href=\"https:\/\/www.inmocochescarhire.com\/es\/que-ver-cerca-de-fuengirola-y-como-organizar-tus-visitas-con-un-coche-de-alquiler\/\">Qu\u00e9 ver cerca de Fuengirola y c\u00f3mo organizar tus visitas con un coche de alquiler<\/a><\/h3><div class=\"w-hwrapper usg_hwrapper_1 has_text_color align_none valign_top wrap\" style=\"--hwrapper-gap:1.2rem\"><time class=\"w-post-elm post_date usg_post_date_1 entry-date published\" datetime=\"2026-03-28T18:59:57+02:00\">28 de marzo de 2026<\/time><\/div><a class=\"w-btn us-btn-style_1 usg_btn_1\" href=\"https:\/\/www.inmocochescarhire.com\/es\/que-ver-cerca-de-fuengirola-y-como-organizar-tus-visitas-con-un-coche-de-alquiler\/\"><span class=\"w-btn-label\">Leer m\u00e1s<\/span><\/a><\/div>\t\t<\/div>\r\n\t\t\t<\/article>\r\n\t<article class=\"w-grid-item post-9194 post type-post status-publish format-standard has-post-thumbnail hentry category-coches-de-alquiler-pequenos\" data-id=\"9194\">\r\n\t\t<div class=\"w-grid-item-h\">\r\n\t\t\t\t\t\t<div class=\"w-post-elm post_image usg_post_image_1 stretched\"><a href=\"https:\/\/www.inmocochescarhire.com\/es\/los-coches-pequenos-son-ideales-para-moverse-en-fuengirola-y-su-entorno\/\" aria-label=\"Los coches peque\u00f1os son ideales para moverse en Fuengirola y su entorno\"><img loading=\"lazy\" decoding=\"async\" width=\"1024\" height=\"630\" src=\"https:\/\/www.inmocochescarhire.com\/wp-content\/uploads\/2026\/03\/fuengirola-1024x630.jpg\" class=\"attachment-large size-large wp-post-image\" alt=\"\" srcset=\"https:\/\/www.inmocochescarhire.com\/wp-content\/uploads\/2026\/03\/fuengirola-1024x630.jpg 1024w, https:\/\/www.inmocochescarhire.com\/wp-content\/uploads\/2026\/03\/fuengirola-300x185.jpg 300w, https:\/\/www.inmocochescarhire.com\/wp-content\/uploads\/2026\/03\/fuengirola.jpg 1280w\" sizes=\"auto, (max-width: 1024px) 100vw, 1024px\" \/><\/a><\/div><div class=\"w-post-elm post_taxonomy usg_post_taxonomy_1 style_badge color_link_inherit\"><a class=\"w-btn us-btn-style_badge term-171 term-coches-de-alquiler-pequenos\" href=\"https:\/\/www.inmocochescarhire.com\/es\/category\/coches-de-alquiler-pequenos\/\"><span class=\"w-btn-label\">Coches de alquiler peque\u00f1os<\/span><\/a><\/div><div class=\"w-vwrapper usg_vwrapper_1 align_none valign_top\" style=\"--vwrapper-gap:0.7rem\"><h3 class=\"w-post-elm post_title usg_post_title_1 entry-title color_link_inherit\"><a href=\"https:\/\/www.inmocochescarhire.com\/es\/los-coches-pequenos-son-ideales-para-moverse-en-fuengirola-y-su-entorno\/\">Los coches peque\u00f1os son ideales para moverse en Fuengirola y su entorno<\/a><\/h3><div class=\"w-hwrapper usg_hwrapper_1 has_text_color align_none valign_top wrap\" style=\"--hwrapper-gap:1.2rem\"><time class=\"w-post-elm post_date usg_post_date_1 entry-date published\" datetime=\"2026-03-21T21:37:53+02:00\">21 de marzo de 2026<\/time><\/div><a class=\"w-btn us-btn-style_1 usg_btn_1\" href=\"https:\/\/www.inmocochescarhire.com\/es\/los-coches-pequenos-son-ideales-para-moverse-en-fuengirola-y-su-entorno\/\"><span class=\"w-btn-label\">Leer m\u00e1s<\/span><\/a><\/div>\t\t<\/div>\r\n\t\t\t<\/article>\r\n\t<article class=\"w-grid-item post-9127 post type-post status-publish format-standard has-post-thumbnail hentry category-semana-santa-en-fuengirola\" data-id=\"9127\">\r\n\t\t<div class=\"w-grid-item-h\">\r\n\t\t\t\t\t\t<div class=\"w-post-elm post_image usg_post_image_1 stretched\"><a href=\"https:\/\/www.inmocochescarhire.com\/es\/alquiler-de-coches-en-fuengirola-para-semana-santa-2026\/\" aria-label=\"Alquiler de coches en Fuengirola para Semana Santa 2026\"><img loading=\"lazy\" decoding=\"async\" width=\"1024\" height=\"536\" src=\"https:\/\/www.inmocochescarhire.com\/wp-content\/uploads\/2026\/03\/alquiler-fuengirola-1024x536.jpg\" class=\"attachment-large size-large wp-post-image\" alt=\"\" srcset=\"https:\/\/www.inmocochescarhire.com\/wp-content\/uploads\/2026\/03\/alquiler-fuengirola-1024x536.jpg 1024w, https:\/\/www.inmocochescarhire.com\/wp-content\/uploads\/2026\/03\/alquiler-fuengirola-300x157.jpg 300w, https:\/\/www.inmocochescarhire.com\/wp-content\/uploads\/2026\/03\/alquiler-fuengirola-scaled.jpg 1920w\" sizes=\"auto, (max-width: 1024px) 100vw, 1024px\" \/><\/a><\/div><div class=\"w-post-elm post_taxonomy usg_post_taxonomy_1 style_badge color_link_inherit\"><a class=\"w-btn us-btn-style_badge term-166 term-semana-santa-en-fuengirola\" href=\"https:\/\/www.inmocochescarhire.com\/es\/category\/semana-santa-en-fuengirola\/\"><span class=\"w-btn-label\">Semana Santa en Fuengirola<\/span><\/a><\/div><div class=\"w-vwrapper usg_vwrapper_1 align_none valign_top\" style=\"--vwrapper-gap:0.7rem\"><h3 class=\"w-post-elm post_title usg_post_title_1 entry-title color_link_inherit\"><a href=\"https:\/\/www.inmocochescarhire.com\/es\/alquiler-de-coches-en-fuengirola-para-semana-santa-2026\/\">Alquiler de coches en Fuengirola para Semana Santa 2026<\/a><\/h3><div class=\"w-hwrapper usg_hwrapper_1 has_text_color align_none valign_top wrap\" style=\"--hwrapper-gap:1.2rem\"><time class=\"w-post-elm post_date usg_post_date_1 entry-date published\" datetime=\"2026-03-14T02:08:30+02:00\">14 de marzo de 2026<\/time><\/div><a class=\"w-btn us-btn-style_1 usg_btn_1\" href=\"https:\/\/www.inmocochescarhire.com\/es\/alquiler-de-coches-en-fuengirola-para-semana-santa-2026\/\"><span class=\"w-btn-label\">Leer m\u00e1s<\/span><\/a><\/div>\t\t<\/div>\r\n\t\t\t<\/article>\r\n\t<article class=\"w-grid-item post-3514 post type-post status-publish format-standard has-post-thumbnail hentry category-sin-categorizar\" data-id=\"3514\">\r\n\t\t<div class=\"w-grid-item-h\">\r\n\t\t\t\t\t\t<div class=\"w-post-elm post_image usg_post_image_1 stretched\"><a href=\"https:\/\/www.inmocochescarhire.com\/es\/como-mirar-el-aceite-del-coche\/\" aria-label=\"C\u00f3mo Mirar El Aceite Del Coche\"><img loading=\"lazy\" decoding=\"async\" width=\"1024\" height=\"683\" src=\"https:\/\/www.inmocochescarhire.com\/wp-content\/uploads\/2023\/10\/como-mirar-el-aceite-del-coche.jpg\" class=\"attachment-large size-large wp-post-image\" alt=\"c\u00f3mo mirar el aceite del coche\" srcset=\"https:\/\/www.inmocochescarhire.com\/wp-content\/uploads\/2023\/10\/como-mirar-el-aceite-del-coche.jpg 1024w, https:\/\/www.inmocochescarhire.com\/wp-content\/uploads\/2023\/10\/como-mirar-el-aceite-del-coche-300x200.jpg 300w\" sizes=\"auto, (max-width: 1024px) 100vw, 1024px\" \/><\/a><\/div><div class=\"w-post-elm post_taxonomy usg_post_taxonomy_1 style_badge color_link_inherit\"><a class=\"w-btn us-btn-style_badge term-1 term-sin-categorizar\" href=\"https:\/\/www.inmocochescarhire.com\/fi\/category\/sin-categorizar\/\"><span class=\"w-btn-label\">Sin categorizar<\/span><\/a><\/div><div class=\"w-vwrapper usg_vwrapper_1 align_none valign_top\" style=\"--vwrapper-gap:0.7rem\"><h3 class=\"w-post-elm post_title usg_post_title_1 entry-title color_link_inherit\"><a href=\"https:\/\/www.inmocochescarhire.com\/es\/como-mirar-el-aceite-del-coche\/\">C\u00f3mo Mirar El Aceite Del Coche<\/a><\/h3><div class=\"w-hwrapper usg_hwrapper_1 has_text_color align_none valign_top wrap\" style=\"--hwrapper-gap:1.2rem\"><time class=\"w-post-elm post_date usg_post_date_1 entry-date published\" datetime=\"2023-10-17T10:20:56+02:00\">17 de octubre de 2023<\/time><\/div><a class=\"w-btn us-btn-style_1 usg_btn_1\" href=\"https:\/\/www.inmocochescarhire.com\/es\/como-mirar-el-aceite-del-coche\/\"><span class=\"w-btn-label\">Leer m\u00e1s<\/span><\/a><\/div>\t\t<\/div>\r\n\t\t\t<\/article>\r\n\t<article class=\"w-grid-item post-3472 post type-post status-publish format-standard has-post-thumbnail hentry\" data-id=\"3472\">\r\n\t\t<div class=\"w-grid-item-h\">\r\n\t\t\t\t\t\t<div class=\"w-post-elm post_image usg_post_image_1 stretched\"><a href=\"https:\/\/www.inmocochescarhire.com\/es\/que-ver-cerca-de-fuengirola\/\" aria-label=\"Qu\u00e9 ver cerca de Fuengirola\"><img loading=\"lazy\" decoding=\"async\" width=\"1024\" height=\"682\" src=\"https:\/\/www.inmocochescarhire.com\/wp-content\/uploads\/2023\/09\/Que-ver-cerca-de-Fuengirola-1024x682.jpg\" class=\"attachment-large size-large wp-post-image\" alt=\"Qu\u00e9 ver cerca de Fuengirola\" srcset=\"https:\/\/www.inmocochescarhire.com\/wp-content\/uploads\/2023\/09\/Que-ver-cerca-de-Fuengirola-1024x682.jpg 1024w, https:\/\/www.inmocochescarhire.com\/wp-content\/uploads\/2023\/09\/Que-ver-cerca-de-Fuengirola-300x200.jpg 300w, https:\/\/www.inmocochescarhire.com\/wp-content\/uploads\/2023\/09\/Que-ver-cerca-de-Fuengirola.jpg 1500w\" sizes=\"auto, (max-width: 1024px) 100vw, 1024px\" \/><\/a><\/div><div class=\"w-vwrapper usg_vwrapper_1 align_none valign_top\" style=\"--vwrapper-gap:0.7rem\"><h3 class=\"w-post-elm post_title usg_post_title_1 entry-title color_link_inherit\"><a href=\"https:\/\/www.inmocochescarhire.com\/es\/que-ver-cerca-de-fuengirola\/\">Qu\u00e9 ver cerca de Fuengirola<\/a><\/h3><div class=\"w-hwrapper usg_hwrapper_1 has_text_color align_none valign_top wrap\" style=\"--hwrapper-gap:1.2rem\"><time class=\"w-post-elm post_date usg_post_date_1 entry-date published\" datetime=\"2023-09-19T10:48:10+02:00\">19 de septiembre de 2023<\/time><\/div><a class=\"w-btn us-btn-style_1 usg_btn_1\" href=\"https:\/\/www.inmocochescarhire.com\/es\/que-ver-cerca-de-fuengirola\/\"><span class=\"w-btn-label\">Leer m\u00e1s<\/span><\/a><\/div>\t\t<\/div>\r\n\t\t\t<\/article>\r\n\t<article class=\"w-grid-item post-3420 post type-post status-publish format-standard has-post-thumbnail hentry category-noticias\" data-id=\"3420\">\r\n\t\t<div class=\"w-grid-item-h\">\r\n\t\t\t\t\t\t<div class=\"w-post-elm post_image usg_post_image_1 stretched\"><a href=\"https:\/\/www.inmocochescarhire.com\/es\/parques-acuaticos-de-malaga\/\" aria-label=\"Los 3 Mejores Parques Acu\u00e1ticos de M\u00e1laga\"><img loading=\"lazy\" decoding=\"async\" width=\"1024\" height=\"683\" src=\"https:\/\/www.inmocochescarhire.com\/wp-content\/uploads\/2023\/08\/parques-acuaticos-Malaga.jpg\" class=\"attachment-large size-large wp-post-image\" alt=\"parques acu\u00e1ticos M\u00e1laga\" srcset=\"https:\/\/www.inmocochescarhire.com\/wp-content\/uploads\/2023\/08\/parques-acuaticos-Malaga.jpg 1024w, https:\/\/www.inmocochescarhire.com\/wp-content\/uploads\/2023\/08\/parques-acuaticos-Malaga-300x200.jpg 300w\" sizes=\"auto, (max-width: 1024px) 100vw, 1024px\" \/><\/a><\/div><div class=\"w-post-elm post_taxonomy usg_post_taxonomy_1 style_badge color_link_inherit\"><a class=\"w-btn us-btn-style_badge term-5 term-noticias\" href=\"https:\/\/www.inmocochescarhire.com\/es\/category\/noticias\/\"><span class=\"w-btn-label\">Noticias<\/span><\/a><\/div><div class=\"w-vwrapper usg_vwrapper_1 align_none valign_top\" style=\"--vwrapper-gap:0.7rem\"><h3 class=\"w-post-elm post_title usg_post_title_1 entry-title color_link_inherit\"><a href=\"https:\/\/www.inmocochescarhire.com\/es\/parques-acuaticos-de-malaga\/\">Los 3 Mejores Parques Acu\u00e1ticos de M\u00e1laga<\/a><\/h3><div class=\"w-hwrapper usg_hwrapper_1 has_text_color align_none valign_top wrap\" style=\"--hwrapper-gap:1.2rem\"><time class=\"w-post-elm post_date usg_post_date_1 entry-date published\" datetime=\"2023-09-01T10:26:42+02:00\">1 de septiembre de 2023<\/time><\/div><a class=\"w-btn us-btn-style_1 usg_btn_1\" href=\"https:\/\/www.inmocochescarhire.com\/es\/parques-acuaticos-de-malaga\/\"><span class=\"w-btn-label\">Leer m\u00e1s<\/span><\/a><\/div>\t\t<\/div>\r\n\t\t\t<\/article>\r\n\t<article class=\"w-grid-item post-3274 post type-post status-publish format-standard has-post-thumbnail hentry category-noticias\" data-id=\"3274\">\r\n\t\t<div class=\"w-grid-item-h\">\r\n\t\t\t\t\t\t<div class=\"w-post-elm post_image usg_post_image_1 stretched\"><a href=\"https:\/\/www.inmocochescarhire.com\/es\/hoteles-baratos-en-fuengirola\/\" aria-label=\"Los Hoteles M\u00e1s Baratos de Fuengirola\"><img loading=\"lazy\" decoding=\"async\" width=\"1024\" height=\"683\" src=\"https:\/\/www.inmocochescarhire.com\/wp-content\/uploads\/2023\/07\/vista-edificios-apartamentos-paseo-maritimo-min-1024x683.jpg\" class=\"attachment-large size-large wp-post-image\" alt=\"hoteles baratos en fuengirola\" srcset=\"https:\/\/www.inmocochescarhire.com\/wp-content\/uploads\/2023\/07\/vista-edificios-apartamentos-paseo-maritimo-min-1024x683.jpg 1024w, https:\/\/www.inmocochescarhire.com\/wp-content\/uploads\/2023\/07\/vista-edificios-apartamentos-paseo-maritimo-min-300x200.jpg 300w, https:\/\/www.inmocochescarhire.com\/wp-content\/uploads\/2023\/07\/vista-edificios-apartamentos-paseo-maritimo-min-scaled.jpg 1920w\" sizes=\"auto, (max-width: 1024px) 100vw, 1024px\" \/><\/a><\/div><div class=\"w-post-elm post_taxonomy usg_post_taxonomy_1 style_badge color_link_inherit\"><a class=\"w-btn us-btn-style_badge term-5 term-noticias\" href=\"https:\/\/www.inmocochescarhire.com\/es\/category\/noticias\/\"><span class=\"w-btn-label\">Noticias<\/span><\/a><\/div><div class=\"w-vwrapper usg_vwrapper_1 align_none valign_top\" style=\"--vwrapper-gap:0.7rem\"><h3 class=\"w-post-elm post_title usg_post_title_1 entry-title color_link_inherit\"><a href=\"https:\/\/www.inmocochescarhire.com\/es\/hoteles-baratos-en-fuengirola\/\">Los Hoteles M\u00e1s Baratos de Fuengirola<\/a><\/h3><div class=\"w-hwrapper usg_hwrapper_1 has_text_color align_none valign_top wrap\" style=\"--hwrapper-gap:1.2rem\"><time class=\"w-post-elm post_date usg_post_date_1 entry-date published\" datetime=\"2023-07-28T11:07:23+02:00\">28 de julio de 2023<\/time><\/div><a class=\"w-btn us-btn-style_1 usg_btn_1\" href=\"https:\/\/www.inmocochescarhire.com\/es\/hoteles-baratos-en-fuengirola\/\"><span class=\"w-btn-label\">Leer m\u00e1s<\/span><\/a><\/div>\t\t<\/div>\r\n\t\t\t<\/article>\r\n<\/div><div class=\"w-grid-carousel-json hidden\" onclick='return {&quot;carousel_settings&quot;:{&quot;aria_labels&quot;:{&quot;prev&quot;:&quot;Anterior&quot;,&quot;next&quot;:&quot;Siguiente&quot;},&quot;autoplayContinual&quot;:false,&quot;autoplayContinualCss&quot;:false,&quot;autoplayHoverPause&quot;:false,&quot;autoplayTimeout&quot;:3000,&quot;autoWidth&quot;:false,&quot;smartSpeed&quot;:350,&quot;margin&quot;:0,&quot;mouseDrag&quot;:true,&quot;rtl&quot;:false,&quot;slideBy&quot;:&quot;1&quot;,&quot;touchDrag&quot;:true,&quot;slideTransition&quot;:&quot;&quot;,&quot;responsive&quot;:{&quot;0&quot;:{&quot;autoHeight&quot;:false,&quot;autoplay&quot;:true,&quot;autoplayContinualCss&quot;:false,&quot;autoWidth&quot;:false,&quot;center&quot;:false,&quot;dots&quot;:true,&quot;items&quot;:1,&quot;loop&quot;:true,&quot;nav&quot;:false,&quot;stagePadding&quot;:0,&quot;slideBy&quot;:&quot;1&quot;,&quot;touchDrag&quot;:true,&quot;mouseDrag&quot;:true},&quot;601&quot;:{&quot;autoHeight&quot;:false,&quot;autoplay&quot;:true,&quot;autoplayContinualCss&quot;:false,&quot;autoWidth&quot;:false,&quot;center&quot;:false,&quot;dots&quot;:true,&quot;items&quot;:2,&quot;loop&quot;:true,&quot;nav&quot;:false,&quot;stagePadding&quot;:0,&quot;slideBy&quot;:&quot;1&quot;,&quot;touchDrag&quot;:true,&quot;mouseDrag&quot;:true},&quot;1025&quot;:{&quot;autoHeight&quot;:false,&quot;autoplay&quot;:true,&quot;autoplayContinualCss&quot;:false,&quot;autoWidth&quot;:false,&quot;center&quot;:false,&quot;dots&quot;:true,&quot;items&quot;:3,&quot;loop&quot;:true,&quot;nav&quot;:false,&quot;stagePadding&quot;:0,&quot;slideBy&quot;:&quot;1&quot;,&quot;touchDrag&quot;:true,&quot;mouseDrag&quot;:true},&quot;1281&quot;:{&quot;items&quot;:3,&quot;autoplay&quot;:false,&quot;autoplayContinualCss&quot;:false,&quot;center&quot;:false,&quot;dots&quot;:true,&quot;nav&quot;:false,&quot;autoHeight&quot;:false,&quot;autoWidth&quot;:false,&quot;loop&quot;:true,&quot;stagePadding&quot;:0}}}}'><\/div><\/div><\/div><\/div><\/div><\/div><\/div><\/section><section class=\"l-section wpb_row height_medium\" id=\"localizaciones\"><div class=\"l-section-h i-cf\"><div class=\"g-cols vc_row via_flex valign_top type_default stacking_default\"><div class=\"vc_col-sm-12 wpb_column vc_column_container\"><div class=\"vc_column-inner\"><div class=\"wpb_wrapper\"><h2 class=\"w-text us_custom_7de47b5a\"><span class=\"w-text-h\"><span class=\"w-text-value\">Localizaciones<\/span><\/span><\/h2><div class=\"w-separator size_small\"><\/div><div class=\"w-image align_center\"><div class=\"w-image-h\"><img decoding=\"async\" width=\"200\" height=\"71\" src=\"https:\/\/www.inmocochescarhire.com\/wp-content\/uploads\/2022\/09\/logo_inmocoches.png\" class=\"attachment-full size-full\" alt=\"alquiler de coches en fuengirola\" loading=\"lazy\" \/><\/div><\/div><div class=\"w-separator size_small\"><\/div><div class=\"g-cols wpb_row via_flex valign_middle type_default stacking_default\"><div class=\"vc_col-sm-6 wpb_column vc_column_container\"><div class=\"vc_column-inner\"><div class=\"wpb_wrapper\"><h3 class=\"w-text us_custom_eb849559\"><span class=\"w-text-h\"><span class=\"w-text-value\">Oficina 1<\/span><\/span><\/h3><div class=\"w-separator size_small\"><\/div><div class=\"w-image us_custom_438064e9 localizaciones-img has_ratio align_center\"><div class=\"w-image-h\"><div style=\"padding-bottom:66.6667%\"><\/div><img decoding=\"async\" width=\"1080\" height=\"810\" src=\"https:\/\/www.inmocochescarhire.com\/wp-content\/uploads\/2023\/03\/Calle-Hernan-Cortes-fachada.jpg\" class=\"attachment-full size-full\" alt=\"alquiler de coches en fuengirola\" loading=\"lazy\" \/><\/div><\/div><div class=\"w-separator size_small\"><\/div><div class=\"wpb_text_column us_custom_eb849559 localizaciones-color\"><div class=\"wpb_wrapper\"><p><a href=\"https:\/\/goo.gl\/maps\/sQjg47qqW8BwLLr79\" target=\"_blank\" rel=\"noopener\">Calle Hern\u00e1n Cort\u00e9s 3 Edificio la Fuente Fuengirola M\u00e1laga<\/a><\/p>\n<\/div><\/div><div class=\"w-separator size_small\"><\/div><div class=\"wpb_text_column us_custom_eb849559 localizaciones-color\"><div class=\"wpb_wrapper\"><p><a href=\"tel:+34636345222 \">+34 636 345 222<\/a><\/p>\n<\/div><\/div><\/div><\/div><\/div><div class=\"vc_col-sm-6 wpb_column vc_column_container\"><div class=\"vc_column-inner\"><div class=\"wpb_wrapper\"><h3 class=\"w-text us_custom_eb849559\"><span class=\"w-text-h\"><span class=\"w-text-value\">Oficina 2<\/span><\/span><\/h3><div class=\"w-separator size_small\"><\/div><div class=\"w-image us_custom_9cf479d2 localizaciones-img has_ratio align_center\"><div class=\"w-image-h\"><div style=\"padding-bottom:66.6667%\"><\/div><img decoding=\"async\" width=\"1024\" height=\"593\" src=\"https:\/\/www.inmocochescarhire.com\/wp-content\/uploads\/2023\/02\/carretera-de-mijas.jpg\" class=\"attachment-full size-full\" alt=\"rent a car benalmadena\" loading=\"lazy\" \/><\/div><\/div><div class=\"w-separator size_small\"><\/div><div class=\"wpb_text_column us_custom_eb849559 localizaciones-color\"><div class=\"wpb_wrapper\"><p><a href=\"https:\/\/goo.gl\/maps\/wU7WkshfmkcCX4Pj7\" target=\"_blank\" rel=\"noopener\">Carretera de Mijas km 3.5 Fuengirola M\u00e1laga<\/a><\/p>\n<\/div><\/div><div class=\"w-separator size_small\"><\/div><div class=\"wpb_text_column us_custom_eb849559 localizaciones-color\"><div class=\"wpb_wrapper\"><p><a href=\"tel:+34648781728\">+ 34 648 781 728<\/a><\/p>\n<\/div><\/div><\/div><\/div><\/div><\/div><\/div><\/div><\/div><\/div><\/div><\/section><section class=\"l-section wpb_row contacto-box-white height_medium\"><div class=\"l-section-h i-cf\"><div class=\"g-cols vc_row via_flex valign_top type_default stacking_default\"><div class=\"vc_col-sm-12 wpb_column vc_column_container has_bg_color\"><div class=\"vc_column-inner us_custom_feac4948\"><div class=\"wpb_wrapper\"><h2 class=\"w-text us_custom_7de47b5a\"><span class=\"w-text-h\"><span class=\"w-text-value\">Contacta con nosotros<\/span><\/span><\/h2><div class=\"wpb_text_column us_custom_c821fe70\"><div class=\"wpb_wrapper\"><p style=\"text-align: center;\">Cont\u00e1ctanos y haremos que sea f\u00e1cil y r\u00e1pido para ti reservar el veh\u00edculo perfecto para tu pr\u00f3ximo viaje<\/p>\n<\/div><\/div><div class=\"w-separator size_small\"><\/div><div class=\"g-cols wpb_row via_flex valign_top type_default stacking_default\"><div class=\"vc_col-sm-6 wpb_column vc_column_container\"><div class=\"vc_column-inner\"><div class=\"wpb_wrapper\"><div class=\"w-html\"><iframe src=\"https:\/\/www.google.com\/maps\/embed?pb=!1m14!1m8!1m3!1d12821.752281595442!2d-4.619383!3d36.543549!3m2!1i1024!2i768!4f13.1!3m3!1m2!1s0xd72e241890bb2bf%3A0x8b632fe477040300!2sInmocoches%20S%20L!5e0!3m2!1ses!2ses!4v1678274920024!5m2!1ses!2ses\" width=\"100%\" height=\"450\" style=\"border:0;\" allowfullscreen=\"\" loading=\"lazy\" referrerpolicy=\"no-referrer-when-downgrade\"><\/iframe><\/div><\/div><\/div><\/div><div class=\"vc_col-sm-6 wpb_column vc_column_container\"><div class=\"vc_column-inner\"><div class=\"wpb_wrapper\"><div class=\"wpb_text_column\"><div class=\"wpb_wrapper\">\n<div class=\"wpcf7 no-js\" id=\"wpcf7-f7-o1\" lang=\"es-ES\" dir=\"ltr\" data-wpcf7-id=\"7\">\n<div class=\"screen-reader-response\"><p role=\"status\" aria-live=\"polite\" aria-atomic=\"true\"><\/p> <ul><\/ul><\/div>\n<form action=\"\/es\/wp-json\/wp\/v2\/pages\/2#wpcf7-f7-o1\" method=\"post\" class=\"wpcf7-form init wpcf7-acceptance-as-validation\" aria-label=\"Formulario de contacto\" novalidate=\"novalidate\" data-status=\"init\">\n<fieldset class=\"hidden-fields-container\"><input type=\"hidden\" name=\"_wpcf7\" value=\"7\" \/><input type=\"hidden\" name=\"_wpcf7_version\" value=\"6.1.5\" \/><input type=\"hidden\" name=\"_wpcf7_locale\" value=\"es_ES\" \/><input type=\"hidden\" name=\"_wpcf7_unit_tag\" value=\"wpcf7-f7-o1\" \/><input type=\"hidden\" name=\"_wpcf7_container_post\" value=\"0\" \/><input type=\"hidden\" name=\"_wpcf7_posted_data_hash\" value=\"\" \/><input type=\"hidden\" name=\"_wpcf7_recaptcha_response\" value=\"\" \/>\n<\/fieldset>\n<div class=\"main-contact-form\">\n<div class=\"field-wrap col1\"><label for=\"nombre\"><span class=\"wpcf7-form-control-wrap\" data-name=\"nombre\"><input size=\"40\" maxlength=\"400\" class=\"wpcf7-form-control wpcf7-text wpcf7-validates-as-required\" id=\"nombre\" aria-required=\"true\" aria-invalid=\"false\" placeholder=\"Tu nombre\" value=\"\" type=\"text\" name=\"nombre\" \/><\/span> <\/label><\/div>\n<div class=\"field-wrap col1\"><label for=\"email\"><span class=\"wpcf7-form-control-wrap\" data-name=\"email\"><input size=\"40\" maxlength=\"400\" class=\"wpcf7-form-control wpcf7-email wpcf7-validates-as-required wpcf7-text wpcf7-validates-as-email\" id=\"email\" aria-required=\"true\" aria-invalid=\"false\" placeholder=\"Tu email\" value=\"\" type=\"email\" name=\"email\" \/><\/span> <\/label><\/div>\n<div class=\"field-wrap col1\"><label for=\"telefono\"><span class=\"wpcf7-form-control-wrap\" data-name=\"telefono\"><input size=\"40\" maxlength=\"400\" class=\"wpcf7-form-control wpcf7-tel wpcf7-validates-as-required wpcf7-text wpcf7-validates-as-tel\" id=\"telefono\" aria-required=\"true\" aria-invalid=\"false\" placeholder=\"Tu tel\u00e9fono\" value=\"\" type=\"tel\" name=\"telefono\" \/><\/span> <\/label><\/div>\n<div class=\"field-wrap col1\"><label for=\"mensaje\"><span class=\"wpcf7-form-control-wrap\" data-name=\"mensaje\"><textarea cols=\"40\" rows=\"10\" maxlength=\"2000\" class=\"wpcf7-form-control wpcf7-textarea\" id=\"mensaje\" aria-invalid=\"false\" placeholder=\"Tu mensaje\" name=\"mensaje\"><\/textarea><\/span> <\/label><\/div>\n<div class=\"field-wrap col1 aceptacion\"><label for=\"aceptacion\"><span class=\"wpcf7-form-control-wrap\" data-name=\"aceptacion\"><span class=\"wpcf7-form-control wpcf7-acceptance\"><span class=\"wpcf7-list-item\"><input type=\"checkbox\" name=\"aceptacion\" value=\"1\" id=\"aceptacion\" aria-invalid=\"false\" \/><\/span><\/span><\/span> He le\u00eddo y acepto la <a rel=\"nofollow\" target=\"_blank\" href=\"\/politica-de-privacidad\/\">pol\u00edtica de privacidad<\/a>.<\/label><\/div>\n\n<input class=\"wpcf7-form-control wpcf7-submit has-spinner\" id=\"form-contact\" type=\"submit\" value=\"Enviar\" \/>\n<\/div><div class=\"wpcf7-response-output\" aria-hidden=\"true\"><\/div>\n<\/form>\n<\/div>\n\n<\/div><\/div><\/div><\/div><\/div><\/div><\/div><\/div><\/div><\/div><\/div><\/section>\n","protected":false},"excerpt":{"rendered":"Fuengirola es una conocida ciudad de la Costa del Sol, un lugar fant\u00e1stico para veranear. \u00a1Si quieres conocer hoteles baratos en Fuengirola sigue leyendo! Somos Inmocoches, alquiler de coches en M\u00e1laga, visita nuestra p\u00e1gina web para organizar tus vacaciones de la mejor manera. Hoteles baratos en Fuengirola A continuaci\u00f3n os dejamos nuestras indicaciones sobre hoteles...","protected":false},"author":3,"featured_media":2335,"parent":0,"menu_order":0,"comment_status":"closed","ping_status":"open","template":"","meta":{"_crdt_document":"","_joinchat":[],"footnotes":""},"class_list":["post-2","page","type-page","status-publish","has-post-thumbnail","hentry"],"yoast_head":"<!-- This site is optimized with the Yoast SEO plugin v27.4 - https:\/\/yoast.com\/product\/yoast-seo-wordpress\/ -->\n<title>Inmocoches - Alquiler de Coches en Fuengirola<\/title>\n<meta name=\"description\" content=\"Disfruta de la comodidad y disfruta del asesoramiento que ofrecemos con nuestro servicio del Alquiler de coches en Fuengirola | Elige el tuyo\" \/>\n<meta name=\"robots\" content=\"index, follow, max-snippet:-1, max-image-preview:large, max-video-preview:-1\" \/>\n<link rel=\"canonical\" href=\"https:\/\/www.inmocochescarhire.com\/es\/\" \/>\n<meta property=\"og:locale\" content=\"es_ES\" \/>\n<meta property=\"og:type\" content=\"article\" \/>\n<meta property=\"og:title\" content=\"Inmocoches - Alquiler de Coches en Fuengirola\" \/>\n<meta property=\"og:description\" content=\"Disfruta de la comodidad y disfruta del asesoramiento que ofrecemos con nuestro servicio del Alquiler de coches en Fuengirola | Elige el tuyo\" \/>\n<meta property=\"og:url\" content=\"https:\/\/www.inmocochescarhire.com\/es\/\" \/>\n<meta property=\"og:site_name\" content=\"Inmocoches\" \/>\n<meta property=\"article:modified_time\" content=\"2026-03-03T13:13:28+00:00\" \/>\n<meta property=\"og:image\" content=\"https:\/\/www.inmocochescarhire.com\/wp-content\/uploads\/2023\/03\/familia-feliz-descansando-despues-pasar-dia-al-aire-libre-parque-otono-madre-su-nina-sentada-dentro-baul-auto-blanco-madre-e-hija-vestidas-blanco-1-min-scaled.jpg\" \/>\n\t<meta property=\"og:image:width\" content=\"1920\" \/>\n\t<meta property=\"og:image:height\" content=\"1280\" \/>\n\t<meta property=\"og:image:type\" content=\"image\/jpeg\" \/>\n<meta name=\"twitter:card\" content=\"summary_large_image\" \/>\n<meta name=\"twitter:label1\" content=\"Tiempo de lectura\" \/>\n\t<meta name=\"twitter:data1\" content=\"6 minutos\" \/>\n<script type=\"application\/ld+json\" class=\"yoast-schema-graph\">{\"@context\":\"https:\\\/\\\/schema.org\",\"@graph\":[{\"@type\":\"WebPage\",\"@id\":\"https:\\\/\\\/www.inmocochescarhire.com\\\/es\\\/\",\"url\":\"https:\\\/\\\/www.inmocochescarhire.com\\\/es\\\/\",\"name\":\"Inmocoches - Alquiler de Coches en Fuengirola\",\"isPartOf\":{\"@id\":\"https:\\\/\\\/www.inmocochescarhire.com\\\/es\\\/#website\"},\"primaryImageOfPage\":{\"@id\":\"https:\\\/\\\/www.inmocochescarhire.com\\\/es\\\/#primaryimage\"},\"image\":{\"@id\":\"https:\\\/\\\/www.inmocochescarhire.com\\\/es\\\/#primaryimage\"},\"thumbnailUrl\":\"https:\\\/\\\/www.inmocochescarhire.com\\\/wp-content\\\/uploads\\\/2023\\\/03\\\/familia-feliz-descansando-despues-pasar-dia-al-aire-libre-parque-otono-madre-su-nina-sentada-dentro-baul-auto-blanco-madre-e-hija-vestidas-blanco-1-min-scaled.jpg\",\"datePublished\":\"2022-09-30T08:24:42+00:00\",\"dateModified\":\"2026-03-03T13:13:28+00:00\",\"description\":\"Disfruta de la comodidad y disfruta del asesoramiento que ofrecemos con nuestro servicio del Alquiler de coches en Fuengirola | Elige el tuyo\",\"breadcrumb\":{\"@id\":\"https:\\\/\\\/www.inmocochescarhire.com\\\/es\\\/#breadcrumb\"},\"inLanguage\":\"es\",\"potentialAction\":[{\"@type\":\"ReadAction\",\"target\":[\"https:\\\/\\\/www.inmocochescarhire.com\\\/es\\\/\"]}]},{\"@type\":\"ImageObject\",\"inLanguage\":\"es\",\"@id\":\"https:\\\/\\\/www.inmocochescarhire.com\\\/es\\\/#primaryimage\",\"url\":\"https:\\\/\\\/www.inmocochescarhire.com\\\/wp-content\\\/uploads\\\/2023\\\/03\\\/familia-feliz-descansando-despues-pasar-dia-al-aire-libre-parque-otono-madre-su-nina-sentada-dentro-baul-auto-blanco-madre-e-hija-vestidas-blanco-1-min-scaled.jpg\",\"contentUrl\":\"https:\\\/\\\/www.inmocochescarhire.com\\\/wp-content\\\/uploads\\\/2023\\\/03\\\/familia-feliz-descansando-despues-pasar-dia-al-aire-libre-parque-otono-madre-su-nina-sentada-dentro-baul-auto-blanco-madre-e-hija-vestidas-blanco-1-min-scaled.jpg\",\"width\":1920,\"height\":1280,\"caption\":\"alquiler de coches en fuengirola\"},{\"@type\":\"BreadcrumbList\",\"@id\":\"https:\\\/\\\/www.inmocochescarhire.com\\\/es\\\/#breadcrumb\",\"itemListElement\":[{\"@type\":\"ListItem\",\"position\":1,\"name\":\"Portada\",\"item\":\"https:\\\/\\\/www.inmocochescarhire.com\\\/es\\\/\"},{\"@type\":\"ListItem\",\"position\":2,\"name\":\"Inicio\"}]},{\"@type\":\"WebSite\",\"@id\":\"https:\\\/\\\/www.inmocochescarhire.com\\\/es\\\/#website\",\"url\":\"https:\\\/\\\/www.inmocochescarhire.com\\\/es\\\/\",\"name\":\"Inmocoches\",\"description\":\"\",\"potentialAction\":[{\"@type\":\"SearchAction\",\"target\":{\"@type\":\"EntryPoint\",\"urlTemplate\":\"https:\\\/\\\/www.inmocochescarhire.com\\\/es\\\/?s={search_term_string}\"},\"query-input\":{\"@type\":\"PropertyValueSpecification\",\"valueRequired\":true,\"valueName\":\"search_term_string\"}}],\"inLanguage\":\"es\"}]}<\/script>\n<!-- \/ Yoast SEO plugin. -->","yoast_head_json":{"title":"Inmocoches - Alquiler de Coches en Fuengirola","description":"Disfruta de la comodidad y disfruta del asesoramiento que ofrecemos con nuestro servicio del Alquiler de coches en Fuengirola | Elige el tuyo","robots":{"index":"index","follow":"follow","max-snippet":"max-snippet:-1","max-image-preview":"max-image-preview:large","max-video-preview":"max-video-preview:-1"},"canonical":"https:\/\/www.inmocochescarhire.com\/es\/","og_locale":"es_ES","og_type":"article","og_title":"Inmocoches - Alquiler de Coches en Fuengirola","og_description":"Disfruta de la comodidad y disfruta del asesoramiento que ofrecemos con nuestro servicio del Alquiler de coches en Fuengirola | Elige el tuyo","og_url":"https:\/\/www.inmocochescarhire.com\/es\/","og_site_name":"Inmocoches","article_modified_time":"2026-03-03T13:13:28+00:00","og_image":[{"width":1920,"height":1280,"url":"https:\/\/www.inmocochescarhire.com\/wp-content\/uploads\/2023\/03\/familia-feliz-descansando-despues-pasar-dia-al-aire-libre-parque-otono-madre-su-nina-sentada-dentro-baul-auto-blanco-madre-e-hija-vestidas-blanco-1-min-scaled.jpg","type":"image\/jpeg"}],"twitter_card":"summary_large_image","twitter_misc":{"Tiempo de lectura":"6 minutos"},"schema":{"@context":"https:\/\/schema.org","@graph":[{"@type":"WebPage","@id":"https:\/\/www.inmocochescarhire.com\/es\/","url":"https:\/\/www.inmocochescarhire.com\/es\/","name":"Inmocoches - Alquiler de Coches en Fuengirola","isPartOf":{"@id":"https:\/\/www.inmocochescarhire.com\/es\/#website"},"primaryImageOfPage":{"@id":"https:\/\/www.inmocochescarhire.com\/es\/#primaryimage"},"image":{"@id":"https:\/\/www.inmocochescarhire.com\/es\/#primaryimage"},"thumbnailUrl":"https:\/\/www.inmocochescarhire.com\/wp-content\/uploads\/2023\/03\/familia-feliz-descansando-despues-pasar-dia-al-aire-libre-parque-otono-madre-su-nina-sentada-dentro-baul-auto-blanco-madre-e-hija-vestidas-blanco-1-min-scaled.jpg","datePublished":"2022-09-30T08:24:42+00:00","dateModified":"2026-03-03T13:13:28+00:00","description":"Disfruta de la comodidad y disfruta del asesoramiento que ofrecemos con nuestro servicio del Alquiler de coches en Fuengirola | Elige el tuyo","breadcrumb":{"@id":"https:\/\/www.inmocochescarhire.com\/es\/#breadcrumb"},"inLanguage":"es","potentialAction":[{"@type":"ReadAction","target":["https:\/\/www.inmocochescarhire.com\/es\/"]}]},{"@type":"ImageObject","inLanguage":"es","@id":"https:\/\/www.inmocochescarhire.com\/es\/#primaryimage","url":"https:\/\/www.inmocochescarhire.com\/wp-content\/uploads\/2023\/03\/familia-feliz-descansando-despues-pasar-dia-al-aire-libre-parque-otono-madre-su-nina-sentada-dentro-baul-auto-blanco-madre-e-hija-vestidas-blanco-1-min-scaled.jpg","contentUrl":"https:\/\/www.inmocochescarhire.com\/wp-content\/uploads\/2023\/03\/familia-feliz-descansando-despues-pasar-dia-al-aire-libre-parque-otono-madre-su-nina-sentada-dentro-baul-auto-blanco-madre-e-hija-vestidas-blanco-1-min-scaled.jpg","width":1920,"height":1280,"caption":"alquiler de coches en fuengirola"},{"@type":"BreadcrumbList","@id":"https:\/\/www.inmocochescarhire.com\/es\/#breadcrumb","itemListElement":[{"@type":"ListItem","position":1,"name":"Portada","item":"https:\/\/www.inmocochescarhire.com\/es\/"},{"@type":"ListItem","position":2,"name":"Inicio"}]},{"@type":"WebSite","@id":"https:\/\/www.inmocochescarhire.com\/es\/#website","url":"https:\/\/www.inmocochescarhire.com\/es\/","name":"Inmocoches","description":"","potentialAction":[{"@type":"SearchAction","target":{"@type":"EntryPoint","urlTemplate":"https:\/\/www.inmocochescarhire.com\/es\/?s={search_term_string}"},"query-input":{"@type":"PropertyValueSpecification","valueRequired":true,"valueName":"search_term_string"}}],"inLanguage":"es"}]}},"_links":{"self":[{"href":"https:\/\/www.inmocochescarhire.com\/es\/wp-json\/wp\/v2\/pages\/2","targetHints":{"allow":["GET"]}}],"collection":[{"href":"https:\/\/www.inmocochescarhire.com\/es\/wp-json\/wp\/v2\/pages"}],"about":[{"href":"https:\/\/www.inmocochescarhire.com\/es\/wp-json\/wp\/v2\/types\/page"}],"author":[{"embeddable":true,"href":"https:\/\/www.inmocochescarhire.com\/es\/wp-json\/wp\/v2\/users\/3"}],"replies":[{"embeddable":true,"href":"https:\/\/www.inmocochescarhire.com\/es\/wp-json\/wp\/v2\/comments?post=2"}],"version-history":[{"count":517,"href":"https:\/\/www.inmocochescarhire.com\/es\/wp-json\/wp\/v2\/pages\/2\/revisions"}],"predecessor-version":[{"id":9107,"href":"https:\/\/www.inmocochescarhire.com\/es\/wp-json\/wp\/v2\/pages\/2\/revisions\/9107"}],"wp:featuredmedia":[{"embeddable":true,"href":"https:\/\/www.inmocochescarhire.com\/es\/wp-json\/wp\/v2\/media\/2335"}],"wp:attachment":[{"href":"https:\/\/www.inmocochescarhire.com\/es\/wp-json\/wp\/v2\/media?parent=2"}],"curies":[{"name":"wp","href":"https:\/\/api.w.org\/{rel}","templated":true}]}}